{"id":3391,"date":"2019-04-17T01:48:23","date_gmt":"2019-04-16T23:48:23","guid":{"rendered":"http:\/\/www.krakauer-haus.de\/?post_type=tribe_events&#038;p=3391"},"modified":"2019-06-27T15:24:17","modified_gmt":"2019-06-27T13:24:17","slug":"izabela-effenberg-konzert","status":"publish","type":"tribe_events","link":"https:\/\/www.krakauer-haus.de\/kh-test\/index.php\/event\/izabela-effenberg-konzert\/","title":{"rendered":"IZABELA EFFENBERG \/ Konzert"},"content":{"rendered":"<p>Veranstalter:\u00a0<strong>Deutsch-Polnische Gesellschaft in Franken e.V.<br \/>\n<\/strong>Ort:\u00a0<strong>Krakauer Haus<\/strong><\/p>\n<h4 align=\"center\"><strong>\u00abIZABELLA EFFENBERG &amp; LIDIA SIECZKOWSKA<\/strong><strong>\u00bb<br \/>\nAu\u00dfergew\u00f6hnliches Instrumentarium, Klassik &amp; Jazz und musikalische \u00dcberraschungen<\/strong><\/h4>\n<p><strong>Besetzung<\/strong>:<br \/>\n<strong>Izabella Effenberg<\/strong> \u2013 <em>Vibraphon<\/em>, <em>Crotales<\/em>, <em>Array<\/em> <em>Mbira<\/em>, <em>Glas<\/em> <em>Harfe<\/em><br \/>\n<strong>Lidia Sieczkowska<\/strong> \u2013 <em>Querfl\u00f6te, Alt Fl\u00f6te, Piccolo Fl\u00f6te <\/em><\/p>\n<p>Die Kompositionen stammen von Izabella und Lidia und sind kleine Miniaturen die Stimmungen und Sounds kreieren welche die Grundlage f\u00fcr verschiedene Improvisationen bilden und immer eine sehr intime Atmosph\u00e4re schaffen. Die Musik sch\u00f6pft aus Jazz, Klassik und zeitgen\u00f6ssischer Musik aber geht dar\u00fcber hinaus und \u00fcberschreitet die Genre Grenzen. Improvisation und arrangierte Passagen flie\u00dfen ineinander und erlauben stets den kreativen Austausch zwischen den zwei au\u00dfergew\u00f6hnlichen Musiker Pers\u00f6nlichkeiten.<\/p>\n<p>Izabella Effenberg ist eine der wenigen <em>Jazz Vibrafonistinnen<\/em> in Europa und die erste aus Polen.Dar\u00fcberhinaus spielt sie auch das sehr seltene Instrument Array Mbira &#8211; eine Art Kalimba mit 5 Oktaven.W\u00e4hrend ihres Studiums in Polen und Deutschland hat sie verschiedene Stipendien und Preise bei Wettbewerben bekommen. Seit 2014 organisiert sie auch ein Festival &#8222;<em>Vibraphonissimo<\/em>&#8220; in der Metropolregion N\u00fcrnberg.Im 2018 hat sie den Kulturpreis der Stadt N\u00fcrnberg bekommen. Sie ist als K\u00fcnstlerin international unterwegs und spielte u.a.mit Leszek Zadlo, Lars Danielsson, Magnus \u00d6str\u00f6m, Vladislav Sendecki, Jan Lundgren, Mark Mondesir, Susan Weinert, Tony Lakatos, Matthias Schriefl.<\/p>\n<p><strong>Lidia Sieczkowska<\/strong> ist fest mit dem Orchester der Staatsphilharmonie in Pozna\u0144 verbunden und arbeitete auch mit dem Orchester &#8222;<em>Pro Musica<\/em>&#8222;, dem Orchester Musica Viva und dem Chopin Symphony Orchestra zusammen. Als Solistin und Orchestermusikerin trat sie mit Jerzy Maksymiuk, Karol Teusch, Stefan Stuligrosz und Andrey Boreyko auf. Sie ist in Deutschland, den Niederlanden, Belgien, Frankreich, Italien, der Schweiz, Spanien, Island und S\u00fcdkorea aufgetreten. und der T\u00fcrkei. Sie ist auf zahlreichen CDs als Leaderin und Sidewoman zu h\u00f6ren. Sie hat verschiedene Preise und Auszeichnungen f\u00fcr ihre musikalische T\u00e4tigkeiten bekommen.<\/p>\n<p>&nbsp;<\/p>\n","protected":false},"excerpt":{"rendered":"<p>Veranstalter:\u00a0Deutsch-Polnische Gesellschaft in Franken e.V. Ort:\u00a0Krakauer Haus \u00abIZABELLA EFFENBERG &amp; LIDIA SIECZKOWSKA\u00bb Au\u00dfergew\u00f6hnliches Instrumentarium, Klassik &amp; Jazz und musikalische \u00dcberraschungen Besetzung: Izabella Effenberg \u2013 Vibraphon, Crotales, Array Mbira, Glas Harfe [&hellip;]<\/p>\n","protected":false},"author":2,"featured_media":3840,"comment_status":"closed","ping_status":"closed","template":"","meta":{"_et_pb_use_builder":"","_et_pb_old_content":"","_et_gb_content_width":"","_price":"","_stock":"","_tribe_ticket_header":"","_tribe_default_ticket_provider":"","_tribe_ticket_capacity":"0","_ticket_start_date":"","_ticket_end_date":"","_tribe_ticket_show_description":"","_tribe_ticket_show_not_going":false,"_tribe_ticket_use_global_stock":"","_tribe_ticket_global_stock_level":"","_global_stock_mode":"","_global_stock_cap":"","_tribe_rsvp_for_event":"","_tribe_ticket_going_count":"","_tribe_ticket_not_going_count":"","_tribe_tickets_list":"[]","_tribe_ticket_has_attendee_info_fields":false,"_tribe_events_status":"","_tribe_events_status_reason":"","footnotes":"","_tec_slr_enabled":"","_tec_slr_layout":""},"tags":[],"tribe_events_cat":[10],"class_list":["post-3391","tribe_events","type-tribe_events","status-publish","has-post-thumbnail","hentry","tribe_events_cat-konzert","cat_konzert"],"ticketed":false,"_links":{"self":[{"href":"https:\/\/www.krakauer-haus.de\/kh-test\/index.php\/wp-json\/wp\/v2\/tribe_events\/3391","targetHints":{"allow":["GET"]}}],"collection":[{"href":"https:\/\/www.krakauer-haus.de\/kh-test\/index.php\/wp-json\/wp\/v2\/tribe_events"}],"about":[{"href":"https:\/\/www.krakauer-haus.de\/kh-test\/index.php\/wp-json\/wp\/v2\/types\/tribe_events"}],"author":[{"embeddable":true,"href":"https:\/\/www.krakauer-haus.de\/kh-test\/index.php\/wp-json\/wp\/v2\/users\/2"}],"replies":[{"embeddable":true,"href":"https:\/\/www.krakauer-haus.de\/kh-test\/index.php\/wp-json\/wp\/v2\/comments?post=3391"}],"version-history":[{"count":5,"href":"https:\/\/www.krakauer-haus.de\/kh-test\/index.php\/wp-json\/wp\/v2\/tribe_events\/3391\/revisions"}],"predecessor-version":[{"id":3843,"href":"https:\/\/www.krakauer-haus.de\/kh-test\/index.php\/wp-json\/wp\/v2\/tribe_events\/3391\/revisions\/3843"}],"wp:featuredmedia":[{"embeddable":true,"href":"https:\/\/www.krakauer-haus.de\/kh-test\/index.php\/wp-json\/wp\/v2\/media\/3840"}],"wp:attachment":[{"href":"https:\/\/www.krakauer-haus.de\/kh-test\/index.php\/wp-json\/wp\/v2\/media?parent=3391"}],"wp:term":[{"taxonomy":"post_tag","embeddable":true,"href":"https:\/\/www.krakauer-haus.de\/kh-test\/index.php\/wp-json\/wp\/v2\/tags?post=3391"},{"taxonomy":"tribe_events_cat","embeddable":true,"href":"https:\/\/www.krakauer-haus.de\/kh-test\/index.php\/wp-json\/wp\/v2\/tribe_events_cat?post=3391"}],"curies":[{"name":"wp","href":"https:\/\/api.w.org\/{rel}","templated":true}]}}