{"id":26,"date":"2018-12-06T16:38:01","date_gmt":"2018-12-06T15:38:01","guid":{"rendered":"http:\/\/www.krakauer-haus.de\/kh-test\/?page_id=26"},"modified":"2026-04-11T03:18:46","modified_gmt":"2026-04-11T01:18:46","slug":"goodies","status":"publish","type":"page","link":"https:\/\/www.krakauer-haus.de\/kh-test\/index.php\/goodies\/","title":{"rendered":"Goodies"},"content":{"rendered":"<p>[et_pb_section fb_built=&#8220;1&#8243; _builder_version=&#8220;4.16&#8243; global_colors_info=&#8220;{}&#8220;][et_pb_row _builder_version=&#8220;4.16&#8243; custom_padding=&#8220;9px|0|0px|0px|false|false&#8220; global_colors_info=&#8220;{}&#8220;][et_pb_column type=&#8220;4_4&#8243; _builder_version=&#8220;4.16&#8243; custom_padding=&#8220;|||&#8220; global_colors_info=&#8220;{}&#8220; custom_padding__hover=&#8220;|||&#8220;][et_pb_text _builder_version=&#8220;4.27.6&#8243; _module_preset=&#8220;default&#8220; hover_enabled=&#8220;0&#8243; sticky_enabled=&#8220;0&#8243;]<\/p>\n<p style=\"text-align: center;\">GOODIES<br \/>Unsere Videoproduktionen<span>\u00a0und Videos \u00fcber uns.<\/span><\/p>\n<p>[\/et_pb_text][et_pb_text _builder_version=&#8220;4.27.5&#8243; custom_padding=&#8220;4px||11px|||&#8220; global_colors_info=&#8220;{}&#8220;]<\/p>\n<p><span style=\"color: #003366; font-size: large;\"><span style=\"caret-color: #003366;\"><b>KRAKAUER HAUS 2025 &#8211; Jahres\u00fcbersicht<\/b><\/span><\/span><\/p>\n<p>video: Johannes Felder \/ TUCANfilm<\/p>\n<p>[\/et_pb_text][et_pb_video src=&#8220;https:\/\/vimeo.com\/1150211744&#8243; _builder_version=&#8220;4.27.5&#8243; _module_preset=&#8220;default&#8220; global_colors_info=&#8220;{}&#8220;][\/et_pb_video][et_pb_text _builder_version=&#8220;4.27.3&#8243; custom_padding=&#8220;4px||11px|||&#8220; global_colors_info=&#8220;{}&#8220;]<\/p>\n<p><span style=\"color: #003366; font-size: large;\"><span style=\"caret-color: #003366;\"><b>KRAKAUER HAUS 2024 &#8211; Jahres\u00fcbersicht<\/b><\/span><\/span><\/p>\n<p>video: Johannes Felder \/ TUCANfilm<\/p>\n<p>[\/et_pb_text][et_pb_video src=&#8220;https:\/\/vimeo.com\/1039082636&#8243; _builder_version=&#8220;4.27.3&#8243; _module_preset=&#8220;default&#8220; global_colors_info=&#8220;{}&#8220;][\/et_pb_video][et_pb_text _builder_version=&#8220;4.27.3&#8243; custom_padding=&#8220;4px||11px|||&#8220; global_colors_info=&#8220;{}&#8220;]<\/p>\n<p><span style=\"color: #003366; font-size: large;\"><span style=\"caret-color: #003366;\"><b>INSELKUNST 2024\u00a0<\/b><\/span><\/span><\/p>\n<p>video: Johannes Felder \/ TUCANfilm<\/p>\n<p>[\/et_pb_text][et_pb_video src=&#8220;https:\/\/vimeo.com\/1004498084&#8243; _builder_version=&#8220;4.27.3&#8243; _module_preset=&#8220;default&#8220; global_colors_info=&#8220;{}&#8220;][\/et_pb_video][et_pb_text _builder_version=&#8220;4.27.3&#8243; custom_padding=&#8220;4px||11px|||&#8220; global_colors_info=&#8220;{}&#8220;]<\/p>\n<p><span style=\"color: #003366; font-size: large;\"><span style=\"caret-color: #003366;\"><b>INSELKUNST 2024\u00a0<\/b><\/span><\/span><\/p>\n<p>video: Johannes Felder \/ TUCANfilm<\/p>\n<p>[\/et_pb_text][et_pb_video src=&#8220;https:\/\/vimeo.com\/1004489552&#8243; _builder_version=&#8220;4.27.3&#8243; _module_preset=&#8220;default&#8220; global_colors_info=&#8220;{}&#8220;][\/et_pb_video][et_pb_text _builder_version=&#8220;4.23&#8243; custom_padding=&#8220;4px||11px|||&#8220; global_colors_info=&#8220;{}&#8220;]<\/p>\n<p><span style=\"color: #003366; font-size: large;\"><span style=\"caret-color: #003366;\"><b>KRAKAUER HAUS 2023 &#8211; Jahres\u00fcbersicht<\/b><\/span><\/span><\/p>\n<p>video: Johannes Felder \/ TUCANfilm<\/p>\n<p>[\/et_pb_text][et_pb_video src=&#8220;https:\/\/vimeo.com\/896326114&#8243; _builder_version=&#8220;4.25.0&#8243; _module_preset=&#8220;default&#8220; global_colors_info=&#8220;{}&#8220;][\/et_pb_video][et_pb_text _builder_version=&#8220;4.23&#8243; custom_padding=&#8220;4px||11px|||&#8220; global_colors_info=&#8220;{}&#8220;]<\/p>\n<p><span style=\"color: #003366; font-size: large;\"><span style=\"caret-color: #003366;\"><b>INSELKUNST 2023\u00a0<\/b><\/span><\/span><\/p>\n<p>video: Johannes Felder \/ TUCANfilm<\/p>\n<p>[\/et_pb_text][et_pb_video src=&#8220;https:\/\/vimeo.com\/850201797?share=copy&#8220; _builder_version=&#8220;4.23&#8243; _module_preset=&#8220;default&#8220; global_colors_info=&#8220;{}&#8220;][\/et_pb_video][et_pb_text _builder_version=&#8220;4.27.5&#8243; custom_padding=&#8220;4px||11px|||&#8220; global_colors_info=&#8220;{}&#8220;]<\/p>\n<p><span style=\"color: #003366; font-size: large;\"><span style=\"caret-color: #003366;\"><b>KRAKAUER HAUS 2022 &#8211; Jahres\u00fcbersicht<\/b><\/span><\/span><\/p>\n<p>video: Johannes Felder \/ TUCANfilm<\/p>\n<p>[\/et_pb_text][et_pb_video src=&#8220;https:\/\/vimeo.com\/790957741&#8243; _builder_version=&#8220;4.19.4&#8243; _module_preset=&#8220;default&#8220; global_colors_info=&#8220;{}&#8220;][\/et_pb_video][et_pb_text _builder_version=&#8220;4.27.5&#8243; custom_padding=&#8220;1px||11px|||&#8220; global_colors_info=&#8220;{}&#8220;]<\/p>\n<p><span style=\"color: #003366; font-size: large;\"><span style=\"caret-color: #003366;\"><b>QUERR MAGICK INTERVENTION <\/b><\/span><\/span><span style=\"color: #003366; font-size: large;\"><span style=\"caret-color: #003366;\"><b><\/b><\/span><\/span><\/p>\n<p>Musik Installationen N\u00fcrnberg 2022<br \/>Wojtek Blecharz &amp; Vala Foltyn<\/p>\n<p>video: Johannes Felder \/ TUCANfilm<\/p>\n<p>[\/et_pb_text][et_pb_video src=&#8220;https:\/\/vimeo.com\/1054494085&#8243; _builder_version=&#8220;4.27.5&#8243; _module_preset=&#8220;default&#8220; global_colors_info=&#8220;{}&#8220;][\/et_pb_video][et_pb_text _builder_version=&#8220;4.27.6&#8243; custom_padding=&#8220;4px||11px|||&#8220; global_colors_info=&#8220;{}&#8220;]<\/p>\n<p><span class=\"datum\" style=\"font-size: large; color: #003366;\"><strong>InselKunst 2022<\/strong>\u00a0<\/span><\/p>\n<p><a href=\"https:\/\/www.youtube.com\/watch?v=f7Z94VVjOtA&amp;list=PLqEyMdSJFnM2zRdA6Fo1HOe3cHLntQtlr\" target=\"_blank\" rel=\"noopener\">Aldona Kut &amp; Sebastian Kuhn<\/a><\/p>\n<p>video: Johannes Felder \/ TUCANfilm<\/p>\n<p>[\/et_pb_text][et_pb_video src=&#8220;https:\/\/vimeo.com\/790965054&#8243; _builder_version=&#8220;4.19.4&#8243; _module_preset=&#8220;default&#8220; global_colors_info=&#8220;{}&#8220;][\/et_pb_video][et_pb_text _builder_version=&#8220;4.27.6&#8243; custom_padding=&#8220;4px||11px|||&#8220; global_colors_info=&#8220;{}&#8220;]<\/p>\n<p><span style=\"color: #003366; font-size: large;\"><span style=\"caret-color: #003366;\"><b>KRAKAUER (zu) HAUS<\/b><\/span><\/span><\/p>\n<p><a href=\"https:\/\/www.youtube.com\/watch?v=Zcv30IXM31o&amp;list=PLqEyMdSJFnM2zRdA6Fo1HOe3cHLntQtlr&amp;index=2\" target=\"_blank\" rel=\"noopener\">Malgorzata Wielek<\/a><\/p>\n<p>video: <span>Dominik Stanis\u0142awski, \u0141ukasz Ziomek<\/span><\/p>\n<p>[\/et_pb_text][et_pb_video src=&#8220;https:\/\/www.youtube.com\/watch?v=Zcv30IXM31o&#038;list=PLqEyMdSJFnM2zRdA6Fo1HOe3cHLntQtlr&#038;index=2&#8243; _builder_version=&#8220;4.18.0&#8243; _module_preset=&#8220;default&#8220; global_colors_info=&#8220;{}&#8220;][\/et_pb_video][et_pb_text _builder_version=&#8220;4.27.6&#8243; custom_padding=&#8220;4px||11px|||&#8220; global_colors_info=&#8220;{}&#8220;]<\/p>\n<p><span style=\"color: #003366; font-size: large;\"><span style=\"caret-color: #003366;\"><b>KRAKAUER (zu) HAUS<\/b><\/span><\/span><\/p>\n<p><a href=\"https:\/\/www.youtube.com\/watch?v=vHnRg3B7nV8&amp;list=PLqEyMdSJFnM2zRdA6Fo1HOe3cHLntQtlr&amp;index=7\" target=\"_blank\" rel=\"noopener\">Agata Kus &amp; Neal Cassady<\/a><\/p>\n<p>video: <span>Dominik Stanis\u0142awski, \u0141ukasz Ziomek<\/span><\/p>\n<p>[\/et_pb_text][et_pb_video src=&#8220;https:\/\/www.youtube.com\/watch?v=vHnRg3B7nV8&#8243; _builder_version=&#8220;4.16&#8243; _module_preset=&#8220;default&#8220; global_colors_info=&#8220;{}&#8220;][\/et_pb_video][et_pb_text _builder_version=&#8220;4.27.6&#8243; custom_padding=&#8220;4px||11px|||&#8220; global_colors_info=&#8220;{}&#8220;]<\/p>\n<p><span style=\"color: #003366; font-size: large;\"><span style=\"caret-color: #003366;\"><b>KRAKAUER (zu) HAUS<\/b><\/span><\/span><\/p>\n<p><a href=\"https:\/\/www.youtube.com\/watch?v=ZT7bI1xkpUE\" target=\"_blank\" rel=\"noopener\">Namena Lala<\/a><\/p>\n<p>video: <span>Dominik Stanis\u0142awski, \u0141ukasz Ziomek<\/span><\/p>\n<p>[\/et_pb_text][et_pb_video src=&#8220;https:\/\/www.youtube.com\/watch?v=ZT7bI1xkpUE&#8220; _builder_version=&#8220;4.16&#8243; _module_preset=&#8220;default&#8220; global_colors_info=&#8220;{}&#8220;][\/et_pb_video][et_pb_text _builder_version=&#8220;4.27.6&#8243; custom_padding=&#8220;4px||11px|||&#8220; global_colors_info=&#8220;{}&#8220;]<\/p>\n<p><span style=\"color: #003366; font-size: large;\"><span style=\"caret-color: #003366;\"><b>KLINGT GUT!<\/b><\/span><\/span><\/p>\n<p><a href=\"https:\/\/www.youtube.com\/watch?v=PbRa1VPC_y0&amp;list=PLqEyMdSJFnM2zRdA6Fo1HOe3cHLntQtlr&amp;index=3\" target=\"_blank\" rel=\"noopener\">SOUNDART<\/a> aus N\u00fcrnberg und Krakau. 500 Jahre Sigismund-Glocke in Krakau<\/p>\n<p>video: Johannes Felder \/ TUCANfilm<\/p>\n<p>[\/et_pb_text][et_pb_video src=&#8220;https:\/\/www.youtube.com\/watch?v=PbRa1VPC_y0&#8243; _builder_version=&#8220;4.16&#8243; _module_preset=&#8220;default&#8220; global_colors_info=&#8220;{}&#8220;][\/et_pb_video][et_pb_text _builder_version=&#8220;4.27.6&#8243; custom_padding=&#8220;4px||11px|||&#8220; global_colors_info=&#8220;{}&#8220;]<\/p>\n<p><span class=\"datum\" style=\"font-size: large; color: #003366;\"><strong>InselKunst 2021<\/strong>\u00a0<\/span><\/p>\n<p><a href=\"https:\/\/www.youtube.com\/watch?v=5CphrQZGfdo&amp;list=PLqEyMdSJFnM2zRdA6Fo1HOe3cHLntQtlr&amp;index=4\" target=\"_blank\" rel=\"noopener\">Atelierbesuch bei Dashdemed Sampil<\/a><\/p>\n<p>video: Johannes Felder \/ TUCANfilm<\/p>\n<p>[\/et_pb_text][et_pb_video src=&#8220;https:\/\/www.youtube.com\/watch?v=5CphrQZGfdo&#8220; _builder_version=&#8220;4.16&#8243; _module_preset=&#8220;default&#8220; global_colors_info=&#8220;{}&#8220;][\/et_pb_video][et_pb_text _builder_version=&#8220;4.27.6&#8243; custom_padding=&#8220;4px||11px|||&#8220; global_colors_info=&#8220;{}&#8220;]<\/p>\n<p><span class=\"datum\" style=\"font-size: large; color: #003366;\"><strong>InselKunst 2021<\/strong>\u00a0<\/span><\/p>\n<p><a href=\"https:\/\/www.youtube.com\/watch?v=tkeykT_bl48&amp;list=PLqEyMdSJFnM2zRdA6Fo1HOe3cHLntQtlr&amp;index=5\" target=\"_blank\" rel=\"noopener\">Martyna Kielesinska und Cyryl Polaczek<\/a><\/p>\n<p>video: <span>Dominik Stanis\u0142awski, \u0141ukasz Ziomek<\/span><\/p>\n<p>[\/et_pb_text][et_pb_video src=&#8220;https:\/\/www.youtube.com\/watch?v=tkeykT_bl48&#8243; _builder_version=&#8220;4.16&#8243; _module_preset=&#8220;default&#8220; global_colors_info=&#8220;{}&#8220;][\/et_pb_video][et_pb_text _builder_version=&#8220;4.27.6&#8243; custom_padding=&#8220;4px||11px|||&#8220; global_colors_info=&#8220;{}&#8220;]<\/p>\n<p><span class=\"datum\" style=\"font-size: large; color: #003366;\"><strong>InselKunst 2020<\/strong>\u00a0<\/span><\/p>\n<p><a href=\"https:\/\/www.youtube.com\/watch?v=edznyr1t45o&amp;list=PLqEyMdSJFnM2zRdA6Fo1HOe3cHLntQtlr&amp;index=11\" target=\"_blank\" rel=\"noopener\">Atelierbesuch bei Philipp Eyrich<\/a><\/p>\n<p>video: Johannes Felder \/ TUCANfilm<\/p>\n<p>[\/et_pb_text][et_pb_video src=&#8220;https:\/\/www.youtube.com\/watch?v=edznyr1t45o&#8220; _builder_version=&#8220;4.16&#8243; max_width=&#8220;80%&#8220; global_colors_info=&#8220;{}&#8220;][\/et_pb_video][\/et_pb_column][\/et_pb_row][et_pb_row _builder_version=&#8220;4.16&#8243; custom_padding=&#8220;9px|0|0px|0px|false|false&#8220; global_colors_info=&#8220;{}&#8220;][et_pb_column type=&#8220;4_4&#8243; _builder_version=&#8220;4.16&#8243; custom_padding=&#8220;|||&#8220; global_colors_info=&#8220;{}&#8220; custom_padding__hover=&#8220;|||&#8220;][et_pb_text _builder_version=&#8220;4.27.6&#8243; custom_padding=&#8220;4px|||||&#8220; global_colors_info=&#8220;{}&#8220;]<\/p>\n<p><span class=\"datum\" style=\"font-size: large; color: #003366;\"><strong>InselKunst 2020<\/strong>\u00a0<\/span><\/p>\n<p><a href=\"https:\/\/www.youtube.com\/watch?v=wCSiCVMa4sw&amp;list=PLqEyMdSJFnM2zRdA6Fo1HOe3cHLntQtlr&amp;index=13\" target=\"_blank\" rel=\"noopener\">Atelierbesuch bei Bartosz Kokosi\u0144ski<\/a><\/p>\n<p>video: <span>Dominik Stanis\u0142awski, \u0141ukasz Ziomek<\/span><\/p>\n<p>[\/et_pb_text][et_pb_video src=&#8220;https:\/\/www.youtube.com\/watch?v=wCSiCVMa4sw&#038;t=8s&#8220; _builder_version=&#8220;4.16&#8243; max_width=&#8220;80%&#8220; global_colors_info=&#8220;{}&#8220;][\/et_pb_video][et_pb_text _builder_version=&#8220;4.27.6&#8243; custom_padding=&#8220;4px||11px|||&#8220; global_colors_info=&#8220;{}&#8220;]<\/p>\n<p><span style=\"color: #003366; font-size: large;\"><span style=\"caret-color: #003366;\"><b>KRAKAUER (zu) HAUS<\/b><\/span><\/span><\/p>\n<p><a href=\"https:\/\/www.youtube.com\/watch?v=uuoWDaMW9H4&amp;list=PLqEyMdSJFnM2zRdA6Fo1HOe3cHLntQtlr&amp;index=9\" target=\"_blank\" rel=\"noopener\">Oskar Cenkier<\/a><\/p>\n<p>video: <span>Dominik Stanis\u0142awski, \u0141ukasz Ziomek<\/span><\/p>\n<p>[\/et_pb_text][\/et_pb_column][\/et_pb_row][et_pb_row _builder_version=&#8220;4.16&#8243; custom_padding=&#8220;9px|0|0px|0px|false|false&#8220; global_colors_info=&#8220;{}&#8220;][et_pb_column type=&#8220;4_4&#8243; _builder_version=&#8220;4.16&#8243; custom_padding=&#8220;|||&#8220; global_colors_info=&#8220;{}&#8220; custom_padding__hover=&#8220;|||&#8220;][et_pb_video src=&#8220;https:\/\/www.youtube.com\/watch?v=uuoWDaMW9H4&#8243; _builder_version=&#8220;4.16&#8243; _module_preset=&#8220;default&#8220; global_colors_info=&#8220;{}&#8220;][\/et_pb_video][et_pb_text _builder_version=&#8220;4.27.6&#8243; custom_padding=&#8220;4px||11px|||&#8220; global_colors_info=&#8220;{}&#8220;]<\/p>\n<p><span style=\"color: #003366; font-size: large;\"><span style=\"caret-color: #003366;\"><b>KRAKAUER (zu) HAUS<\/b><\/span><\/span><\/p>\n<p><a href=\"https:\/\/www.youtube.com\/watch?v=KALpUd6M6Bc&amp;list=PLqEyMdSJFnM2zRdA6Fo1HOe3cHLntQtlr&amp;index=10\" target=\"_blank\" rel=\"noopener\">Tomasz Krecicki<\/a><\/p>\n<p>video: <span>Dominik Stanis\u0142awski, \u0141ukasz Ziomek<\/span><\/p>\n<p>[\/et_pb_text][et_pb_video src=&#8220;https:\/\/www.youtube.com\/watch?v=KALpUd6M6Bc&#8220; _builder_version=&#8220;4.16&#8243; _module_preset=&#8220;default&#8220; global_colors_info=&#8220;{}&#8220;][\/et_pb_video][et_pb_text _builder_version=&#8220;4.18.0&#8243; custom_padding=&#8220;4px||11px|||&#8220; global_colors_info=&#8220;{}&#8220;]<\/p>\n<p><span style=\"color: #003366; font-size: large;\"><span style=\"caret-color: #003366;\"><b>INTERVIEW mit<\/b><\/span><\/span><\/p>\n<p><a href=\"https:\/\/www.youtube.com\/watch?v=cIAytIIpe4o&amp;list=PLqEyMdSJFnM2zRdA6Fo1HOe3cHLntQtlr&amp;index=8\" target=\"_blank\" rel=\"noopener\">Sebastian Tr\u00f6ger<\/a><\/p>\n<p>[\/et_pb_text][et_pb_video src=&#8220;https:\/\/www.youtube.com\/watch?v=cIAytIIpe4o&#8220; _builder_version=&#8220;4.16&#8243; _module_preset=&#8220;default&#8220; global_colors_info=&#8220;{}&#8220;][\/et_pb_video][et_pb_text _builder_version=&#8220;4.16&#8243; global_colors_info=&#8220;{}&#8220;]<\/p>\n<p><span class=\"datum\" style=\"font-size: large; color: #003366;\"><strong>Krakauer Strassenbahn<\/strong>\u00a0in N\u00fcrnberg<\/span><br \/> <span>2019<\/span><\/p>\n<p>40 Jahre St\u00e4dtepartnerschaft Krakau-N\u00fcrnberg<\/p>\n<p>[\/et_pb_text][et_pb_video src=&#8220;http:\/\/www.krakauer-haus.de\/kh-test\/wp-content\/uploads\/2019\/10\/IMG_0373.m4v&#8220; _builder_version=&#8220;4.16&#8243; max_width=&#8220;80%&#8220; global_colors_info=&#8220;{}&#8220;][\/et_pb_video][\/et_pb_column][\/et_pb_row][et_pb_row _builder_version=&#8220;4.16&#8243; custom_padding=&#8220;0px|0|0px|0px|false|false&#8220; global_colors_info=&#8220;{}&#8220;][et_pb_column type=&#8220;4_4&#8243; _builder_version=&#8220;4.16&#8243; custom_padding=&#8220;|||&#8220; global_colors_info=&#8220;{}&#8220; custom_padding__hover=&#8220;|||&#8220;][et_pb_text _builder_version=&#8220;4.27.6&#8243; min_height=&#8220;47px&#8220; global_colors_info=&#8220;{}&#8220;]<\/p>\n<p><span class=\"datum\" style=\"font-size: large; color: #003366;\"><strong><\/strong><\/span><\/p>\n<p><span class=\"datum\" style=\"font-size: large; color: #003366;\"><strong>Polnisch Sprachkurs<\/strong> <\/span><br \/><span>2015<\/span><\/p>\n<p><span>G\u00e4ste des Krakauer Hauses &#8211; und ein Polnisch-Crashkurs<\/span><\/p>\n<p><span>video: Grazyna Wanat, Agata Kaminska<\/span><\/p>\n<p>[\/et_pb_text][et_pb_video src=&#8220;https:\/\/youtu.be\/uflomRyr5aY&#8220; _builder_version=&#8220;4.16&#8243; max_width=&#8220;80%&#8220; global_colors_info=&#8220;{}&#8220;][\/et_pb_video][\/et_pb_column][\/et_pb_row][et_pb_row _builder_version=&#8220;4.16&#8243; custom_padding=&#8220;0|0|0px|0px|false|false&#8220; locked=&#8220;off&#8220; global_colors_info=&#8220;{}&#8220;][et_pb_column type=&#8220;4_4&#8243; _builder_version=&#8220;4.16&#8243; custom_padding=&#8220;|||&#8220; global_colors_info=&#8220;{}&#8220; custom_padding__hover=&#8220;|||&#8220;][et_pb_text _builder_version=&#8220;4.16&#8243; global_colors_info=&#8220;{}&#8220;]<\/p>\n<p><span class=\"datum\" style=\"font-size: large; color: #003366;\"><strong><span><\/span><\/strong><\/span><\/p>\n<p>&nbsp;<\/p>\n<p><span class=\"datum\" style=\"font-size: large; color: #003366;\"><strong><span><\/span><\/strong><\/span><\/p>\n<p><span class=\"datum\" style=\"font-size: large; color: #003366;\"><strong><span>The GoHo Hobos feat. Micha\u0142 Augustyniak &#8211; Chocolate Jesus<\/span><\/strong>\u00a0<\/span><br \/> <span>2013<\/span><\/p>\n<p><span>GoHo Hobos aus N\u00fcrnberg und Limboski aus Krakau &#8211; eine legend\u00e4re Auff\u00fchrung von &#8222;Chocolate Jesus&#8220; im Tucherschloss<\/span><\/p>\n<p>[\/et_pb_text][et_pb_video src=&#8220;https:\/\/youtu.be\/sQdEXZwwWOk&#8220; _builder_version=&#8220;4.16&#8243; max_width=&#8220;80%&#8220; global_colors_info=&#8220;{}&#8220;][\/et_pb_video][\/et_pb_column][\/et_pb_row][et_pb_row _builder_version=&#8220;4.16&#8243; custom_padding=&#8220;0px|0|0px|0px|false|false&#8220; locked=&#8220;off&#8220; global_colors_info=&#8220;{}&#8220;][et_pb_column type=&#8220;4_4&#8243; _builder_version=&#8220;4.16&#8243; custom_padding=&#8220;|||&#8220; global_colors_info=&#8220;{}&#8220; custom_padding__hover=&#8220;|||&#8220;][et_pb_text _builder_version=&#8220;4.27.6&#8243; global_colors_info=&#8220;{}&#8220;]<\/p>\n<p><span class=\"datum\" style=\"font-size: large; color: #003366;\"><strong><span class=\"datum\">Wenn ich an Krakau denke..<\/span><span>.<\/span><\/strong>\u00a0<\/span><br \/><span>2015<\/span><\/p>\n<p><span>Woran denken die N\u00fcrnberger, die die Partnerstadt an der Weichsel bereits besucht haben, wenn sie an Krakau denken?<\/span><\/p>\n<p><span>video: Johannes Felder \/ TUCANfilm<\/span><\/p>\n<p>[\/et_pb_text][et_pb_video src=&#8220;https:\/\/youtu.be\/OuLczXXd7Q4&#8243; _builder_version=&#8220;4.16&#8243; max_width=&#8220;80%&#8220; global_colors_info=&#8220;{}&#8220;][\/et_pb_video][\/et_pb_column][\/et_pb_row][et_pb_row _builder_version=&#8220;4.16&#8243; custom_padding=&#8220;0px|0|0px|0px|false|false&#8220; locked=&#8220;off&#8220; global_colors_info=&#8220;{}&#8220;][et_pb_column type=&#8220;4_4&#8243; _builder_version=&#8220;4.16&#8243; custom_padding=&#8220;|||&#8220; global_colors_info=&#8220;{}&#8220; custom_padding__hover=&#8220;|||&#8220;][et_pb_text _builder_version=&#8220;4.16&#8243; global_colors_info=&#8220;{}&#8220;]<\/p>\n<p><span class=\"datum\" style=\"font-size: large; color: #003366;\"><strong><\/strong><\/span><\/p>\n<p><span class=\"datum\" style=\"font-size: large; color: #003366;\"><strong><\/strong><\/span><\/p>\n<p><span class=\"datum\" style=\"font-size: large; color: #003366;\"><strong><span><\/span><\/strong><\/span><\/p>\n<p><span class=\"datum\" style=\"font-size: large; color: #003366;\"><strong><span>35 Jahre St\u00e4dte-partnerschaft Krakau-N\u00fcrnberg<\/span><\/strong>\u00a0<\/span><br \/> <span>2014<\/span><\/p>\n<p>[\/et_pb_text][et_pb_video src=&#8220;https:\/\/youtu.be\/ZRegh4KlZz4&#8243; _builder_version=&#8220;4.16&#8243; max_width=&#8220;80%&#8220; global_colors_info=&#8220;{}&#8220;][\/et_pb_video][\/et_pb_column][\/et_pb_row][et_pb_row _builder_version=&#8220;4.16&#8243; custom_padding=&#8220;0px|0|0px|0|false|false&#8220; locked=&#8220;off&#8220; global_colors_info=&#8220;{}&#8220;][et_pb_column type=&#8220;4_4&#8243; _builder_version=&#8220;4.16&#8243; custom_padding=&#8220;|||&#8220; global_colors_info=&#8220;{}&#8220; custom_padding__hover=&#8220;|||&#8220;][et_pb_text _builder_version=&#8220;4.16&#8243; global_colors_info=&#8220;{}&#8220;]<\/p>\n<p><span class=\"datum\" style=\"font-size: large; color: #003366;\"><strong><\/strong><\/span><\/p>\n<p><span class=\"datum\" style=\"font-size: large; color: #003366;\"><strong><\/strong><\/span><\/p>\n<p><span class=\"datum\" style=\"font-size: large; color: #003366;\"><strong><span class=\"datum\"><\/span><\/strong><\/span><\/p>\n<p><span class=\"datum\" style=\"font-size: large; color: #003366;\"><strong><span class=\"datum\">N\u00fcrnberg. Eine Sendung in TVP Krakow<\/span><span> <\/span><\/strong><\/span><br \/> <span>2012<\/span><\/p>\n<p><span>\u00dcber N\u00fcrnberg und auch \u00fcber das Krakauer Haus. In polnischer Sprache.<\/span><\/p>\n<p>[\/et_pb_text][et_pb_video src=&#8220;https:\/\/youtu.be\/Cqhr9khOpYI&#8220; _builder_version=&#8220;4.16&#8243; max_width=&#8220;80%&#8220; global_colors_info=&#8220;{}&#8220;][\/et_pb_video][\/et_pb_column][\/et_pb_row][et_pb_row _builder_version=&#8220;4.16&#8243; custom_padding=&#8220;0px|0|0px|0|false|false&#8220; locked=&#8220;off&#8220; global_colors_info=&#8220;{}&#8220;][et_pb_column type=&#8220;4_4&#8243; _builder_version=&#8220;4.16&#8243; custom_padding=&#8220;|||&#8220; global_colors_info=&#8220;{}&#8220; custom_padding__hover=&#8220;|||&#8220;][et_pb_text _builder_version=&#8220;4.16&#8243; global_colors_info=&#8220;{}&#8220;]<\/p>\n<p><span class=\"datum\" style=\"font-size: large; color: #003366;\"><strong><\/strong><\/span><\/p>\n<p><span class=\"datum\" style=\"font-size: large; color: #003366;\"><strong><\/strong><\/span><\/p>\n<p><span class=\"datum\" style=\"font-size: large; color: #003366;\"><strong><span class=\"datum\"><\/span><\/strong><\/span><\/p>\n<p><span class=\"datum\" style=\"font-size: large; color: #003366;\"><strong><span class=\"datum\">N\u00fcrnberg &#8211; Krakau. \u00a0Eine Sendung in TVP Krakow<\/span><span> <\/span><\/strong><\/span><br \/> <span>2014<\/span><\/p>\n<p><span>\u00dcber N\u00fcrnberg und \u00fcber Krakau. Und \u00fcber beide H\u00e4user. In polnischer Sprache.<\/span><\/p>\n<p>[\/et_pb_text][et_pb_video src=&#8220;https:\/\/youtu.be\/3WGg7frNx-k&#8220; _builder_version=&#8220;4.16&#8243; max_width=&#8220;80%&#8220; global_colors_info=&#8220;{}&#8220;][\/et_pb_video][\/et_pb_column][\/et_pb_row][et_pb_row _builder_version=&#8220;4.16&#8243; custom_padding=&#8220;0px|0|0px|0px|false|false&#8220; locked=&#8220;off&#8220; global_colors_info=&#8220;{}&#8220;][et_pb_column type=&#8220;4_4&#8243; _builder_version=&#8220;4.16&#8243; custom_padding=&#8220;|||&#8220; global_colors_info=&#8220;{}&#8220; custom_padding__hover=&#8220;|||&#8220;][et_pb_text _builder_version=&#8220;4.16&#8243; global_colors_info=&#8220;{}&#8220;]<\/p>\n<p><span class=\"datum\" style=\"font-size: large; color: #003366;\"><strong><\/strong><\/span><\/p>\n<p><span class=\"datum\" style=\"font-size: large; color: #003366;\"><strong><\/strong><\/span><\/p>\n<p><span class=\"datum\" style=\"font-size: large; color: #003366;\"><strong><span><\/span><\/strong><\/span><\/p>\n<p><span class=\"datum\" style=\"font-size: large; color: #003366;\"><strong><span>Yara Linss singt das Gedicht von Wislawa Szymborska &#8222;Einst hatten wir die Welt&#8220;\/<\/span><\/strong><\/span><span class=\"datum\" style=\"font-size: large; color: #003366;\"><strong><span>&#8222;Swiat umielismy kiedys na wyrywki&#8220;<\/span><\/strong><\/span><br \/> <span>2011<\/span><\/p>\n<p>Piano: Peter Fulda<\/p>\n<p>[\/et_pb_text][et_pb_video src=&#8220;https:\/\/youtu.be\/-DRm-C8zgBE&#8220; _builder_version=&#8220;4.16&#8243; max_width=&#8220;80%&#8220; global_colors_info=&#8220;{}&#8220;][\/et_pb_video][\/et_pb_column][\/et_pb_row][et_pb_row _builder_version=&#8220;4.16&#8243; custom_padding=&#8220;0px|0|0px|0px|false|false&#8220; locked=&#8220;off&#8220; global_colors_info=&#8220;{}&#8220;][et_pb_column type=&#8220;4_4&#8243; _builder_version=&#8220;4.16&#8243; custom_padding=&#8220;|||&#8220; global_colors_info=&#8220;{}&#8220; custom_padding__hover=&#8220;|||&#8220;][et_pb_text _builder_version=&#8220;4.16&#8243; global_colors_info=&#8220;{}&#8220;]<\/p>\n<p><span class=\"datum\" style=\"font-size: large; color: #003366;\"><strong><\/strong><\/span><\/p>\n<p><span class=\"datum\" style=\"font-size: large; color: #003366;\"><strong><\/strong><\/span><\/p>\n<p><span class=\"datum\" style=\"font-size: large; color: #003366;\"><strong><span><\/span><\/strong><\/span><\/p>\n<p><span class=\"datum\" style=\"font-size: large; color: #003366;\"><strong><span>Nuremberg waits for Wislawa Szymborska<\/span><\/strong><\/span><br \/> <span>2011<\/span><\/p>\n<p><span>Wir haben einiges angestellt, um die Nobelpreistr\u00e4gerin aus Krakau nach N\u00fcrnberg zu &#8222;locken&#8220;. Dieses Video geh\u00f6rte dazu. Als die Poetin endlich zugesagt hat, war die Freude gro\u00df &#8211; aber auch kurz: wegen einer Gesunheits-verschlechterung wurde die Reise wieder abgesagt. Wenige Monate sp\u00e4ter starb die Dichterin.<\/span><\/p>\n<p>[\/et_pb_text][et_pb_video src=&#8220;https:\/\/youtu.be\/0PiAtpaAcDY&#8220; _builder_version=&#8220;4.16&#8243; max_width=&#8220;80%&#8220; global_colors_info=&#8220;{}&#8220;][\/et_pb_video][et_pb_text _builder_version=&#8220;4.16&#8243; custom_padding=&#8220;||1px|13px||&#8220; global_colors_info=&#8220;{}&#8220;]<\/p>\n<p><span class=\"datum\" style=\"font-size: large; color: #003366;\"><strong><\/strong><\/span><\/p>\n<p><span class=\"datum\" style=\"font-size: large; color: #003366;\"><strong><\/strong><\/span><\/p>\n<p><span class=\"datum\" style=\"font-size: large; color: #003366;\"><strong><span><\/span><\/strong><\/span><\/p>\n<p><span class=\"datum\" style=\"font-size: large; color: #003366;\"><strong><span>Drachenmaske<\/span><\/strong><\/span><br \/> <span>2015<\/span><\/p>\n<p><span>DRACHENMASKE! Eine Kinder-Eltern-Aktion &#8211; Workshop f\u00fcr Kinder von 5 bis 9 Jahren DIE LEGENDE VOM KRAKAUER DRACHEN Ort: Germanisches Nationalmuseum, Treffpunkt in der Eingangshalle 13.6.2015, 16-18 Uhr Museumsnacht des Germanischen Nationalmuseums Kooperation des Krakauer Hauses und des KPZ<\/span><\/p>\n<p>[\/et_pb_text][\/et_pb_column][\/et_pb_row][et_pb_row _builder_version=&#8220;4.16&#8243; _module_preset=&#8220;default&#8220; global_colors_info=&#8220;{}&#8220;][et_pb_column type=&#8220;4_4&#8243; _builder_version=&#8220;4.16&#8243; _module_preset=&#8220;default&#8220; global_colors_info=&#8220;{}&#8220;][et_pb_video src=&#8220;https:\/\/www.youtube.com\/watch?v=TVd1WpNY3F0&#8243; _builder_version=&#8220;4.16&#8243; _module_preset=&#8220;default&#8220; global_colors_info=&#8220;{}&#8220;][\/et_pb_video][\/et_pb_column][\/et_pb_row][\/et_pb_section]<\/p>\n","protected":false},"excerpt":{"rendered":"<p>GOODIESUnsere Videoproduktionen\u00a0und Videos \u00fcber uns.KRAKAUER HAUS 2025 &#8211; Jahres\u00fcbersicht video: Johannes Felder \/ TUCANfilmKRAKAUER HAUS 2024 &#8211; Jahres\u00fcbersicht video: Johannes Felder \/ TUCANfilmINSELKUNST 2024\u00a0 video: Johannes Felder \/ TUCANfilmINSELKUNST 2024\u00a0 [&hellip;]<\/p>\n","protected":false},"author":1,"featured_media":0,"parent":0,"menu_order":0,"comment_status":"closed","ping_status":"closed","template":"","meta":{"_et_pb_use_builder":"on","_et_pb_old_content":"","_et_gb_content_width":"","_price":"","_stock":"","_tribe_ticket_header":"","_tribe_default_ticket_provider":"","_tribe_ticket_capacity":"0","_ticket_start_date":"","_ticket_end_date":"","_tribe_ticket_show_description":"","_tribe_ticket_show_not_going":false,"_tribe_ticket_use_global_stock":"","_tribe_ticket_global_stock_level":"","_global_stock_mode":"","_global_stock_cap":"","_tribe_rsvp_for_event":"","_tribe_ticket_going_count":"","_tribe_ticket_not_going_count":"","_tribe_tickets_list":"[]","_tribe_ticket_has_attendee_info_fields":false,"footnotes":"","_tec_slr_enabled":"","_tec_slr_layout":""},"class_list":["post-26","page","type-page","status-publish","hentry"],"ticketed":false,"_links":{"self":[{"href":"https:\/\/www.krakauer-haus.de\/kh-test\/index.php\/wp-json\/wp\/v2\/pages\/26","targetHints":{"allow":["GET"]}}],"collection":[{"href":"https:\/\/www.krakauer-haus.de\/kh-test\/index.php\/wp-json\/wp\/v2\/pages"}],"about":[{"href":"https:\/\/www.krakauer-haus.de\/kh-test\/index.php\/wp-json\/wp\/v2\/types\/page"}],"author":[{"embeddable":true,"href":"https:\/\/www.krakauer-haus.de\/kh-test\/index.php\/wp-json\/wp\/v2\/users\/1"}],"replies":[{"embeddable":true,"href":"https:\/\/www.krakauer-haus.de\/kh-test\/index.php\/wp-json\/wp\/v2\/comments?post=26"}],"version-history":[{"count":35,"href":"https:\/\/www.krakauer-haus.de\/kh-test\/index.php\/wp-json\/wp\/v2\/pages\/26\/revisions"}],"predecessor-version":[{"id":12436,"href":"https:\/\/www.krakauer-haus.de\/kh-test\/index.php\/wp-json\/wp\/v2\/pages\/26\/revisions\/12436"}],"wp:attachment":[{"href":"https:\/\/www.krakauer-haus.de\/kh-test\/index.php\/wp-json\/wp\/v2\/media?parent=26"}],"curies":[{"name":"wp","href":"https:\/\/api.w.org\/{rel}","templated":true}]}}