{"id":22,"date":"2018-12-06T16:37:09","date_gmt":"2018-12-06T15:37:09","guid":{"rendered":"http:\/\/www.krakauer-haus.de\/kh-test\/?page_id=22"},"modified":"2026-04-26T14:46:47","modified_gmt":"2026-04-26T12:46:47","slug":"geschichte","status":"publish","type":"page","link":"https:\/\/www.krakauer-haus.de\/kh-test\/index.php\/geschichte\/","title":{"rendered":"Geschichte"},"content":{"rendered":"<p>[et_pb_section fb_built=&#8220;1&#8243; _builder_version=&#8220;4.16&#8243; global_colors_info=&#8220;{}&#8220;][et_pb_row column_structure=&#8220;1_2,1_2&#8243; _builder_version=&#8220;4.16&#8243; custom_padding=&#8220;27px|0px|27px|0|false|false&#8220; global_colors_info=&#8220;{}&#8220;][et_pb_column type=&#8220;1_2&#8243; _builder_version=&#8220;4.16&#8243; custom_padding=&#8220;|||&#8220; global_colors_info=&#8220;{}&#8220; custom_padding__hover=&#8220;|||&#8220;][et_pb_text _builder_version=&#8220;4.27.6&#8243; _module_preset=&#8220;default&#8220; hover_enabled=&#8220;0&#8243; global_colors_info=&#8220;{}&#8220; sticky_enabled=&#8220;0&#8243;]<\/p>\n<p>Das Haus wird vom B\u00fcro Kulturzentrum Krakauer Haus verwaltet, das auch die im Haus stattfindenden kulturellen Veranstaltungen koordiniert.<\/p>\n<p>&nbsp;<\/p>\n<p><strong><a href=\"https:\/\/www.krakauer-haus.de\/kh-test\/\" target=\"_blank\" rel=\"noopener\"><span style=\"color: #333333;\">KULTURZENTRUM KRAKAUER HAUS<\/span> <\/a><br \/><\/strong>Leitung des Hauses<br \/>B\u00fcro im 2. Stock<br \/>Galerie und Konzertraum im Turm<\/p>\n<p>&nbsp;<\/p>\n<p><span style=\"color: #333333;\"><a href=\"https:\/\/www.restauration-kopernikus.de\" target=\"_blank\" rel=\"noopener\" style=\"color: #333333;\"><strong>RESTAURANT KOPERNIKUS<\/strong><\/a><\/span><br \/>B\u00fcro im 2. Stock &#8211; im Zwischengeschoss<br \/>Restaurant im Erdgeschoss und im 1. Stock<br \/>Biergarten \u00a0im Sommer im 2. Stock<\/p>\n<p>&nbsp;<\/p>\n<p><span style=\"color: #333333;\"><a href=\"https:\/\/www.polenreisen-nuernberg.de\" target=\"_blank\" rel=\"noopener\" style=\"color: #333333;\"><strong>REISEB\u00dcRO POLENREISEN<\/strong><\/a><\/span><br \/>B\u00fcro im Erdgeschoss<\/p>\n<p>&nbsp;<\/p>\n<p><span style=\"color: #333333;\"><a href=\"https:\/\/dpgf-nuernberg.de\" target=\"_blank\" rel=\"noopener\" style=\"color: #333333;\"><strong>DEUTSCH-POLNISCHE GESELLSCHAFT IN FRANKEN\u00a0<\/strong><\/a><\/span><br \/>Archiv 1. Stock<\/p>\n<p>&nbsp;<\/p>\n<p><span style=\"color: #333333;\"><strong><a href=\"https:\/\/www.krakauer-haus.de\/kh-test\/wp-content\/uploads\/2023\/01\/Retrospektive_KTeV.pdf\" target=\"_blank\" rel=\"noopener\" style=\"color: #333333;\">KRAKAUER TURM VEREIN<\/a><\/strong><\/span><br \/>von 1995 bis 2021 im B\u00fcro im 1. Stock<\/p>\n<p>&nbsp;<\/p>\n<p>&nbsp;<\/p>\n<p>[\/et_pb_text][\/et_pb_column][et_pb_column type=&#8220;1_2&#8243; _builder_version=&#8220;4.16&#8243; custom_padding=&#8220;|||&#8220; global_colors_info=&#8220;{}&#8220; custom_padding__hover=&#8220;|||&#8220;][et_pb_image src=&#8220;http:\/\/www.krakauer-haus.de\/kh-test\/wp-content\/uploads\/2020\/12\/KRI8137-scaled.jpg&#8220; title_text=&#8220;_KRI8137&#8243; _builder_version=&#8220;4.16&#8243; _module_preset=&#8220;default&#8220; global_colors_info=&#8220;{}&#8220;][\/et_pb_image][\/et_pb_column][\/et_pb_row][et_pb_row _builder_version=&#8220;4.16&#8243; _module_preset=&#8220;default&#8220; global_colors_info=&#8220;{}&#8220;][et_pb_column type=&#8220;4_4&#8243; _builder_version=&#8220;4.16&#8243; _module_preset=&#8220;default&#8220; global_colors_info=&#8220;{}&#8220;][et_pb_text _builder_version=&#8220;4.27.6&#8243; _dynamic_attributes=&#8220;link_option_url&#8220; link_option_url=&#8220;@ET-DC@eyJkeW5hbWljIjp0cnVlLCJjb250ZW50IjoicG9zdF9saW5rX3VybCIsInNldHRpbmdzIjp7fX0=@&#8220; link_option_url_new_window=&#8220;on&#8220; hover_enabled=&#8220;0&#8243; global_colors_info=&#8220;{}&#8220; sticky_enabled=&#8220;0&#8243;]<\/p>\n<p data-start=\"0\" data-end=\"251\">Das Krakauer Haus in N\u00fcrnberg ist eine Einrichtung der Stadt Krakau und befindet sich in einer historischen Basteianlage, die einst Teil der mittelalterlichen Stadtbefestigung war. Das Geb\u00e4ude wurde um 1540 errichtet und im Zweiten Weltkrieg zerst\u00f6rt.<\/p>\n<p data-start=\"253\" data-end=\"499\">Die seit dem Mittelalter bestehenden Beziehungen zwischen N\u00fcrnberg und Krakau wurden 1979 mit der Unterzeichnung des Partnerschaftsvertrags neu belebt und gelten seither als beispielhaft f\u00fcr die St\u00e4dtepartnerschaft zwischen Polen und Deutschland.<\/p>\n<p data-start=\"501\" data-end=\"702\">Im Zuge dieser Partnerschaft entschieden sich beide St\u00e4dte f\u00fcr ein au\u00dfergew\u00f6hnliches Modell der Zusammenarbeit: die Einrichtung zweier Partnerh\u00e4user als \u201ekulturelle Botschaften\u201c in Krakau und N\u00fcrnberg.<\/p>\n<p data-start=\"704\" data-end=\"1115\">Das Krakauer Haus in N\u00fcrnberg ist die einzige Einrichtung der Stadt Krakau au\u00dferhalb Polens. Der Wiederaufbau der Basteianlage erfolgte nach Pl\u00e4nen N\u00fcrnberger Architekten in enger Abstimmung mit der Stadt Krakau. Die Stadt N\u00fcrnberg \u00fcbernahm die Leitung der Sanierung und Umgestaltung, unterst\u00fctzt durch \u00f6ffentliche und private F\u00f6rdermittel. Die gr\u00f6\u00dfte private Spende wurde von Herrn Kurt Klutentreter geleistet.<\/p>\n<p data-start=\"1117\" data-end=\"1369\">Am 8. November 1995 \u00fcbergab die N\u00fcrnberger Stadtverwaltung in Anwesenheit des damaligen polnischen Au\u00dfenministers Prof. W\u0142adys\u0142aw Bartoszewski feierlich die Schl\u00fcssel zum Geb\u00e4ude. Die offizielle Er\u00f6ffnung des Krakauer Hauses fand am 8. Juni 1996 statt.<\/p>\n<p data-start=\"1371\" data-end=\"1579\" data-is-last-node=\"\" data-is-only-node=\"\">Bis 2025 wurde das Krakauer Haus in Krakau vom B\u00fcro des Stadtpr\u00e4sidenten der Stadt Krakau betrieben. Seit 2026 liegt die operative Tr\u00e4gerschaft beim Krakauer B\u00fcro f\u00fcr Festivals (Krakowskie Biuro Festiwalowe).<\/p>\n<p data-start=\"0\" data-end=\"470\">Im obersten Stockwerk des Turms befindet sich der repr\u00e4sentativste Raum des Krakauer Hauses \u2013 der <strong data-start=\"98\" data-end=\"119\">Klutentreter-Saal<\/strong>. Durch seine Fenster er\u00f6ffnet sich ein weiter Blick \u00fcber N\u00fcrnberg. Der Saal ist zentraler Veranstaltungsort f\u00fcr das Kulturprogramm des Hauses als Kulturzentrum der Stadt Krakau. Hier finden regelm\u00e4\u00dfig Konzerte, Lesungen und Gespr\u00e4che mit jungen wie etablierten K\u00fcnstler*innen aus Polen und Deutschland statt.<\/p>\n<p data-start=\"472\" data-end=\"647\">Im Dachgeschoss oberhalb des Saals befindet sich eine Galerie f\u00fcr zeitgen\u00f6ssische Kunst mit wechselnden Ausstellungen, die einen Schwerpunkt auf der Krakauer Kunstszene setzt.<\/p>\n<p data-start=\"649\" data-end=\"820\">\n<p data-start=\"912\" data-end=\"1146\">Im Erdgeschoss der Bastei befindet sich ein <strong>Informationszentrum der Stadt Krakau<\/strong>. Es informiert \u00fcber kulturelle und touristische Angebote aus Krakau und der Region und unterst\u00fctzt die Pr\u00e4sentation der Stadt im internationalen Kontext.<\/p>\n<p data-start=\"1148\" data-end=\"1347\" data-is-last-node=\"\" data-is-only-node=\"\">Ebenfalls im Erdgeschoss sowie im 1. Stock befindet sich das <strong>Restaurant<\/strong> <strong data-start=\"1220\" data-end=\"1234\">Kopernikus<\/strong>, das polnische K\u00fcche anbietet. Im Sommer l\u00e4dt zus\u00e4tzlich ein Biergarten direkt am Stadtgraben zum Verweilen ein.<\/p>\n<p data-start=\"822\" data-end=\"910\">Im 1. Stock ist das Archiv der <strong>Deutsch-Polnischen Gesellschaft in Franken<\/strong> untergebracht.<\/p>\n<p data-start=\"822\" data-end=\"910\"><span>Die Programmplanung und Organisation des Krakauer Hauses liegt beim<strong> Kulturzentrum<\/strong> im 2. Obergeschoss. Kontakt: <\/span><a data-start=\"874\" data-end=\"898\" class=\"decorated-link cursor-pointer\" rel=\"noopener\">kontakt@krakauer-haus.de<\/a><\/p>\n<p>[\/et_pb_text][et_pb_gallery gallery_ids=&#8220;6117,3526,2123,1470&#8243; posts_number=&#8220;20&#8243; show_title_and_caption=&#8220;off&#8220; show_pagination=&#8220;off&#8220; hover_overlay_color=&#8220;#ffffff&#8220; hover_icon=&#8220;&#x49;||divi||400&#8243; _builder_version=&#8220;4.16&#8243; global_colors_info=&#8220;{}&#8220;][\/et_pb_gallery][\/et_pb_column][\/et_pb_row][\/et_pb_section]<\/p>\n","protected":false},"excerpt":{"rendered":"<p>Das Haus wird vom B\u00fcro Kulturzentrum Krakauer Haus verwaltet, das auch die im Haus stattfindenden kulturellen Veranstaltungen koordiniert. &nbsp; KULTURZENTRUM KRAKAUER HAUS Leitung des HausesB\u00fcro im 2. StockGalerie und Konzertraum [&hellip;]<\/p>\n","protected":false},"author":1,"featured_media":0,"parent":0,"menu_order":0,"comment_status":"closed","ping_status":"closed","template":"","meta":{"_et_pb_use_builder":"on","_et_pb_old_content":"","_et_gb_content_width":"","_price":"","_stock":"","_tribe_ticket_header":"","_tribe_default_ticket_provider":"","_tribe_ticket_capacity":"0","_ticket_start_date":"","_ticket_end_date":"","_tribe_ticket_show_description":"","_tribe_ticket_show_not_going":false,"_tribe_ticket_use_global_stock":"","_tribe_ticket_global_stock_level":"","_global_stock_mode":"","_global_stock_cap":"","_tribe_rsvp_for_event":"","_tribe_ticket_going_count":"","_tribe_ticket_not_going_count":"","_tribe_tickets_list":"[]","_tribe_ticket_has_attendee_info_fields":false,"footnotes":"","_tec_slr_enabled":"","_tec_slr_layout":""},"class_list":["post-22","page","type-page","status-publish","hentry"],"ticketed":false,"_links":{"self":[{"href":"https:\/\/www.krakauer-haus.de\/kh-test\/index.php\/wp-json\/wp\/v2\/pages\/22","targetHints":{"allow":["GET"]}}],"collection":[{"href":"https:\/\/www.krakauer-haus.de\/kh-test\/index.php\/wp-json\/wp\/v2\/pages"}],"about":[{"href":"https:\/\/www.krakauer-haus.de\/kh-test\/index.php\/wp-json\/wp\/v2\/types\/page"}],"author":[{"embeddable":true,"href":"https:\/\/www.krakauer-haus.de\/kh-test\/index.php\/wp-json\/wp\/v2\/users\/1"}],"replies":[{"embeddable":true,"href":"https:\/\/www.krakauer-haus.de\/kh-test\/index.php\/wp-json\/wp\/v2\/comments?post=22"}],"version-history":[{"count":27,"href":"https:\/\/www.krakauer-haus.de\/kh-test\/index.php\/wp-json\/wp\/v2\/pages\/22\/revisions"}],"predecessor-version":[{"id":12504,"href":"https:\/\/www.krakauer-haus.de\/kh-test\/index.php\/wp-json\/wp\/v2\/pages\/22\/revisions\/12504"}],"wp:attachment":[{"href":"https:\/\/www.krakauer-haus.de\/kh-test\/index.php\/wp-json\/wp\/v2\/media?parent=22"}],"curies":[{"name":"wp","href":"https:\/\/api.w.org\/{rel}","templated":true}]}}