{"id":16,"date":"2018-12-06T16:33:04","date_gmt":"2018-12-06T15:33:04","guid":{"rendered":"http:\/\/www.krakauer-haus.de\/kh-test\/?page_id=16"},"modified":"2026-04-11T03:21:17","modified_gmt":"2026-04-11T01:21:17","slug":"archiv","status":"publish","type":"page","link":"https:\/\/www.krakauer-haus.de\/kh-test\/index.php\/archiv\/","title":{"rendered":"Archiv"},"content":{"rendered":"<p>[et_pb_section fb_built=&#8220;1&#8243; _builder_version=&#8220;4.23.2&#8243; _module_preset=&#8220;default&#8220; global_colors_info=&#8220;{}&#8220;][et_pb_row _builder_version=&#8220;4.27.6&#8243; _module_preset=&#8220;default&#8220;][et_pb_column _builder_version=&#8220;4.27.6&#8243; _module_preset=&#8220;default&#8220; type=&#8220;4_4&#8243;][et_pb_text _builder_version=&#8220;4.27.6&#8243; _module_preset=&#8220;default&#8220; hover_enabled=&#8220;0&#8243; sticky_enabled=&#8220;0&#8243;]<\/p>\n<p style=\"text-align: center;\">ARCHIV<\/p>\n<p style=\"text-align: center;\">R\u00fcckblicke bis 2001<\/p>\n<p>[\/et_pb_text][\/et_pb_column][\/et_pb_row][et_pb_row column_structure=&#8220;1_2,1_2&#8243; _builder_version=&#8220;4.23.2&#8243; _module_preset=&#8220;default&#8220; global_colors_info=&#8220;{}&#8220;][et_pb_column type=&#8220;1_2&#8243; _builder_version=&#8220;4.23.2&#8243; _module_preset=&#8220;default&#8220; global_colors_info=&#8220;{}&#8220;][et_pb_text _builder_version=&#8220;4.16&#8243; background_size=&#8220;initial&#8220; background_position=&#8220;top_left&#8220; background_repeat=&#8220;repeat&#8220; global_colors_info=&#8220;{}&#8220;]<!-- divi:paragraph --><\/p>\n<div class=\"sya_container\" id=\"sya_container\"><a id=\"year2026\"><\/a><a href=\"https:\/\/www.krakauer-haus.de\/kh-test\/index.php\/2026\/\" rel=\"section\">2026<\/a><ul><li class=\"\"><div class=\"sya_postcontent\"><span class=\"sya_date\"> <span class=\"sya_sep\"> <\/span><\/span><a href=\"https:\/\/www.krakauer-haus.de\/kh-test\/index.php\/2026\/04\/19\/21-polnische-filmwoche\/\" class=\"sya_postlink post-12077\" rel=\"bookmark\">21. POLNISCHE FILMWOCHE<\/a><\/div><\/li><li class=\"\"><div class=\"sya_postcontent\"><span class=\"sya_date\"> <span class=\"sya_sep\"> <\/span><\/span><a href=\"https:\/\/www.krakauer-haus.de\/kh-test\/index.php\/2026\/04\/18\/komiks-gespraech-ueber-die-krakauer-comicszene\/\" class=\"sya_postlink post-12486\" rel=\"bookmark\">KOMIKS! Gespr\u00e4ch \u00fcber die Krakauer Comicszene<\/a><\/div><\/li><li class=\"\"><div class=\"sya_postcontent\"><span class=\"sya_date\"> <span class=\"sya_sep\"> <\/span><\/span><a href=\"https:\/\/www.krakauer-haus.de\/kh-test\/index.php\/2026\/03\/16\/artist-in-residency-comic\/\" class=\"sya_postlink post-12246\" rel=\"bookmark\">ARTIST-IN-RESIDENCE: COMIC<\/a><\/div><\/li><li class=\"\"><div class=\"sya_postcontent\"><span class=\"sya_date\"> <span class=\"sya_sep\"> <\/span><\/span><a href=\"https:\/\/www.krakauer-haus.de\/kh-test\/index.php\/2026\/03\/16\/artist-in-residency-students\/\" class=\"sya_postlink post-12235\" rel=\"bookmark\">ARTIST-IN-RESIDENCE: STUDENTS<\/a><\/div><\/li><\/ul><a id=\"year2025\"><\/a><a href=\"https:\/\/www.krakauer-haus.de\/kh-test\/index.php\/2025\/\" rel=\"section\">2025<\/a><ul><li class=\"\"><div class=\"sya_postcontent\"><span class=\"sya_date\"> <span class=\"sya_sep\"> <\/span><\/span><a href=\"https:\/\/www.krakauer-haus.de\/kh-test\/index.php\/2025\/12\/16\/inselkunst-2025-magdalena-lazar-und-thomas-may-2\/\" class=\"sya_postlink post-12088\" rel=\"bookmark\">Thomas May FOGGY FLYING ISLAND<\/a><\/div><\/li><li class=\"\"><div class=\"sya_postcontent\"><span class=\"sya_date\"> <span class=\"sya_sep\"> <\/span><\/span><a href=\"https:\/\/www.krakauer-haus.de\/kh-test\/index.php\/2025\/11\/23\/acidsitter\/\" class=\"sya_postlink post-11943\" rel=\"bookmark\">AcidSitter<\/a><\/div><\/li><li class=\"\"><div class=\"sya_postcontent\"><span class=\"sya_date\"> <span class=\"sya_sep\"> <\/span><\/span><a href=\"https:\/\/www.krakauer-haus.de\/kh-test\/index.php\/2025\/11\/22\/schneeppchen-2\/\" class=\"sya_postlink post-11963\" rel=\"bookmark\">SCHNEE*PPCHEN<\/a><\/div><\/li><li class=\"\"><div class=\"sya_postcontent\"><span class=\"sya_date\"> <span class=\"sya_sep\"> <\/span><\/span><a href=\"https:\/\/www.krakauer-haus.de\/kh-test\/index.php\/2025\/08\/29\/new-ground-performance-art-weekend\/\" class=\"sya_postlink post-11905\" rel=\"bookmark\">new ground performance &#8211; ART WEEKEND<\/a><\/div><\/li><li class=\"\"><div class=\"sya_postcontent\"><span class=\"sya_date\"> <span class=\"sya_sep\"> <\/span><\/span><a href=\"https:\/\/www.krakauer-haus.de\/kh-test\/index.php\/2025\/08\/29\/no-way-back-nadine-zenker-piotr-bujak\/\" class=\"sya_postlink post-11803\" rel=\"bookmark\">no way back &#8211; Nadine Zenker &#038; Piotr Bujak<\/a><\/div><\/li><li class=\"\"><div class=\"sya_postcontent\"><span class=\"sya_date\"> <span class=\"sya_sep\"> <\/span><\/span><a href=\"https:\/\/www.krakauer-haus.de\/kh-test\/index.php\/2025\/07\/21\/zuzanna-romanska\/\" class=\"sya_postlink post-11761\" rel=\"bookmark\">ARTIST IN RESIDENCE Zuzanna Romanska<\/a><\/div><\/li><li class=\"\"><div class=\"sya_postcontent\"><span class=\"sya_date\"> <span class=\"sya_sep\"> <\/span><\/span><a href=\"https:\/\/www.krakauer-haus.de\/kh-test\/index.php\/2025\/07\/20\/inselkunst-2025-magdalena-lazar-und-thomas-may\/\" class=\"sya_postlink post-11621\" rel=\"bookmark\">INSELKUNST 2025 \/ Magdalena Lazar und Thomas May<\/a><\/div><\/li><li class=\"\"><div class=\"sya_postcontent\"><span class=\"sya_date\"> <span class=\"sya_sep\"> <\/span><\/span><a href=\"https:\/\/www.krakauer-haus.de\/kh-test\/index.php\/2025\/07\/19\/prozession-iwona-demko\/\" class=\"sya_postlink post-11647\" rel=\"bookmark\">PROZESSION &#8211; IWONA DEMKO<\/a><\/div><\/li><li class=\"\"><div class=\"sya_postcontent\"><span class=\"sya_date\"> <span class=\"sya_sep\"> <\/span><\/span><a href=\"https:\/\/www.krakauer-haus.de\/kh-test\/index.php\/2025\/07\/16\/pimoa-chthulu-performance-von-malgorzata-markiewicz\/\" class=\"sya_postlink post-11237\" rel=\"bookmark\">PIMOA CHTHULU &#8211; Ma\u0142gorzata Markiewicz und Patryk Zakrocki<\/a><\/div><\/li><li class=\"\"><div class=\"sya_postcontent\"><span class=\"sya_date\"> <span class=\"sya_sep\"> <\/span><\/span><a href=\"https:\/\/www.krakauer-haus.de\/kh-test\/index.php\/2025\/07\/15\/lebenslinie-ausstellung-von-malgorzata-markiewicz\/\" class=\"sya_postlink post-11282\" rel=\"bookmark\">LEBENSLINIE &#8211; Ma\u0142gorzata Markiewicz<\/a><\/div><\/li><li class=\"\"><div class=\"sya_postcontent\"><span class=\"sya_date\"> <span class=\"sya_sep\"> <\/span><\/span><a href=\"https:\/\/www.krakauer-haus.de\/kh-test\/index.php\/2025\/06\/24\/presseinformationen\/\" class=\"sya_postlink post-11729\" rel=\"bookmark\">Presseinformationen:<\/a><\/div><\/li><li class=\"\"><div class=\"sya_postcontent\"><span class=\"sya_date\"> <span class=\"sya_sep\"> <\/span><\/span><a href=\"https:\/\/www.krakauer-haus.de\/kh-test\/index.php\/2025\/05\/13\/abschlusskonzert-der-20-polnischen-filmwoche\/\" class=\"sya_postlink post-11582\" rel=\"bookmark\">Abschlusskonzert der 20. Polnischen Filmwoche<\/a><\/div><\/li><li class=\"\"><div class=\"sya_postcontent\"><span class=\"sya_date\"> <span class=\"sya_sep\"> <\/span><\/span><a href=\"https:\/\/www.krakauer-haus.de\/kh-test\/index.php\/2025\/02\/01\/20-polnische-filmwoche\/\" class=\"sya_postlink post-11430\" rel=\"bookmark\">20. POLNISCHE FILMWOCHE<\/a><\/div><\/li><\/ul><a id=\"year2024\"><\/a><a href=\"https:\/\/www.krakauer-haus.de\/kh-test\/index.php\/2024\/\" rel=\"section\">2024<\/a><ul><li class=\"\"><div class=\"sya_postcontent\"><span class=\"sya_date\"> <span class=\"sya_sep\"> <\/span><\/span><a href=\"https:\/\/www.krakauer-haus.de\/kh-test\/index.php\/2024\/11\/19\/schneeppchen\/\" class=\"sya_postlink post-11168\" rel=\"bookmark\">Schnee*ppchen &#8211; eine Weihnachtsausstellung<\/a><\/div><\/li><li class=\"\"><div class=\"sya_postcontent\"><span class=\"sya_date\"> <span class=\"sya_sep\"> <\/span><\/span><a href=\"https:\/\/www.krakauer-haus.de\/kh-test\/index.php\/2024\/09\/26\/playground\/\" class=\"sya_postlink post-11026\" rel=\"bookmark\">PLAYGROUND<\/a><\/div><\/li><li class=\"\"><div class=\"sya_postcontent\"><span class=\"sya_date\"> <span class=\"sya_sep\"> <\/span><\/span><a href=\"https:\/\/www.krakauer-haus.de\/kh-test\/index.php\/2024\/08\/05\/testimony-boris-lurie-zeitgenoessische-kunst-aus-osteuropa-14-06-2024-17-11-2024\/\" class=\"sya_postlink post-10323\" rel=\"bookmark\">TESTIMONY BORIS LURIE &#038; ZEIT\u00adGE\u00adN\u00d6S\u00adSI\u00adSCHE KUNST AUS OST\u00adEU\u00adRO\u00adPA<\/a><\/div><\/li><li class=\"\"><div class=\"sya_postcontent\"><span class=\"sya_date\"> <span class=\"sya_sep\"> <\/span><\/span><a href=\"https:\/\/www.krakauer-haus.de\/kh-test\/index.php\/2024\/08\/04\/inselkunst-2024-dorota-hadrian-und-emilia-neumann\/\" class=\"sya_postlink post-10576\" rel=\"bookmark\">INSELKUNST 2024 \/ Dorota Hadrian und Emilia Neumann<\/a><\/div><\/li><li class=\"\"><div class=\"sya_postcontent\"><span class=\"sya_date\"> <span class=\"sya_sep\"> <\/span><\/span><a href=\"https:\/\/www.krakauer-haus.de\/kh-test\/index.php\/2024\/08\/03\/mural-huebnerstor-von-marcin-czaja\/\" class=\"sya_postlink post-10703\" rel=\"bookmark\">MURAL H\u00fcbnerstor von Marcin Czaja<\/a><\/div><\/li><li class=\"\"><div class=\"sya_postcontent\"><span class=\"sya_date\"> <span class=\"sya_sep\"> <\/span><\/span><a href=\"https:\/\/www.krakauer-haus.de\/kh-test\/index.php\/2024\/08\/03\/stadtverfuehrungen-schaetze\/\" class=\"sya_postlink post-10977\" rel=\"bookmark\">STADT(ver)F\u00dcHRUNGEN: Sch\u00e4tze<\/a><\/div><\/li><li class=\"\"><div class=\"sya_postcontent\"><span class=\"sya_date\"> <span class=\"sya_sep\"> <\/span><\/span><a href=\"https:\/\/www.krakauer-haus.de\/kh-test\/index.php\/2024\/07\/01\/strassenfest-45-jahre-staedtepartnerschaft\/\" class=\"sya_postlink post-10596\" rel=\"bookmark\">STRASSENFEST 45 Jahre St\u00e4dtepartnerschaft<\/a><\/div><\/li><li class=\"\"><div class=\"sya_postcontent\"><span class=\"sya_date\"> <span class=\"sya_sep\"> <\/span><\/span><a href=\"https:\/\/www.krakauer-haus.de\/kh-test\/index.php\/2024\/06\/30\/buehne-from-krakau-with-love\/\" class=\"sya_postlink post-10848\" rel=\"bookmark\">B\u00dcHNE from Krakau with Love<\/a><\/div><\/li><li class=\"\"><div class=\"sya_postcontent\"><span class=\"sya_date\"> <span class=\"sya_sep\"> <\/span><\/span><a href=\"https:\/\/www.krakauer-haus.de\/kh-test\/index.php\/2024\/06\/25\/kinderworkshops\/\" class=\"sya_postlink post-10770\" rel=\"bookmark\">KINDERWORKSHOPs<\/a><\/div><\/li><li class=\"\"><div class=\"sya_postcontent\"><span class=\"sya_date\"> <span class=\"sya_sep\"> <\/span><\/span><a href=\"https:\/\/www.krakauer-haus.de\/kh-test\/index.php\/2024\/06\/24\/nebeliger-billy-kindertheater\/\" class=\"sya_postlink post-10665\" rel=\"bookmark\">Billy Fog &#8211; KINDERTHEATER ab 10 Jahre<\/a><\/div><\/li><li class=\"\"><div class=\"sya_postcontent\"><span class=\"sya_date\"> <span class=\"sya_sep\"> <\/span><\/span><a href=\"https:\/\/www.krakauer-haus.de\/kh-test\/index.php\/2024\/06\/23\/automatisch-gespeicherter-entwurf\/\" class=\"sya_postlink post-10968\" rel=\"bookmark\">video INSELKUNST 2024<\/a><\/div><\/li><li class=\"\"><div class=\"sya_postcontent\"><span class=\"sya_date\"> <span class=\"sya_sep\"> <\/span><\/span><a href=\"https:\/\/www.krakauer-haus.de\/kh-test\/index.php\/2024\/04\/18\/hania-rani-ghosts\/\" class=\"sya_postlink post-10539\" rel=\"bookmark\">HANIA RANI &#8211; Ghosts<\/a><\/div><\/li><li class=\"\"><div class=\"sya_postcontent\"><span class=\"sya_date\"> <span class=\"sya_sep\"> <\/span><\/span><a href=\"https:\/\/www.krakauer-haus.de\/kh-test\/index.php\/2024\/04\/16\/deal-projektwoche-im-maxi-kunst\/\" class=\"sya_postlink post-10456\" rel=\"bookmark\">DEAL Projektwoche im MAXI Kunst<\/a><\/div><\/li><li class=\"\"><div class=\"sya_postcontent\"><span class=\"sya_date\"> <span class=\"sya_sep\"> <\/span><\/span><a href=\"https:\/\/www.krakauer-haus.de\/kh-test\/index.php\/2024\/04\/13\/umzug-happening\/\" class=\"sya_postlink post-10502\" rel=\"bookmark\">UMZUG Happening<\/a><\/div><\/li><li class=\"\"><div class=\"sya_postcontent\"><span class=\"sya_date\"> <span class=\"sya_sep\"> <\/span><\/span><a href=\"https:\/\/www.krakauer-haus.de\/kh-test\/index.php\/2024\/04\/10\/liebesgruesse-aus-kopenhagen-marta-stanislawa-sala-und-cheong-kin-man\/\" class=\"sya_postlink post-10298\" rel=\"bookmark\">LIEBESGR\u00dc\u00dfE AUS KOPENHAGEN \/ Marta Stanis\u0142awa Sala und Cheong Kin Man<\/a><\/div><\/li><li class=\"\"><div class=\"sya_postcontent\"><span class=\"sya_date\"> <span class=\"sya_sep\"> <\/span><\/span><a href=\"https:\/\/www.krakauer-haus.de\/kh-test\/index.php\/2024\/04\/07\/presse-liebesgruesse-19-4-16-5\/\" class=\"sya_postlink post-10421\" rel=\"bookmark\">PRESSE: Liebesgruesse 19.4.-16.5.<\/a><\/div><\/li><li class=\"\"><div class=\"sya_postcontent\"><span class=\"sya_date\"> <span class=\"sya_sep\"> <\/span><\/span><a href=\"https:\/\/www.krakauer-haus.de\/kh-test\/index.php\/2024\/04\/05\/19-polnische-filmwoche\/\" class=\"sya_postlink post-10286\" rel=\"bookmark\">19. POLNISCHE FILMWOCHE<\/a><\/div><\/li><li class=\"\"><div class=\"sya_postcontent\"><span class=\"sya_date\"> <span class=\"sya_sep\"> <\/span><\/span><a href=\"https:\/\/www.krakauer-haus.de\/kh-test\/index.php\/2024\/01\/28\/wohnwagen-dominik-stanislawski\/\" class=\"sya_postlink post-10276\" rel=\"bookmark\">WOHNWAGEN \/ DOMINIK STANIS\u0141AWSKI<\/a><\/div><\/li><\/ul><a id=\"year2023\"><\/a><a href=\"https:\/\/www.krakauer-haus.de\/kh-test\/index.php\/2023\/\" rel=\"section\">2023<\/a><ul><li class=\"\"><div class=\"sya_postcontent\"><span class=\"sya_date\"> <span class=\"sya_sep\"> <\/span><\/span><a href=\"https:\/\/www.krakauer-haus.de\/kh-test\/index.php\/2023\/12\/04\/modulgalerie-gloria-sogl-alicja-pakosz-maria-trunk-michal-zawada\/\" class=\"sya_postlink post-9867\" rel=\"bookmark\">ART WEEKEND N\u00dcRNBERG \/ MODULGALERIE &#8211; Kunst im Fach<\/a><\/div><\/li><li class=\"\"><div class=\"sya_postcontent\"><span class=\"sya_date\"> <span class=\"sya_sep\"> <\/span><\/span><a href=\"https:\/\/www.krakauer-haus.de\/kh-test\/index.php\/2023\/10\/05\/maxikunst-dominik-stanislawski\/\" class=\"sya_postlink post-10074\" rel=\"bookmark\">MAXIKUNST \/ DOMINIK STANIS\u0141AWSKI<\/a><\/div><\/li><li class=\"\"><div class=\"sya_postcontent\"><span class=\"sya_date\"> <span class=\"sya_sep\"> <\/span><\/span><a href=\"https:\/\/www.krakauer-haus.de\/kh-test\/index.php\/2023\/10\/03\/irrlicht-michal-zawada\/\" class=\"sya_postlink post-9857\" rel=\"bookmark\">ART WEEKEND N\u00dcRNBERG \/ IRRLICHT \/ MICHA\u0141 ZAWADA<\/a><\/div><\/li><li class=\"\"><div class=\"sya_postcontent\"><span class=\"sya_date\"> <span class=\"sya_sep\"> <\/span><\/span><a href=\"https:\/\/www.krakauer-haus.de\/kh-test\/index.php\/2023\/10\/02\/art-weekend-nuernberg-3\/\" class=\"sya_postlink post-9321\" rel=\"bookmark\">ART WEEKEND N\u00dcRNBERG \/ AMBIVIOLENZ<\/a><\/div><\/li><li class=\"\"><div class=\"sya_postcontent\"><span class=\"sya_date\"> <span class=\"sya_sep\"> <\/span><\/span><a href=\"https:\/\/www.krakauer-haus.de\/kh-test\/index.php\/2023\/10\/01\/ninja-episkopat-third-eye-of-the-poet-feat-szymon-paciora-local-support\/\" class=\"sya_postlink post-10005\" rel=\"bookmark\">NINJA EPISKOPAT \/ THIRD EYE OF THE POET \/ ZWeifel und CAECILIA<\/a><\/div><\/li><li class=\"\"><div class=\"sya_postcontent\"><span class=\"sya_date\"> <span class=\"sya_sep\"> <\/span><\/span><a href=\"https:\/\/www.krakauer-haus.de\/kh-test\/index.php\/2023\/09\/30\/olga-tokarczuk\/\" class=\"sya_postlink post-9843\" rel=\"bookmark\">OLGA TOKARCZUK<\/a><\/div><\/li><li class=\"\"><div class=\"sya_postcontent\"><span class=\"sya_date\"> <span class=\"sya_sep\"> <\/span><\/span><a href=\"https:\/\/www.krakauer-haus.de\/kh-test\/index.php\/2023\/07\/03\/inselkunst-2023\/\" class=\"sya_postlink post-9295\" rel=\"bookmark\">INSELKUNST 2023 \/ Rudyard Schmidt und Bartek W\u0119grzyn<\/a><\/div><\/li><li class=\"\"><div class=\"sya_postcontent\"><span class=\"sya_date\"> <span class=\"sya_sep\"> <\/span><\/span><a href=\"https:\/\/www.krakauer-haus.de\/kh-test\/index.php\/2023\/07\/02\/neal\/\" class=\"sya_postlink post-9931\" rel=\"bookmark\">NEAL<\/a><\/div><\/li><li class=\"\"><div class=\"sya_postcontent\"><span class=\"sya_date\"> <span class=\"sya_sep\"> <\/span><\/span><a href=\"https:\/\/www.krakauer-haus.de\/kh-test\/index.php\/2023\/07\/02\/artist-in-residence\/\" class=\"sya_postlink post-9559\" rel=\"bookmark\">ATELIER \/ DOMINIK STANIS\u0141AWSKI<\/a><\/div><\/li><li class=\"\"><div class=\"sya_postcontent\"><span class=\"sya_date\"> <span class=\"sya_sep\"> <\/span><\/span><a href=\"https:\/\/www.krakauer-haus.de\/kh-test\/index.php\/2023\/06\/30\/stadtverfuehrungen-2023\/\" class=\"sya_postlink post-9318\" rel=\"bookmark\">STADT(VER)F\u00dcHRUNGEN 2023<\/a><\/div><\/li><li class=\"\"><div class=\"sya_postcontent\"><span class=\"sya_date\"> <span class=\"sya_sep\"> <\/span><\/span><a href=\"https:\/\/www.krakauer-haus.de\/kh-test\/index.php\/2023\/01\/11\/polish-german-artexchange\/\" class=\"sya_postlink post-9553\" rel=\"bookmark\">CLOUD OF INBETWEENS<\/a><\/div><\/li><li class=\"\"><div class=\"sya_postcontent\"><span class=\"sya_date\"> <span class=\"sya_sep\"> <\/span><\/span><a href=\"https:\/\/www.krakauer-haus.de\/kh-test\/index.php\/2023\/01\/10\/kraftstoff-ausstellung-in-der-modulgalerie\/\" class=\"sya_postlink post-9243\" rel=\"bookmark\">TREIBSTOFF in der Modulgalerie<\/a><\/div><\/li><li class=\"\"><div class=\"sya_postcontent\"><span class=\"sya_date\"> <span class=\"sya_sep\"> <\/span><\/span><a href=\"https:\/\/www.krakauer-haus.de\/kh-test\/index.php\/2023\/01\/08\/blaue-nacht-2\/\" class=\"sya_postlink post-9271\" rel=\"bookmark\">BLAUE NACHT<\/a><\/div><\/li><li class=\"\"><div class=\"sya_postcontent\"><span class=\"sya_date\"> <span class=\"sya_sep\"> <\/span><\/span><a href=\"https:\/\/www.krakauer-haus.de\/kh-test\/index.php\/2023\/01\/07\/18-polnische-filmwoche\/\" class=\"sya_postlink post-9258\" rel=\"bookmark\">18. POLNISCHE FILMWOCHE<\/a><\/div><\/li><\/ul><a id=\"year2022\"><\/a><a href=\"https:\/\/www.krakauer-haus.de\/kh-test\/index.php\/2022\/\" rel=\"section\">2022<\/a><ul><li class=\"\"><div class=\"sya_postcontent\"><span class=\"sya_date\"> <span class=\"sya_sep\"> <\/span><\/span><a href=\"https:\/\/www.krakauer-haus.de\/kh-test\/index.php\/2022\/12\/11\/o-w-l-in-der-modulgalerie\/\" class=\"sya_postlink post-8991\" rel=\"bookmark\">O.W.L. in der Modulgalerie<\/a><\/div><\/li><li class=\"\"><div class=\"sya_postcontent\"><span class=\"sya_date\"> <span class=\"sya_sep\"> <\/span><\/span><a href=\"https:\/\/www.krakauer-haus.de\/kh-test\/index.php\/2022\/09\/22\/owl-la-vita-e-bella\/\" class=\"sya_postlink post-8872\" rel=\"bookmark\">OWL: La vita e bella<\/a><\/div><\/li><li class=\"\"><div class=\"sya_postcontent\"><span class=\"sya_date\"> <span class=\"sya_sep\"> <\/span><\/span><a href=\"https:\/\/www.krakauer-haus.de\/kh-test\/index.php\/2022\/09\/19\/geschichtensammler-in\/\" class=\"sya_postlink post-8659\" rel=\"bookmark\">GESCHICHTENSAMMLER_IN<\/a><\/div><\/li><li class=\"\"><div class=\"sya_postcontent\"><span class=\"sya_date\"> <span class=\"sya_sep\"> <\/span><\/span><a href=\"https:\/\/www.krakauer-haus.de\/kh-test\/index.php\/2022\/09\/18\/podiumsdiskussion-geschichtensammler_in\/\" class=\"sya_postlink post-8985\" rel=\"bookmark\">PODIUMSDISKUSSION: GESCHICHTENSAMMLER_IN<\/a><\/div><\/li><li class=\"\"><div class=\"sya_postcontent\"><span class=\"sya_date\"> <span class=\"sya_sep\"> <\/span><\/span><a href=\"https:\/\/www.krakauer-haus.de\/kh-test\/index.php\/2022\/09\/17\/das-hamlet-syndrom-ein-film-von-elwira-niewiera-und-piotr-rosolowski\/\" class=\"sya_postlink post-9251\" rel=\"bookmark\">DAS HAMLET SYNDROM Ein Film von Elwira Niewiera und Piotr Roso\u0142owski<\/a><\/div><\/li><li class=\"\"><div class=\"sya_postcontent\"><span class=\"sya_date\"> <span class=\"sya_sep\"> <\/span><\/span><a href=\"https:\/\/www.krakauer-haus.de\/kh-test\/index.php\/2022\/09\/10\/art-weekend-nuernberg-2\/\" class=\"sya_postlink post-8677\" rel=\"bookmark\">ART WEEKEND N\u00dcRNBERG<\/a><\/div><\/li><li class=\"\"><div class=\"sya_postcontent\"><span class=\"sya_date\"> <span class=\"sya_sep\"> <\/span><\/span><a href=\"https:\/\/www.krakauer-haus.de\/kh-test\/index.php\/2022\/08\/25\/inselkunst-2022-kunst-im-oeffentlichen-raum\/\" class=\"sya_postlink post-8424\" rel=\"bookmark\">INSELKUNST 2022 &#8211; Kunst im \u00f6ffentlichen Raum<\/a><\/div><\/li><li class=\"\"><div class=\"sya_postcontent\"><span class=\"sya_date\"> <span class=\"sya_sep\"> <\/span><\/span><a href=\"https:\/\/www.krakauer-haus.de\/kh-test\/index.php\/2022\/08\/24\/stadtverfuehrungen\/\" class=\"sya_postlink post-8806\" rel=\"bookmark\">STADT(VER)F\u00dcHRUNGEN<\/a><\/div><\/li><li class=\"\"><div class=\"sya_postcontent\"><span class=\"sya_date\"> <span class=\"sya_sep\"> <\/span><\/span><a href=\"https:\/\/www.krakauer-haus.de\/kh-test\/index.php\/2022\/08\/22\/polenallergie-2022\/\" class=\"sya_postlink post-8761\" rel=\"bookmark\">POLENALLERGIE 2022<\/a><\/div><\/li><li class=\"\"><div class=\"sya_postcontent\"><span class=\"sya_date\"> <span class=\"sya_sep\"> <\/span><\/span><a href=\"https:\/\/www.krakauer-haus.de\/kh-test\/index.php\/2022\/07\/01\/grenzenlos-nuernberg-trifft-krakau\/\" class=\"sya_postlink post-8650\" rel=\"bookmark\">GRENZENLOS : N\u00fcrnberg trifft Krakau<\/a><\/div><\/li><li class=\"\"><div class=\"sya_postcontent\"><span class=\"sya_date\"> <span class=\"sya_sep\"> <\/span><\/span><a href=\"https:\/\/www.krakauer-haus.de\/kh-test\/index.php\/2022\/06\/20\/burgerreise-2022\/\" class=\"sya_postlink post-8253\" rel=\"bookmark\">BURGERREISE 2022<\/a><\/div><\/li><li class=\"\"><div class=\"sya_postcontent\"><span class=\"sya_date\"> <span class=\"sya_sep\"> <\/span><\/span><a href=\"https:\/\/www.krakauer-haus.de\/kh-test\/index.php\/2022\/05\/23\/wojtek-blecharz-vala-t-foltyn\/\" class=\"sya_postlink post-8609\" rel=\"bookmark\">Wojtek Blecharz &#038; Vala T. Foltyn<\/a><\/div><\/li><li class=\"\"><div class=\"sya_postcontent\"><span class=\"sya_date\"> <span class=\"sya_sep\"> <\/span><\/span><a href=\"https:\/\/www.krakauer-haus.de\/kh-test\/index.php\/2022\/02\/09\/again-malgorzata-markiewicz-julia-medynska\/\" class=\"sya_postlink post-8164\" rel=\"bookmark\">AGAIN : Ma\u0142gorzata Markiewicz &#038; Julia Medy\u0144ska<\/a><\/div><\/li><li class=\"\"><div class=\"sya_postcontent\"><span class=\"sya_date\"> <span class=\"sya_sep\"> <\/span><\/span><a href=\"https:\/\/www.krakauer-haus.de\/kh-test\/index.php\/2022\/02\/09\/blaue-nacht-2022-sarapata-x-marcela-rybska\/\" class=\"sya_postlink post-8248\" rel=\"bookmark\">BLAUE NACHT 2022: SARAPATA X MARCELA RYBSKA<\/a><\/div><\/li><li class=\"\"><div class=\"sya_postcontent\"><span class=\"sya_date\"> <span class=\"sya_sep\"> <\/span><\/span><a href=\"https:\/\/www.krakauer-haus.de\/kh-test\/index.php\/2022\/02\/08\/blaue-nacht-2022-by-house-od-mice-modulgalerie\/\" class=\"sya_postlink post-8501\" rel=\"bookmark\">BLAUE NACHT 2022: HOUSE OF MICE \/ MODULGALERIE<\/a><\/div><\/li><li class=\"\"><div class=\"sya_postcontent\"><span class=\"sya_date\"> <span class=\"sya_sep\"> <\/span><\/span><a href=\"https:\/\/www.krakauer-haus.de\/kh-test\/index.php\/2022\/02\/07\/ausstellung-kuenstlergespraech\/\" class=\"sya_postlink post-8467\" rel=\"bookmark\">Justyna G\u00f3rowska \/ AUSSTELLUNG &#038; K\u00fcnstlergespr\u00e4ch<\/a><\/div><\/li><li class=\"\"><div class=\"sya_postcontent\"><span class=\"sya_date\"> <span class=\"sya_sep\"> <\/span><\/span><a href=\"https:\/\/www.krakauer-haus.de\/kh-test\/index.php\/2022\/02\/07\/film-17-polnische-filmwoche-2022\/\" class=\"sya_postlink post-8459\" rel=\"bookmark\">FILM: 17. POLNISCHE FILMWOCHE 2022<\/a><\/div><\/li><li class=\"\"><div class=\"sya_postcontent\"><span class=\"sya_date\"> <span class=\"sya_sep\"> <\/span><\/span><a href=\"https:\/\/www.krakauer-haus.de\/kh-test\/index.php\/2022\/02\/05\/lostfound-malgorzata-markiewicz-julia-medynska\/\" class=\"sya_postlink post-8441\" rel=\"bookmark\">lost&#038;found \/ MODULGALERIE<\/a><\/div><\/li><\/ul><a id=\"year2021\"><\/a><a href=\"https:\/\/www.krakauer-haus.de\/kh-test\/index.php\/2021\/\" rel=\"section\">2021<\/a><ul><li class=\"\"><div class=\"sya_postcontent\"><span class=\"sya_date\"> <span class=\"sya_sep\"> <\/span><\/span><a href=\"https:\/\/www.krakauer-haus.de\/kh-test\/index.php\/2021\/12\/31\/2021-rueckblick\/\" class=\"sya_postlink post-8131\" rel=\"bookmark\">2021 R\u00fcckblick<\/a><\/div><\/li><li class=\"\"><div class=\"sya_postcontent\"><span class=\"sya_date\"> <span class=\"sya_sep\"> <\/span><\/span><a href=\"https:\/\/www.krakauer-haus.de\/kh-test\/index.php\/2021\/10\/14\/agata-kus-later-than-you-think\/\" class=\"sya_postlink post-7550\" rel=\"bookmark\">AGATA KUS : Later than you think<\/a><\/div><\/li><li class=\"\"><div class=\"sya_postcontent\"><span class=\"sya_date\"> <span class=\"sya_sep\"> <\/span><\/span><a href=\"https:\/\/www.krakauer-haus.de\/kh-test\/index.php\/2021\/10\/13\/polnische-filmtage-im-herbst-2\/\" class=\"sya_postlink post-7664\" rel=\"bookmark\">Polnische Filmtage &#8230;im Herbst<\/a><\/div><\/li><li class=\"\"><div class=\"sya_postcontent\"><span class=\"sya_date\"> <span class=\"sya_sep\"> <\/span><\/span><a href=\"https:\/\/www.krakauer-haus.de\/kh-test\/index.php\/2021\/10\/12\/kurzfilmwettbewerb-spagat-szpagat\/\" class=\"sya_postlink post-6907\" rel=\"bookmark\">KURZFILMWETTBEWERB: SPAGAT \/ SZPAGAT<\/a><\/div><\/li><li class=\"\"><div class=\"sya_postcontent\"><span class=\"sya_date\"> <span class=\"sya_sep\"> <\/span><\/span><a href=\"https:\/\/www.krakauer-haus.de\/kh-test\/index.php\/2021\/10\/12\/malgorzata-wielekwielek-und-rene-radomsky-ich-kratze-den-getrockneten-schmutz-ab\/\" class=\"sya_postlink post-7688\" rel=\"bookmark\">Ma\u0142gorzata Wielek und Ren\u00e9 Radomsky<\/a><\/div><\/li><li class=\"\"><div class=\"sya_postcontent\"><span class=\"sya_date\"> <span class=\"sya_sep\"> <\/span><\/span><a href=\"https:\/\/www.krakauer-haus.de\/kh-test\/index.php\/2021\/10\/11\/kunst-inselkunst-2020-kunst-im-oeffentlichen-raum\/\" class=\"sya_postlink post-6928\" rel=\"bookmark\">INSELKUNST 2021 &#8211; Kunst im \u00f6ffentlichen Raum<\/a><\/div><\/li><li class=\"\"><div class=\"sya_postcontent\"><span class=\"sya_date\"> <span class=\"sya_sep\"> <\/span><\/span><a href=\"https:\/\/www.krakauer-haus.de\/kh-test\/index.php\/2021\/10\/10\/monika-drozynska-flaggen-2-meter-sichereitsabstand-und-covidismus\/\" class=\"sya_postlink post-5787\" rel=\"bookmark\">KUNST: MONIKA DRO\u017bY\u0143SKA: FLAGGEN<\/a><\/div><\/li><li class=\"\"><div class=\"sya_postcontent\"><span class=\"sya_date\"> <span class=\"sya_sep\"> <\/span><\/span><a href=\"https:\/\/www.krakauer-haus.de\/kh-test\/index.php\/2021\/09\/07\/zauberwort-festival\/\" class=\"sya_postlink post-7792\" rel=\"bookmark\">ZAUBERWORT FESTIVAL<\/a><\/div><\/li><li class=\"\"><div class=\"sya_postcontent\"><span class=\"sya_date\"> <span class=\"sya_sep\"> <\/span><\/span><a href=\"https:\/\/www.krakauer-haus.de\/kh-test\/index.php\/2021\/09\/06\/polenallergie-2021\/\" class=\"sya_postlink post-7437\" rel=\"bookmark\">POLENALLERGIE 2021<\/a><\/div><\/li><li class=\"\"><div class=\"sya_postcontent\"><span class=\"sya_date\"> <span class=\"sya_sep\"> <\/span><\/span><a href=\"https:\/\/www.krakauer-haus.de\/kh-test\/index.php\/2021\/09\/06\/ueber-das-schreiben-und-uebersetzen-leonhard-f-seidl-und-urszula-poprawska\/\" class=\"sya_postlink post-7570\" rel=\"bookmark\">\u201e\u00dcber das Schreiben und \u00dcbersetzen\u201c, Leonhard F. Seidl und Urszula Poprawska<\/a><\/div><\/li><li class=\"\"><div class=\"sya_postcontent\"><span class=\"sya_date\"> <span class=\"sya_sep\"> <\/span><\/span><a href=\"https:\/\/www.krakauer-haus.de\/kh-test\/index.php\/2021\/09\/05\/stadtverfuehrungen-2021\/\" class=\"sya_postlink post-7530\" rel=\"bookmark\">STADT(VER)F\u00dcHRUNGEN 2021<\/a><\/div><\/li><li class=\"\"><div class=\"sya_postcontent\"><span class=\"sya_date\"> <span class=\"sya_sep\"> <\/span><\/span><a href=\"https:\/\/www.krakauer-haus.de\/kh-test\/index.php\/2021\/09\/03\/agata-kus-neal-cassady\/\" class=\"sya_postlink post-7517\" rel=\"bookmark\">Art Weekend N\u00fcrnberg: AGATA KUS &#038; NEAL CASSADY<\/a><\/div><\/li><li class=\"\"><div class=\"sya_postcontent\"><span class=\"sya_date\"> <span class=\"sya_sep\"> <\/span><\/span><a href=\"https:\/\/www.krakauer-haus.de\/kh-test\/index.php\/2021\/08\/25\/krakauer-zu-haus\/\" class=\"sya_postlink post-6281\" rel=\"bookmark\">FILM: KRAKAUER (ZU) HAUS<\/a><\/div><\/li><li class=\"\"><div class=\"sya_postcontent\"><span class=\"sya_date\"> <span class=\"sya_sep\"> <\/span><\/span><a href=\"https:\/\/www.krakauer-haus.de\/kh-test\/index.php\/2021\/04\/24\/krakers-2021-no-hope\/\" class=\"sya_postlink post-6867\" rel=\"bookmark\">KRAKERS 2021: (no) HOPE<\/a><\/div><\/li><li class=\"\"><div class=\"sya_postcontent\"><span class=\"sya_date\"> <span class=\"sya_sep\"> <\/span><\/span><a href=\"https:\/\/www.krakauer-haus.de\/kh-test\/index.php\/2021\/04\/24\/glocke-soundart-in-krakau-und-nuernberg\/\" class=\"sya_postlink post-6953\" rel=\"bookmark\">KLINGT GUT !<\/a><\/div><\/li><li class=\"\"><div class=\"sya_postcontent\"><span class=\"sya_date\"> <span class=\"sya_sep\"> <\/span><\/span><a href=\"https:\/\/www.krakauer-haus.de\/kh-test\/index.php\/2021\/04\/24\/inselkunst-2021-vernissage\/\" class=\"sya_postlink post-6939\" rel=\"bookmark\">SUNDAY MORNING ORCHESTRA &#8211; VERNISSAGE MIT LIVE-MUSIK!<\/a><\/div><\/li><li class=\"\"><div class=\"sya_postcontent\"><span class=\"sya_date\"> <span class=\"sya_sep\"> <\/span><\/span><a href=\"https:\/\/www.krakauer-haus.de\/kh-test\/index.php\/2021\/04\/24\/film-polnische-filmtage\/\" class=\"sya_postlink post-6920\" rel=\"bookmark\">FILM: POLNISCHE FILMTage<\/a><\/div><\/li><\/ul><a id=\"year2020\"><\/a><a href=\"https:\/\/www.krakauer-haus.de\/kh-test\/index.php\/2020\/\" rel=\"section\">2020<\/a><ul><li class=\"\"><div class=\"sya_postcontent\"><span class=\"sya_date\"> <span class=\"sya_sep\"> <\/span><\/span><a href=\"https:\/\/www.krakauer-haus.de\/kh-test\/index.php\/2020\/10\/21\/alraune-und-karfoffeln-tomasz-krecicki-sebastian-troeger-ausstellung\/\" class=\"sya_postlink post-5250\" rel=\"bookmark\">KUNST: Alraune und Kartoffeln : Tomasz Kr\u0119cicki &#038; Sebastian Tr\u00f6ger<\/a><\/div><\/li><li class=\"\"><div class=\"sya_postcontent\"><span class=\"sya_date\"> <span class=\"sya_sep\"> <\/span><\/span><a href=\"https:\/\/www.krakauer-haus.de\/kh-test\/index.php\/2020\/10\/20\/krakers-2020\/\" class=\"sya_postlink post-6045\" rel=\"bookmark\">KUNST: KRAKERS 2020: Alraune und Kartoffeln<\/a><\/div><\/li><li class=\"\"><div class=\"sya_postcontent\"><span class=\"sya_date\"> <span class=\"sya_sep\"> <\/span><\/span><a href=\"https:\/\/www.krakauer-haus.de\/kh-test\/index.php\/2020\/10\/17\/mateusz-palka-trio-polenallergie-2020\/\" class=\"sya_postlink post-5759\" rel=\"bookmark\">MUSIK: MATEUSZ PA\u0141KA TRIO<\/a><\/div><\/li><li class=\"\"><div class=\"sya_postcontent\"><span class=\"sya_date\"> <span class=\"sya_sep\"> <\/span><\/span><a href=\"https:\/\/www.krakauer-haus.de\/kh-test\/index.php\/2020\/09\/15\/es-gibt-nichts-wovor-man-sich-fuerchten-muss-das-ist-nur-ein-maerchen-das-ist-keine-pfeife-das-ist-kein-maerchen\/\" class=\"sya_postlink post-5281\" rel=\"bookmark\">KUNST: Es gibt nichts, wovor man sich f\u00fcrchten muss. Das ist nur ein M\u00e4rchen. Das ist keine Pfeife. Das ist kein M\u00e4rchen.<\/a><\/div><\/li><li class=\"\"><div class=\"sya_postcontent\"><span class=\"sya_date\"> <span class=\"sya_sep\"> <\/span><\/span><a href=\"https:\/\/www.krakauer-haus.de\/kh-test\/index.php\/2020\/09\/14\/cinamon\/\" class=\"sya_postlink post-5734\" rel=\"bookmark\">MUSIK: CINEMON<\/a><\/div><\/li><li class=\"\"><div class=\"sya_postcontent\"><span class=\"sya_date\"> <span class=\"sya_sep\"> <\/span><\/span><a href=\"https:\/\/www.krakauer-haus.de\/kh-test\/index.php\/2020\/09\/13\/oskar-cenkier\/\" class=\"sya_postlink post-5712\" rel=\"bookmark\">MUSIK: OSKAR CENKIER<\/a><\/div><\/li><li class=\"\"><div class=\"sya_postcontent\"><span class=\"sya_date\"> <span class=\"sya_sep\"> <\/span><\/span><a href=\"https:\/\/www.krakauer-haus.de\/kh-test\/index.php\/2020\/06\/02\/inselkunst-2019-kunst-im-oeffentlichen-raum\/\" class=\"sya_postlink post-4895\" rel=\"bookmark\">KUNST: INSELKUNST 2020 &#8211; Kunst im \u00f6ffentlichen Raum<\/a><\/div><\/li><li class=\"\"><div class=\"sya_postcontent\"><span class=\"sya_date\"> <span class=\"sya_sep\"> <\/span><\/span><a href=\"https:\/\/www.krakauer-haus.de\/kh-test\/index.php\/2020\/06\/02\/marta-romankiv-lukasz-surowiec\/\" class=\"sya_postlink post-5674\" rel=\"bookmark\">FILM: Marta Romankiv  &#038;  \u0141ukasz Surowiec<\/a><\/div><\/li><li class=\"\"><div class=\"sya_postcontent\"><span class=\"sya_date\"> <span class=\"sya_sep\"> <\/span><\/span><a href=\"https:\/\/www.krakauer-haus.de\/kh-test\/index.php\/2020\/06\/02\/marta-romankiv-lukasz-surowiec-kuenstlergespraech-film-screening\/\" class=\"sya_postlink post-5332\" rel=\"bookmark\">KUNST: SHOW ME YOUR HANDS: Marta Romankiv  &#038;  \u0141ukasz Surowiec<\/a><\/div><\/li><li class=\"\"><div class=\"sya_postcontent\"><span class=\"sya_date\"> <span class=\"sya_sep\"> <\/span><\/span><a href=\"https:\/\/www.krakauer-haus.de\/kh-test\/index.php\/2020\/06\/02\/polnische-filmtage\/\" class=\"sya_postlink post-5180\" rel=\"bookmark\">FILM: POLNISCHE FILMTage<\/a><\/div><\/li><li class=\"\"><div class=\"sya_postcontent\"><span class=\"sya_date\"> <span class=\"sya_sep\"> <\/span><\/span><a href=\"https:\/\/www.krakauer-haus.de\/kh-test\/index.php\/2020\/06\/02\/art-weekend-nuernberg\/\" class=\"sya_postlink post-5418\" rel=\"bookmark\">KUNST: ART WEEKEND N\u00dcRNBERG<\/a><\/div><\/li><li class=\"\"><div class=\"sya_postcontent\"><span class=\"sya_date\"> <span class=\"sya_sep\"> <\/span><\/span><a href=\"https:\/\/www.krakauer-haus.de\/kh-test\/index.php\/2020\/06\/01\/inselkunst-2020-kunst-im-oeffentlichen-raum\/\" class=\"sya_postlink post-5400\" rel=\"bookmark\">KUNST &#038; MUSIK: INSELKUNST und ULI TSITSOS<\/a><\/div><\/li><li class=\"\"><div class=\"sya_postcontent\"><span class=\"sya_date\"> <span class=\"sya_sep\"> <\/span><\/span><a href=\"https:\/\/www.krakauer-haus.de\/kh-test\/index.php\/2020\/05\/30\/kinga-glyk\/\" class=\"sya_postlink post-5551\" rel=\"bookmark\">MUSIK: KINGA GLYK<\/a><\/div><\/li><\/ul><a id=\"year2019\"><\/a><a href=\"https:\/\/www.krakauer-haus.de\/kh-test\/index.php\/2019\/\" rel=\"section\">2019<\/a><ul><li class=\"\"><div class=\"sya_postcontent\"><span class=\"sya_date\"> <span class=\"sya_sep\"> <\/span><\/span><a href=\"https:\/\/www.krakauer-haus.de\/kh-test\/index.php\/2019\/12\/09\/winterpause\/\" class=\"sya_postlink post-4648\" rel=\"bookmark\">20. Dezember 2019 &#8211; 7. Januar 2020<\/a><\/div><\/li><li class=\"\"><div class=\"sya_postcontent\"><span class=\"sya_date\"> <span class=\"sya_sep\"> <\/span><\/span><a href=\"https:\/\/www.krakauer-haus.de\/kh-test\/index.php\/2019\/11\/08\/runforrest\/\" class=\"sya_postlink post-4503\" rel=\"bookmark\">MUSIK: runforrest<\/a><\/div><\/li><li class=\"\"><div class=\"sya_postcontent\"><span class=\"sya_date\"> <span class=\"sya_sep\"> <\/span><\/span><a href=\"https:\/\/www.krakauer-haus.de\/kh-test\/index.php\/2019\/11\/06\/woyzeck-t-raeume\/\" class=\"sya_postlink post-4140\" rel=\"bookmark\">THEATER: WOYZECK- T r\u00e4ume<\/a><\/div><\/li><li class=\"\"><div class=\"sya_postcontent\"><span class=\"sya_date\"> <span class=\"sya_sep\"> <\/span><\/span><a href=\"https:\/\/www.krakauer-haus.de\/kh-test\/index.php\/2019\/10\/15\/polenallergie-festival\/\" class=\"sya_postlink post-4227\" rel=\"bookmark\">MUSIK: PolenAllergie Festival<\/a><\/div><\/li><li class=\"\"><div class=\"sya_postcontent\"><span class=\"sya_date\"> <span class=\"sya_sep\"> <\/span><\/span><a href=\"https:\/\/www.krakauer-haus.de\/kh-test\/index.php\/2019\/10\/15\/geometrie\/\" class=\"sya_postlink post-3872\" rel=\"bookmark\">KUNST: Art Weekend N\u00fcrnberg: Fachrichtung GEOMETRIE<\/a><\/div><\/li><li class=\"\"><div class=\"sya_postcontent\"><span class=\"sya_date\"> <span class=\"sya_sep\"> <\/span><\/span><a href=\"https:\/\/www.krakauer-haus.de\/kh-test\/index.php\/2019\/10\/09\/40-jahre-staedtepartnerschaft-krakau-nuernberg\/\" class=\"sya_postlink post-3574\" rel=\"bookmark\">40 JAHRE ST\u00c4DTEPARTNERSCHAFT: KRAKAU-N\u00dcRNBERG<\/a><\/div><\/li><li class=\"\"><div class=\"sya_postcontent\"><span class=\"sya_date\"> <span class=\"sya_sep\"> <\/span><\/span><a href=\"https:\/\/www.krakauer-haus.de\/kh-test\/index.php\/2019\/10\/08\/strassenbahn-wettbewerb\/\" class=\"sya_postlink post-4283\" rel=\"bookmark\">STRASSENBAHN-WETTBEWERB<\/a><\/div><\/li><li class=\"\"><div class=\"sya_postcontent\"><span class=\"sya_date\"> <span class=\"sya_sep\"> <\/span><\/span><a href=\"https:\/\/www.krakauer-haus.de\/kh-test\/index.php\/2019\/10\/07\/strassenbahn\/\" class=\"sya_postlink post-4271\" rel=\"bookmark\">KUNST: Dominik Stanis\u0142awski: N8 &#8211; KUNSTINSTALLATION<\/a><\/div><\/li><li class=\"\"><div class=\"sya_postcontent\"><span class=\"sya_date\"> <span class=\"sya_sep\"> <\/span><\/span><a href=\"https:\/\/www.krakauer-haus.de\/kh-test\/index.php\/2019\/05\/26\/texttage-nuernberg\/\" class=\"sya_postlink post-3329\" rel=\"bookmark\">LITERTUR: texttage.nuernberg: Olga Tokarczuk<\/a><\/div><\/li><li class=\"\"><div class=\"sya_postcontent\"><span class=\"sya_date\"> <span class=\"sya_sep\"> <\/span><\/span><a href=\"https:\/\/www.krakauer-haus.de\/kh-test\/index.php\/2019\/04\/25\/inselkunst-2019\/\" class=\"sya_postlink post-3358\" rel=\"bookmark\">KUNST: INSELKUNST 2019 &#8211; Kunst im \u00f6ffentlichen Raum<\/a><\/div><\/li><li class=\"\"><div class=\"sya_postcontent\"><span class=\"sya_date\"> <span class=\"sya_sep\"> <\/span><\/span><a href=\"https:\/\/www.krakauer-haus.de\/kh-test\/index.php\/2019\/04\/13\/blaue-nacht-romantic-fellas-adam-cmiel\/\" class=\"sya_postlink post-2815\" rel=\"bookmark\">PERFORMANCE: BLAUE NACHT: ROMANTIC FELLAS &#038; ADAM CMIEL<\/a><\/div><\/li><li class=\"\"><div class=\"sya_postcontent\"><span class=\"sya_date\"> <span class=\"sya_sep\"> <\/span><\/span><a href=\"https:\/\/www.krakauer-haus.de\/kh-test\/index.php\/2019\/04\/11\/14-polnische-filmwoche\/\" class=\"sya_postlink post-3005\" rel=\"bookmark\">FILM: 14. POLNISCHE FILMWOCHE<\/a><\/div><\/li><li class=\"\"><div class=\"sya_postcontent\"><span class=\"sya_date\"> <span class=\"sya_sep\"> <\/span><\/span><a href=\"https:\/\/www.krakauer-haus.de\/kh-test\/index.php\/2019\/04\/11\/krakers-roza-duda-und-michal-soja\/\" class=\"sya_postlink post-2702\" rel=\"bookmark\">KUNST: KRAKERS: R\u00f3\u017ca Duda und Micha\u0142 Soja<\/a><\/div><\/li><li class=\"\"><div class=\"sya_postcontent\"><span class=\"sya_date\"> <span class=\"sya_sep\"> <\/span><\/span><a href=\"https:\/\/www.krakauer-haus.de\/kh-test\/index.php\/2019\/01\/22\/nepal-treffen\/\" class=\"sya_postlink post-1095\" rel=\"bookmark\">POLENREISEN TRIFFT DIE WELT: NEPAL<\/a><\/div><\/li><li class=\"\"><div class=\"sya_postcontent\"><span class=\"sya_date\"> <span class=\"sya_sep\"> <\/span><\/span><a href=\"https:\/\/www.krakauer-haus.de\/kh-test\/index.php\/2019\/01\/20\/ein-mongolischer-abend-mit-tunga-und-bata\/\" class=\"sya_postlink post-1087\" rel=\"bookmark\">POLENREISEN TRIFFT DIE WELT: MONGOLEI<\/a><\/div><\/li><li class=\"\"><div class=\"sya_postcontent\"><span class=\"sya_date\"> <span class=\"sya_sep\"> <\/span><\/span><a href=\"https:\/\/www.krakauer-haus.de\/kh-test\/index.php\/2019\/01\/02\/zauberwort\/\" class=\"sya_postlink post-1063\" rel=\"bookmark\">ZAUBERWORT<\/a><\/div><\/li><\/ul><a id=\"year2018\"><\/a><a href=\"https:\/\/www.krakauer-haus.de\/kh-test\/index.php\/2018\/\" rel=\"section\">2018<\/a><ul><li class=\"\"><div class=\"sya_postcontent\"><span class=\"sya_date\"> <span class=\"sya_sep\"> <\/span><\/span><a href=\"https:\/\/www.krakauer-haus.de\/kh-test\/index.php\/2018\/12\/09\/drachen-workshop\/\" class=\"sya_postlink post-77\" rel=\"bookmark\">DRACHEN-WORKSHOP: EINE KINDER-ELTERN-AKTION F\u00dcR KINDER VON 5 BIS 9 JAHREN<\/a><\/div><\/li><li class=\"\"><div class=\"sya_postcontent\"><span class=\"sya_date\"> <span class=\"sya_sep\"> <\/span><\/span><a href=\"https:\/\/www.krakauer-haus.de\/kh-test\/index.php\/2018\/11\/16\/der-boxer-autorenlesung-mit-szczepan-twardoch-moderation-uebersetzung-dr-olaf-kuehl\/\" class=\"sya_postlink post-279\" rel=\"bookmark\">\u201eDER BOXER\u201c. AUTORENLESUNG MIT SZCZEPAN TWARDOCH MODERATION\/\u00dcBERSETZUNG: DR. OLAF K\u00dcHL<\/a><\/div><\/li><li class=\"\"><div class=\"sya_postcontent\"><span class=\"sya_date\"> <span class=\"sya_sep\"> <\/span><\/span><a href=\"https:\/\/www.krakauer-haus.de\/kh-test\/index.php\/2018\/11\/11\/drachen-workshop-eine-kinder-eltern-aktion-fuer-kinder-von-5-bis-9-jahren\/\" class=\"sya_postlink post-284\" rel=\"bookmark\">KUNST: 10 X 10 VON ARTUR WABIK &#038; BARTOSZ DWORAK QUARTET<\/a><\/div><\/li><li class=\"\"><div class=\"sya_postcontent\"><span class=\"sya_date\"> <span class=\"sya_sep\"> <\/span><\/span><a href=\"https:\/\/www.krakauer-haus.de\/kh-test\/index.php\/2018\/06\/08\/inselkunst-kunst-im-oeffentlichen-raum\/\" class=\"sya_postlink post-2610\" rel=\"bookmark\">KUNST: INSELKUNST 2018 &#8211; Kunst im \u00f6ffentlichen Raum<\/a><\/div><\/li><li class=\"\"><div class=\"sya_postcontent\"><span class=\"sya_date\"> <span class=\"sya_sep\"> <\/span><\/span><a href=\"https:\/\/www.krakauer-haus.de\/kh-test\/index.php\/2018\/06\/02\/24h-nbg-krk-bln-wro-eine-kunstaktion\/\" class=\"sya_postlink post-2593\" rel=\"bookmark\">KUNST: 24H NBG\/KRK\/BLN\/WRO &#8211; EINE KUNSTAKTION<\/a><\/div><\/li><li class=\"\"><div class=\"sya_postcontent\"><span class=\"sya_date\"> <span class=\"sya_sep\"> <\/span><\/span><a href=\"https:\/\/www.krakauer-haus.de\/kh-test\/index.php\/2018\/05\/19\/pink-freud\/\" class=\"sya_postlink post-2590\" rel=\"bookmark\">PINK FREUD<\/a><\/div><\/li><li class=\"\"><div class=\"sya_postcontent\"><span class=\"sya_date\"> <span class=\"sya_sep\"> <\/span><\/span><a href=\"https:\/\/www.krakauer-haus.de\/kh-test\/index.php\/2018\/05\/05\/salk-aka-selkie-and-the-lighthouse-keepers\/\" class=\"sya_postlink post-2581\" rel=\"bookmark\">SALK AKA SELKIE  AND THE LIGHTHOUSE KEEPERS<\/a><\/div><\/li><li class=\"\"><div class=\"sya_postcontent\"><span class=\"sya_date\"> <span class=\"sya_sep\"> <\/span><\/span><a href=\"https:\/\/www.krakauer-haus.de\/kh-test\/index.php\/2018\/05\/01\/eine-podiumsdiskussion-zur-aktuellen-kulturpolitik-in-polen\/\" class=\"sya_postlink post-2584\" rel=\"bookmark\">EINE PODIUMSDISKUSSION ZUR AKTUELLEN  KULTURPOLITIK IN POLEN<\/a><\/div><\/li><li class=\"\"><div class=\"sya_postcontent\"><span class=\"sya_date\"> <span class=\"sya_sep\"> <\/span><\/span><a href=\"https:\/\/www.krakauer-haus.de\/kh-test\/index.php\/2018\/04\/22\/drachen-workshop-reihe-legenden-aus-krakau\/\" class=\"sya_postlink post-2617\" rel=\"bookmark\">DRACHEN-WORKSHOP (REIHE: LEGENDEN AUS KRAKAU)<\/a><\/div><\/li><li class=\"\"><div class=\"sya_postcontent\"><span class=\"sya_date\"> <span class=\"sya_sep\"> <\/span><\/span><a href=\"https:\/\/www.krakauer-haus.de\/kh-test\/index.php\/2018\/04\/19\/13-polnische-filmwoche-2018\/\" class=\"sya_postlink post-2587\" rel=\"bookmark\">13. POLNISCHE FILMWOCHE 2018<\/a><\/div><\/li><li class=\"\"><div class=\"sya_postcontent\"><span class=\"sya_date\"> <span class=\"sya_sep\"> <\/span><\/span><a href=\"https:\/\/www.krakauer-haus.de\/kh-test\/index.php\/2018\/03\/24\/trio-silberman-and-three-of-a-perfect-pair\/\" class=\"sya_postlink post-2573\" rel=\"bookmark\">TRIO SILBERMAN AND THREE OF A PERFECT PAIR<\/a><\/div><\/li><li class=\"\"><div class=\"sya_postcontent\"><span class=\"sya_date\"> <span class=\"sya_sep\"> <\/span><\/span><a href=\"https:\/\/www.krakauer-haus.de\/kh-test\/index.php\/2018\/01\/29\/ballet-des-nations-klingende-geographie-balet-dworski-cracovia-danza\/\" class=\"sya_postlink post-2565\" rel=\"bookmark\">BALLET DES NATIONS: \u201eKLINGENDE GEOGRAPHIE\u201c  BALET DWORSKI CRACOVIA DANZA<\/a><\/div><\/li><li class=\"\"><div class=\"sya_postcontent\"><span class=\"sya_date\"> <span class=\"sya_sep\"> <\/span><\/span><a href=\"https:\/\/www.krakauer-haus.de\/kh-test\/index.php\/2018\/01\/02\/erzaehlkunstfestival-zauberwort-3\/\" class=\"sya_postlink post-2562\" rel=\"bookmark\">ERZ\u00c4HLKUNSTFESTIVAL \u201eZAUBERWORT\u201c<\/a><\/div><\/li><\/ul><a id=\"year2017\"><\/a><a href=\"https:\/\/www.krakauer-haus.de\/kh-test\/index.php\/2017\/\" rel=\"section\">2017<\/a><ul><li class=\"\"><div class=\"sya_postcontent\"><span class=\"sya_date\"> <span class=\"sya_sep\"> <\/span><\/span><a href=\"https:\/\/www.krakauer-haus.de\/kh-test\/index.php\/2017\/12\/09\/weihnachtskonzert-piotr-wylezol-piano-solo\/\" class=\"sya_postlink post-2546\" rel=\"bookmark\">WEIHNACHTSKONZERT: PIOTR WYLE\u017bO\u0141 \/ PIANO SOLO<\/a><\/div><\/li><li class=\"\"><div class=\"sya_postcontent\"><span class=\"sya_date\"> <span class=\"sya_sep\"> <\/span><\/span><a href=\"https:\/\/www.krakauer-haus.de\/kh-test\/index.php\/2017\/12\/01\/video-found-footage-2017-dominik-stanislawski-witold-stelmachniewicz-michal-zawada-interpretieren-das-bekannte-motiv-nochmals-neu\/\" class=\"sya_postlink post-2559\" rel=\"bookmark\">NARRENSCHIFF:  DOMINIK STANIS\u0141AWSKI, WITOLD STELMACHNIEWICZ, MICHA\u0141 ZAWADA INTERPRETIEREN DAS BEKANNTE MOTIV NOCHMALS NEU<\/a><\/div><\/li><li class=\"\"><div class=\"sya_postcontent\"><span class=\"sya_date\"> <span class=\"sya_sep\"> <\/span><\/span><a href=\"https:\/\/www.krakauer-haus.de\/kh-test\/index.php\/2017\/11\/30\/wir-strebermigranten-buchvorstellung-und-gespraech-mit-emilia-smechowski-und-ewa-wanat\/\" class=\"sya_postlink post-2550\" rel=\"bookmark\">\u201eWIR STREBERMIGRANTEN\u201c- BUCHVORSTELLUNG UND GESPR\u00c4CH MIT EMILIA SMECHOWSKI UND EWA WANAT<\/a><\/div><\/li><li class=\"\"><div class=\"sya_postcontent\"><span class=\"sya_date\"> <span class=\"sya_sep\"> <\/span><\/span><a href=\"https:\/\/www.krakauer-haus.de\/kh-test\/index.php\/2017\/10\/14\/polenallergie-impfung-nr-9-2017-eine-konzertreihe\/\" class=\"sya_postlink post-2543\" rel=\"bookmark\">POLENALLERGIE: IMPFUNG NR. 9 \/ 2017                           EINE KONZERTREIHE<\/a><\/div><\/li><li class=\"\"><div class=\"sya_postcontent\"><span class=\"sya_date\"> <span class=\"sya_sep\"> <\/span><\/span><a href=\"https:\/\/www.krakauer-haus.de\/kh-test\/index.php\/2017\/09\/23\/solokonzert-von-radek-szarek-zu-malerei-von-wilhelm-sasnal-im-neuen-museum\/\" class=\"sya_postlink post-2528\" rel=\"bookmark\">SOLOKONZERT VON RADEK SZAREK ZU MALEREI VON WILHELM SASNAL IM NEUEN MUSEUM<\/a><\/div><\/li><li class=\"\"><div class=\"sya_postcontent\"><span class=\"sya_date\"> <span class=\"sya_sep\"> <\/span><\/span><a href=\"https:\/\/www.krakauer-haus.de\/kh-test\/index.php\/2017\/07\/16\/kuba-duda-solo-im-hemdendienst\/\" class=\"sya_postlink post-2525\" rel=\"bookmark\">KUBA DUDA SOLO, IM HEMDENDIENST<\/a><\/div><\/li><li class=\"\"><div class=\"sya_postcontent\"><span class=\"sya_date\"> <span class=\"sya_sep\"> <\/span><\/span><a href=\"https:\/\/www.krakauer-haus.de\/kh-test\/index.php\/2017\/07\/01\/inselkunst-2017-kornel-janczy-caspar-hueter\/\" class=\"sya_postlink post-2535\" rel=\"bookmark\">INSELKUNST 2017: KORNEL JANCZY + CASPAR H\u00dcTER<\/a><\/div><\/li><li class=\"\"><div class=\"sya_postcontent\"><span class=\"sya_date\"> <span class=\"sya_sep\"> <\/span><\/span><a href=\"https:\/\/www.krakauer-haus.de\/kh-test\/index.php\/2017\/06\/23\/parallelen-krk-nbg-vernissage\/\" class=\"sya_postlink post-2518\" rel=\"bookmark\">PARALLELEN \/\/ KRK-NBG: VERNISSAGE<\/a><\/div><\/li><li class=\"\"><div class=\"sya_postcontent\"><span class=\"sya_date\"> <span class=\"sya_sep\"> <\/span><\/span><a href=\"https:\/\/www.krakauer-haus.de\/kh-test\/index.php\/2017\/05\/14\/gaba-kulka-mit-band-abschlusskonzert-der-12-polnischen-filmwoche\/\" class=\"sya_postlink post-2511\" rel=\"bookmark\">GABA KULKA MIT BAND  &#8211; ABSCHLUSSKONZERT DER 12. POLNISCHEN FILMWOCHE<\/a><\/div><\/li><li class=\"\"><div class=\"sya_postcontent\"><span class=\"sya_date\"> <span class=\"sya_sep\"> <\/span><\/span><a href=\"https:\/\/www.krakauer-haus.de\/kh-test\/index.php\/2017\/05\/13\/polenreisen-trifft-die-welt-eine-veranstaltungsreihe-des-reisebueros-im-krakauer-haus\/\" class=\"sya_postlink post-2515\" rel=\"bookmark\">POLENREISEN TRIFFT DIE WELT  EINE VERANSTALTUNGSREIHE DES REISEB\u00dcROS IM KRAKAUER HAUS<\/a><\/div><\/li><li class=\"\"><div class=\"sya_postcontent\"><span class=\"sya_date\"> <span class=\"sya_sep\"> <\/span><\/span><a href=\"https:\/\/www.krakauer-haus.de\/kh-test\/index.php\/2017\/05\/06\/karolina-cicha-bart-palyga-9-languages-blaue-nacht-im-krakauer-haus\/\" class=\"sya_postlink post-2504\" rel=\"bookmark\">KAROLINA CICHA &#038; BART PA\u0141YGA: 9 LANGUAGES BLAUE NACHT IM KRAKAUER HAUS<\/a><\/div><\/li><li class=\"\"><div class=\"sya_postcontent\"><span class=\"sya_date\"> <span class=\"sya_sep\"> <\/span><\/span><a href=\"https:\/\/www.krakauer-haus.de\/kh-test\/index.php\/2017\/04\/27\/12-polnische-filmwoche-2017\/\" class=\"sya_postlink post-2508\" rel=\"bookmark\">12. POLNISCHE FILMWOCHE 2017<\/a><\/div><\/li><li class=\"\"><div class=\"sya_postcontent\"><span class=\"sya_date\"> <span class=\"sya_sep\"> <\/span><\/span><a href=\"https:\/\/www.krakauer-haus.de\/kh-test\/index.php\/2017\/01\/21\/polenreisen-trifft-die-welt-eine-veranstaltungsreihe-des-reisebueros-im-krakauer-haus-mongolischer-abend-27-1-und-nepal-treffen-21-1\/\" class=\"sya_postlink post-2481\" rel=\"bookmark\">POLENREISEN TRIFFT DIE WELT EINE VERANSTALTUNGSREIHE DES REISEB\u00dcROS IM KRAKAUER HAUS.  MONGOLISCHER ABEND (27.1.) UND NEPAL-TREFFEN (21.1.)<\/a><\/div><\/li><li class=\"\"><div class=\"sya_postcontent\"><span class=\"sya_date\"> <span class=\"sya_sep\"> <\/span><\/span><a href=\"https:\/\/www.krakauer-haus.de\/kh-test\/index.php\/2017\/01\/02\/kinder-eltern-aktion-die-legende-von-herrn-twardowski-im-germanischen-nationalmuseum\/\" class=\"sya_postlink post-2488\" rel=\"bookmark\">KINDER-ELTERN- AKTION: DIE LEGENDE VON HERRN TWARDOWSKI IM GERMANISCHEN NATIONALMUSEUM<\/a><\/div><\/li><li class=\"\"><div class=\"sya_postcontent\"><span class=\"sya_date\"> <span class=\"sya_sep\"> <\/span><\/span><a href=\"https:\/\/www.krakauer-haus.de\/kh-test\/index.php\/2017\/01\/02\/erzaehlkunstfestival-zauberwort-2\/\" class=\"sya_postlink post-2485\" rel=\"bookmark\">ERZ\u00c4HLKUNSTFESTIVAL \u201eZAUBERWORT\u201c<\/a><\/div><\/li><\/ul><a id=\"year2016\"><\/a><a href=\"https:\/\/www.krakauer-haus.de\/kh-test\/index.php\/2016\/\" rel=\"section\">2016<\/a><ul><li class=\"\"><div class=\"sya_postcontent\"><span class=\"sya_date\"> <span class=\"sya_sep\"> <\/span><\/span><a href=\"https:\/\/www.krakauer-haus.de\/kh-test\/index.php\/2016\/12\/03\/afro-groove-konzert-mit-magda-piskorczyk\/\" class=\"sya_postlink post-2478\" rel=\"bookmark\">AFRO GROOVE \u2013 KONZERT MIT MAGDA PISKORCZYK<\/a><\/div><\/li><li class=\"\"><div class=\"sya_postcontent\"><span class=\"sya_date\"> <span class=\"sya_sep\"> <\/span><\/span><a href=\"https:\/\/www.krakauer-haus.de\/kh-test\/index.php\/2016\/11\/01\/die-legende-von-herrn-twardowski-kinderworkshop-in-der-stadtbibliothek-fuer-schulklassen-und-kinder-ab-7-jahren-mit-kasia-prusik-lutz\/\" class=\"sya_postlink post-2475\" rel=\"bookmark\">DIE LEGENDE VON HERRN TWARDOWSKI  KINDERWORKSHOP  IN DER STADTBIBLIOTHEK  F\u00dcR SCHULKLASSEN UND KINDER AB 7 JAHREN  MIT KASIA PRUSIK-LUTZ<\/a><\/div><\/li><li class=\"\"><div class=\"sya_postcontent\"><span class=\"sya_date\"> <span class=\"sya_sep\"> <\/span><\/span><a href=\"https:\/\/www.krakauer-haus.de\/kh-test\/index.php\/2016\/10\/01\/polenallergie-impfung-nr-8-2016-eine-konzertreihe\/\" class=\"sya_postlink post-2472\" rel=\"bookmark\">POLENALLERGIE: IMPFUNG NR. 8 \/ 2016                           EINE KONZERTREIHE<\/a><\/div><\/li><li class=\"\"><div class=\"sya_postcontent\"><span class=\"sya_date\"> <span class=\"sya_sep\"> <\/span><\/span><a href=\"https:\/\/www.krakauer-haus.de\/kh-test\/index.php\/2016\/09\/14\/ein-deutsches-tagebuch-lesung-mit-stefan-chwin\/\" class=\"sya_postlink post-2469\" rel=\"bookmark\">&#8222;EIN DEUTSCHES TAGEBUCH&#8220; LESUNG MIT STEFAN CHWIN<\/a><\/div><\/li><li class=\"\"><div class=\"sya_postcontent\"><span class=\"sya_date\"> <span class=\"sya_sep\"> <\/span><\/span><a href=\"https:\/\/www.krakauer-haus.de\/kh-test\/index.php\/2016\/07\/08\/hejnal-mariacki-in-nuernberg-zum-20-jubilaeum-des-krakauer-hauses\/\" class=\"sya_postlink post-2466\" rel=\"bookmark\">\u201eHEJNA\u0141 MARIACKI\u201c IN N\u00dcRNBERG  ZUM 20. JUBIL\u00c4UM DES KRAKAUER HAUSES<\/a><\/div><\/li><li class=\"\"><div class=\"sya_postcontent\"><span class=\"sya_date\"> <span class=\"sya_sep\"> <\/span><\/span><a href=\"https:\/\/www.krakauer-haus.de\/kh-test\/index.php\/2016\/07\/08\/jubilaeumsfeier-zum-20-jubilaeum-des-krakauer-hauses\/\" class=\"sya_postlink post-2462\" rel=\"bookmark\">JUBIL\u00c4UMSFEIER ZUM 20. JUBIL\u00c4UM DES KRAKAUER HAUSES<\/a><\/div><\/li><li class=\"\"><div class=\"sya_postcontent\"><span class=\"sya_date\"> <span class=\"sya_sep\"> <\/span><\/span><a href=\"https:\/\/www.krakauer-haus.de\/kh-test\/index.php\/2016\/07\/08\/kunstprojekt-20-zum-20-jubilaeum-des-krakauer-hauses-und-des-nuernberger-hauses\/\" class=\"sya_postlink post-2457\" rel=\"bookmark\">\u201e20\u201c Ausstellung im \u00f6ffentlichen Raum<\/a><\/div><\/li><li class=\"\"><div class=\"sya_postcontent\"><span class=\"sya_date\"> <span class=\"sya_sep\"> <\/span><\/span><a href=\"https:\/\/www.krakauer-haus.de\/kh-test\/index.php\/2016\/07\/01\/poesie-aus-krakau-auf-den-nuernberger-strassen\/\" class=\"sya_postlink post-2454\" rel=\"bookmark\">POESIE AUS KRAKAU AUF DEN N\u00dcRNBERGER STRASSEN<\/a><\/div><\/li><li class=\"\"><div class=\"sya_postcontent\"><span class=\"sya_date\"> <span class=\"sya_sep\"> <\/span><\/span><a href=\"https:\/\/www.krakauer-haus.de\/kh-test\/index.php\/2016\/06\/26\/podiumsgespraech-zur-kultur-politischen-situation-und-den-aktuellen-entwicklungen-in-polen\/\" class=\"sya_postlink post-2443\" rel=\"bookmark\">PODIUMSGESPR\u00c4CH  ZUR (KULTUR-)POLITISCHEN SITUATION  UND DEN AKTUELLEN ENTWICKLUNGEN IN POLEN<\/a><\/div><\/li><li class=\"\"><div class=\"sya_postcontent\"><span class=\"sya_date\"> <span class=\"sya_sep\"> <\/span><\/span><a href=\"https:\/\/www.krakauer-haus.de\/kh-test\/index.php\/2016\/06\/23\/kozmik-blues-konzert-mit-natalia-natu-przybysz-und-band-im-rahmen-des-festivals-talking-about-borders\/\" class=\"sya_postlink post-2364\" rel=\"bookmark\">KOZMIK BLUES KONZERT MIT NATALIA \u201aNATU\u2018 PRZYBYSZ UND BAND IM RAHMEN DES FESTIVALS TALKING ABOUT BORDERS<\/a><\/div><\/li><li class=\"\"><div class=\"sya_postcontent\"><span class=\"sya_date\"> <span class=\"sya_sep\"> <\/span><\/span><a href=\"https:\/\/www.krakauer-haus.de\/kh-test\/index.php\/2016\/06\/01\/eine-blitzausstellung-food-doof-von-krakauer-und-nuernberger-kuenstlern\/\" class=\"sya_postlink post-2447\" rel=\"bookmark\">EINE BLITZAUSSTELLUNG &#8222;FOOD DOOF&#8220; VON KRAKAUER UND N\u00dcRNBERGER K\u00dcNSTLERN<\/a><\/div><\/li><li class=\"\"><div class=\"sya_postcontent\"><span class=\"sya_date\"> <span class=\"sya_sep\"> <\/span><\/span><a href=\"https:\/\/www.krakauer-haus.de\/kh-test\/index.php\/2016\/05\/13\/wojtek-mazolewski-quintet\/\" class=\"sya_postlink post-2361\" rel=\"bookmark\">WOJTEK MAZOLEWSKI QUINTET<\/a><\/div><\/li><li class=\"\"><div class=\"sya_postcontent\"><span class=\"sya_date\"> <span class=\"sya_sep\"> <\/span><\/span><a href=\"https:\/\/www.krakauer-haus.de\/kh-test\/index.php\/2016\/05\/07\/sympli-romatiko-welttraumtaenzer-mit-hausgemachten-synthiesounds\/\" class=\"sya_postlink post-2349\" rel=\"bookmark\">SYMPLI ROMATIK\u00d3  WELT(T)RAUMT\u00c4NZER MIT HAUSGEMACHTEN SYNTHIESOUNDS<\/a><\/div><\/li><li class=\"\"><div class=\"sya_postcontent\"><span class=\"sya_date\"> <span class=\"sya_sep\"> <\/span><\/span><a href=\"https:\/\/www.krakauer-haus.de\/kh-test\/index.php\/2016\/05\/04\/tymon-tymanski-transistors\/\" class=\"sya_postlink post-2355\" rel=\"bookmark\">TYMON TYMA\u0143SKI &#038; TRANSISTORS<\/a><\/div><\/li><li class=\"\"><div class=\"sya_postcontent\"><span class=\"sya_date\"> <span class=\"sya_sep\"> <\/span><\/span><a href=\"https:\/\/www.krakauer-haus.de\/kh-test\/index.php\/2016\/04\/28\/11-polnische-filmwoche-2016\/\" class=\"sya_postlink post-2358\" rel=\"bookmark\">11. POLNISCHE FILMWOCHE 2016<\/a><\/div><\/li><li class=\"\"><div class=\"sya_postcontent\"><span class=\"sya_date\"> <span class=\"sya_sep\"> <\/span><\/span><a href=\"https:\/\/www.krakauer-haus.de\/kh-test\/index.php\/2016\/03\/17\/matthias-nawrat-liest-die-vielen-tode-unseres-opas-jurek\/\" class=\"sya_postlink post-2335\" rel=\"bookmark\">MATTHIAS NAWRAT LIEST  \u201eDIE VIELEN TODE UNSERES OPAS JUREK\u201c<\/a><\/div><\/li><li class=\"\"><div class=\"sya_postcontent\"><span class=\"sya_date\"> <span class=\"sya_sep\"> <\/span><\/span><a href=\"https:\/\/www.krakauer-haus.de\/kh-test\/index.php\/2016\/03\/06\/przemyk-akustik-trio-renata-przemyk-mit-piotr-wojtanowski-und-grzegorz-palka\/\" class=\"sya_postlink post-2342\" rel=\"bookmark\">\u201ePRZEMYK AKUSTIK TRIO\u201c  RENATA PRZEMYK MIT PIOTR WOJTANOWSKI UND GRZEGORZ PALKA<\/a><\/div><\/li><\/ul><a id=\"year2015\"><\/a><a href=\"https:\/\/www.krakauer-haus.de\/kh-test\/index.php\/2015\/\" rel=\"section\">2015<\/a><ul><li class=\"\"><div class=\"sya_postcontent\"><span class=\"sya_date\"> <span class=\"sya_sep\"> <\/span><\/span><a href=\"https:\/\/www.krakauer-haus.de\/kh-test\/index.php\/2015\/12\/01\/ceratitis-capitata-by-pawel-szamburski\/\" class=\"sya_postlink post-2332\" rel=\"bookmark\">CERATITIS CAPITATA BY PAWEL SZAMBURSKI<\/a><\/div><\/li><li class=\"\"><div class=\"sya_postcontent\"><span class=\"sya_date\"> <span class=\"sya_sep\"> <\/span><\/span><a href=\"https:\/\/www.krakauer-haus.de\/kh-test\/index.php\/2015\/12\/01\/raphael-roginski-plays-john-coltrane-and-langston-hughes-african-mystic-music\/\" class=\"sya_postlink post-2329\" rel=\"bookmark\">RAPHAEL ROGINSKI PLAYS JOHN COLTRANE AND LANGSTON HUGHES \u2013 AFRICAN MYSTIC MUSIC<\/a><\/div><\/li><li class=\"\"><div class=\"sya_postcontent\"><span class=\"sya_date\"> <span class=\"sya_sep\"> <\/span><\/span><a href=\"https:\/\/www.krakauer-haus.de\/kh-test\/index.php\/2015\/11\/12\/polenallergie-impfung-nr-7-2015-eine-konzertreihe\/\" class=\"sya_postlink post-2306\" rel=\"bookmark\">POLENALLERGIE: IMPFUNG NR. 7 \/ 2015                           EINE KONZERTREIHE<\/a><\/div><\/li><li class=\"\"><div class=\"sya_postcontent\"><span class=\"sya_date\"> <span class=\"sya_sep\"> <\/span><\/span><a href=\"https:\/\/www.krakauer-haus.de\/kh-test\/index.php\/2015\/11\/11\/das-tier-in-meinem-bauch-und-andere-kindergeschichten-polnische-kinderliteratur-zum-anfassen-begegnungen-mit-polnischen-autoren-und-illustratoren-fuer-grosse-und-kleine-menschen\/\" class=\"sya_postlink post-2313\" rel=\"bookmark\">DAS TIER IN MEINEM BAUCH UND ANDERE KINDERGESCHICHTEN. POLNISCHE (KINDER)LITERATUR ZUM ANFASSEN &#8211; BEGEGNUNGEN MIT POLNISCHEN AUTOREN UND ILLUSTRATOREN F\u00dcR GROSSE UND KLEINE MENSCHEN<\/a><\/div><\/li><li class=\"\"><div class=\"sya_postcontent\"><span class=\"sya_date\"> <span class=\"sya_sep\"> <\/span><\/span><a href=\"https:\/\/www.krakauer-haus.de\/kh-test\/index.php\/2015\/10\/25\/polnische-filmwoche-spezial-unser-letzter-sommer-filmvorfuehrung-und-ein-publikumgespraech-mit-dem-regisseur-michal-rogalski\/\" class=\"sya_postlink post-2303\" rel=\"bookmark\">POLNISCHE-FILMWOCHE-SPEZIAL: &#8222;UNSER LETZTER SOMMER&#8220; FILMVORF\u00dcHRUNG UND EIN PUBLIKUMGESPR\u00c4CH  MIT DEM REGISSEUR MICHAL ROGALSKI.<\/a><\/div><\/li><li class=\"\"><div class=\"sya_postcontent\"><span class=\"sya_date\"> <span class=\"sya_sep\"> <\/span><\/span><a href=\"https:\/\/www.krakauer-haus.de\/kh-test\/index.php\/2015\/06\/19\/wojciech-pszoniak-auf-einladung-der-deutsch-polnischen-gesellschaft\/\" class=\"sya_postlink post-2300\" rel=\"bookmark\">WOJCIECH PSZONIAK  (AUF EINLADUNG DER DEUTSCH-POLNISCHEN GESELLSCHAFT)<\/a><\/div><\/li><li class=\"\"><div class=\"sya_postcontent\"><span class=\"sya_date\"> <span class=\"sya_sep\"> <\/span><\/span><a href=\"https:\/\/www.krakauer-haus.de\/kh-test\/index.php\/2015\/06\/13\/die-legende-vom-krakauer-drachen-eine-kinder-eltern-aktion-workshop-fuer-kinder-von-5-bis-9-jahren-zur-langen-monster-museumsnacht\/\" class=\"sya_postlink post-2285\" rel=\"bookmark\">DIE LEGENDE VOM KRAKAUER DRACHEN EINE KINDER-ELTERN-AKTION WORKSHOP F\u00dcR KINDER VON 5 BIS 9 JAHREN ZUR LANGEN MONSTER-MUSEUMSNACHT<\/a><\/div><\/li><li class=\"\"><div class=\"sya_postcontent\"><span class=\"sya_date\"> <span class=\"sya_sep\"> <\/span><\/span><a href=\"https:\/\/www.krakauer-haus.de\/kh-test\/index.php\/2015\/06\/01\/eine-sondervorfuehrung-des-filmes-rejs-mit-einem-kurzen-polnischkurs\/\" class=\"sya_postlink post-2281\" rel=\"bookmark\">EINE SONDERVORF\u00dcHRUNG DES FILMES &#8222;REJS&#8220;  MIT EINEM KURZEN POLNISCHKURS<\/a><\/div><\/li><li class=\"\"><div class=\"sya_postcontent\"><span class=\"sya_date\"> <span class=\"sya_sep\"> <\/span><\/span><a href=\"https:\/\/www.krakauer-haus.de\/kh-test\/index.php\/2015\/06\/01\/kurzfilme-von-roman-polanski-animationen-von-wladyslaw-starewicz-mit-livemusik-von-szaza-zur-blauen-nacht\/\" class=\"sya_postlink post-2278\" rel=\"bookmark\">KURZFILME VON ROMAN POLANSKI &#038;  ANIMATIONEN VON W\u0141ADYS\u0141AW STAREWICZ  MIT LIVEMUSIK VON SZAZA (ZUR BLAUEN NACHT)<\/a><\/div><\/li><li class=\"\"><div class=\"sya_postcontent\"><span class=\"sya_date\"> <span class=\"sya_sep\"> <\/span><\/span><a href=\"https:\/\/www.krakauer-haus.de\/kh-test\/index.php\/2015\/05\/23\/ircha-mikolaj-trzaska-clarinet-quartet\/\" class=\"sya_postlink post-2275\" rel=\"bookmark\">IRCHA &#8211; MIKO\u0141AJ TRZASKA CLARINET QUARTET<\/a><\/div><\/li><li class=\"\"><div class=\"sya_postcontent\"><span class=\"sya_date\"> <span class=\"sya_sep\"> <\/span><\/span><a href=\"https:\/\/www.krakauer-haus.de\/kh-test\/index.php\/2015\/04\/23\/10-polnische-filmwoche-2015\/\" class=\"sya_postlink post-2273\" rel=\"bookmark\">10. POLNISCHE FILMWOCHE 2015<\/a><\/div><\/li><li class=\"\"><div class=\"sya_postcontent\"><span class=\"sya_date\"> <span class=\"sya_sep\"> <\/span><\/span><a href=\"https:\/\/www.krakauer-haus.de\/kh-test\/index.php\/2015\/03\/01\/roman-polanski-als-regisseur-und-schauspieler-fotoausstellung\/\" class=\"sya_postlink post-2270\" rel=\"bookmark\">ROMAN POLANSKI ALS REGISSEUR UND SCHAUSPIELER &#8211; FOTOAUSSTELLUNG<\/a><\/div><\/li><li class=\"\"><div class=\"sya_postcontent\"><span class=\"sya_date\"> <span class=\"sya_sep\"> <\/span><\/span><a href=\"https:\/\/www.krakauer-haus.de\/kh-test\/index.php\/2015\/02\/26\/konzert-cukunft-klezmer-mit-zeitgenoessischem-sound\/\" class=\"sya_postlink post-2264\" rel=\"bookmark\">KONZERT: CUKUNFT &#8211; KLEZMER MIT ZEITGEN\u00d6SSISCHEM SOUND<\/a><\/div><\/li><li class=\"\"><div class=\"sya_postcontent\"><span class=\"sya_date\"> <span class=\"sya_sep\"> <\/span><\/span><a href=\"https:\/\/www.krakauer-haus.de\/kh-test\/index.php\/2015\/02\/01\/die-sendung-mit-dem-polnischen-akzent\/\" class=\"sya_postlink post-2261\" rel=\"bookmark\">DIE SENDUNG MIT DEM POLNISCHEN AKZENT<\/a><\/div><\/li><li class=\"\"><div class=\"sya_postcontent\"><span class=\"sya_date\"> <span class=\"sya_sep\"> <\/span><\/span><a href=\"https:\/\/www.krakauer-haus.de\/kh-test\/index.php\/2015\/01\/29\/lesung-marta-kijowska-kurier-der-erinnerung-das-leben-des-jan-karski\/\" class=\"sya_postlink post-2258\" rel=\"bookmark\">LESUNG: MARTA KIJOWSKA,  \u201eKURIER DER ERINNERUNG \u2013  DAS LEBEN DES JAN KARSKI\u201c<\/a><\/div><\/li><li class=\"\"><div class=\"sya_postcontent\"><span class=\"sya_date\"> <span class=\"sya_sep\"> <\/span><\/span><a href=\"https:\/\/www.krakauer-haus.de\/kh-test\/index.php\/2015\/01\/18\/kinder-machen-musik\/\" class=\"sya_postlink post-2252\" rel=\"bookmark\">KINDER MACHEN MUSIK<\/a><\/div><\/li><li class=\"\"><div class=\"sya_postcontent\"><span class=\"sya_date\"> <span class=\"sya_sep\"> <\/span><\/span><a href=\"https:\/\/www.krakauer-haus.de\/kh-test\/index.php\/2015\/01\/17\/aus-der-reihe-polenreisen-trifft-die-welt\/\" class=\"sya_postlink post-2255\" rel=\"bookmark\">AUS DER REIHE: POLENREISEN TRIFFT DIE WELT<\/a><\/div><\/li><li class=\"\"><div class=\"sya_postcontent\"><span class=\"sya_date\"> <span class=\"sya_sep\"> <\/span><\/span><a href=\"https:\/\/www.krakauer-haus.de\/kh-test\/index.php\/2015\/01\/16\/du-oder-ich-volkslieder-modern-interpretiert\/\" class=\"sya_postlink post-2246\" rel=\"bookmark\">\u201eDU ODER ICH\u201c &#8211;  VOLKSLIEDER MODERN INTERPRETIERT<\/a><\/div><\/li><li class=\"\"><div class=\"sya_postcontent\"><span class=\"sya_date\"> <span class=\"sya_sep\"> <\/span><\/span><a href=\"https:\/\/www.krakauer-haus.de\/kh-test\/index.php\/2015\/01\/02\/erzaehlkunstfestival-zauberwort\/\" class=\"sya_postlink post-2249\" rel=\"bookmark\">ERZ\u00c4HLKUNSTFESTIVAL ZAUBERWORT<\/a><\/div><\/li><\/ul><a id=\"year2014\"><\/a><a href=\"https:\/\/www.krakauer-haus.de\/kh-test\/index.php\/2014\/\" rel=\"section\">2014<\/a><ul><li class=\"\"><div class=\"sya_postcontent\"><span class=\"sya_date\"> <span class=\"sya_sep\"> <\/span><\/span><a href=\"https:\/\/www.krakauer-haus.de\/kh-test\/index.php\/2014\/12\/07\/neue-reihe-polenreisen-trifft-die-welt\/\" class=\"sya_postlink post-2237\" rel=\"bookmark\">NEUE REIHE: POLENREISEN TRIFFT DIE WELT<\/a><\/div><\/li><li class=\"\"><div class=\"sya_postcontent\"><span class=\"sya_date\"> <span class=\"sya_sep\"> <\/span><\/span><a href=\"https:\/\/www.krakauer-haus.de\/kh-test\/index.php\/2014\/11\/25\/podiumsdiskussion-zum-thema-was-ist-aus-dem-maidan-geworden\/\" class=\"sya_postlink post-2231\" rel=\"bookmark\">PODIUMSDISKUSSION ZUM THEMA  &#8222;WAS IST AUS DEM MAIDAN GEWORDEN?&#8220;<\/a><\/div><\/li><li class=\"\"><div class=\"sya_postcontent\"><span class=\"sya_date\"> <span class=\"sya_sep\"> <\/span><\/span><a href=\"https:\/\/www.krakauer-haus.de\/kh-test\/index.php\/2014\/11\/17\/fotoausstellung-von-vladyslaw-musienko-maidan-ukraine-europa-eine-revolution-der-wuerde\/\" class=\"sya_postlink post-2234\" rel=\"bookmark\">FOTOAUSSTELLUNG VON VLADYSLAW MUSIENKO  &#8222;MAIDAN UKRAINE EUROPA:  EINE REVOLUTION DER W\u00dcRDE&#8220;.<\/a><\/div><\/li><li class=\"\"><div class=\"sya_postcontent\"><span class=\"sya_date\"> <span class=\"sya_sep\"> <\/span><\/span><a href=\"https:\/\/www.krakauer-haus.de\/kh-test\/index.php\/2014\/11\/12\/polenallergie-impfung-nr-6-2014-eine-konzertreihe\/\" class=\"sya_postlink post-2229\" rel=\"bookmark\">POLENALLERGIE: IMPFUNG NR. 6 \/ 2014                           EINE KONZERTREIHE<\/a><\/div><\/li><li class=\"\"><div class=\"sya_postcontent\"><span class=\"sya_date\"> <span class=\"sya_sep\"> <\/span><\/span><a href=\"https:\/\/www.krakauer-haus.de\/kh-test\/index.php\/2014\/09\/25\/konzert-electronic-meets-jazz-tomek-grochot-electric-machine-ort-krakauer-haus\/\" class=\"sya_postlink post-2185\" rel=\"bookmark\">KONZERT: ELECTRONIC MEETS JAZZ TOMEK GROCHOT ELECTRIC MACHINE ORT: KRAKAUER HAUS<\/a><\/div><\/li><li class=\"\"><div class=\"sya_postcontent\"><span class=\"sya_date\"> <span class=\"sya_sep\"> <\/span><\/span><a href=\"https:\/\/www.krakauer-haus.de\/kh-test\/index.php\/2014\/09\/24\/fotoausstellung-mit-text-von-jutta-missbach-polnische-stimmen-zu-europa-wunsch-und-wirklichkeit-2004-2014-ort-internationales-haus-hans-sachs-platz\/\" class=\"sya_postlink post-2194\" rel=\"bookmark\">FOTOAUSSTELLUNG MIT TEXT \u2013 VON JUTTA MISSBACH POLNISCHE STIMMEN ZU EUROPA: WUNSCH UND WIRKLICHKEIT. 2004 | 2014 ORT: INTERNATIONALES HAUS, HANS SACHS PLATZ<\/a><\/div><\/li><li class=\"\"><div class=\"sya_postcontent\"><span class=\"sya_date\"> <span class=\"sya_sep\"> <\/span><\/span><a href=\"https:\/\/www.krakauer-haus.de\/kh-test\/index.php\/2014\/09\/14\/drachen-workshop-eine-kinder-eltern-aktion-fuer-kinder-von-5-bis-9-jahren-2\/\" class=\"sya_postlink post-2177\" rel=\"bookmark\">EINE KINDER-ELTERN-AKTION &#8211; WORKSHOP F\u00dcR KINDER VON 5 BIS 9 JAHREN  DIE LEGENDE VOM KRAKAUER DRACHEN  ORT: GERMANISCHES NATIONALMUSEUM, TREFFPUNKT IN DER EINGANGSHALLE<\/a><\/div><\/li><li class=\"\"><div class=\"sya_postcontent\"><span class=\"sya_date\"> <span class=\"sya_sep\"> <\/span><\/span><a href=\"https:\/\/www.krakauer-haus.de\/kh-test\/index.php\/2014\/09\/12\/fembohaus-burgstrasse-15-eine-tanzauffuehrung-rund-um-veit-stoss-und-die-buergerliche-und-hoefische-welt-des-15-jahrhunderts\/\" class=\"sya_postlink post-2206\" rel=\"bookmark\">FEMBOHAUS, BURGSTRASSE 15 EINE TANZAUFF\u00dcHRUNG RUND UM VEIT STOSS UND DIE B\u00dcRGERLICHE UND H\u00d6FISCHE WELT DES 15. JAHRHUNDERTS<\/a><\/div><\/li><li class=\"\"><div class=\"sya_postcontent\"><span class=\"sya_date\"> <span class=\"sya_sep\"> <\/span><\/span><a href=\"https:\/\/www.krakauer-haus.de\/kh-test\/index.php\/2014\/09\/07\/konzert-vladimirska-ort-hemdendienst-rothenburger-str-10-altes-fundamt-des-nuernberger-volksbads\/\" class=\"sya_postlink post-2200\" rel=\"bookmark\">KONZERT: VLADIMIRSKA. ORT: HEMDENDIENST, ROTHENBURGER STR. 10 (ALTES FUNDAMT DES N\u00dcRNBERGER VOLKSBADS)<\/a><\/div><\/li><li class=\"\"><div class=\"sya_postcontent\"><span class=\"sya_date\"> <span class=\"sya_sep\"> <\/span><\/span><a href=\"https:\/\/www.krakauer-haus.de\/kh-test\/index.php\/2014\/09\/06\/erstmalige-praesentation-eines-streichklaviers-in-deutschland-viola-organista-ort-st-egidien-nuernberg\/\" class=\"sya_postlink post-2218\" rel=\"bookmark\">ERSTMALIGE PR\u00c4SENTATION EINES \u201eSTREICHKLAVIERS\u201c IN DEUTSCHLAND VIOLA ORGANISTA ORT: ST. EGIDIEN N\u00dcRNBERG<\/a><\/div><\/li><li class=\"\"><div class=\"sya_postcontent\"><span class=\"sya_date\"> <span class=\"sya_sep\"> <\/span><\/span><a href=\"https:\/\/www.krakauer-haus.de\/kh-test\/index.php\/2014\/05\/03\/blaue-nacht-ms-no-one-konzerte-um-20-30-21-45-22-45-uhr\/\" class=\"sya_postlink post-2165\" rel=\"bookmark\">BLAUE NACHT MS. NO ONE &#8211; KONZERTE UM 20.30, 21.45, 22.45 UHR<\/a><\/div><\/li><li class=\"\"><div class=\"sya_postcontent\"><span class=\"sya_date\"> <span class=\"sya_sep\"> <\/span><\/span><a href=\"https:\/\/www.krakauer-haus.de\/kh-test\/index.php\/2014\/05\/01\/9-polnische-filmwoche-2014\/\" class=\"sya_postlink post-2174\" rel=\"bookmark\">9. POLNISCHE FILMWOCHE 2014<\/a><\/div><\/li><li class=\"\"><div class=\"sya_postcontent\"><span class=\"sya_date\"> <span class=\"sya_sep\"> <\/span><\/span><a href=\"https:\/\/www.krakauer-haus.de\/kh-test\/index.php\/2014\/04\/11\/klezzmates-moderne-klezmermusik-aus-krakau\/\" class=\"sya_postlink post-2151\" rel=\"bookmark\">KLEZZMATES \u2013 MODERNE KLEZMERMUSIK AUS KRAKAU<\/a><\/div><\/li><li class=\"\"><div class=\"sya_postcontent\"><span class=\"sya_date\"> <span class=\"sya_sep\"> <\/span><\/span><a href=\"https:\/\/www.krakauer-haus.de\/kh-test\/index.php\/2014\/04\/03\/ein-gespraech-ueber-die-grenzen-der-kunst-und-ueber-die-verantwortung-der-politisch-engagierten-fotografie\/\" class=\"sya_postlink post-2155\" rel=\"bookmark\">EIN GESPR\u00c4CH \u00dcBER DIE GRENZEN DER KUNST UND \u00dcBER DIE VERANTWORTUNG DER POLITISCH ENGAGIERTEN FOTOGRAFIE<\/a><\/div><\/li><li class=\"\"><div class=\"sya_postcontent\"><span class=\"sya_date\"> <span class=\"sya_sep\"> <\/span><\/span><a href=\"https:\/\/www.krakauer-haus.de\/kh-test\/index.php\/2014\/04\/01\/die-sendung-mit-dem-polnischen-akzent-seit-anfang-2013-jeden-2-und-4-mittwoch-im-monat-von-19-bis-20-uhr-bei-radio-z-958-mhz\/\" class=\"sya_postlink post-2162\" rel=\"bookmark\">DIE SENDUNG MIT DEM POLNISCHEN AKZENT  SEIT ANFANG 2013: JEDEN 2. UND 4. MITTWOCH IM MONAT VON 19 BIS 20 UHR BEI RADIO-Z 95,8 MHZ.<\/a><\/div><\/li><\/ul><a id=\"year2013\"><\/a><a href=\"https:\/\/www.krakauer-haus.de\/kh-test\/index.php\/2013\/\" rel=\"section\">2013<\/a><ul><li class=\"\"><div class=\"sya_postcontent\"><span class=\"sya_date\"> <span class=\"sya_sep\"> <\/span><\/span><a href=\"https:\/\/www.krakauer-haus.de\/kh-test\/index.php\/2013\/11\/23\/polenallergie-impfung-nr-5-2013-eine-konzertreihe\/\" class=\"sya_postlink post-2148\" rel=\"bookmark\">POLENALLERGIE: IMPFUNG NR. 5 \/ 2013                           EINE KONZERTREIHE<\/a><\/div><\/li><li class=\"\"><div class=\"sya_postcontent\"><span class=\"sya_date\"> <span class=\"sya_sep\"> <\/span><\/span><a href=\"https:\/\/www.krakauer-haus.de\/kh-test\/index.php\/2013\/09\/29\/ein-tag-mit-poesie-schere-und-katzen-gewidmet-wislawa-szymborska-im-heilig-geist-haus\/\" class=\"sya_postlink post-2144\" rel=\"bookmark\">EIN TAG MIT POESIE, SCHERE UND KATZEN \u2013  GEWIDMET WISLAWA SZYMBORSKA. IM HEILIG-GEIST-HAUS.<\/a><\/div><\/li><li class=\"\"><div class=\"sya_postcontent\"><span class=\"sya_date\"> <span class=\"sya_sep\"> <\/span><\/span><a href=\"https:\/\/www.krakauer-haus.de\/kh-test\/index.php\/2013\/09\/23\/wislawa-szymborska-collagen\/\" class=\"sya_postlink post-2141\" rel=\"bookmark\">WISLAWA SZYMBORSKA: COLLAGEN<\/a><\/div><\/li><li class=\"\"><div class=\"sya_postcontent\"><span class=\"sya_date\"> <span class=\"sya_sep\"> <\/span><\/span><a href=\"https:\/\/www.krakauer-haus.de\/kh-test\/index.php\/2013\/08\/10\/fest-der-partnerstaedte-im-tucherschloss\/\" class=\"sya_postlink post-2136\" rel=\"bookmark\">FEST DER PARTNERST\u00c4DTE IM TUCHERSCHLOSS<\/a><\/div><\/li><li class=\"\"><div class=\"sya_postcontent\"><span class=\"sya_date\"> <span class=\"sya_sep\"> <\/span><\/span><a href=\"https:\/\/www.krakauer-haus.de\/kh-test\/index.php\/2013\/05\/22\/the-goho-hobos-meet-limboski-kulturgarten-koenigstrasse-93\/\" class=\"sya_postlink post-2130\" rel=\"bookmark\">THE GOHO HOBOS MEET LIMBOSKI  KULTURGARTEN, K\u00d6NIGSTRASSE 93<\/a><\/div><\/li><li class=\"\"><div class=\"sya_postcontent\"><span class=\"sya_date\"> <span class=\"sya_sep\"> <\/span><\/span><a href=\"https:\/\/www.krakauer-haus.de\/kh-test\/index.php\/2013\/05\/04\/the-goho-hobos-meet-stadt-aus-draht\/\" class=\"sya_postlink post-2121\" rel=\"bookmark\">THE GOHO HOBOS MEET STADT AUS DRAHT<\/a><\/div><\/li><li class=\"\"><div class=\"sya_postcontent\"><span class=\"sya_date\"> <span class=\"sya_sep\"> <\/span><\/span><a href=\"https:\/\/www.krakauer-haus.de\/kh-test\/index.php\/2013\/04\/25\/8-polnische-filmwoche-2013\/\" class=\"sya_postlink post-2133\" rel=\"bookmark\">8. POLNISCHE FILMWOCHE 2013<\/a><\/div><\/li><li class=\"\"><div class=\"sya_postcontent\"><span class=\"sya_date\"> <span class=\"sya_sep\"> <\/span><\/span><a href=\"https:\/\/www.krakauer-haus.de\/kh-test\/index.php\/2013\/03\/03\/geva-alon-israel-vorgruppe-nick-june\/\" class=\"sya_postlink post-2103\" rel=\"bookmark\">GEVA ALON\/ISRAEL VORGRUPPE: NICK &#038; JUNE<\/a><\/div><\/li><li class=\"\"><div class=\"sya_postcontent\"><span class=\"sya_date\"> <span class=\"sya_sep\"> <\/span><\/span><a href=\"https:\/\/www.krakauer-haus.de\/kh-test\/index.php\/2013\/02\/21\/ich-bin-klein-aber-wichtig-die-kinderrepublik-des-janusz-korczak-ausstellung-mit-illustrationen-und-bilder-workshops-fuer-grundschulkinder\/\" class=\"sya_postlink post-2108\" rel=\"bookmark\">ICH BIN KLEIN, ABER WICHTIG DIE KINDERREPUBLIK DES JANUSZ KORCZAK AUSSTELLUNG MIT ILLUSTRATIONEN UND BILDER, WORKSHOPS F\u00dcR GRUNDSCHULKINDER<\/a><\/div><\/li><\/ul><a id=\"year2012\"><\/a><a href=\"https:\/\/www.krakauer-haus.de\/kh-test\/index.php\/2012\/\" rel=\"section\">2012<\/a><ul><li class=\"\"><div class=\"sya_postcontent\"><span class=\"sya_date\"> <span class=\"sya_sep\"> <\/span><\/span><a href=\"https:\/\/www.krakauer-haus.de\/kh-test\/index.php\/2012\/11\/16\/kabarett-piwnica-pod-baranami-keller-zu-den-widdern-aus-krakau\/\" class=\"sya_postlink post-2100\" rel=\"bookmark\">KABARETT &#8222;PIWNICA POD BARANAMI&#8220; (KELLER ZU DEN WIDDERN) AUS KRAKAU<\/a><\/div><\/li><li class=\"\"><div class=\"sya_postcontent\"><span class=\"sya_date\"> <span class=\"sya_sep\"> <\/span><\/span><a href=\"https:\/\/www.krakauer-haus.de\/kh-test\/index.php\/2012\/10\/04\/polenallergie-impfung-nr-4-2012-eine-konzertreihe\/\" class=\"sya_postlink post-2094\" rel=\"bookmark\">POLENALLERGIE: IMPFUNG NR. 4 \/ 2012                           EINE KONZERTREIHE<\/a><\/div><\/li><li class=\"\"><div class=\"sya_postcontent\"><span class=\"sya_date\"> <span class=\"sya_sep\"> <\/span><\/span><a href=\"https:\/\/www.krakauer-haus.de\/kh-test\/index.php\/2012\/05\/19\/skinny-patriny\/\" class=\"sya_postlink post-2091\" rel=\"bookmark\">SKINNY PATRINY<\/a><\/div><\/li><li class=\"\"><div class=\"sya_postcontent\"><span class=\"sya_date\"> <span class=\"sya_sep\"> <\/span><\/span><a href=\"https:\/\/www.krakauer-haus.de\/kh-test\/index.php\/2012\/05\/10\/zigeuner-musiktheater-terno\/\" class=\"sya_postlink post-2085\" rel=\"bookmark\">ZIGEUNER-MUSIKTHEATER TERNO<\/a><\/div><\/li><li class=\"\"><div class=\"sya_postcontent\"><span class=\"sya_date\"> <span class=\"sya_sep\"> <\/span><\/span><a href=\"https:\/\/www.krakauer-haus.de\/kh-test\/index.php\/2012\/04\/19\/7-polnische-filmwoche-2012\/\" class=\"sya_postlink post-2088\" rel=\"bookmark\">7. POLNISCHE FILMWOCHE 2012<\/a><\/div><\/li><li class=\"\"><div class=\"sya_postcontent\"><span class=\"sya_date\"> <span class=\"sya_sep\"> <\/span><\/span><a href=\"https:\/\/www.krakauer-haus.de\/kh-test\/index.php\/2012\/04\/11\/translola-weibliche-rockpower-aus-krakau\/\" class=\"sya_postlink post-2079\" rel=\"bookmark\">TRANSLOLA &#8211; WEIBLICHE ROCKPOWER AUS KRAKAU<\/a><\/div><\/li><li class=\"\"><div class=\"sya_postcontent\"><span class=\"sya_date\"> <span class=\"sya_sep\"> <\/span><\/span><a href=\"https:\/\/www.krakauer-haus.de\/kh-test\/index.php\/2012\/03\/21\/fussballfieber-ausstellungseroeffnung-die-mannschaft-11-kuenstler-aus-krakau-in-wechselnden-positionen\/\" class=\"sya_postlink post-2008\" rel=\"bookmark\">FUSSBALLFIEBER! AUSSTELLUNGSER\u00d6FFNUNG \u2013 DIE MANNSCHAFT. 11 K\u00dcNSTLER AUS KRAKAU IN WECHSELNDEN POSITIONEN<\/a><\/div><\/li><li class=\"\"><div class=\"sya_postcontent\"><span class=\"sya_date\"> <span class=\"sya_sep\"> <\/span><\/span><a href=\"https:\/\/www.krakauer-haus.de\/kh-test\/index.php\/2012\/03\/21\/fussballfieber-buchvorstellung-und-autorenlesung-thomas-urban-schwarze-adler-weisse-adler-deutsche-und-polnische-fussballer-im-raederwerk-der-politik\/\" class=\"sya_postlink post-2004\" rel=\"bookmark\">FUSSBALLFIEBER! BUCHVORSTELLUNG UND AUTORENLESUNG. THOMAS URBAN: &#8222;SCHWARZE ADLER &#8211; WEISSE ADLER. DEUTSCHE UND POLNISCHE FUSSBALLER IM R\u00c4DERWERK DER POLITIK&#8220;<\/a><\/div><\/li><li class=\"\"><div class=\"sya_postcontent\"><span class=\"sya_date\"> <span class=\"sya_sep\"> <\/span><\/span><a href=\"https:\/\/www.krakauer-haus.de\/kh-test\/index.php\/2012\/02\/14\/valentinstag-konzert-tomek-grochot-quintet\/\" class=\"sya_postlink post-1971\" rel=\"bookmark\">VALENTINSTAG: KONZERT TOMEK GROCHOT QUINTET<\/a><\/div><\/li><li class=\"\"><div class=\"sya_postcontent\"><span class=\"sya_date\"> <span class=\"sya_sep\"> <\/span><\/span><a href=\"https:\/\/www.krakauer-haus.de\/kh-test\/index.php\/2012\/02\/14\/vernissage-auch-ich-war-in-krakau\/\" class=\"sya_postlink post-1977\" rel=\"bookmark\">VERNISSAGE: AUCH ICH WAR IN KRAKAU!<\/a><\/div><\/li><li class=\"\"><div class=\"sya_postcontent\"><span class=\"sya_date\"> <span class=\"sya_sep\"> <\/span><\/span><a href=\"https:\/\/www.krakauer-haus.de\/kh-test\/index.php\/2012\/02\/10\/eine-gedenk-veranstaltung-zum-tode-von-wislawa-szymborska\/\" class=\"sya_postlink post-1966\" rel=\"bookmark\">EINE GEDENK-VERANSTALTUNG ZUM TODE VON WIS\u0141AWA SZYMBORSKA<\/a><\/div><\/li><\/ul><a id=\"year2011\"><\/a><a href=\"https:\/\/www.krakauer-haus.de\/kh-test\/index.php\/2011\/\" rel=\"section\">2011<\/a><ul><li class=\"\"><div class=\"sya_postcontent\"><span class=\"sya_date\"> <span class=\"sya_sep\"> <\/span><\/span><a href=\"https:\/\/www.krakauer-haus.de\/kh-test\/index.php\/2011\/12\/14\/vladimirska-weihnachtsabend-mit-konzert-und-ausstellung-mit-geschenkideen\/\" class=\"sya_postlink post-1958\" rel=\"bookmark\">VLADIMIRSKA. WEIHNACHTSABEND MIT KONZERT UND AUSSTELLUNG (MIT GESCHENKIDEEN!)<\/a><\/div><\/li><li class=\"\"><div class=\"sya_postcontent\"><span class=\"sya_date\"> <span class=\"sya_sep\"> <\/span><\/span><a href=\"https:\/\/www.krakauer-haus.de\/kh-test\/index.php\/2011\/12\/04\/lesung-mit-joanna-bator-sandberg-und-mit-ihrer-uebersetzerin-esther-kinsky\/\" class=\"sya_postlink post-1952\" rel=\"bookmark\">LESUNG MIT JOANNA BATOR (&#8222;SANDBERG&#8220;)  UND MIT IHRER \u00dcBERSETZERIN  ESTHER KINSKY<\/a><\/div><\/li><li class=\"\"><div class=\"sya_postcontent\"><span class=\"sya_date\"> <span class=\"sya_sep\"> <\/span><\/span><a href=\"https:\/\/www.krakauer-haus.de\/kh-test\/index.php\/2011\/10\/01\/veit-stoss-oder-wit-stwosz-wer-war-dieser-mann-der-in-krakau-zu-ruhm-und-reichtum-kam-und-doch-aus-heimweh-nach-nuernberg-zurueckkehrte\/\" class=\"sya_postlink post-1919\" rel=\"bookmark\">VORTRAG VON DR. THOMAS ESER (GNM) &#8211; VEIT STOSS ODER WIT STWOSZ \u2013 WER WAR DIESER MANN, DER IN KRAKAU ZU RUHM UND REICHTUM KAM UND DOCH AUS HEIMWEH NACH N\u00dcRNBERG ZUR\u00dcCKKEHRTE?<\/a><\/div><\/li><li class=\"\"><div class=\"sya_postcontent\"><span class=\"sya_date\"> <span class=\"sya_sep\"> <\/span><\/span><a href=\"https:\/\/www.krakauer-haus.de\/kh-test\/index.php\/2011\/09\/30\/die-stadt-der-blinden-das-open-air-spektakel-des-theaters-kto-aus-krakau\/\" class=\"sya_postlink post-1943\" rel=\"bookmark\">\u201eDIE STADT DER BLINDEN\u201c &#8211; DAS OPEN-AIR-SPEKTAKEL DES THEATERS KTO AUS KRAKAU<\/a><\/div><\/li><li class=\"\"><div class=\"sya_postcontent\"><span class=\"sya_date\"> <span class=\"sya_sep\"> <\/span><\/span><a href=\"https:\/\/www.krakauer-haus.de\/kh-test\/index.php\/2011\/09\/30\/dazwischen-eine-ausstellung-von-kuenstlern-aus-krakau-und-nuernberg\/\" class=\"sya_postlink post-1936\" rel=\"bookmark\">\u201eDAZWISCHEN\u201c EINE AUSSTELLUNG VON K\u00dcNSTLERN AUS KRAKAU UND N\u00dcRNBERG<\/a><\/div><\/li><li class=\"\"><div class=\"sya_postcontent\"><span class=\"sya_date\"> <span class=\"sya_sep\"> <\/span><\/span><a href=\"https:\/\/www.krakauer-haus.de\/kh-test\/index.php\/2011\/09\/29\/15-jahre-krakauer-haus-jubilaeumsfeier\/\" class=\"sya_postlink post-1906\" rel=\"bookmark\">15 JAHRE KRAKAUER HAUS &#8211; JUBIL\u00c4UMSFEIER<\/a><\/div><\/li><li class=\"\"><div class=\"sya_postcontent\"><span class=\"sya_date\"> <span class=\"sya_sep\"> <\/span><\/span><a href=\"https:\/\/www.krakauer-haus.de\/kh-test\/index.php\/2011\/09\/23\/czeslaw-spiewa-solo-act\/\" class=\"sya_postlink post-1914\" rel=\"bookmark\">CZES\u0141AW \u015aPIEWA SOLO ACT<\/a><\/div><\/li><li class=\"\"><div class=\"sya_postcontent\"><span class=\"sya_date\"> <span class=\"sya_sep\"> <\/span><\/span><a href=\"https:\/\/www.krakauer-haus.de\/kh-test\/index.php\/2011\/09\/16\/am-bauzaun-um-die-lorenzkirche-glanz-veit-stoss-altar-in-der-marienkirche-in-krakau\/\" class=\"sya_postlink post-1925\" rel=\"bookmark\">FOTOAUSSTELLUNG &#8211; AM BAUZAUN UM DIE LORENZKIRCHE: \u201eGLANZ\u201c \u2013 VEIT STOSS ALTAR IN DER MARIENKIRCHE IN KRAKAU<\/a><\/div><\/li><li class=\"\"><div class=\"sya_postcontent\"><span class=\"sya_date\"> <span class=\"sya_sep\"> <\/span><\/span><a href=\"https:\/\/www.krakauer-haus.de\/kh-test\/index.php\/2011\/09\/01\/lichtinstalation-zum-15-jubilaeum-des-krakauer-hauses\/\" class=\"sya_postlink post-1899\" rel=\"bookmark\">LICHTINSTALATION ZUM 15. JUBIL\u00c4UM DES KRAKAUER HAUSES<\/a><\/div><\/li><li class=\"\"><div class=\"sya_postcontent\"><span class=\"sya_date\"> <span class=\"sya_sep\"> <\/span><\/span><a href=\"https:\/\/www.krakauer-haus.de\/kh-test\/index.php\/2011\/07\/10\/opa-pablo-viersprachige-lesung-im-krakauer-haus\/\" class=\"sya_postlink post-1895\" rel=\"bookmark\">OPA PABLO. VIERSPRACHIGE LESUNG IM KRAKAUER HAUS<\/a><\/div><\/li><li class=\"\"><div class=\"sya_postcontent\"><span class=\"sya_date\"> <span class=\"sya_sep\"> <\/span><\/span><a href=\"https:\/\/www.krakauer-haus.de\/kh-test\/index.php\/2011\/05\/28\/blaue-nacht-paristetris-neue-musik-aus-warschau-exzentrisch-feurig-experimentierfreudig\/\" class=\"sya_postlink post-1888\" rel=\"bookmark\">BLAUE NACHT &#8211; PARISTETRIS \u2013 NEUE MUSIK AUS WARSCHAU  EXZENTRISCH, FEURIG, EXPERIMENTIERFREUDIG<\/a><\/div><\/li><li class=\"\"><div class=\"sya_postcontent\"><span class=\"sya_date\"> <span class=\"sya_sep\"> <\/span><\/span><a href=\"https:\/\/www.krakauer-haus.de\/kh-test\/index.php\/2011\/03\/30\/hallo-polska-axel-gercke-und-jurij-sychov-hlazun-ausstellungseroeffnung\/\" class=\"sya_postlink post-1863\" rel=\"bookmark\">\u201eHALLO POLSKA!\u201c AXEL GERCKE UND JURIJ SYCHOV-HLAZUN AUSSTELLUNGSER\u00d6FFNUNG<\/a><\/div><\/li><li class=\"\"><div class=\"sya_postcontent\"><span class=\"sya_date\"> <span class=\"sya_sep\"> <\/span><\/span><a href=\"https:\/\/www.krakauer-haus.de\/kh-test\/index.php\/2011\/03\/27\/heimisch-auf-fremden-sofas-erfahrungsberichte-von-couchsurfer\/\" class=\"sya_postlink post-1833\" rel=\"bookmark\">HEIMISCH AUF FREMDEN SOFAS &#8211; ERFAHRUNGSBERICHTE VON COUCHSURFER \/\/ FOLGE 2<\/a><\/div><\/li><li class=\"\"><div class=\"sya_postcontent\"><span class=\"sya_date\"> <span class=\"sya_sep\"> <\/span><\/span><a href=\"https:\/\/www.krakauer-haus.de\/kh-test\/index.php\/2011\/03\/20\/ein-abend-zu-ehren-von-wislawa-szymborska-nobelpreistraegerin-aus-krakau\/\" class=\"sya_postlink post-1875\" rel=\"bookmark\">EIN ABEND ZU EHREN VON WIS\u0141AWA SZYMBORSKA NOBELPREISTR\u00c4GERIN AUS KRAKAU<\/a><\/div><\/li><li class=\"\"><div class=\"sya_postcontent\"><span class=\"sya_date\"> <span class=\"sya_sep\"> <\/span><\/span><a href=\"https:\/\/www.krakauer-haus.de\/kh-test\/index.php\/2011\/03\/06\/6-polnische-filmwoche-2011\/\" class=\"sya_postlink post-1882\" rel=\"bookmark\">6. POLNISCHE FILMWOCHE 2011<\/a><\/div><\/li><li class=\"\"><div class=\"sya_postcontent\"><span class=\"sya_date\"> <span class=\"sya_sep\"> <\/span><\/span><a href=\"https:\/\/www.krakauer-haus.de\/kh-test\/index.php\/2011\/02\/01\/filmost-deutsch-polnischer-kurzfilmabend-im-filmhauskino\/\" class=\"sya_postlink post-1860\" rel=\"bookmark\">FILMOST. DEUTSCH-POLNISCHER KURZFILMABEND IM FILMHAUSKINO<\/a><\/div><\/li><li class=\"\"><div class=\"sya_postcontent\"><span class=\"sya_date\"> <span class=\"sya_sep\"> <\/span><\/span><a href=\"https:\/\/www.krakauer-haus.de\/kh-test\/index.php\/2011\/01\/30\/divertimenti-fuer-streich-trio\/\" class=\"sya_postlink post-1854\" rel=\"bookmark\">DIVERTIMENTI F\u00dcR STREICH-TRIO<\/a><\/div><\/li><li class=\"\"><div class=\"sya_postcontent\"><span class=\"sya_date\"> <span class=\"sya_sep\"> <\/span><\/span><a href=\"https:\/\/www.krakauer-haus.de\/kh-test\/index.php\/2011\/01\/27\/heimisch-auf-fremden-sofas-erfahrungsberichte-von-couchsurfer-2\/\" class=\"sya_postlink post-1843\" rel=\"bookmark\">HEIMISCH AUF FREMDEN SOFAS &#8211; ERFAHRUNGSBERICHTE VON COUCHSURFER<\/a><\/div><\/li><\/ul><a id=\"year2010\"><\/a><a href=\"https:\/\/www.krakauer-haus.de\/kh-test\/index.php\/2010\/\" rel=\"section\">2010<\/a><ul><li class=\"\"><div class=\"sya_postcontent\"><span class=\"sya_date\"> <span class=\"sya_sep\"> <\/span><\/span><a href=\"https:\/\/www.krakauer-haus.de\/kh-test\/index.php\/2010\/12\/05\/weihnachtskonzert-gruppe-trzy-dni-pozniej-drei-tage-spaeter\/\" class=\"sya_postlink post-1827\" rel=\"bookmark\">WEIHNACHTSKONZERT: GRUPPE \u201eTRZY DNI POZNIEJ\u201c (DREI TAGE SP\u00c4TER)<\/a><\/div><\/li><li class=\"\"><div class=\"sya_postcontent\"><span class=\"sya_date\"> <span class=\"sya_sep\"> <\/span><\/span><a href=\"https:\/\/www.krakauer-haus.de\/kh-test\/index.php\/2010\/11\/29\/verleihung-des-hermann-kesten-preises-an-das-krakauer-haus\/\" class=\"sya_postlink post-1817\" rel=\"bookmark\">VERLEIHUNG DES HERMANN-KESTEN-PREISES AN DAS KRAKAUER HAUS<\/a><\/div><\/li><li class=\"\"><div class=\"sya_postcontent\"><span class=\"sya_date\"> <span class=\"sya_sep\"> <\/span><\/span><a href=\"https:\/\/www.krakauer-haus.de\/kh-test\/index.php\/2010\/11\/23\/grenzueberschreitungen-kurzfilme-junger-regisseure-aus-europa-und-israel-im-filmhauskino-koenigstr-4\/\" class=\"sya_postlink post-1813\" rel=\"bookmark\">\u201eGRENZ\u00dcBERSCHREITUNGEN\u201c \u2013 KURZFILME JUNGER REGISSEURE AUS EUROPA UND ISRAEL. IM FILMHAUSKINO, K\u00d6NIGSTR. 4<\/a><\/div><\/li><li class=\"\"><div class=\"sya_postcontent\"><span class=\"sya_date\"> <span class=\"sya_sep\"> <\/span><\/span><a href=\"https:\/\/www.krakauer-haus.de\/kh-test\/index.php\/2010\/10\/21\/vernissage-kasia-prusik-olaf-lutz-duo-projekt\/\" class=\"sya_postlink post-1808\" rel=\"bookmark\">VERNISSAGE: KASIA PRUSIK &#8211; OLAF LUTZ, \u201eDUO.PROJEKT\u201c<\/a><\/div><\/li><li class=\"\"><div class=\"sya_postcontent\"><span class=\"sya_date\"> <span class=\"sya_sep\"> <\/span><\/span><a href=\"https:\/\/www.krakauer-haus.de\/kh-test\/index.php\/2010\/09\/25\/pechakucha-krakau-in-der-galerie-bernsteinzimmer-grossweidenmuehlstrasse-11\/\" class=\"sya_postlink post-1799\" rel=\"bookmark\">PECHAKUCHA \/\/ KRAKAU! IN DER GALERIE BERNSTEINZIMMER, GROSSWEIDENM\u00dcHLSTRASSE 11<\/a><\/div><\/li><li class=\"\"><div class=\"sya_postcontent\"><span class=\"sya_date\"> <span class=\"sya_sep\"> <\/span><\/span><a href=\"https:\/\/www.krakauer-haus.de\/kh-test\/index.php\/2010\/09\/16\/vernissage-elzbieta-lempp-fotogeschichten-konzert-ms-no-one\/\" class=\"sya_postlink post-1778\" rel=\"bookmark\">VERNISSAGE: ELZBIETA LEMPP, FOTOGESCHICHTEN + KONZERT: MS. NO ONE<\/a><\/div><\/li><li class=\"\"><div class=\"sya_postcontent\"><span class=\"sya_date\"> <span class=\"sya_sep\"> <\/span><\/span><a href=\"https:\/\/www.krakauer-haus.de\/kh-test\/index.php\/2010\/06\/23\/boguslaw-bachorczyk-herrenschnitte-ausstellungseroeffnung-ehrenhalle-des-rathauses-wolffscher-bau-rathausplatz-2\/\" class=\"sya_postlink post-1788\" rel=\"bookmark\">BOGUSLAW BACHORCZYK: HERRENSCHNITTE. AUSSTELLUNGSER\u00d6FFNUNG. EHRENHALLE DES RATHAUSES WOLFFSCHER BAU, RATHAUSPLATZ 2<\/a><\/div><\/li><li class=\"\"><div class=\"sya_postcontent\"><span class=\"sya_date\"> <span class=\"sya_sep\"> <\/span><\/span><a href=\"https:\/\/www.krakauer-haus.de\/kh-test\/index.php\/2010\/06\/10\/polenallergie-impfung-nr-3-2010-eine-konzertreihe\/\" class=\"sya_postlink post-1772\" rel=\"bookmark\">POLENALLERGIE: IMPFUNG NR. 3 \/ 2010                           EINE KONZERTREIHE<\/a><\/div><\/li><li class=\"\"><div class=\"sya_postcontent\"><span class=\"sya_date\"> <span class=\"sya_sep\"> <\/span><\/span><a href=\"https:\/\/www.krakauer-haus.de\/kh-test\/index.php\/2010\/05\/15\/blaue-nacht-czeslaw-spiewa\/\" class=\"sya_postlink post-1756\" rel=\"bookmark\">BLAUE NACHT: CZES\u0141AW \u015aPIEWA<\/a><\/div><\/li><li class=\"\"><div class=\"sya_postcontent\"><span class=\"sya_date\"> <span class=\"sya_sep\"> <\/span><\/span><a href=\"https:\/\/www.krakauer-haus.de\/kh-test\/index.php\/2010\/05\/10\/kindergitarrenkonzert\/\" class=\"sya_postlink post-1764\" rel=\"bookmark\">KINDERGITARRENKONZERT<\/a><\/div><\/li><li class=\"\"><div class=\"sya_postcontent\"><span class=\"sya_date\"> <span class=\"sya_sep\"> <\/span><\/span><a href=\"https:\/\/www.krakauer-haus.de\/kh-test\/index.php\/2010\/04\/29\/5-polnische-filmwoche-2010\/\" class=\"sya_postlink post-1753\" rel=\"bookmark\">5. POLNISCHE FILMWOCHE 2010<\/a><\/div><\/li><li class=\"\"><div class=\"sya_postcontent\"><span class=\"sya_date\"> <span class=\"sya_sep\"> <\/span><\/span><a href=\"https:\/\/www.krakauer-haus.de\/kh-test\/index.php\/2010\/02\/14\/valentinstag-marek-batorski-jazzer-und-maler-aus-krakau\/\" class=\"sya_postlink post-1739\" rel=\"bookmark\">VALENTINSTAG: MAREK BATORSKI, JAZZER UND MALER AUS KRAKAU<\/a><\/div><\/li><li class=\"\"><div class=\"sya_postcontent\"><span class=\"sya_date\"> <span class=\"sya_sep\"> <\/span><\/span><a href=\"https:\/\/www.krakauer-haus.de\/kh-test\/index.php\/2010\/02\/13\/krzysztof-zanussi-im-turm\/\" class=\"sya_postlink post-1746\" rel=\"bookmark\">KRZYSZTOF ZANUSSI IM TURM<\/a><\/div><\/li><li class=\"\"><div class=\"sya_postcontent\"><span class=\"sya_date\"> <span class=\"sya_sep\"> <\/span><\/span><a href=\"https:\/\/www.krakauer-haus.de\/kh-test\/index.php\/2010\/01\/23\/absolut-mucha-der-polnische-regisseur-stanislaw-mucha-eine-werkschau\/\" class=\"sya_postlink post-1725\" rel=\"bookmark\">ABSOLUT MUCHA \u2013  DER   POLNISCHE REGISSEUR   STANISLAW MUCHA &#8211; EINE   WERKSCHAU<\/a><\/div><\/li><\/ul><a id=\"year2009\"><\/a><a href=\"https:\/\/www.krakauer-haus.de\/kh-test\/index.php\/2009\/\" rel=\"section\">2009<\/a><ul><li class=\"\"><div class=\"sya_postcontent\"><span class=\"sya_date\"> <span class=\"sya_sep\"> <\/span><\/span><a href=\"https:\/\/www.krakauer-haus.de\/kh-test\/index.php\/2009\/12\/13\/weihnachtskonzert-mit-einem-horn-trio\/\" class=\"sya_postlink post-1696\" rel=\"bookmark\">WEIHNACHTSKONZERT MIT EINEM HORN TRIO<\/a><\/div><\/li><li class=\"\"><div class=\"sya_postcontent\"><span class=\"sya_date\"> <span class=\"sya_sep\"> <\/span><\/span><a href=\"https:\/\/www.krakauer-haus.de\/kh-test\/index.php\/2009\/11\/29\/wanderer-trifft-prowincja\/\" class=\"sya_postlink post-1705\" rel=\"bookmark\">WANDERER TRIFFT PROWINCJA<\/a><\/div><\/li><li class=\"\"><div class=\"sya_postcontent\"><span class=\"sya_date\"> <span class=\"sya_sep\"> <\/span><\/span><a href=\"https:\/\/www.krakauer-haus.de\/kh-test\/index.php\/2009\/11\/29\/wanderer-trifft-prowincja-einladung-fuer-wislawa-szymborska\/\" class=\"sya_postlink post-1691\" rel=\"bookmark\">WANDERER TRIFFT PROWINCJA &#8211; EINLADUNG F\u00dcR WISLAWA SZYMBORSKA!<\/a><\/div><\/li><li class=\"\"><div class=\"sya_postcontent\"><span class=\"sya_date\"> <span class=\"sya_sep\"> <\/span><\/span><a href=\"https:\/\/www.krakauer-haus.de\/kh-test\/index.php\/2009\/11\/26\/polska-love-serenade-eine-politisch-unkorrekte-deutsch-polnische-weihnachtskomoedie\/\" class=\"sya_postlink post-1688\" rel=\"bookmark\">POLSKA LOVE SERENADE. EINE POLITISCH UNKORREKTE, DEUTSCH-POLNISCHE WEIHNACHTSKOM\u00d6DIE<\/a><\/div><\/li><li class=\"\"><div class=\"sya_postcontent\"><span class=\"sya_date\"> <span class=\"sya_sep\"> <\/span><\/span><a href=\"https:\/\/www.krakauer-haus.de\/kh-test\/index.php\/2009\/11\/26\/schutzengel-und-seine-helfer-ausstellungseroeffnung\/\" class=\"sya_postlink post-1680\" rel=\"bookmark\">SCHUTZENGEL UND SEINE HELFER. AUSSTELLUNGSER\u00d6FFNUNG<\/a><\/div><\/li><li class=\"\"><div class=\"sya_postcontent\"><span class=\"sya_date\"> <span class=\"sya_sep\"> <\/span><\/span><a href=\"https:\/\/www.krakauer-haus.de\/kh-test\/index.php\/2009\/11\/18\/ausstellungseroeffnung-gummibaerchen-und-mercedes-assoziationen-zu-deutschland-und-polen-im-kopfbau-k4\/\" class=\"sya_postlink post-1673\" rel=\"bookmark\">AUSSTELLUNGSER\u00d6FFNUNG \u201eGUMMIB\u00c4RCHEN UND MERCEDES. ASSOZIATIONEN ZU DEUTSCHLAND UND POLEN.&#8220; IM KOPFBAU K4<\/a><\/div><\/li><li class=\"\"><div class=\"sya_postcontent\"><span class=\"sya_date\"> <span class=\"sya_sep\"> <\/span><\/span><a href=\"https:\/\/www.krakauer-haus.de\/kh-test\/index.php\/2009\/10\/09\/ethno-jazz-karolina-glazer-quintett\/\" class=\"sya_postlink post-1662\" rel=\"bookmark\">ETHNO JAZZ: KAROLINA GLAZER QUINTETT<\/a><\/div><\/li><li class=\"\"><div class=\"sya_postcontent\"><span class=\"sya_date\"> <span class=\"sya_sep\"> <\/span><\/span><a href=\"https:\/\/www.krakauer-haus.de\/kh-test\/index.php\/2009\/09\/24\/ausstellungseroeffnung-malgorzata-buczek-sledzinska-zeichnungen-und-inkunabeln\/\" class=\"sya_postlink post-1626\" rel=\"bookmark\">AUSSTELLUNGSER\u00d6FFNUNG: MALGORZATA BUCZEK \u2013 SLEDZINSKA ZEICHNUNGEN UND INKUNABELN<\/a><\/div><\/li><li class=\"\"><div class=\"sya_postcontent\"><span class=\"sya_date\"> <span class=\"sya_sep\"> <\/span><\/span><a href=\"https:\/\/www.krakauer-haus.de\/kh-test\/index.php\/2009\/07\/23\/ausstellungseroeffnung-im-kopfbau-k4-21-30-bergkatze-stummfilm-mit-pola-negri-livemusik-ensemblekontraste-katharinernruine\/\" class=\"sya_postlink post-1610\" rel=\"bookmark\">AUSSTELLUNGSER\u00d6FFNUNG IM KOPFBAU K4   21.30 BERGKATZE \u2013 STUMMFILM MIT POLA NEGRI. LIVEMUSIK: ENSEMBLEKONTRASTE. KATHARINERNRUINE<\/a><\/div><\/li><li class=\"\"><div class=\"sya_postcontent\"><span class=\"sya_date\"> <span class=\"sya_sep\"> <\/span><\/span><a href=\"https:\/\/www.krakauer-haus.de\/kh-test\/index.php\/2009\/07\/18\/strassenfest-wanderausgabe-konzerte-performances-und-skulpturen-auf-vier-und-mehr-raedern-ort-die-bruecke-unter-der-franz-josef-strauss-strasse-zugang-ueber-die-u-bahn-station-woehrder-wiese-unte\/\" class=\"sya_postlink post-1637\" rel=\"bookmark\">STRASSENFEST\/WANDERAUSGABE. KONZERTE, PERFORMANCES UND SKULPTUREN AUF VIER UND MEHR R\u00c4DERN. ORT: DIE BR\u00dcCKE UNTER DER FRANZ-JOSEF-STRAUSS STRASSE, ZUGANG \u00dcBER DIE U-BAHN-STATION W\u00d6HRDER WIESE UNTER DER SCHIRMHERRSCHAFT VON OB DR. ULRICH MALY<\/a><\/div><\/li><li class=\"\"><div class=\"sya_postcontent\"><span class=\"sya_date\"> <span class=\"sya_sep\"> <\/span><\/span><a href=\"https:\/\/www.krakauer-haus.de\/kh-test\/index.php\/2009\/06\/25\/polenallergie-impfung-nr-2-2009\/\" class=\"sya_postlink post-1605\" rel=\"bookmark\">POLENALLERGIE: IMPFUNG NR. 2 \/ 2009<\/a><\/div><\/li><li class=\"\"><div class=\"sya_postcontent\"><span class=\"sya_date\"> <span class=\"sya_sep\"> <\/span><\/span><a href=\"https:\/\/www.krakauer-haus.de\/kh-test\/index.php\/2009\/06\/21\/stadtverfuehrungen-tanja-helm-klanginstallation\/\" class=\"sya_postlink post-1599\" rel=\"bookmark\">STADTVERF\u00dcHRUNGEN &#8211; TANJA HELM KLANGINSTALLATION<\/a><\/div><\/li><li class=\"\"><div class=\"sya_postcontent\"><span class=\"sya_date\"> <span class=\"sya_sep\"> <\/span><\/span><a href=\"https:\/\/www.krakauer-haus.de\/kh-test\/index.php\/2009\/05\/23\/blaue-nacht-figurentheater-thalias-kompagnons-gibt-es-ein-leben-nach-der-vorstellung-ein-wahnspiel-mit-methode\/\" class=\"sya_postlink post-1587\" rel=\"bookmark\">BLAUE NACHT \u2013 FIGURENTHEATER THALIAS KOMPAGNONS \u2013  GIBT ES EIN LEBEN NACH DER VORSTELLUNG? EIN WAHNSPIEL MIT METHODE<\/a><\/div><\/li><li class=\"\"><div class=\"sya_postcontent\"><span class=\"sya_date\"> <span class=\"sya_sep\"> <\/span><\/span><a href=\"https:\/\/www.krakauer-haus.de\/kh-test\/index.php\/2009\/05\/10\/steffen-moeller-mit-viva-polonia-als-deutscher-gastarbeiter-in-polen\/\" class=\"sya_postlink post-1539\" rel=\"bookmark\">STEFFEN M\u00d6LLER MIT VIVA POLONIA: ALS DEUTSCHER GASTARBEITER IN POLEN<\/a><\/div><\/li><li class=\"\"><div class=\"sya_postcontent\"><span class=\"sya_date\"> <span class=\"sya_sep\"> <\/span><\/span><a href=\"https:\/\/www.krakauer-haus.de\/kh-test\/index.php\/2009\/05\/09\/tagung-zum-30-jubilaeum-der-staedtepartnerschaft-nuernberg-krakau-rathaus-9-mai-2009-ab-10-uhr\/\" class=\"sya_postlink post-1576\" rel=\"bookmark\">TAGUNG ZUM 30. JUBIL\u00c4UM DER ST\u00c4DTEPARTNERSCHAFT N\u00dcRNBERG \u2013 KRAKAU,  RATHAUS, 9. MAI 2009, AB 10 UHR<\/a><\/div><\/li><li class=\"\"><div class=\"sya_postcontent\"><span class=\"sya_date\"> <span class=\"sya_sep\"> <\/span><\/span><a href=\"https:\/\/www.krakauer-haus.de\/kh-test\/index.php\/2009\/05\/09\/gemeinsames-konzert-von-motion-trio-krakau-und-ensemble-kontraste\/\" class=\"sya_postlink post-1569\" rel=\"bookmark\">GEMEINSAMES KONZERT VON MOTION TRIO\/KRAKAU UND ENSEMBLE KONTRASTE<\/a><\/div><\/li><li class=\"\"><div class=\"sya_postcontent\"><span class=\"sya_date\"> <span class=\"sya_sep\"> <\/span><\/span><a href=\"https:\/\/www.krakauer-haus.de\/kh-test\/index.php\/2009\/05\/09\/gummibaerchen-und-mercedes-polnische-assoziationen-zu-deutschland-eine-ausstellung-mit-interviews-und-fotos-von-jutta-missbach\/\" class=\"sya_postlink post-1564\" rel=\"bookmark\">\u201eGUMMIB\u00c4RCHEN UND MERCEDES. POLNISCHE ASSOZIATIONEN ZU DEUTSCHLAND.&#8220;  EINE AUSSTELLUNG MIT INTERVIEWS UND FOTOS VON JUTTA MISSBACH.<\/a><\/div><\/li><li class=\"\"><div class=\"sya_postcontent\"><span class=\"sya_date\"> <span class=\"sya_sep\"> <\/span><\/span><a href=\"https:\/\/www.krakauer-haus.de\/kh-test\/index.php\/2009\/05\/07\/unter-den-fahnen-der-poesie\/\" class=\"sya_postlink post-1547\" rel=\"bookmark\">Unter den Fahnen der Poesie<\/a><\/div><\/li><li class=\"\"><div class=\"sya_postcontent\"><span class=\"sya_date\"> <span class=\"sya_sep\"> <\/span><\/span><a href=\"https:\/\/www.krakauer-haus.de\/kh-test\/index.php\/2009\/05\/07\/ausstellungseroeffnung-konzert\/\" class=\"sya_postlink post-1528\" rel=\"bookmark\">AUSSTELLUNGSER\u00d6FFNUNG + KONZERT<\/a><\/div><\/li><li class=\"\"><div class=\"sya_postcontent\"><span class=\"sya_date\"> <span class=\"sya_sep\"> <\/span><\/span><a href=\"https:\/\/www.krakauer-haus.de\/kh-test\/index.php\/2009\/04\/04\/4-polnische-filmwoche-2009\/\" class=\"sya_postlink post-1525\" rel=\"bookmark\">4. POLNISCHE FILMWOCHE 2009<\/a><\/div><\/li><li class=\"\"><div class=\"sya_postcontent\"><span class=\"sya_date\"> <span class=\"sya_sep\"> <\/span><\/span><a href=\"https:\/\/www.krakauer-haus.de\/kh-test\/index.php\/2009\/02\/22\/stein-aus-der-neuen-welt-feierliche-einweihung-des-gedichtsteines-am-unschlittplatz-in-anwesenheit-des-dichters-ryszard-krynicki\/\" class=\"sya_postlink post-1514\" rel=\"bookmark\">\u201eSTEIN AUS DER NEUEN WELT\u201c. FEIERLICHE EINWEIHUNG DES GEDICHTSTEINES  AM UNSCHLITTPLATZ IN ANWESENHEIT DES DICHTERS RYSZARD KRYNICKI<\/a><\/div><\/li><li class=\"\"><div class=\"sya_postcontent\"><span class=\"sya_date\"> <span class=\"sya_sep\"> <\/span><\/span><a href=\"https:\/\/www.krakauer-haus.de\/kh-test\/index.php\/2009\/02\/21\/lesung-ryszard-krynicki-und-hans-magnus-enzensberger\/\" class=\"sya_postlink post-1508\" rel=\"bookmark\">LESUNG: RYSZARD KRYNICKI UND HANS MAGNUS ENZENSBERGER<\/a><\/div><\/li><li class=\"\"><div class=\"sya_postcontent\"><span class=\"sya_date\"> <span class=\"sya_sep\"> <\/span><\/span><a href=\"https:\/\/www.krakauer-haus.de\/kh-test\/index.php\/2009\/02\/14\/valentinstag-konzert-rehan-syed-ensemble-gastsaengerin-silvia-bialas\/\" class=\"sya_postlink post-1492\" rel=\"bookmark\">VALENTINSTAG-KONZERT: REHAN SYED ENSEMBLE. GASTS\u00c4NGERIN: SILVIA BIALAS<\/a><\/div><\/li><li class=\"\"><div class=\"sya_postcontent\"><span class=\"sya_date\"> <span class=\"sya_sep\"> <\/span><\/span><a href=\"https:\/\/www.krakauer-haus.de\/kh-test\/index.php\/2009\/01\/27\/vernissage-zofia-stryjenska-eine-extravagante-polnische-malerin-in-muenchen\/\" class=\"sya_postlink post-1502\" rel=\"bookmark\">VERNISSAGE: ZOFIA STRYJENSKA \u2013 EINE EXTRAVAGANTE POLNISCHE MALERIN IN M\u00dcNCHEN<\/a><\/div><\/li><\/ul><a id=\"year2008\"><\/a><a href=\"https:\/\/www.krakauer-haus.de\/kh-test\/index.php\/2008\/\" rel=\"section\">2008<\/a><ul><li class=\"\"><div class=\"sya_postcontent\"><span class=\"sya_date\"> <span class=\"sya_sep\"> <\/span><\/span><a href=\"https:\/\/www.krakauer-haus.de\/kh-test\/index.php\/2008\/12\/04\/ausstellungseroeffnung-henryk-zegadlo-weihnachten-bedeutet-fuer-mich\/\" class=\"sya_postlink post-1485\" rel=\"bookmark\">AUSSTELLUNGSER\u00d6FFNUNG: HENRYK ZEGADLO, \u201eWEIHNACHTEN BEDEUTET F\u00dcR MICH&#8230;\u201c<\/a><\/div><\/li><li class=\"\"><div class=\"sya_postcontent\"><span class=\"sya_date\"> <span class=\"sya_sep\"> <\/span><\/span><a href=\"https:\/\/www.krakauer-haus.de\/kh-test\/index.php\/2008\/11\/30\/jazz-im-turm-adam-pieronczyk-trio\/\" class=\"sya_postlink post-1480\" rel=\"bookmark\">JAZZ IM TURM \u2013 ADAM PIERONCZYK TRIO<\/a><\/div><\/li><li class=\"\"><div class=\"sya_postcontent\"><span class=\"sya_date\"> <span class=\"sya_sep\"> <\/span><\/span><a href=\"https:\/\/www.krakauer-haus.de\/kh-test\/index.php\/2008\/11\/29\/autorenlesung-mariusz-szczygiel-gottland\/\" class=\"sya_postlink post-1476\" rel=\"bookmark\">AUTORENLESUNG: MARIUSZ SZCZYGIEL \u201eGOTTLAND\u201c<\/a><\/div><\/li><li class=\"\"><div class=\"sya_postcontent\"><span class=\"sya_date\"> <span class=\"sya_sep\"> <\/span><\/span><a href=\"https:\/\/www.krakauer-haus.de\/kh-test\/index.php\/2008\/10\/24\/autorenlesung-andrzej-stasiuk\/\" class=\"sya_postlink post-1469\" rel=\"bookmark\">AUTORENLESUNG: ANDRZEJ STASIUK<\/a><\/div><\/li><li class=\"\"><div class=\"sya_postcontent\"><span class=\"sya_date\"> <span class=\"sya_sep\"> <\/span><\/span><a href=\"https:\/\/www.krakauer-haus.de\/kh-test\/index.php\/2008\/09\/23\/autorenlesung-katarzyna-sowula-auftrieb\/\" class=\"sya_postlink post-1465\" rel=\"bookmark\">AUTORENLESUNG: KATARZYNA SOWULA \u201eAUFTRIEB\u201c<\/a><\/div><\/li><li class=\"\"><div class=\"sya_postcontent\"><span class=\"sya_date\"> <span class=\"sya_sep\"> <\/span><\/span><a href=\"https:\/\/www.krakauer-haus.de\/kh-test\/index.php\/2008\/07\/19\/sommerfest-gruppe-klezzmates\/\" class=\"sya_postlink post-1457\" rel=\"bookmark\">SOMMERFEST. GRUPPE \u201eKLEZZMATES\u201c<\/a><\/div><\/li><li class=\"\"><div class=\"sya_postcontent\"><span class=\"sya_date\"> <span class=\"sya_sep\"> <\/span><\/span><a href=\"https:\/\/www.krakauer-haus.de\/kh-test\/index.php\/2008\/06\/27\/polenallergie-impfung-nr-1-2008\/\" class=\"sya_postlink post-1453\" rel=\"bookmark\">POLENALLERGIE: IMPFUNG NR. 1 \/ 2008<\/a><\/div><\/li><li class=\"\"><div class=\"sya_postcontent\"><span class=\"sya_date\"> <span class=\"sya_sep\"> <\/span><\/span><a href=\"https:\/\/www.krakauer-haus.de\/kh-test\/index.php\/2008\/06\/14\/im-rahmen-der-stadtverfuehrungen-kunst-ist-ein-verbrechen-tadeusz-kantor-in-nuernberg\/\" class=\"sya_postlink post-1445\" rel=\"bookmark\">IM RAHMEN DER \u201eSTADT(VER)F\u00dcHRUNGEN\u201c:  KUNST IST EIN VERBRECHEN. TADEUSZ KANTOR IN N\u00dcRNBERG<\/a><\/div><\/li><li class=\"\"><div class=\"sya_postcontent\"><span class=\"sya_date\"> <span class=\"sya_sep\"> <\/span><\/span><a href=\"https:\/\/www.krakauer-haus.de\/kh-test\/index.php\/2008\/06\/12\/fussball-ist-wie-liebe-ein-ewiges-bangen-und-hoffen-live-uebertragung-der-euro-08-mit-weinverkostung-und-lesung-von-franzobel\/\" class=\"sya_postlink post-1437\" rel=\"bookmark\">\u201eFUSSBALL IST WIE LIEBE. EIN EWIGES BANGEN UND HOFFEN.\u201c LIVE-\u00dcBERTRAGUNG DER EURO 08 MIT WEINVERKOSTUNG UND LESUNG VON FRANZOBEL<\/a><\/div><\/li><li class=\"\"><div class=\"sya_postcontent\"><span class=\"sya_date\"> <span class=\"sya_sep\"> <\/span><\/span><a href=\"https:\/\/www.krakauer-haus.de\/kh-test\/index.php\/2008\/06\/06\/kammermusik-im-krakauer-haus-das-nuernberger-oktett-mit-werken-von-jean-francaix-und-franz-schubert\/\" class=\"sya_postlink post-1426\" rel=\"bookmark\">KAMMERMUSIK IM KRAKAUER HAUS. DAS \u201eN\u00dcRNBERGER OKTETT\u201c MIT WERKEN VON JEAN FRAN\u00c7AIX UND FRANZ SCHUBERT<\/a><\/div><\/li><li class=\"\"><div class=\"sya_postcontent\"><span class=\"sya_date\"> <span class=\"sya_sep\"> <\/span><\/span><a href=\"https:\/\/www.krakauer-haus.de\/kh-test\/index.php\/2008\/06\/03\/autorenlesung-michal-witkowski-lubiewo-moderation-michael-aue-medienwerkstatt-nuernberg\/\" class=\"sya_postlink post-1422\" rel=\"bookmark\">AUTORENLESUNG: MICHA\u0141 WITKOWSKI, \u201eLUBIEWO\u201d.  MODERATION: MICHAEL AUE (MEDIENWERKSTATT N\u00dcRNBERG)<\/a><\/div><\/li><li class=\"\"><div class=\"sya_postcontent\"><span class=\"sya_date\"> <span class=\"sya_sep\"> <\/span><\/span><a href=\"https:\/\/www.krakauer-haus.de\/kh-test\/index.php\/2008\/05\/31\/blaue-nacht-thema-insel-gruppe-kleine-instrumente-konzerte-20-40-22-10-23-30-uhr\/\" class=\"sya_postlink post-1413\" rel=\"bookmark\">BLAUE NACHT &#8211; THEMA INSEL &#8211; GRUPPE &#8222;KLEINE INSTRUMENTE&#8220;  KONZERTE: 20.40, 22.10, 23.30 UHR<\/a><\/div><\/li><li class=\"\"><div class=\"sya_postcontent\"><span class=\"sya_date\"> <span class=\"sya_sep\"> <\/span><\/span><a href=\"https:\/\/www.krakauer-haus.de\/kh-test\/index.php\/2008\/05\/27\/vernissage-skulpturen-von-lena-hensel-krakau-und-simone-weik-nuernberg\/\" class=\"sya_postlink post-1407\" rel=\"bookmark\">VERNISSAGE: SKULPTUREN VON LENA HENSEL (KRAKAU) UND SIMONE WEIK (N\u00dcRNBERG)<\/a><\/div><\/li><li class=\"\"><div class=\"sya_postcontent\"><span class=\"sya_date\"> <span class=\"sya_sep\"> <\/span><\/span><a href=\"https:\/\/www.krakauer-haus.de\/kh-test\/index.php\/2008\/04\/20\/3-polnische-filmwoche-2008\/\" class=\"sya_postlink post-1404\" rel=\"bookmark\">3. POLNISCHE FILMWOCHE 2008<\/a><\/div><\/li><li class=\"\"><div class=\"sya_postcontent\"><span class=\"sya_date\"> <span class=\"sya_sep\"> <\/span><\/span><a href=\"https:\/\/www.krakauer-haus.de\/kh-test\/index.php\/2008\/04\/11\/vernissage-juedisches-leben-in-krakau-vor-dem-untergang\/\" class=\"sya_postlink post-1370\" rel=\"bookmark\">VERNISSAGE:  J\u00dcDISCHES LEBEN IN KRAKAU VOR DEM UNTERGANG<\/a><\/div><\/li><li class=\"\"><div class=\"sya_postcontent\"><span class=\"sya_date\"> <span class=\"sya_sep\"> <\/span><\/span><a href=\"https:\/\/www.krakauer-haus.de\/kh-test\/index.php\/2008\/04\/06\/ausstellungseroeffnun-bela-farago-tier-und-mensch\/\" class=\"sya_postlink post-1390\" rel=\"bookmark\">AUSSTELLUNGSER\u00d6FFNUN: B\u00c9LA FARAG\u00d3, &#8222;TIER UND MENSCH&#8220;<\/a><\/div><\/li><li class=\"\"><div class=\"sya_postcontent\"><span class=\"sya_date\"> <span class=\"sya_sep\"> <\/span><\/span><a href=\"https:\/\/www.krakauer-haus.de\/kh-test\/index.php\/2008\/03\/08\/internationaler-frauentag-saxsisters-und-vernissage\/\" class=\"sya_postlink post-1354\" rel=\"bookmark\">INTERNATIONALER FRAUENTAG: SAXSISTERS UND VERNISSAGE<\/a><\/div><\/li><li class=\"\"><div class=\"sya_postcontent\"><span class=\"sya_date\"> <span class=\"sya_sep\"> <\/span><\/span><a href=\"https:\/\/www.krakauer-haus.de\/kh-test\/index.php\/2008\/03\/02\/mutter-der-holocaust-kinder-von-anna-mieszkowska-autorenlesung-moderiert-von-der-uebersetzerin-urszula-usakowska-wolff\/\" class=\"sya_postlink post-1351\" rel=\"bookmark\">&#8222;MUTTER DER HOLOCAUST-KINDER&#8220; VON ANNA MIESZKOWSKA AUTORENLESUNG, MODERIERT VON DER \u00dcBERSETZERIN URSZULA USAKOWSKA-WOLFF<\/a><\/div><\/li><li class=\"\"><div class=\"sya_postcontent\"><span class=\"sya_date\"> <span class=\"sya_sep\"> <\/span><\/span><a href=\"https:\/\/www.krakauer-haus.de\/kh-test\/index.php\/2008\/02\/23\/teatr-nowy-krakau-amoklauf-mein-kinderspiel-von-thomas-freyer\/\" class=\"sya_postlink post-1338\" rel=\"bookmark\">TEATR NOWY (KRAKAU)  \u201eAMOKLAUF MEIN KINDERSPIEL\u201c VON THOMAS FREYER<\/a><\/div><\/li><li class=\"\"><div class=\"sya_postcontent\"><span class=\"sya_date\"> <span class=\"sya_sep\"> <\/span><\/span><a href=\"https:\/\/www.krakauer-haus.de\/kh-test\/index.php\/2008\/02\/14\/zum-valentinstag-me-myself-and-i-vocal-groove-human-beatbox-jazzy-acapella\/\" class=\"sya_postlink post-1331\" rel=\"bookmark\">ZUM VALENTINSTAG: ME MYSELF AND I  VOCAL GROOVE &#038; HUMAN BEATBOX &#038; JAZZY &#038; A\u2019CAPELLA<\/a><\/div><\/li><li class=\"\"><div class=\"sya_postcontent\"><span class=\"sya_date\"> <span class=\"sya_sep\"> <\/span><\/span><a href=\"https:\/\/www.krakauer-haus.de\/kh-test\/index.php\/2008\/01\/23\/anthony-cox-adam-pieronczyk-quartet\/\" class=\"sya_postlink post-1302\" rel=\"bookmark\">ANTHONY COX &#8211; ADAM PIERONCZYK QUARTET<\/a><\/div><\/li><li class=\"\"><div class=\"sya_postcontent\"><span class=\"sya_date\"> <span class=\"sya_sep\"> <\/span><\/span><a href=\"https:\/\/www.krakauer-haus.de\/kh-test\/index.php\/2008\/01\/22\/hope-kinopremiere-mit-regisseurgespraech-stanislaw-mucha-im-metropolis-kino-stresemannplatz-8-kartenreservierung-49-911-538848\/\" class=\"sya_postlink post-1287\" rel=\"bookmark\">HOPE\u201c &#8211; KINOPREMIERE MIT REGISSEURGESPR\u00c4CH STANISLAW MUCHA  IM METROPOLIS KINO, STRESEMANNPLATZ 8,  KARTENRESERVIERUNG +49 911 538848<\/a><\/div><\/li><\/ul><a id=\"year2007\"><\/a><a href=\"https:\/\/www.krakauer-haus.de\/kh-test\/index.php\/2007\/\" rel=\"section\">2007<\/a><ul><li class=\"\"><div class=\"sya_postcontent\"><span class=\"sya_date\"> <span class=\"sya_sep\"> <\/span><\/span><a href=\"https:\/\/www.krakauer-haus.de\/kh-test\/index.php\/2007\/12\/07\/polnischer-weihnachtsmarkt-im-krakauer-haus\/\" class=\"sya_postlink post-983\" rel=\"bookmark\">\u201ePolnischer Weihnachtsmarkt\u201c im Krakauer Haus<\/a><\/div><\/li><li class=\"\"><div class=\"sya_postcontent\"><span class=\"sya_date\"> <span class=\"sya_sep\"> <\/span><\/span><a href=\"https:\/\/www.krakauer-haus.de\/kh-test\/index.php\/2007\/10\/26\/grazyna-auguscik-mit-quartett-im-jazz-studio-paniersplatz-27-29\/\" class=\"sya_postlink post-968\" rel=\"bookmark\">GRAZYNA AUGUSCIK MIT QUARTETT  IM JAZZ STUDIO, PANIERSPLATZ 27\/29<\/a><\/div><\/li><li class=\"\"><div class=\"sya_postcontent\"><span class=\"sya_date\"> <span class=\"sya_sep\"> <\/span><\/span><a href=\"https:\/\/www.krakauer-haus.de\/kh-test\/index.php\/2007\/10\/06\/ira-klezmers-songs-in-jiddish\/\" class=\"sya_postlink post-962\" rel=\"bookmark\">Ira &#038; Klezmers \u2013 Songs in Jiddish<\/a><\/div><\/li><li class=\"\"><div class=\"sya_postcontent\"><span class=\"sya_date\"> <span class=\"sya_sep\"> <\/span><\/span><a href=\"https:\/\/www.krakauer-haus.de\/kh-test\/index.php\/2007\/09\/30\/leszek-mozdzer-lars-danielsson-im-e-werk-erlangen-fuchsenwiese-1\/\" class=\"sya_postlink post-958\" rel=\"bookmark\">Leszek Mozdzer &#038; Lars Danielsson im E- Werk Erlangen, Fuchsenwiese 1<\/a><\/div><\/li><li class=\"\"><div class=\"sya_postcontent\"><span class=\"sya_date\"> <span class=\"sya_sep\"> <\/span><\/span><a href=\"https:\/\/www.krakauer-haus.de\/kh-test\/index.php\/2007\/07\/21\/strassenfest-mit-musik-und-polnischen-spezialitaeten\/\" class=\"sya_postlink post-944\" rel=\"bookmark\">Stra\u00dfenfest mit Musik und polnischen Spezialit\u00e4ten<\/a><\/div><\/li><li class=\"\"><div class=\"sya_postcontent\"><span class=\"sya_date\"> <span class=\"sya_sep\"> <\/span><\/span><a href=\"https:\/\/www.krakauer-haus.de\/kh-test\/index.php\/2007\/07\/12\/750-jahre-verleihung-der-stadtrechte-an-krakau-alte-stadt-neue-kunst-praesentation-der-jungen-kunstszene\/\" class=\"sya_postlink post-926\" rel=\"bookmark\">750 Jahre Verleihung der Stadtrechte an Krakau Alte Stadt \u2013 Neue Kunst: Pr\u00e4sentation der jungen Kunstszene<\/a><\/div><\/li><li class=\"\"><div class=\"sya_postcontent\"><span class=\"sya_date\"> <span class=\"sya_sep\"> <\/span><\/span><a href=\"https:\/\/www.krakauer-haus.de\/kh-test\/index.php\/2007\/07\/05\/autorenlesung-joanna-olczak-ronikier-liest-aus-ihrem-buch-im-garten-der-erinnerung\/\" class=\"sya_postlink post-920\" rel=\"bookmark\">Autorenlesung: Joanna Olczak-Ronikier liest aus ihrem Buch \u201eIm Garten der Erinnerung\u201c<\/a><\/div><\/li><li class=\"\"><div class=\"sya_postcontent\"><span class=\"sya_date\"> <span class=\"sya_sep\"> <\/span><\/span><a href=\"https:\/\/www.krakauer-haus.de\/kh-test\/index.php\/2007\/06\/15\/autorenlesung-dorota-maslowska-der-star-der-polnischen-literatur-rappt\/\" class=\"sya_postlink post-915\" rel=\"bookmark\">Autorenlesung: Dorota Mas\u0142owska Der Star der polnischen Literatur rappt<\/a><\/div><\/li><li class=\"\"><div class=\"sya_postcontent\"><span class=\"sya_date\"> <span class=\"sya_sep\"> <\/span><\/span><a href=\"https:\/\/www.krakauer-haus.de\/kh-test\/index.php\/2007\/06\/14\/ausstellungseroeffnung-zeichen-metaphern\/\" class=\"sya_postlink post-954\" rel=\"bookmark\">Ausstellungser\u00f6ffnung: \u201eZeichen \u2013 Metaphern\u201c<\/a><\/div><\/li><li class=\"\"><div class=\"sya_postcontent\"><span class=\"sya_date\"> <span class=\"sya_sep\"> <\/span><\/span><a href=\"https:\/\/www.krakauer-haus.de\/kh-test\/index.php\/2007\/05\/24\/ausstellungseroeffnung-ladies-first\/\" class=\"sya_postlink post-907\" rel=\"bookmark\">Ausstellungser\u00f6ffnung: \u201eLadies first\u201c<\/a><\/div><\/li><li class=\"\"><div class=\"sya_postcontent\"><span class=\"sya_date\"> <span class=\"sya_sep\"> <\/span><\/span><a href=\"https:\/\/www.krakauer-haus.de\/kh-test\/index.php\/2007\/05\/19\/zeit-fuer-die-blaue-nacht\/\" class=\"sya_postlink post-897\" rel=\"bookmark\">ZEIT F\u00dcR DIE BLAUE NACHT!!!!!<\/a><\/div><\/li><li class=\"\"><div class=\"sya_postcontent\"><span class=\"sya_date\"> <span class=\"sya_sep\"> <\/span><\/span><a href=\"https:\/\/www.krakauer-haus.de\/kh-test\/index.php\/2007\/05\/10\/autorenlesung-wojciech-kuczok-liest-aus-dreckskerl\/\" class=\"sya_postlink post-887\" rel=\"bookmark\">Autorenlesung:  Wojciech Kuczok liest aus \u201eDreckskerl\u201c<\/a><\/div><\/li><li class=\"\"><div class=\"sya_postcontent\"><span class=\"sya_date\"> <span class=\"sya_sep\"> <\/span><\/span><a href=\"https:\/\/www.krakauer-haus.de\/kh-test\/index.php\/2007\/05\/03\/ausstellungseroeffnung-tagundnacht-grzegorz-l-piotrowski-malerei\/\" class=\"sya_postlink post-868\" rel=\"bookmark\">Ausstellungser\u00f6ffnung: \u201eTAGundNACHT\u201d  Grzegorz L. Piotrowski, Malerei<\/a><\/div><\/li><li class=\"\"><div class=\"sya_postcontent\"><span class=\"sya_date\"> <span class=\"sya_sep\"> <\/span><\/span><a href=\"https:\/\/www.krakauer-haus.de\/kh-test\/index.php\/2007\/04\/21\/2-polnische-filmwoche\/\" class=\"sya_postlink post-873\" rel=\"bookmark\">2. Polnische Filmwoche<\/a><\/div><\/li><li class=\"\"><div class=\"sya_postcontent\"><span class=\"sya_date\"> <span class=\"sya_sep\"> <\/span><\/span><a href=\"https:\/\/www.krakauer-haus.de\/kh-test\/index.php\/2007\/03\/25\/stummfilm-mit-livemusik-super-trio-und-der-starke-mann-filmhauskino-im-kuenstlerhaus-koenigstrasse-93\/\" class=\"sya_postlink post-861\" rel=\"bookmark\">Stummfilm mit Livemusik  Super Trio und \u201cDer starke Mann\u201d Filmhauskino im K\u00fcnstlerhaus, K\u00f6nigstrasse 93<\/a><\/div><\/li><li class=\"\"><div class=\"sya_postcontent\"><span class=\"sya_date\"> <span class=\"sya_sep\"> <\/span><\/span><a href=\"https:\/\/www.krakauer-haus.de\/kh-test\/index.php\/2007\/03\/18\/polnische-nachwuchsregisseure-und-ihre-schulen-maciej-cuske-kurhaus\/\" class=\"sya_postlink post-854\" rel=\"bookmark\">Polnische Nachwuchsregisseure und Ihre Schulen  Maciej Cuske \u201eKurhaus\u201c<\/a><\/div><\/li><li class=\"\"><div class=\"sya_postcontent\"><span class=\"sya_date\"> <span class=\"sya_sep\"> <\/span><\/span><a href=\"https:\/\/www.krakauer-haus.de\/kh-test\/index.php\/2007\/03\/08\/vernissage-frauen-in-der-kunst-der-frauen-junge-druckkunst-aus-polen-bis-zum-29-maerz-2007\/\" class=\"sya_postlink post-848\" rel=\"bookmark\">Vernissage: \u201eFrauen in der Kunst der Frauen\u201c Junge Druckkunst aus Polen (bis zum 29. M\u00e4rz 2007)<\/a><\/div><\/li><li class=\"\"><div class=\"sya_postcontent\"><span class=\"sya_date\"> <span class=\"sya_sep\"> <\/span><\/span><a href=\"https:\/\/www.krakauer-haus.de\/kh-test\/index.php\/2007\/03\/01\/klassik-im-turm-chopin-und-12-polnische-komponisten-ein-konzert-fuer-klavier-und-floete\/\" class=\"sya_postlink post-843\" rel=\"bookmark\">Klassik im Turm \u201eChopin und 12 polnische Komponisten\u201c \u2013 ein Konzert f\u00fcr Klavier und Fl\u00f6te<\/a><\/div><\/li><li class=\"\"><div class=\"sya_postcontent\"><span class=\"sya_date\"> <span class=\"sya_sep\"> <\/span><\/span><a href=\"https:\/\/www.krakauer-haus.de\/kh-test\/index.php\/2007\/02\/14\/valentinstag-im-turm-hoerspektakel-wisperndes-ahorn-gefluester\/\" class=\"sya_postlink post-821\" rel=\"bookmark\">Valentinstag im Turm  H\u00f6rspektakel Wisperndes Ahorn-Gefl\u00fcster<\/a><\/div><\/li><li class=\"\"><div class=\"sya_postcontent\"><span class=\"sya_date\"> <span class=\"sya_sep\"> <\/span><\/span><a href=\"https:\/\/www.krakauer-haus.de\/kh-test\/index.php\/2007\/02\/08\/vernissagejak-tam-wie-gehts-axel-gercke-jacek-pasieczny-malerei\/\" class=\"sya_postlink post-832\" rel=\"bookmark\">Vernissage&#8220;Jak tam? Wie geht&#8217;s?&#8220; Axel Gercke, Jacek Pasieczny, Malerei<\/a><\/div><\/li><\/ul><a id=\"year2006\"><\/a><a href=\"https:\/\/www.krakauer-haus.de\/kh-test\/index.php\/2006\/\" rel=\"section\">2006<\/a><ul><li class=\"\"><div class=\"sya_postcontent\"><span class=\"sya_date\"> <span class=\"sya_sep\"> <\/span><\/span><a href=\"https:\/\/www.krakauer-haus.de\/kh-test\/index.php\/2006\/12\/17\/weihnachtslieder-im-stil-crossover\/\" class=\"sya_postlink post-780\" rel=\"bookmark\">Weihnachtslieder im Stil &#8222;Crossover&#8220;<\/a><\/div><\/li><li class=\"\"><div class=\"sya_postcontent\"><span class=\"sya_date\"> <span class=\"sya_sep\"> <\/span><\/span><a href=\"https:\/\/www.krakauer-haus.de\/kh-test\/index.php\/2006\/12\/08\/dargestellte-welt-neue-fotografie-aus-krakau-neue-animationskunst-aus-krakau-und-vieles-mehr-2\/\" class=\"sya_postlink post-792\" rel=\"bookmark\">\u201ePolnischer Weihnachtsmarkt\u201c im Krakauer Haus  Schirmherrschaft: Alt-Oberb\u00fcrgermeister Dr. Peter Sch\u00f6nlein<\/a><\/div><\/li><li class=\"\"><div class=\"sya_postcontent\"><span class=\"sya_date\"> <span class=\"sya_sep\"> <\/span><\/span><a href=\"https:\/\/www.krakauer-haus.de\/kh-test\/index.php\/2006\/12\/08\/bildstoecke-und-herrgottswinkerl-wolfgang-hofer\/\" class=\"sya_postlink post-789\" rel=\"bookmark\">Bildst\u00f6cke und Herrgottswinkerl &#8211; Wolfgang Hofer<\/a><\/div><\/li><li class=\"\"><div class=\"sya_postcontent\"><span class=\"sya_date\"> <span class=\"sya_sep\"> <\/span><\/span><a href=\"https:\/\/www.krakauer-haus.de\/kh-test\/index.php\/2006\/11\/11\/jazz-im-turm-fourth-floor\/\" class=\"sya_postlink post-721\" rel=\"bookmark\">Jazz im Turm &#8211; Fourth Floor<\/a><\/div><\/li><li class=\"\"><div class=\"sya_postcontent\"><span class=\"sya_date\"> <span class=\"sya_sep\"> <\/span><\/span><a href=\"https:\/\/www.krakauer-haus.de\/kh-test\/index.php\/2006\/11\/09\/dargestellte-welt-neue-fotografie-aus-krakau-neue-animationskunst-aus-krakau-und-vieles-mehr\/\" class=\"sya_postlink post-736\" rel=\"bookmark\">\u201eDargestellte Welt\u201c Neue Fotografie aus Krakau, Neue Animationskunst aus Krakau &#8211; und vieles mehr&#8230;<\/a><\/div><\/li><li class=\"\"><div class=\"sya_postcontent\"><span class=\"sya_date\"> <span class=\"sya_sep\"> <\/span><\/span><a href=\"https:\/\/www.krakauer-haus.de\/kh-test\/index.php\/2006\/10\/26\/wir-sind-alle-nicht-von-hier-radek-knapp-liest-aus-der-gebrauchsanweisung-fuer-polen\/\" class=\"sya_postlink post-707\" rel=\"bookmark\">&#8222;Wir sind alle nicht von hier\u201c  Radek Knapp liest aus der Gebrauchsanweisung f\u00fcr Polen<\/a><\/div><\/li><li class=\"\"><div class=\"sya_postcontent\"><span class=\"sya_date\"> <span class=\"sya_sep\"> <\/span><\/span><a href=\"https:\/\/www.krakauer-haus.de\/kh-test\/index.php\/2006\/10\/19\/10-jahre-klassik-im-turm-jubilaeumskonzert\/\" class=\"sya_postlink post-713\" rel=\"bookmark\">10 Jahre Klassik im Turm  Jubil\u00e4umskonzert<\/a><\/div><\/li><li class=\"\"><div class=\"sya_postcontent\"><span class=\"sya_date\"> <span class=\"sya_sep\"> <\/span><\/span><a href=\"https:\/\/www.krakauer-haus.de\/kh-test\/index.php\/2006\/07\/22\/strassenfest-zum-10jaehrigen-jubilaeum-des-krakauer-hauses-und-des-krakauer-turm-vereins\/\" class=\"sya_postlink post-686\" rel=\"bookmark\">Stra\u00dfenfest zum 10j\u00e4hrigen Jubil\u00e4um des Krakauer Hauses  und des Krakauer Turm Vereins<\/a><\/div><\/li><li class=\"\"><div class=\"sya_postcontent\"><span class=\"sya_date\"> <span class=\"sya_sep\"> <\/span><\/span><a href=\"https:\/\/www.krakauer-haus.de\/kh-test\/index.php\/2006\/05\/27\/blaue-nacht-2006-und-alles-dreht-sich-um-die-wm\/\" class=\"sya_postlink post-676\" rel=\"bookmark\">Blaue Nacht 2006 &#8211; und alles dreht sich um die WM!<\/a><\/div><\/li><li class=\"\"><div class=\"sya_postcontent\"><span class=\"sya_date\"> <span class=\"sya_sep\"> <\/span><\/span><a href=\"https:\/\/www.krakauer-haus.de\/kh-test\/index.php\/2006\/05\/27\/blaue-ball-nacht\/\" class=\"sya_postlink post-653\" rel=\"bookmark\">Blaue Ball Nacht<\/a><\/div><\/li><li class=\"\"><div class=\"sya_postcontent\"><span class=\"sya_date\"> <span class=\"sya_sep\"> <\/span><\/span><a href=\"https:\/\/www.krakauer-haus.de\/kh-test\/index.php\/2006\/05\/03\/24h-pio-illustrationen\/\" class=\"sya_postlink post-639\" rel=\"bookmark\">24h PIO \u2013 Illustrationen<\/a><\/div><\/li><li class=\"\"><div class=\"sya_postcontent\"><span class=\"sya_date\"> <span class=\"sya_sep\"> <\/span><\/span><a href=\"https:\/\/www.krakauer-haus.de\/kh-test\/index.php\/2006\/04\/24\/polnische-filmwoche-im-cinecitta\/\" class=\"sya_postlink post-634\" rel=\"bookmark\">Polnische Filmwoche im Cinecitta<\/a><\/div><\/li><li class=\"\"><div class=\"sya_postcontent\"><span class=\"sya_date\"> <span class=\"sya_sep\"> <\/span><\/span><a href=\"https:\/\/www.krakauer-haus.de\/kh-test\/index.php\/2006\/04\/01\/ausstellungseroeffnung-jaccobco-von-zbigniew-bielawka\/\" class=\"sya_postlink post-517\" rel=\"bookmark\">Ausstellungser\u00f6ffnung Jaccobco von Zbigniew Bielawka<\/a><\/div><\/li><li class=\"\"><div class=\"sya_postcontent\"><span class=\"sya_date\"> <span class=\"sya_sep\"> <\/span><\/span><a href=\"https:\/\/www.krakauer-haus.de\/kh-test\/index.php\/2006\/03\/30\/festival-der-polnischen-reportage-prominente-journalisten-aus-polen-zu-gast-im-krakauer-haus\/\" class=\"sya_postlink post-511\" rel=\"bookmark\">Festival der polnischen Reportage Prominente Journalisten aus Polen zu Gast im Krakauer Haus<\/a><\/div><\/li><li class=\"\"><div class=\"sya_postcontent\"><span class=\"sya_date\"> <span class=\"sya_sep\"> <\/span><\/span><a href=\"https:\/\/www.krakauer-haus.de\/kh-test\/index.php\/2006\/03\/24\/gypsy-jazz-im-turm-lensemble-nuages\/\" class=\"sya_postlink post-506\" rel=\"bookmark\">Gypsy-Jazz im Turm L\u2019Ensemble Nuages<\/a><\/div><\/li><li class=\"\"><div class=\"sya_postcontent\"><span class=\"sya_date\"> <span class=\"sya_sep\"> <\/span><\/span><a href=\"https:\/\/www.krakauer-haus.de\/kh-test\/index.php\/2006\/03\/18\/theater-im-turm-avantteatr-praesentiert-slawomir-mrozeks-emigranten-in-originalsprache-mit-deutschen-uebertiteln\/\" class=\"sya_postlink post-502\" rel=\"bookmark\">Theater im Turm  avant`teatr pr\u00e4sentiert Slawomir Mrozeks \u201eEmigranten\u201c  in Originalsprache, mit deutschen \u00dcbertiteln<\/a><\/div><\/li><li class=\"\"><div class=\"sya_postcontent\"><span class=\"sya_date\"> <span class=\"sya_sep\"> <\/span><\/span><a href=\"https:\/\/www.krakauer-haus.de\/kh-test\/index.php\/2006\/02\/14\/jazzkonzert-am-valentinstag-sing-sing-penelope\/\" class=\"sya_postlink post-496\" rel=\"bookmark\">Jazzkonzert am Valentinstag  Sing Sing Penelope<\/a><\/div><\/li><li class=\"\"><div class=\"sya_postcontent\"><span class=\"sya_date\"> <span class=\"sya_sep\"> <\/span><\/span><a href=\"https:\/\/www.krakauer-haus.de\/kh-test\/index.php\/2006\/01\/28\/stadtkrimi-trifft-stadtkrimi-marek-krajewski-tod-in-breslau-und-tessa-korber-toter-winkel\/\" class=\"sya_postlink post-491\" rel=\"bookmark\">Stadtkrimi trifft Stadtkrimi  Marek Krajewski &#8222;Tod in Breslau&#8220; und   Tessa Korber \u201eToter Winkel\u201c<\/a><\/div><\/li><li class=\"\"><div class=\"sya_postcontent\"><span class=\"sya_date\"> <span class=\"sya_sep\"> <\/span><\/span><a href=\"https:\/\/www.krakauer-haus.de\/kh-test\/index.php\/2006\/01\/25\/susanne-schoenwieses-jazzstories-emil-viklicky-piano-willi-lichtenberg-kontrabass\/\" class=\"sya_postlink post-486\" rel=\"bookmark\">Susanne Sch\u00f6nwiese\u00b4s Jazzstories Emil Viklicky \u2013 Piano, Willi Lichtenberg \u2013 Kontrabass<\/a><\/div><\/li><\/ul><a id=\"year2005\"><\/a><a href=\"https:\/\/www.krakauer-haus.de\/kh-test\/index.php\/2005\/\" rel=\"section\">2005<\/a><ul><li class=\"\"><div class=\"sya_postcontent\"><span class=\"sya_date\"> <span class=\"sya_sep\"> <\/span><\/span><a href=\"https:\/\/www.krakauer-haus.de\/kh-test\/index.php\/2005\/12\/09\/literatur-im-turm-ryszard-krynicki-lyriker-uebersetzer-herausgeber-einer-der-wichtigsten-vertreter-der-zeitgenoessischen-polnischen-lyrik\/\" class=\"sya_postlink post-457\" rel=\"bookmark\">10- 22.12.2005: Polnischer Weichnachtsmarkt im Biergarten des Krakauer Hauses<\/a><\/div><\/li><li class=\"\"><div class=\"sya_postcontent\"><span class=\"sya_date\"> <span class=\"sya_sep\"> <\/span><\/span><a href=\"https:\/\/www.krakauer-haus.de\/kh-test\/index.php\/2005\/11\/25\/literatur-im-turm-adam-zagajewski-der-klassiker-moderation-prof-dr-peter-horst-neumann\/\" class=\"sya_postlink post-451\" rel=\"bookmark\">Literatur im Turm &#8211; Adam Zagajewski &#8211; der Klassiker  Moderation &#8211; Prof. Dr. Peter Horst Neumann<\/a><\/div><\/li><li class=\"\"><div class=\"sya_postcontent\"><span class=\"sya_date\"> <span class=\"sya_sep\"> <\/span><\/span><a href=\"https:\/\/www.krakauer-haus.de\/kh-test\/index.php\/2005\/11\/06\/klassik-im-turm-junge-talente-cyprian-kohout-violoncello\/\" class=\"sya_postlink post-480\" rel=\"bookmark\">Klassik im Turm &#8211; Junge Talente:  Cyprian Kohout, Violoncello<\/a><\/div><\/li><li class=\"\"><div class=\"sya_postcontent\"><span class=\"sya_date\"> <span class=\"sya_sep\"> <\/span><\/span><a href=\"https:\/\/www.krakauer-haus.de\/kh-test\/index.php\/2005\/11\/05\/literatur-im-turm-slawomir-shuty-moderation-nora-eugenie-gomringer\/\" class=\"sya_postlink post-444\" rel=\"bookmark\">Literatur im Turm &#8211; S\u0142awomir Shuty  Moderation: Nora-Eugenie Gomringer<\/a><\/div><\/li><li class=\"\"><div class=\"sya_postcontent\"><span class=\"sya_date\"> <span class=\"sya_sep\"> <\/span><\/span><a href=\"https:\/\/www.krakauer-haus.de\/kh-test\/index.php\/2005\/10\/14\/ein-alchimistischer-abend-the-cracow-klezmer-band-und-zwei-vernissagen\/\" class=\"sya_postlink post-437\" rel=\"bookmark\">Ein Alchimistischer Abend &#8211; \u00bbThe Cracow Klezmer Band\u00ab und zwei Vernissagen<\/a><\/div><\/li><li class=\"\"><div class=\"sya_postcontent\"><span class=\"sya_date\"> <span class=\"sya_sep\"> <\/span><\/span><a href=\"https:\/\/www.krakauer-haus.de\/kh-test\/index.php\/2005\/10\/02\/klassik-im-turm-trio-portento-spielt-astor-piazolla\/\" class=\"sya_postlink post-427\" rel=\"bookmark\">Klassik im Turm &#8211; \u201eTrio Portento\u201c spielt Astor Piazolla<\/a><\/div><\/li><li class=\"\"><div class=\"sya_postcontent\"><span class=\"sya_date\"> <span class=\"sya_sep\"> <\/span><\/span><a href=\"https:\/\/www.krakauer-haus.de\/kh-test\/index.php\/2005\/09\/28\/buchpraesentation-marta-kijowska-krakau-spaziergang-durch-eine-dichterstadt\/\" class=\"sya_postlink post-432\" rel=\"bookmark\">Buchpr\u00e4sentation &#8211; Marta Kijowska,  Krakau. Spaziergang durch eine Dichterstadt<\/a><\/div><\/li><li class=\"\"><div class=\"sya_postcontent\"><span class=\"sya_date\"> <span class=\"sya_sep\"> <\/span><\/span><a href=\"https:\/\/www.krakauer-haus.de\/kh-test\/index.php\/2005\/09\/01\/zwischen-poesie-und-bigos-lange-absaetze-eine-performance-der-gruppe-bankomat\/\" class=\"sya_postlink post-477\" rel=\"bookmark\">Zwischen Poesie und Bigos:  \u201eLange Abs\u00e4tze\u201c, eine Performance der Gruppe Bankomat<\/a><\/div><\/li><li class=\"\"><div class=\"sya_postcontent\"><span class=\"sya_date\"> <span class=\"sya_sep\"> <\/span><\/span><a href=\"https:\/\/www.krakauer-haus.de\/kh-test\/index.php\/2005\/06\/27\/deutsche-und-polen-lachen-wir-anders\/\" class=\"sya_postlink post-417\" rel=\"bookmark\">Deutsche und Polen: \u201eLachen wir anders?\u201c<\/a><\/div><\/li><li class=\"\"><div class=\"sya_postcontent\"><span class=\"sya_date\"> <span class=\"sya_sep\"> <\/span><\/span><a href=\"https:\/\/www.krakauer-haus.de\/kh-test\/index.php\/2005\/06\/04\/musik-im-turm-que-passa-heisse-rhythmen-aus-krakau\/\" class=\"sya_postlink post-424\" rel=\"bookmark\">Musik im Turm: Que Passa &#8211; Heisse Rhythmen aus Krakau<\/a><\/div><\/li><li class=\"\"><div class=\"sya_postcontent\"><span class=\"sya_date\"> <span class=\"sya_sep\"> <\/span><\/span><a href=\"https:\/\/www.krakauer-haus.de\/kh-test\/index.php\/2005\/05\/12\/typisch-deutsch-zwischen-selbst-und-fremdbild\/\" class=\"sya_postlink post-471\" rel=\"bookmark\">\u201eTypisch deutsch? &#8211; Zwischen Selbst- und Fremdbild\u201c<\/a><\/div><\/li><li class=\"\"><div class=\"sya_postcontent\"><span class=\"sya_date\"> <span class=\"sya_sep\"> <\/span><\/span><a href=\"https:\/\/www.krakauer-haus.de\/kh-test\/index.php\/2005\/05\/07\/blaue-nacht-vom-pusten-und-quetschen-video-und-akkordeon-im-und-am-krakauer-haus\/\" class=\"sya_postlink post-420\" rel=\"bookmark\">\u201eBlaue Nacht\u201c \u201eVom Pusten und Quetschen\u201c Video und Akkordeon im und am Krakauer Haus<\/a><\/div><\/li><li class=\"\"><div class=\"sya_postcontent\"><span class=\"sya_date\"> <span class=\"sya_sep\"> <\/span><\/span><a href=\"https:\/\/www.krakauer-haus.de\/kh-test\/index.php\/2005\/04\/22\/wettbewerb-fuer-alle-die-polnisch-lernen\/\" class=\"sya_postlink post-469\" rel=\"bookmark\">Wettbewerb f\u00fcr alle, die Polnisch lernen<\/a><\/div><\/li><li class=\"\"><div class=\"sya_postcontent\"><span class=\"sya_date\"> <span class=\"sya_sep\"> <\/span><\/span><a href=\"https:\/\/www.krakauer-haus.de\/kh-test\/index.php\/2005\/04\/04\/michael-zeller-die-reise-nach-samosch\/\" class=\"sya_postlink post-467\" rel=\"bookmark\">Michael Zeller \u2013 \u201eDie Reise nach Samosch\u201c<\/a><\/div><\/li><li class=\"\"><div class=\"sya_postcontent\"><span class=\"sya_date\"> <span class=\"sya_sep\"> <\/span><\/span><a href=\"https:\/\/www.krakauer-haus.de\/kh-test\/index.php\/2005\/04\/03\/junge-talente-natalia-koziarz-piano\/\" class=\"sya_postlink post-465\" rel=\"bookmark\">Junge Talente: Natalia Koziarz, Piano<\/a><\/div><\/li><li class=\"\"><div class=\"sya_postcontent\"><span class=\"sya_date\"> <span class=\"sya_sep\"> <\/span><\/span><a href=\"https:\/\/www.krakauer-haus.de\/kh-test\/index.php\/2005\/03\/18\/duo-mit-werken-fuer-klavier-und-floete\/\" class=\"sya_postlink post-463\" rel=\"bookmark\">Duo mit Werken f\u00fcr Klavier und Fl\u00f6te<\/a><\/div><\/li><li class=\"\"><div class=\"sya_postcontent\"><span class=\"sya_date\"> <span class=\"sya_sep\"> <\/span><\/span><a href=\"https:\/\/www.krakauer-haus.de\/kh-test\/index.php\/2005\/02\/14\/jazzkonzert-am-valentinstag-beata-przybytek-quintet\/\" class=\"sya_postlink post-410\" rel=\"bookmark\">Jazzkonzert am Valentinstag &#8211; Beata Przybytek Quintet<\/a><\/div><\/li><li class=\"\"><div class=\"sya_postcontent\"><span class=\"sya_date\"> <span class=\"sya_sep\"> <\/span><\/span><a href=\"https:\/\/www.krakauer-haus.de\/kh-test\/index.php\/2005\/01\/01\/kino-im-turm-die-mitte-eine-filmvorfuehrung-und-disskusionsrunde-mit-dem-regisseur-stanislaw-mucha\/\" class=\"sya_postlink post-473\" rel=\"bookmark\">Kino im Turm: \u201eDie Mitte\u201c  eine Filmvorf\u00fchrung und Disskusionsrunde mit dem Regisseur Stanislaw Mucha<\/a><\/div><\/li><\/ul><a id=\"year2004\"><\/a><a href=\"https:\/\/www.krakauer-haus.de\/kh-test\/index.php\/2004\/\" rel=\"section\">2004<\/a><ul><li class=\"\"><div class=\"sya_postcontent\"><span class=\"sya_date\"> <span class=\"sya_sep\"> <\/span><\/span><a href=\"https:\/\/www.krakauer-haus.de\/kh-test\/index.php\/2004\/12\/08\/musik-im-turm-paulina-bisztyga-mit-ensamble\/\" class=\"sya_postlink post-407\" rel=\"bookmark\">Musik im Turm &#8211;  Paulina Bisztyga mit Ensamble<\/a><\/div><\/li><li class=\"\"><div class=\"sya_postcontent\"><span class=\"sya_date\"> <span class=\"sya_sep\"> <\/span><\/span><a href=\"https:\/\/www.krakauer-haus.de\/kh-test\/index.php\/2004\/11\/23\/buchpraesentation-und-autorenlesung-dorota-maslowska-schneeweiss-und-russenrot\/\" class=\"sya_postlink post-403\" rel=\"bookmark\">Buchpr\u00e4sentation und Autorenlesung:  Dorota Mas\u0142owska \u201eSchneewei\u00df und Russenrot\u201c<\/a><\/div><\/li><li class=\"\"><div class=\"sya_postcontent\"><span class=\"sya_date\"> <span class=\"sya_sep\"> <\/span><\/span><a href=\"https:\/\/www.krakauer-haus.de\/kh-test\/index.php\/2004\/11\/11\/buchpraesentation-und-autorenlesung-katarzyna-zimmerer-die-ermordete-welt-das-schicksal-der-krakauer-juden-von-1939-bis-1945-in-verbindung-mit-einer-vernissage-der-foto-ausstel\/\" class=\"sya_postlink post-395\" rel=\"bookmark\">Buchpr\u00e4sentation und Autorenlesung &#8211; Katarzyna Zimmerer:  \u201eDie Ermordete Welt. Das Schicksal der Krakauer Juden von 1939 bis 1945\u201c  in Verbindung mit einer Vernissage der Foto-Ausstellung \u201eDas magische Kazimierz\u201c von Elzbieta Lempp<\/a><\/div><\/li><li class=\"\"><div class=\"sya_postcontent\"><span class=\"sya_date\"> <span class=\"sya_sep\"> <\/span><\/span><a href=\"https:\/\/www.krakauer-haus.de\/kh-test\/index.php\/2004\/05\/15\/blaue-nacht\/\" class=\"sya_postlink post-387\" rel=\"bookmark\">Blaue Nacht<\/a><\/div><\/li><\/ul><a id=\"year2002\"><\/a><a href=\"https:\/\/www.krakauer-haus.de\/kh-test\/index.php\/2002\/\" rel=\"section\">2002<\/a><ul><li class=\"\"><div class=\"sya_postcontent\"><span class=\"sya_date\"> <span class=\"sya_sep\"> <\/span><\/span><a href=\"https:\/\/www.krakauer-haus.de\/kh-test\/index.php\/2002\/09\/02\/andrzej-stasiuk-olaf-kuehl-kamil-targosz-im-krakauer-haus\/\" class=\"sya_postlink post-361\" rel=\"bookmark\">Andrzej Stasiuk, Olaf K\u00fchl, Kamil Targosz im Krakauer Haus<\/a><\/div><\/li><li class=\"\"><div class=\"sya_postcontent\"><span class=\"sya_date\"> <span class=\"sya_sep\"> <\/span><\/span><a href=\"https:\/\/www.krakauer-haus.de\/kh-test\/index.php\/2002\/03\/01\/stasys-eidrigevicius\/\" class=\"sya_postlink post-374\" rel=\"bookmark\">Stasys Eidrigevicius<\/a><\/div><\/li><\/ul><a id=\"year2001\"><\/a><a href=\"https:\/\/www.krakauer-haus.de\/kh-test\/index.php\/2001\/\" rel=\"section\">2001<\/a><ul><li class=\"\"><div class=\"sya_postcontent\"><span class=\"sya_date\"> <span class=\"sya_sep\"> <\/span><\/span><a href=\"https:\/\/www.krakauer-haus.de\/kh-test\/index.php\/2001\/12\/01\/die-erzaehlungen-der-elf-scharfrichter-kabarett-revue-des-teatr-ludowy-krakau\/\" class=\"sya_postlink post-359\" rel=\"bookmark\">&#8222;Die Erz\u00e4hlungen der Elf Scharfrichter&#8220;  Kabarett-Revue des Teatr Ludowy, Krakau<\/a><\/div><\/li><li class=\"\"><div class=\"sya_postcontent\"><span class=\"sya_date\"> <span class=\"sya_sep\"> <\/span><\/span><a href=\"https:\/\/www.krakauer-haus.de\/kh-test\/index.php\/2001\/12\/01\/roma-ligocka-lesung-mit-der-autorin-das-maedchen-im-roten-mantel-ein-laecheln-eine-rose\/\" class=\"sya_postlink post-356\" rel=\"bookmark\">Roma Ligocka &#8211; Lesung mit der Autorin (&#8222;Das M\u00e4dchen im roten Mantel&#8220;, &#8222;Ein L\u00e4cheln, eine Rose&#8220;)<\/a><\/div><\/li><li class=\"\"><div class=\"sya_postcontent\"><span class=\"sya_date\"> <span class=\"sya_sep\"> <\/span><\/span><a href=\"https:\/\/www.krakauer-haus.de\/kh-test\/index.php\/2001\/09\/28\/otto-sander-las-in-nuernberg-aus-dem-werk-witold-gombrowiczs\/\" class=\"sya_postlink post-338\" rel=\"bookmark\">Otto Sander las in N\u00fcrnberg aus dem Werk Witold Gombrowiczs<\/a><\/div><\/li><li class=\"\"><div class=\"sya_postcontent\"><span class=\"sya_date\"> <span class=\"sya_sep\"> <\/span><\/span><a href=\"https:\/\/www.krakauer-haus.de\/kh-test\/index.php\/2001\/09\/01\/das-fuenfjaehrige-jubilaeum-des-krakauer-hauses-2\/\" class=\"sya_postlink post-352\" rel=\"bookmark\">Das f\u00fcnfj\u00e4hrige Jubil\u00e4um des Krakauer Hauses<\/a><\/div><\/li><li class=\"\"><div class=\"sya_postcontent\"><span class=\"sya_date\"> <span class=\"sya_sep\"> <\/span><\/span><a href=\"https:\/\/www.krakauer-haus.de\/kh-test\/index.php\/2001\/09\/01\/das-fuenfjaehrige-jubilaeum-des-krakauer-hauses\/\" class=\"sya_postlink post-348\" rel=\"bookmark\">Das f\u00fcnfj\u00e4hrige Jubil\u00e4um des Krakauer Hauses<\/a><\/div><\/li><li class=\"\"><div class=\"sya_postcontent\"><span class=\"sya_date\"> <span class=\"sya_sep\"> <\/span><\/span><a href=\"https:\/\/www.krakauer-haus.de\/kh-test\/index.php\/2001\/06\/01\/100-schwarz-weiss-fotografien-des-krakauer-kuenstlers-zbigniew-bielawka\/\" class=\"sya_postlink post-335\" rel=\"bookmark\">100 Schwarz-wei\u00df-Fotografien des Krakauer K\u00fcnstlers Zbigniew Bielawka<\/a><\/div><\/li><\/ul><\/div>\n<p><!-- \/divi:paragraph -->[\/et_pb_text][\/et_pb_column][et_pb_column type=&#8220;1_2&#8243; _builder_version=&#8220;4.23.2&#8243; _module_preset=&#8220;default&#8220; global_colors_info=&#8220;{}&#8220;][et_pb_video src=&#8220;https:\/\/vimeo.com\/1150211744&#8243; _builder_version=&#8220;4.27.5&#8243; _module_preset=&#8220;default&#8220; global_colors_info=&#8220;{}&#8220;][\/et_pb_video][et_pb_video src=&#8220;https:\/\/vimeo.com\/1039082636?share=copy&#8220; _builder_version=&#8220;4.27.3&#8243; _module_preset=&#8220;default&#8220; global_colors_info=&#8220;{}&#8220;][\/et_pb_video][et_pb_video src=&#8220;https:\/\/vimeo.com\/896326114?share=copy&#8220; _builder_version=&#8220;4.27.3&#8243; _module_preset=&#8220;default&#8220; global_colors_info=&#8220;{}&#8220;][\/et_pb_video][et_pb_video src=&#8220;https:\/\/vimeo.com\/790957741&#8243; _builder_version=&#8220;4.23.2&#8243; _module_preset=&#8220;default&#8220; global_colors_info=&#8220;{}&#8220;][\/et_pb_video][et_pb_nextend_smart_slider_3 _builder_version=&#8220;4.23.2&#8243; _module_preset=&#8220;default&#8220; global_colors_info=&#8220;{}&#8220;][\/et_pb_nextend_smart_slider_3][\/et_pb_column][\/et_pb_row][\/et_pb_section][et_pb_section fb_built=&#8220;1&#8243; disabled_on=&#8220;on|on|on&#8220; _builder_version=&#8220;4.16&#8243; disabled=&#8220;on&#8220; global_colors_info=&#8220;{}&#8220;][et_pb_row _builder_version=&#8220;4.16&#8243; background_size=&#8220;initial&#8220; background_position=&#8220;top_left&#8220; background_repeat=&#8220;repeat&#8220; global_colors_info=&#8220;{}&#8220;][et_pb_column type=&#8220;4_4&#8243; _builder_version=&#8220;4.16&#8243; custom_padding=&#8220;|||&#8220; global_colors_info=&#8220;{}&#8220; custom_padding__hover=&#8220;|||&#8220;][et_pb_text _builder_version=&#8220;4.16&#8243; background_size=&#8220;initial&#8220; background_position=&#8220;top_left&#8220; background_repeat=&#8220;repeat&#8220; global_colors_info=&#8220;{}&#8220;]<!-- divi:paragraph --><\/p>\n<div class=\"sya_container\" id=\"sya_container\"><a id=\"year2026\"><\/a><a href=\"https:\/\/www.krakauer-haus.de\/kh-test\/index.php\/2026\/\" rel=\"section\">2026<\/a><ul><li class=\"\"><div class=\"sya_postcontent\"><span class=\"sya_date\"> <span class=\"sya_sep\"> <\/span><\/span><a href=\"https:\/\/www.krakauer-haus.de\/kh-test\/index.php\/2026\/04\/19\/21-polnische-filmwoche\/\" class=\"sya_postlink post-12077\" rel=\"bookmark\">21. POLNISCHE FILMWOCHE<\/a><\/div><\/li><li class=\"\"><div class=\"sya_postcontent\"><span class=\"sya_date\"> <span class=\"sya_sep\"> <\/span><\/span><a href=\"https:\/\/www.krakauer-haus.de\/kh-test\/index.php\/2026\/04\/18\/komiks-gespraech-ueber-die-krakauer-comicszene\/\" class=\"sya_postlink post-12486\" rel=\"bookmark\">KOMIKS! Gespr\u00e4ch \u00fcber die Krakauer Comicszene<\/a><\/div><\/li><li class=\"\"><div class=\"sya_postcontent\"><span class=\"sya_date\"> <span class=\"sya_sep\"> <\/span><\/span><a href=\"https:\/\/www.krakauer-haus.de\/kh-test\/index.php\/2026\/03\/16\/artist-in-residency-comic\/\" class=\"sya_postlink post-12246\" rel=\"bookmark\">ARTIST-IN-RESIDENCE: COMIC<\/a><\/div><\/li><li class=\"\"><div class=\"sya_postcontent\"><span class=\"sya_date\"> <span class=\"sya_sep\"> <\/span><\/span><a href=\"https:\/\/www.krakauer-haus.de\/kh-test\/index.php\/2026\/03\/16\/artist-in-residency-students\/\" class=\"sya_postlink post-12235\" rel=\"bookmark\">ARTIST-IN-RESIDENCE: STUDENTS<\/a><\/div><\/li><\/ul><a id=\"year2025\"><\/a><a href=\"https:\/\/www.krakauer-haus.de\/kh-test\/index.php\/2025\/\" rel=\"section\">2025<\/a><ul><li class=\"\"><div class=\"sya_postcontent\"><span class=\"sya_date\"> <span class=\"sya_sep\"> <\/span><\/span><a href=\"https:\/\/www.krakauer-haus.de\/kh-test\/index.php\/2025\/12\/16\/inselkunst-2025-magdalena-lazar-und-thomas-may-2\/\" class=\"sya_postlink post-12088\" rel=\"bookmark\">Thomas May FOGGY FLYING ISLAND<\/a><\/div><\/li><li class=\"\"><div class=\"sya_postcontent\"><span class=\"sya_date\"> <span class=\"sya_sep\"> <\/span><\/span><a href=\"https:\/\/www.krakauer-haus.de\/kh-test\/index.php\/2025\/11\/23\/acidsitter\/\" class=\"sya_postlink post-11943\" rel=\"bookmark\">AcidSitter<\/a><\/div><\/li><li class=\"\"><div class=\"sya_postcontent\"><span class=\"sya_date\"> <span class=\"sya_sep\"> <\/span><\/span><a href=\"https:\/\/www.krakauer-haus.de\/kh-test\/index.php\/2025\/11\/22\/schneeppchen-2\/\" class=\"sya_postlink post-11963\" rel=\"bookmark\">SCHNEE*PPCHEN<\/a><\/div><\/li><li class=\"\"><div class=\"sya_postcontent\"><span class=\"sya_date\"> <span class=\"sya_sep\"> <\/span><\/span><a href=\"https:\/\/www.krakauer-haus.de\/kh-test\/index.php\/2025\/08\/29\/new-ground-performance-art-weekend\/\" class=\"sya_postlink post-11905\" rel=\"bookmark\">new ground performance &#8211; ART WEEKEND<\/a><\/div><\/li><li class=\"\"><div class=\"sya_postcontent\"><span class=\"sya_date\"> <span class=\"sya_sep\"> <\/span><\/span><a href=\"https:\/\/www.krakauer-haus.de\/kh-test\/index.php\/2025\/08\/29\/no-way-back-nadine-zenker-piotr-bujak\/\" class=\"sya_postlink post-11803\" rel=\"bookmark\">no way back &#8211; Nadine Zenker &#038; Piotr Bujak<\/a><\/div><\/li><li class=\"\"><div class=\"sya_postcontent\"><span class=\"sya_date\"> <span class=\"sya_sep\"> <\/span><\/span><a href=\"https:\/\/www.krakauer-haus.de\/kh-test\/index.php\/2025\/07\/21\/zuzanna-romanska\/\" class=\"sya_postlink post-11761\" rel=\"bookmark\">ARTIST IN RESIDENCE Zuzanna Romanska<\/a><\/div><\/li><li class=\"\"><div class=\"sya_postcontent\"><span class=\"sya_date\"> <span class=\"sya_sep\"> <\/span><\/span><a href=\"https:\/\/www.krakauer-haus.de\/kh-test\/index.php\/2025\/07\/20\/inselkunst-2025-magdalena-lazar-und-thomas-may\/\" class=\"sya_postlink post-11621\" rel=\"bookmark\">INSELKUNST 2025 \/ Magdalena Lazar und Thomas May<\/a><\/div><\/li><li class=\"\"><div class=\"sya_postcontent\"><span class=\"sya_date\"> <span class=\"sya_sep\"> <\/span><\/span><a href=\"https:\/\/www.krakauer-haus.de\/kh-test\/index.php\/2025\/07\/19\/prozession-iwona-demko\/\" class=\"sya_postlink post-11647\" rel=\"bookmark\">PROZESSION &#8211; IWONA DEMKO<\/a><\/div><\/li><li class=\"\"><div class=\"sya_postcontent\"><span class=\"sya_date\"> <span class=\"sya_sep\"> <\/span><\/span><a href=\"https:\/\/www.krakauer-haus.de\/kh-test\/index.php\/2025\/07\/16\/pimoa-chthulu-performance-von-malgorzata-markiewicz\/\" class=\"sya_postlink post-11237\" rel=\"bookmark\">PIMOA CHTHULU &#8211; Ma\u0142gorzata Markiewicz und Patryk Zakrocki<\/a><\/div><\/li><li class=\"\"><div class=\"sya_postcontent\"><span class=\"sya_date\"> <span class=\"sya_sep\"> <\/span><\/span><a href=\"https:\/\/www.krakauer-haus.de\/kh-test\/index.php\/2025\/07\/15\/lebenslinie-ausstellung-von-malgorzata-markiewicz\/\" class=\"sya_postlink post-11282\" rel=\"bookmark\">LEBENSLINIE &#8211; Ma\u0142gorzata Markiewicz<\/a><\/div><\/li><li class=\"\"><div class=\"sya_postcontent\"><span class=\"sya_date\"> <span class=\"sya_sep\"> <\/span><\/span><a href=\"https:\/\/www.krakauer-haus.de\/kh-test\/index.php\/2025\/06\/24\/presseinformationen\/\" class=\"sya_postlink post-11729\" rel=\"bookmark\">Presseinformationen:<\/a><\/div><\/li><li class=\"\"><div class=\"sya_postcontent\"><span class=\"sya_date\"> <span class=\"sya_sep\"> <\/span><\/span><a href=\"https:\/\/www.krakauer-haus.de\/kh-test\/index.php\/2025\/05\/13\/abschlusskonzert-der-20-polnischen-filmwoche\/\" class=\"sya_postlink post-11582\" rel=\"bookmark\">Abschlusskonzert der 20. Polnischen Filmwoche<\/a><\/div><\/li><li class=\"\"><div class=\"sya_postcontent\"><span class=\"sya_date\"> <span class=\"sya_sep\"> <\/span><\/span><a href=\"https:\/\/www.krakauer-haus.de\/kh-test\/index.php\/2025\/02\/01\/20-polnische-filmwoche\/\" class=\"sya_postlink post-11430\" rel=\"bookmark\">20. POLNISCHE FILMWOCHE<\/a><\/div><\/li><\/ul><a id=\"year2024\"><\/a><a href=\"https:\/\/www.krakauer-haus.de\/kh-test\/index.php\/2024\/\" rel=\"section\">2024<\/a><ul><li class=\"\"><div class=\"sya_postcontent\"><span class=\"sya_date\"> <span class=\"sya_sep\"> <\/span><\/span><a href=\"https:\/\/www.krakauer-haus.de\/kh-test\/index.php\/2024\/11\/19\/schneeppchen\/\" class=\"sya_postlink post-11168\" rel=\"bookmark\">Schnee*ppchen &#8211; eine Weihnachtsausstellung<\/a><\/div><\/li><li class=\"\"><div class=\"sya_postcontent\"><span class=\"sya_date\"> <span class=\"sya_sep\"> <\/span><\/span><a href=\"https:\/\/www.krakauer-haus.de\/kh-test\/index.php\/2024\/09\/26\/playground\/\" class=\"sya_postlink post-11026\" rel=\"bookmark\">PLAYGROUND<\/a><\/div><\/li><li class=\"\"><div class=\"sya_postcontent\"><span class=\"sya_date\"> <span class=\"sya_sep\"> <\/span><\/span><a href=\"https:\/\/www.krakauer-haus.de\/kh-test\/index.php\/2024\/08\/05\/testimony-boris-lurie-zeitgenoessische-kunst-aus-osteuropa-14-06-2024-17-11-2024\/\" class=\"sya_postlink post-10323\" rel=\"bookmark\">TESTIMONY BORIS LURIE &#038; ZEIT\u00adGE\u00adN\u00d6S\u00adSI\u00adSCHE KUNST AUS OST\u00adEU\u00adRO\u00adPA<\/a><\/div><\/li><li class=\"\"><div class=\"sya_postcontent\"><span class=\"sya_date\"> <span class=\"sya_sep\"> <\/span><\/span><a href=\"https:\/\/www.krakauer-haus.de\/kh-test\/index.php\/2024\/08\/04\/inselkunst-2024-dorota-hadrian-und-emilia-neumann\/\" class=\"sya_postlink post-10576\" rel=\"bookmark\">INSELKUNST 2024 \/ Dorota Hadrian und Emilia Neumann<\/a><\/div><\/li><li class=\"\"><div class=\"sya_postcontent\"><span class=\"sya_date\"> <span class=\"sya_sep\"> <\/span><\/span><a href=\"https:\/\/www.krakauer-haus.de\/kh-test\/index.php\/2024\/08\/03\/mural-huebnerstor-von-marcin-czaja\/\" class=\"sya_postlink post-10703\" rel=\"bookmark\">MURAL H\u00fcbnerstor von Marcin Czaja<\/a><\/div><\/li><li class=\"\"><div class=\"sya_postcontent\"><span class=\"sya_date\"> <span class=\"sya_sep\"> <\/span><\/span><a href=\"https:\/\/www.krakauer-haus.de\/kh-test\/index.php\/2024\/08\/03\/stadtverfuehrungen-schaetze\/\" class=\"sya_postlink post-10977\" rel=\"bookmark\">STADT(ver)F\u00dcHRUNGEN: Sch\u00e4tze<\/a><\/div><\/li><li class=\"\"><div class=\"sya_postcontent\"><span class=\"sya_date\"> <span class=\"sya_sep\"> <\/span><\/span><a href=\"https:\/\/www.krakauer-haus.de\/kh-test\/index.php\/2024\/07\/01\/strassenfest-45-jahre-staedtepartnerschaft\/\" class=\"sya_postlink post-10596\" rel=\"bookmark\">STRASSENFEST 45 Jahre St\u00e4dtepartnerschaft<\/a><\/div><\/li><li class=\"\"><div class=\"sya_postcontent\"><span class=\"sya_date\"> <span class=\"sya_sep\"> <\/span><\/span><a href=\"https:\/\/www.krakauer-haus.de\/kh-test\/index.php\/2024\/06\/30\/buehne-from-krakau-with-love\/\" class=\"sya_postlink post-10848\" rel=\"bookmark\">B\u00dcHNE from Krakau with Love<\/a><\/div><\/li><li class=\"\"><div class=\"sya_postcontent\"><span class=\"sya_date\"> <span class=\"sya_sep\"> <\/span><\/span><a href=\"https:\/\/www.krakauer-haus.de\/kh-test\/index.php\/2024\/06\/25\/kinderworkshops\/\" class=\"sya_postlink post-10770\" rel=\"bookmark\">KINDERWORKSHOPs<\/a><\/div><\/li><li class=\"\"><div class=\"sya_postcontent\"><span class=\"sya_date\"> <span class=\"sya_sep\"> <\/span><\/span><a href=\"https:\/\/www.krakauer-haus.de\/kh-test\/index.php\/2024\/06\/24\/nebeliger-billy-kindertheater\/\" class=\"sya_postlink post-10665\" rel=\"bookmark\">Billy Fog &#8211; KINDERTHEATER ab 10 Jahre<\/a><\/div><\/li><li class=\"\"><div class=\"sya_postcontent\"><span class=\"sya_date\"> <span class=\"sya_sep\"> <\/span><\/span><a href=\"https:\/\/www.krakauer-haus.de\/kh-test\/index.php\/2024\/06\/23\/automatisch-gespeicherter-entwurf\/\" class=\"sya_postlink post-10968\" rel=\"bookmark\">video INSELKUNST 2024<\/a><\/div><\/li><li class=\"\"><div class=\"sya_postcontent\"><span class=\"sya_date\"> <span class=\"sya_sep\"> <\/span><\/span><a href=\"https:\/\/www.krakauer-haus.de\/kh-test\/index.php\/2024\/04\/18\/hania-rani-ghosts\/\" class=\"sya_postlink post-10539\" rel=\"bookmark\">HANIA RANI &#8211; Ghosts<\/a><\/div><\/li><li class=\"\"><div class=\"sya_postcontent\"><span class=\"sya_date\"> <span class=\"sya_sep\"> <\/span><\/span><a href=\"https:\/\/www.krakauer-haus.de\/kh-test\/index.php\/2024\/04\/16\/deal-projektwoche-im-maxi-kunst\/\" class=\"sya_postlink post-10456\" rel=\"bookmark\">DEAL Projektwoche im MAXI Kunst<\/a><\/div><\/li><li class=\"\"><div class=\"sya_postcontent\"><span class=\"sya_date\"> <span class=\"sya_sep\"> <\/span><\/span><a href=\"https:\/\/www.krakauer-haus.de\/kh-test\/index.php\/2024\/04\/13\/umzug-happening\/\" class=\"sya_postlink post-10502\" rel=\"bookmark\">UMZUG Happening<\/a><\/div><\/li><li class=\"\"><div class=\"sya_postcontent\"><span class=\"sya_date\"> <span class=\"sya_sep\"> <\/span><\/span><a href=\"https:\/\/www.krakauer-haus.de\/kh-test\/index.php\/2024\/04\/10\/liebesgruesse-aus-kopenhagen-marta-stanislawa-sala-und-cheong-kin-man\/\" class=\"sya_postlink post-10298\" rel=\"bookmark\">LIEBESGR\u00dc\u00dfE AUS KOPENHAGEN \/ Marta Stanis\u0142awa Sala und Cheong Kin Man<\/a><\/div><\/li><li class=\"\"><div class=\"sya_postcontent\"><span class=\"sya_date\"> <span class=\"sya_sep\"> <\/span><\/span><a href=\"https:\/\/www.krakauer-haus.de\/kh-test\/index.php\/2024\/04\/07\/presse-liebesgruesse-19-4-16-5\/\" class=\"sya_postlink post-10421\" rel=\"bookmark\">PRESSE: Liebesgruesse 19.4.-16.5.<\/a><\/div><\/li><li class=\"\"><div class=\"sya_postcontent\"><span class=\"sya_date\"> <span class=\"sya_sep\"> <\/span><\/span><a href=\"https:\/\/www.krakauer-haus.de\/kh-test\/index.php\/2024\/04\/05\/19-polnische-filmwoche\/\" class=\"sya_postlink post-10286\" rel=\"bookmark\">19. POLNISCHE FILMWOCHE<\/a><\/div><\/li><li class=\"\"><div class=\"sya_postcontent\"><span class=\"sya_date\"> <span class=\"sya_sep\"> <\/span><\/span><a href=\"https:\/\/www.krakauer-haus.de\/kh-test\/index.php\/2024\/01\/28\/wohnwagen-dominik-stanislawski\/\" class=\"sya_postlink post-10276\" rel=\"bookmark\">WOHNWAGEN \/ DOMINIK STANIS\u0141AWSKI<\/a><\/div><\/li><\/ul><a id=\"year2023\"><\/a><a href=\"https:\/\/www.krakauer-haus.de\/kh-test\/index.php\/2023\/\" rel=\"section\">2023<\/a><ul><li class=\"\"><div class=\"sya_postcontent\"><span class=\"sya_date\"> <span class=\"sya_sep\"> <\/span><\/span><a href=\"https:\/\/www.krakauer-haus.de\/kh-test\/index.php\/2023\/12\/04\/modulgalerie-gloria-sogl-alicja-pakosz-maria-trunk-michal-zawada\/\" class=\"sya_postlink post-9867\" rel=\"bookmark\">ART WEEKEND N\u00dcRNBERG \/ MODULGALERIE &#8211; Kunst im Fach<\/a><\/div><\/li><li class=\"\"><div class=\"sya_postcontent\"><span class=\"sya_date\"> <span class=\"sya_sep\"> <\/span><\/span><a href=\"https:\/\/www.krakauer-haus.de\/kh-test\/index.php\/2023\/10\/05\/maxikunst-dominik-stanislawski\/\" class=\"sya_postlink post-10074\" rel=\"bookmark\">MAXIKUNST \/ DOMINIK STANIS\u0141AWSKI<\/a><\/div><\/li><li class=\"\"><div class=\"sya_postcontent\"><span class=\"sya_date\"> <span class=\"sya_sep\"> <\/span><\/span><a href=\"https:\/\/www.krakauer-haus.de\/kh-test\/index.php\/2023\/10\/03\/irrlicht-michal-zawada\/\" class=\"sya_postlink post-9857\" rel=\"bookmark\">ART WEEKEND N\u00dcRNBERG \/ IRRLICHT \/ MICHA\u0141 ZAWADA<\/a><\/div><\/li><li class=\"\"><div class=\"sya_postcontent\"><span class=\"sya_date\"> <span class=\"sya_sep\"> <\/span><\/span><a href=\"https:\/\/www.krakauer-haus.de\/kh-test\/index.php\/2023\/10\/02\/art-weekend-nuernberg-3\/\" class=\"sya_postlink post-9321\" rel=\"bookmark\">ART WEEKEND N\u00dcRNBERG \/ AMBIVIOLENZ<\/a><\/div><\/li><li class=\"\"><div class=\"sya_postcontent\"><span class=\"sya_date\"> <span class=\"sya_sep\"> <\/span><\/span><a href=\"https:\/\/www.krakauer-haus.de\/kh-test\/index.php\/2023\/10\/01\/ninja-episkopat-third-eye-of-the-poet-feat-szymon-paciora-local-support\/\" class=\"sya_postlink post-10005\" rel=\"bookmark\">NINJA EPISKOPAT \/ THIRD EYE OF THE POET \/ ZWeifel und CAECILIA<\/a><\/div><\/li><li class=\"\"><div class=\"sya_postcontent\"><span class=\"sya_date\"> <span class=\"sya_sep\"> <\/span><\/span><a href=\"https:\/\/www.krakauer-haus.de\/kh-test\/index.php\/2023\/09\/30\/olga-tokarczuk\/\" class=\"sya_postlink post-9843\" rel=\"bookmark\">OLGA TOKARCZUK<\/a><\/div><\/li><li class=\"\"><div class=\"sya_postcontent\"><span class=\"sya_date\"> <span class=\"sya_sep\"> <\/span><\/span><a href=\"https:\/\/www.krakauer-haus.de\/kh-test\/index.php\/2023\/07\/03\/inselkunst-2023\/\" class=\"sya_postlink post-9295\" rel=\"bookmark\">INSELKUNST 2023 \/ Rudyard Schmidt und Bartek W\u0119grzyn<\/a><\/div><\/li><li class=\"\"><div class=\"sya_postcontent\"><span class=\"sya_date\"> <span class=\"sya_sep\"> <\/span><\/span><a href=\"https:\/\/www.krakauer-haus.de\/kh-test\/index.php\/2023\/07\/02\/neal\/\" class=\"sya_postlink post-9931\" rel=\"bookmark\">NEAL<\/a><\/div><\/li><li class=\"\"><div class=\"sya_postcontent\"><span class=\"sya_date\"> <span class=\"sya_sep\"> <\/span><\/span><a href=\"https:\/\/www.krakauer-haus.de\/kh-test\/index.php\/2023\/07\/02\/artist-in-residence\/\" class=\"sya_postlink post-9559\" rel=\"bookmark\">ATELIER \/ DOMINIK STANIS\u0141AWSKI<\/a><\/div><\/li><li class=\"\"><div class=\"sya_postcontent\"><span class=\"sya_date\"> <span class=\"sya_sep\"> <\/span><\/span><a href=\"https:\/\/www.krakauer-haus.de\/kh-test\/index.php\/2023\/06\/30\/stadtverfuehrungen-2023\/\" class=\"sya_postlink post-9318\" rel=\"bookmark\">STADT(VER)F\u00dcHRUNGEN 2023<\/a><\/div><\/li><li class=\"\"><div class=\"sya_postcontent\"><span class=\"sya_date\"> <span class=\"sya_sep\"> <\/span><\/span><a href=\"https:\/\/www.krakauer-haus.de\/kh-test\/index.php\/2023\/01\/11\/polish-german-artexchange\/\" class=\"sya_postlink post-9553\" rel=\"bookmark\">CLOUD OF INBETWEENS<\/a><\/div><\/li><li class=\"\"><div class=\"sya_postcontent\"><span class=\"sya_date\"> <span class=\"sya_sep\"> <\/span><\/span><a href=\"https:\/\/www.krakauer-haus.de\/kh-test\/index.php\/2023\/01\/10\/kraftstoff-ausstellung-in-der-modulgalerie\/\" class=\"sya_postlink post-9243\" rel=\"bookmark\">TREIBSTOFF in der Modulgalerie<\/a><\/div><\/li><li class=\"\"><div class=\"sya_postcontent\"><span class=\"sya_date\"> <span class=\"sya_sep\"> <\/span><\/span><a href=\"https:\/\/www.krakauer-haus.de\/kh-test\/index.php\/2023\/01\/08\/blaue-nacht-2\/\" class=\"sya_postlink post-9271\" rel=\"bookmark\">BLAUE NACHT<\/a><\/div><\/li><li class=\"\"><div class=\"sya_postcontent\"><span class=\"sya_date\"> <span class=\"sya_sep\"> <\/span><\/span><a href=\"https:\/\/www.krakauer-haus.de\/kh-test\/index.php\/2023\/01\/07\/18-polnische-filmwoche\/\" class=\"sya_postlink post-9258\" rel=\"bookmark\">18. POLNISCHE FILMWOCHE<\/a><\/div><\/li><\/ul><a id=\"year2022\"><\/a><a href=\"https:\/\/www.krakauer-haus.de\/kh-test\/index.php\/2022\/\" rel=\"section\">2022<\/a><ul><li class=\"\"><div class=\"sya_postcontent\"><span class=\"sya_date\"> <span class=\"sya_sep\"> <\/span><\/span><a href=\"https:\/\/www.krakauer-haus.de\/kh-test\/index.php\/2022\/12\/11\/o-w-l-in-der-modulgalerie\/\" class=\"sya_postlink post-8991\" rel=\"bookmark\">O.W.L. in der Modulgalerie<\/a><\/div><\/li><li class=\"\"><div class=\"sya_postcontent\"><span class=\"sya_date\"> <span class=\"sya_sep\"> <\/span><\/span><a href=\"https:\/\/www.krakauer-haus.de\/kh-test\/index.php\/2022\/09\/22\/owl-la-vita-e-bella\/\" class=\"sya_postlink post-8872\" rel=\"bookmark\">OWL: La vita e bella<\/a><\/div><\/li><li class=\"\"><div class=\"sya_postcontent\"><span class=\"sya_date\"> <span class=\"sya_sep\"> <\/span><\/span><a href=\"https:\/\/www.krakauer-haus.de\/kh-test\/index.php\/2022\/09\/19\/geschichtensammler-in\/\" class=\"sya_postlink post-8659\" rel=\"bookmark\">GESCHICHTENSAMMLER_IN<\/a><\/div><\/li><li class=\"\"><div class=\"sya_postcontent\"><span class=\"sya_date\"> <span class=\"sya_sep\"> <\/span><\/span><a href=\"https:\/\/www.krakauer-haus.de\/kh-test\/index.php\/2022\/09\/18\/podiumsdiskussion-geschichtensammler_in\/\" class=\"sya_postlink post-8985\" rel=\"bookmark\">PODIUMSDISKUSSION: GESCHICHTENSAMMLER_IN<\/a><\/div><\/li><li class=\"\"><div class=\"sya_postcontent\"><span class=\"sya_date\"> <span class=\"sya_sep\"> <\/span><\/span><a href=\"https:\/\/www.krakauer-haus.de\/kh-test\/index.php\/2022\/09\/17\/das-hamlet-syndrom-ein-film-von-elwira-niewiera-und-piotr-rosolowski\/\" class=\"sya_postlink post-9251\" rel=\"bookmark\">DAS HAMLET SYNDROM Ein Film von Elwira Niewiera und Piotr Roso\u0142owski<\/a><\/div><\/li><li class=\"\"><div class=\"sya_postcontent\"><span class=\"sya_date\"> <span class=\"sya_sep\"> <\/span><\/span><a href=\"https:\/\/www.krakauer-haus.de\/kh-test\/index.php\/2022\/09\/10\/art-weekend-nuernberg-2\/\" class=\"sya_postlink post-8677\" rel=\"bookmark\">ART WEEKEND N\u00dcRNBERG<\/a><\/div><\/li><li class=\"\"><div class=\"sya_postcontent\"><span class=\"sya_date\"> <span class=\"sya_sep\"> <\/span><\/span><a href=\"https:\/\/www.krakauer-haus.de\/kh-test\/index.php\/2022\/08\/25\/inselkunst-2022-kunst-im-oeffentlichen-raum\/\" class=\"sya_postlink post-8424\" rel=\"bookmark\">INSELKUNST 2022 &#8211; Kunst im \u00f6ffentlichen Raum<\/a><\/div><\/li><li class=\"\"><div class=\"sya_postcontent\"><span class=\"sya_date\"> <span class=\"sya_sep\"> <\/span><\/span><a href=\"https:\/\/www.krakauer-haus.de\/kh-test\/index.php\/2022\/08\/24\/stadtverfuehrungen\/\" class=\"sya_postlink post-8806\" rel=\"bookmark\">STADT(VER)F\u00dcHRUNGEN<\/a><\/div><\/li><li class=\"\"><div class=\"sya_postcontent\"><span class=\"sya_date\"> <span class=\"sya_sep\"> <\/span><\/span><a href=\"https:\/\/www.krakauer-haus.de\/kh-test\/index.php\/2022\/08\/22\/polenallergie-2022\/\" class=\"sya_postlink post-8761\" rel=\"bookmark\">POLENALLERGIE 2022<\/a><\/div><\/li><li class=\"\"><div class=\"sya_postcontent\"><span class=\"sya_date\"> <span class=\"sya_sep\"> <\/span><\/span><a href=\"https:\/\/www.krakauer-haus.de\/kh-test\/index.php\/2022\/07\/01\/grenzenlos-nuernberg-trifft-krakau\/\" class=\"sya_postlink post-8650\" rel=\"bookmark\">GRENZENLOS : N\u00fcrnberg trifft Krakau<\/a><\/div><\/li><li class=\"\"><div class=\"sya_postcontent\"><span class=\"sya_date\"> <span class=\"sya_sep\"> <\/span><\/span><a href=\"https:\/\/www.krakauer-haus.de\/kh-test\/index.php\/2022\/06\/20\/burgerreise-2022\/\" class=\"sya_postlink post-8253\" rel=\"bookmark\">BURGERREISE 2022<\/a><\/div><\/li><li class=\"\"><div class=\"sya_postcontent\"><span class=\"sya_date\"> <span class=\"sya_sep\"> <\/span><\/span><a href=\"https:\/\/www.krakauer-haus.de\/kh-test\/index.php\/2022\/05\/23\/wojtek-blecharz-vala-t-foltyn\/\" class=\"sya_postlink post-8609\" rel=\"bookmark\">Wojtek Blecharz &#038; Vala T. Foltyn<\/a><\/div><\/li><li class=\"\"><div class=\"sya_postcontent\"><span class=\"sya_date\"> <span class=\"sya_sep\"> <\/span><\/span><a href=\"https:\/\/www.krakauer-haus.de\/kh-test\/index.php\/2022\/02\/09\/again-malgorzata-markiewicz-julia-medynska\/\" class=\"sya_postlink post-8164\" rel=\"bookmark\">AGAIN : Ma\u0142gorzata Markiewicz &#038; Julia Medy\u0144ska<\/a><\/div><\/li><li class=\"\"><div class=\"sya_postcontent\"><span class=\"sya_date\"> <span class=\"sya_sep\"> <\/span><\/span><a href=\"https:\/\/www.krakauer-haus.de\/kh-test\/index.php\/2022\/02\/09\/blaue-nacht-2022-sarapata-x-marcela-rybska\/\" class=\"sya_postlink post-8248\" rel=\"bookmark\">BLAUE NACHT 2022: SARAPATA X MARCELA RYBSKA<\/a><\/div><\/li><li class=\"\"><div class=\"sya_postcontent\"><span class=\"sya_date\"> <span class=\"sya_sep\"> <\/span><\/span><a href=\"https:\/\/www.krakauer-haus.de\/kh-test\/index.php\/2022\/02\/08\/blaue-nacht-2022-by-house-od-mice-modulgalerie\/\" class=\"sya_postlink post-8501\" rel=\"bookmark\">BLAUE NACHT 2022: HOUSE OF MICE \/ MODULGALERIE<\/a><\/div><\/li><li class=\"\"><div class=\"sya_postcontent\"><span class=\"sya_date\"> <span class=\"sya_sep\"> <\/span><\/span><a href=\"https:\/\/www.krakauer-haus.de\/kh-test\/index.php\/2022\/02\/07\/ausstellung-kuenstlergespraech\/\" class=\"sya_postlink post-8467\" rel=\"bookmark\">Justyna G\u00f3rowska \/ AUSSTELLUNG &#038; K\u00fcnstlergespr\u00e4ch<\/a><\/div><\/li><li class=\"\"><div class=\"sya_postcontent\"><span class=\"sya_date\"> <span class=\"sya_sep\"> <\/span><\/span><a href=\"https:\/\/www.krakauer-haus.de\/kh-test\/index.php\/2022\/02\/07\/film-17-polnische-filmwoche-2022\/\" class=\"sya_postlink post-8459\" rel=\"bookmark\">FILM: 17. POLNISCHE FILMWOCHE 2022<\/a><\/div><\/li><li class=\"\"><div class=\"sya_postcontent\"><span class=\"sya_date\"> <span class=\"sya_sep\"> <\/span><\/span><a href=\"https:\/\/www.krakauer-haus.de\/kh-test\/index.php\/2022\/02\/05\/lostfound-malgorzata-markiewicz-julia-medynska\/\" class=\"sya_postlink post-8441\" rel=\"bookmark\">lost&#038;found \/ MODULGALERIE<\/a><\/div><\/li><\/ul><a id=\"year2021\"><\/a><a href=\"https:\/\/www.krakauer-haus.de\/kh-test\/index.php\/2021\/\" rel=\"section\">2021<\/a><ul><li class=\"\"><div class=\"sya_postcontent\"><span class=\"sya_date\"> <span class=\"sya_sep\"> <\/span><\/span><a href=\"https:\/\/www.krakauer-haus.de\/kh-test\/index.php\/2021\/12\/31\/2021-rueckblick\/\" class=\"sya_postlink post-8131\" rel=\"bookmark\">2021 R\u00fcckblick<\/a><\/div><\/li><li class=\"\"><div class=\"sya_postcontent\"><span class=\"sya_date\"> <span class=\"sya_sep\"> <\/span><\/span><a href=\"https:\/\/www.krakauer-haus.de\/kh-test\/index.php\/2021\/10\/14\/agata-kus-later-than-you-think\/\" class=\"sya_postlink post-7550\" rel=\"bookmark\">AGATA KUS : Later than you think<\/a><\/div><\/li><li class=\"\"><div class=\"sya_postcontent\"><span class=\"sya_date\"> <span class=\"sya_sep\"> <\/span><\/span><a href=\"https:\/\/www.krakauer-haus.de\/kh-test\/index.php\/2021\/10\/13\/polnische-filmtage-im-herbst-2\/\" class=\"sya_postlink post-7664\" rel=\"bookmark\">Polnische Filmtage &#8230;im Herbst<\/a><\/div><\/li><li class=\"\"><div class=\"sya_postcontent\"><span class=\"sya_date\"> <span class=\"sya_sep\"> <\/span><\/span><a href=\"https:\/\/www.krakauer-haus.de\/kh-test\/index.php\/2021\/10\/12\/kurzfilmwettbewerb-spagat-szpagat\/\" class=\"sya_postlink post-6907\" rel=\"bookmark\">KURZFILMWETTBEWERB: SPAGAT \/ SZPAGAT<\/a><\/div><\/li><li class=\"\"><div class=\"sya_postcontent\"><span class=\"sya_date\"> <span class=\"sya_sep\"> <\/span><\/span><a href=\"https:\/\/www.krakauer-haus.de\/kh-test\/index.php\/2021\/10\/12\/malgorzata-wielekwielek-und-rene-radomsky-ich-kratze-den-getrockneten-schmutz-ab\/\" class=\"sya_postlink post-7688\" rel=\"bookmark\">Ma\u0142gorzata Wielek und Ren\u00e9 Radomsky<\/a><\/div><\/li><li class=\"\"><div class=\"sya_postcontent\"><span class=\"sya_date\"> <span class=\"sya_sep\"> <\/span><\/span><a href=\"https:\/\/www.krakauer-haus.de\/kh-test\/index.php\/2021\/10\/11\/kunst-inselkunst-2020-kunst-im-oeffentlichen-raum\/\" class=\"sya_postlink post-6928\" rel=\"bookmark\">INSELKUNST 2021 &#8211; Kunst im \u00f6ffentlichen Raum<\/a><\/div><\/li><li class=\"\"><div class=\"sya_postcontent\"><span class=\"sya_date\"> <span class=\"sya_sep\"> <\/span><\/span><a href=\"https:\/\/www.krakauer-haus.de\/kh-test\/index.php\/2021\/10\/10\/monika-drozynska-flaggen-2-meter-sichereitsabstand-und-covidismus\/\" class=\"sya_postlink post-5787\" rel=\"bookmark\">KUNST: MONIKA DRO\u017bY\u0143SKA: FLAGGEN<\/a><\/div><\/li><li class=\"\"><div class=\"sya_postcontent\"><span class=\"sya_date\"> <span class=\"sya_sep\"> <\/span><\/span><a href=\"https:\/\/www.krakauer-haus.de\/kh-test\/index.php\/2021\/09\/07\/zauberwort-festival\/\" class=\"sya_postlink post-7792\" rel=\"bookmark\">ZAUBERWORT FESTIVAL<\/a><\/div><\/li><li class=\"\"><div class=\"sya_postcontent\"><span class=\"sya_date\"> <span class=\"sya_sep\"> <\/span><\/span><a href=\"https:\/\/www.krakauer-haus.de\/kh-test\/index.php\/2021\/09\/06\/polenallergie-2021\/\" class=\"sya_postlink post-7437\" rel=\"bookmark\">POLENALLERGIE 2021<\/a><\/div><\/li><li class=\"\"><div class=\"sya_postcontent\"><span class=\"sya_date\"> <span class=\"sya_sep\"> <\/span><\/span><a href=\"https:\/\/www.krakauer-haus.de\/kh-test\/index.php\/2021\/09\/06\/ueber-das-schreiben-und-uebersetzen-leonhard-f-seidl-und-urszula-poprawska\/\" class=\"sya_postlink post-7570\" rel=\"bookmark\">\u201e\u00dcber das Schreiben und \u00dcbersetzen\u201c, Leonhard F. Seidl und Urszula Poprawska<\/a><\/div><\/li><li class=\"\"><div class=\"sya_postcontent\"><span class=\"sya_date\"> <span class=\"sya_sep\"> <\/span><\/span><a href=\"https:\/\/www.krakauer-haus.de\/kh-test\/index.php\/2021\/09\/05\/stadtverfuehrungen-2021\/\" class=\"sya_postlink post-7530\" rel=\"bookmark\">STADT(VER)F\u00dcHRUNGEN 2021<\/a><\/div><\/li><li class=\"\"><div class=\"sya_postcontent\"><span class=\"sya_date\"> <span class=\"sya_sep\"> <\/span><\/span><a href=\"https:\/\/www.krakauer-haus.de\/kh-test\/index.php\/2021\/09\/03\/agata-kus-neal-cassady\/\" class=\"sya_postlink post-7517\" rel=\"bookmark\">Art Weekend N\u00fcrnberg: AGATA KUS &#038; NEAL CASSADY<\/a><\/div><\/li><li class=\"\"><div class=\"sya_postcontent\"><span class=\"sya_date\"> <span class=\"sya_sep\"> <\/span><\/span><a href=\"https:\/\/www.krakauer-haus.de\/kh-test\/index.php\/2021\/08\/25\/krakauer-zu-haus\/\" class=\"sya_postlink post-6281\" rel=\"bookmark\">FILM: KRAKAUER (ZU) HAUS<\/a><\/div><\/li><li class=\"\"><div class=\"sya_postcontent\"><span class=\"sya_date\"> <span class=\"sya_sep\"> <\/span><\/span><a href=\"https:\/\/www.krakauer-haus.de\/kh-test\/index.php\/2021\/04\/24\/krakers-2021-no-hope\/\" class=\"sya_postlink post-6867\" rel=\"bookmark\">KRAKERS 2021: (no) HOPE<\/a><\/div><\/li><li class=\"\"><div class=\"sya_postcontent\"><span class=\"sya_date\"> <span class=\"sya_sep\"> <\/span><\/span><a href=\"https:\/\/www.krakauer-haus.de\/kh-test\/index.php\/2021\/04\/24\/glocke-soundart-in-krakau-und-nuernberg\/\" class=\"sya_postlink post-6953\" rel=\"bookmark\">KLINGT GUT !<\/a><\/div><\/li><li class=\"\"><div class=\"sya_postcontent\"><span class=\"sya_date\"> <span class=\"sya_sep\"> <\/span><\/span><a href=\"https:\/\/www.krakauer-haus.de\/kh-test\/index.php\/2021\/04\/24\/inselkunst-2021-vernissage\/\" class=\"sya_postlink post-6939\" rel=\"bookmark\">SUNDAY MORNING ORCHESTRA &#8211; VERNISSAGE MIT LIVE-MUSIK!<\/a><\/div><\/li><li class=\"\"><div class=\"sya_postcontent\"><span class=\"sya_date\"> <span class=\"sya_sep\"> <\/span><\/span><a href=\"https:\/\/www.krakauer-haus.de\/kh-test\/index.php\/2021\/04\/24\/film-polnische-filmtage\/\" class=\"sya_postlink post-6920\" rel=\"bookmark\">FILM: POLNISCHE FILMTage<\/a><\/div><\/li><\/ul><a id=\"year2020\"><\/a><a href=\"https:\/\/www.krakauer-haus.de\/kh-test\/index.php\/2020\/\" rel=\"section\">2020<\/a><ul><li class=\"\"><div class=\"sya_postcontent\"><span class=\"sya_date\"> <span class=\"sya_sep\"> <\/span><\/span><a href=\"https:\/\/www.krakauer-haus.de\/kh-test\/index.php\/2020\/10\/21\/alraune-und-karfoffeln-tomasz-krecicki-sebastian-troeger-ausstellung\/\" class=\"sya_postlink post-5250\" rel=\"bookmark\">KUNST: Alraune und Kartoffeln : Tomasz Kr\u0119cicki &#038; Sebastian Tr\u00f6ger<\/a><\/div><\/li><li class=\"\"><div class=\"sya_postcontent\"><span class=\"sya_date\"> <span class=\"sya_sep\"> <\/span><\/span><a href=\"https:\/\/www.krakauer-haus.de\/kh-test\/index.php\/2020\/10\/20\/krakers-2020\/\" class=\"sya_postlink post-6045\" rel=\"bookmark\">KUNST: KRAKERS 2020: Alraune und Kartoffeln<\/a><\/div><\/li><li class=\"\"><div class=\"sya_postcontent\"><span class=\"sya_date\"> <span class=\"sya_sep\"> <\/span><\/span><a href=\"https:\/\/www.krakauer-haus.de\/kh-test\/index.php\/2020\/10\/17\/mateusz-palka-trio-polenallergie-2020\/\" class=\"sya_postlink post-5759\" rel=\"bookmark\">MUSIK: MATEUSZ PA\u0141KA TRIO<\/a><\/div><\/li><li class=\"\"><div class=\"sya_postcontent\"><span class=\"sya_date\"> <span class=\"sya_sep\"> <\/span><\/span><a href=\"https:\/\/www.krakauer-haus.de\/kh-test\/index.php\/2020\/09\/15\/es-gibt-nichts-wovor-man-sich-fuerchten-muss-das-ist-nur-ein-maerchen-das-ist-keine-pfeife-das-ist-kein-maerchen\/\" class=\"sya_postlink post-5281\" rel=\"bookmark\">KUNST: Es gibt nichts, wovor man sich f\u00fcrchten muss. Das ist nur ein M\u00e4rchen. Das ist keine Pfeife. Das ist kein M\u00e4rchen.<\/a><\/div><\/li><li class=\"\"><div class=\"sya_postcontent\"><span class=\"sya_date\"> <span class=\"sya_sep\"> <\/span><\/span><a href=\"https:\/\/www.krakauer-haus.de\/kh-test\/index.php\/2020\/09\/14\/cinamon\/\" class=\"sya_postlink post-5734\" rel=\"bookmark\">MUSIK: CINEMON<\/a><\/div><\/li><li class=\"\"><div class=\"sya_postcontent\"><span class=\"sya_date\"> <span class=\"sya_sep\"> <\/span><\/span><a href=\"https:\/\/www.krakauer-haus.de\/kh-test\/index.php\/2020\/09\/13\/oskar-cenkier\/\" class=\"sya_postlink post-5712\" rel=\"bookmark\">MUSIK: OSKAR CENKIER<\/a><\/div><\/li><li class=\"\"><div class=\"sya_postcontent\"><span class=\"sya_date\"> <span class=\"sya_sep\"> <\/span><\/span><a href=\"https:\/\/www.krakauer-haus.de\/kh-test\/index.php\/2020\/06\/02\/inselkunst-2019-kunst-im-oeffentlichen-raum\/\" class=\"sya_postlink post-4895\" rel=\"bookmark\">KUNST: INSELKUNST 2020 &#8211; Kunst im \u00f6ffentlichen Raum<\/a><\/div><\/li><li class=\"\"><div class=\"sya_postcontent\"><span class=\"sya_date\"> <span class=\"sya_sep\"> <\/span><\/span><a href=\"https:\/\/www.krakauer-haus.de\/kh-test\/index.php\/2020\/06\/02\/marta-romankiv-lukasz-surowiec\/\" class=\"sya_postlink post-5674\" rel=\"bookmark\">FILM: Marta Romankiv  &#038;  \u0141ukasz Surowiec<\/a><\/div><\/li><li class=\"\"><div class=\"sya_postcontent\"><span class=\"sya_date\"> <span class=\"sya_sep\"> <\/span><\/span><a href=\"https:\/\/www.krakauer-haus.de\/kh-test\/index.php\/2020\/06\/02\/marta-romankiv-lukasz-surowiec-kuenstlergespraech-film-screening\/\" class=\"sya_postlink post-5332\" rel=\"bookmark\">KUNST: SHOW ME YOUR HANDS: Marta Romankiv  &#038;  \u0141ukasz Surowiec<\/a><\/div><\/li><li class=\"\"><div class=\"sya_postcontent\"><span class=\"sya_date\"> <span class=\"sya_sep\"> <\/span><\/span><a href=\"https:\/\/www.krakauer-haus.de\/kh-test\/index.php\/2020\/06\/02\/polnische-filmtage\/\" class=\"sya_postlink post-5180\" rel=\"bookmark\">FILM: POLNISCHE FILMTage<\/a><\/div><\/li><li class=\"\"><div class=\"sya_postcontent\"><span class=\"sya_date\"> <span class=\"sya_sep\"> <\/span><\/span><a href=\"https:\/\/www.krakauer-haus.de\/kh-test\/index.php\/2020\/06\/02\/art-weekend-nuernberg\/\" class=\"sya_postlink post-5418\" rel=\"bookmark\">KUNST: ART WEEKEND N\u00dcRNBERG<\/a><\/div><\/li><li class=\"\"><div class=\"sya_postcontent\"><span class=\"sya_date\"> <span class=\"sya_sep\"> <\/span><\/span><a href=\"https:\/\/www.krakauer-haus.de\/kh-test\/index.php\/2020\/06\/01\/inselkunst-2020-kunst-im-oeffentlichen-raum\/\" class=\"sya_postlink post-5400\" rel=\"bookmark\">KUNST &#038; MUSIK: INSELKUNST und ULI TSITSOS<\/a><\/div><\/li><li class=\"\"><div class=\"sya_postcontent\"><span class=\"sya_date\"> <span class=\"sya_sep\"> <\/span><\/span><a href=\"https:\/\/www.krakauer-haus.de\/kh-test\/index.php\/2020\/05\/30\/kinga-glyk\/\" class=\"sya_postlink post-5551\" rel=\"bookmark\">MUSIK: KINGA GLYK<\/a><\/div><\/li><\/ul><a id=\"year2019\"><\/a><a href=\"https:\/\/www.krakauer-haus.de\/kh-test\/index.php\/2019\/\" rel=\"section\">2019<\/a><ul><li class=\"\"><div class=\"sya_postcontent\"><span class=\"sya_date\"> <span class=\"sya_sep\"> <\/span><\/span><a href=\"https:\/\/www.krakauer-haus.de\/kh-test\/index.php\/2019\/12\/09\/winterpause\/\" class=\"sya_postlink post-4648\" rel=\"bookmark\">20. Dezember 2019 &#8211; 7. Januar 2020<\/a><\/div><\/li><li class=\"\"><div class=\"sya_postcontent\"><span class=\"sya_date\"> <span class=\"sya_sep\"> <\/span><\/span><a href=\"https:\/\/www.krakauer-haus.de\/kh-test\/index.php\/2019\/11\/08\/runforrest\/\" class=\"sya_postlink post-4503\" rel=\"bookmark\">MUSIK: runforrest<\/a><\/div><\/li><li class=\"\"><div class=\"sya_postcontent\"><span class=\"sya_date\"> <span class=\"sya_sep\"> <\/span><\/span><a href=\"https:\/\/www.krakauer-haus.de\/kh-test\/index.php\/2019\/11\/06\/woyzeck-t-raeume\/\" class=\"sya_postlink post-4140\" rel=\"bookmark\">THEATER: WOYZECK- T r\u00e4ume<\/a><\/div><\/li><li class=\"\"><div class=\"sya_postcontent\"><span class=\"sya_date\"> <span class=\"sya_sep\"> <\/span><\/span><a href=\"https:\/\/www.krakauer-haus.de\/kh-test\/index.php\/2019\/10\/15\/polenallergie-festival\/\" class=\"sya_postlink post-4227\" rel=\"bookmark\">MUSIK: PolenAllergie Festival<\/a><\/div><\/li><li class=\"\"><div class=\"sya_postcontent\"><span class=\"sya_date\"> <span class=\"sya_sep\"> <\/span><\/span><a href=\"https:\/\/www.krakauer-haus.de\/kh-test\/index.php\/2019\/10\/15\/geometrie\/\" class=\"sya_postlink post-3872\" rel=\"bookmark\">KUNST: Art Weekend N\u00fcrnberg: Fachrichtung GEOMETRIE<\/a><\/div><\/li><li class=\"\"><div class=\"sya_postcontent\"><span class=\"sya_date\"> <span class=\"sya_sep\"> <\/span><\/span><a href=\"https:\/\/www.krakauer-haus.de\/kh-test\/index.php\/2019\/10\/09\/40-jahre-staedtepartnerschaft-krakau-nuernberg\/\" class=\"sya_postlink post-3574\" rel=\"bookmark\">40 JAHRE ST\u00c4DTEPARTNERSCHAFT: KRAKAU-N\u00dcRNBERG<\/a><\/div><\/li><li class=\"\"><div class=\"sya_postcontent\"><span class=\"sya_date\"> <span class=\"sya_sep\"> <\/span><\/span><a href=\"https:\/\/www.krakauer-haus.de\/kh-test\/index.php\/2019\/10\/08\/strassenbahn-wettbewerb\/\" class=\"sya_postlink post-4283\" rel=\"bookmark\">STRASSENBAHN-WETTBEWERB<\/a><\/div><\/li><li class=\"\"><div class=\"sya_postcontent\"><span class=\"sya_date\"> <span class=\"sya_sep\"> <\/span><\/span><a href=\"https:\/\/www.krakauer-haus.de\/kh-test\/index.php\/2019\/10\/07\/strassenbahn\/\" class=\"sya_postlink post-4271\" rel=\"bookmark\">KUNST: Dominik Stanis\u0142awski: N8 &#8211; KUNSTINSTALLATION<\/a><\/div><\/li><li class=\"\"><div class=\"sya_postcontent\"><span class=\"sya_date\"> <span class=\"sya_sep\"> <\/span><\/span><a href=\"https:\/\/www.krakauer-haus.de\/kh-test\/index.php\/2019\/05\/26\/texttage-nuernberg\/\" class=\"sya_postlink post-3329\" rel=\"bookmark\">LITERTUR: texttage.nuernberg: Olga Tokarczuk<\/a><\/div><\/li><li class=\"\"><div class=\"sya_postcontent\"><span class=\"sya_date\"> <span class=\"sya_sep\"> <\/span><\/span><a href=\"https:\/\/www.krakauer-haus.de\/kh-test\/index.php\/2019\/04\/25\/inselkunst-2019\/\" class=\"sya_postlink post-3358\" rel=\"bookmark\">KUNST: INSELKUNST 2019 &#8211; Kunst im \u00f6ffentlichen Raum<\/a><\/div><\/li><li class=\"\"><div class=\"sya_postcontent\"><span class=\"sya_date\"> <span class=\"sya_sep\"> <\/span><\/span><a href=\"https:\/\/www.krakauer-haus.de\/kh-test\/index.php\/2019\/04\/13\/blaue-nacht-romantic-fellas-adam-cmiel\/\" class=\"sya_postlink post-2815\" rel=\"bookmark\">PERFORMANCE: BLAUE NACHT: ROMANTIC FELLAS &#038; ADAM CMIEL<\/a><\/div><\/li><li class=\"\"><div class=\"sya_postcontent\"><span class=\"sya_date\"> <span class=\"sya_sep\"> <\/span><\/span><a href=\"https:\/\/www.krakauer-haus.de\/kh-test\/index.php\/2019\/04\/11\/14-polnische-filmwoche\/\" class=\"sya_postlink post-3005\" rel=\"bookmark\">FILM: 14. POLNISCHE FILMWOCHE<\/a><\/div><\/li><li class=\"\"><div class=\"sya_postcontent\"><span class=\"sya_date\"> <span class=\"sya_sep\"> <\/span><\/span><a href=\"https:\/\/www.krakauer-haus.de\/kh-test\/index.php\/2019\/04\/11\/krakers-roza-duda-und-michal-soja\/\" class=\"sya_postlink post-2702\" rel=\"bookmark\">KUNST: KRAKERS: R\u00f3\u017ca Duda und Micha\u0142 Soja<\/a><\/div><\/li><li class=\"\"><div class=\"sya_postcontent\"><span class=\"sya_date\"> <span class=\"sya_sep\"> <\/span><\/span><a href=\"https:\/\/www.krakauer-haus.de\/kh-test\/index.php\/2019\/01\/22\/nepal-treffen\/\" class=\"sya_postlink post-1095\" rel=\"bookmark\">POLENREISEN TRIFFT DIE WELT: NEPAL<\/a><\/div><\/li><li class=\"\"><div class=\"sya_postcontent\"><span class=\"sya_date\"> <span class=\"sya_sep\"> <\/span><\/span><a href=\"https:\/\/www.krakauer-haus.de\/kh-test\/index.php\/2019\/01\/20\/ein-mongolischer-abend-mit-tunga-und-bata\/\" class=\"sya_postlink post-1087\" rel=\"bookmark\">POLENREISEN TRIFFT DIE WELT: MONGOLEI<\/a><\/div><\/li><li class=\"\"><div class=\"sya_postcontent\"><span class=\"sya_date\"> <span class=\"sya_sep\"> <\/span><\/span><a href=\"https:\/\/www.krakauer-haus.de\/kh-test\/index.php\/2019\/01\/02\/zauberwort\/\" class=\"sya_postlink post-1063\" rel=\"bookmark\">ZAUBERWORT<\/a><\/div><\/li><\/ul><a id=\"year2018\"><\/a><a href=\"https:\/\/www.krakauer-haus.de\/kh-test\/index.php\/2018\/\" rel=\"section\">2018<\/a><ul><li class=\"\"><div class=\"sya_postcontent\"><span class=\"sya_date\"> <span class=\"sya_sep\"> <\/span><\/span><a href=\"https:\/\/www.krakauer-haus.de\/kh-test\/index.php\/2018\/12\/09\/drachen-workshop\/\" class=\"sya_postlink post-77\" rel=\"bookmark\">DRACHEN-WORKSHOP: EINE KINDER-ELTERN-AKTION F\u00dcR KINDER VON 5 BIS 9 JAHREN<\/a><\/div><\/li><li class=\"\"><div class=\"sya_postcontent\"><span class=\"sya_date\"> <span class=\"sya_sep\"> <\/span><\/span><a href=\"https:\/\/www.krakauer-haus.de\/kh-test\/index.php\/2018\/11\/16\/der-boxer-autorenlesung-mit-szczepan-twardoch-moderation-uebersetzung-dr-olaf-kuehl\/\" class=\"sya_postlink post-279\" rel=\"bookmark\">\u201eDER BOXER\u201c. AUTORENLESUNG MIT SZCZEPAN TWARDOCH MODERATION\/\u00dcBERSETZUNG: DR. OLAF K\u00dcHL<\/a><\/div><\/li><li class=\"\"><div class=\"sya_postcontent\"><span class=\"sya_date\"> <span class=\"sya_sep\"> <\/span><\/span><a href=\"https:\/\/www.krakauer-haus.de\/kh-test\/index.php\/2018\/11\/11\/drachen-workshop-eine-kinder-eltern-aktion-fuer-kinder-von-5-bis-9-jahren\/\" class=\"sya_postlink post-284\" rel=\"bookmark\">KUNST: 10 X 10 VON ARTUR WABIK &#038; BARTOSZ DWORAK QUARTET<\/a><\/div><\/li><li class=\"\"><div class=\"sya_postcontent\"><span class=\"sya_date\"> <span class=\"sya_sep\"> <\/span><\/span><a href=\"https:\/\/www.krakauer-haus.de\/kh-test\/index.php\/2018\/06\/08\/inselkunst-kunst-im-oeffentlichen-raum\/\" class=\"sya_postlink post-2610\" rel=\"bookmark\">KUNST: INSELKUNST 2018 &#8211; Kunst im \u00f6ffentlichen Raum<\/a><\/div><\/li><li class=\"\"><div class=\"sya_postcontent\"><span class=\"sya_date\"> <span class=\"sya_sep\"> <\/span><\/span><a href=\"https:\/\/www.krakauer-haus.de\/kh-test\/index.php\/2018\/06\/02\/24h-nbg-krk-bln-wro-eine-kunstaktion\/\" class=\"sya_postlink post-2593\" rel=\"bookmark\">KUNST: 24H NBG\/KRK\/BLN\/WRO &#8211; EINE KUNSTAKTION<\/a><\/div><\/li><li class=\"\"><div class=\"sya_postcontent\"><span class=\"sya_date\"> <span class=\"sya_sep\"> <\/span><\/span><a href=\"https:\/\/www.krakauer-haus.de\/kh-test\/index.php\/2018\/05\/19\/pink-freud\/\" class=\"sya_postlink post-2590\" rel=\"bookmark\">PINK FREUD<\/a><\/div><\/li><li class=\"\"><div class=\"sya_postcontent\"><span class=\"sya_date\"> <span class=\"sya_sep\"> <\/span><\/span><a href=\"https:\/\/www.krakauer-haus.de\/kh-test\/index.php\/2018\/05\/05\/salk-aka-selkie-and-the-lighthouse-keepers\/\" class=\"sya_postlink post-2581\" rel=\"bookmark\">SALK AKA SELKIE  AND THE LIGHTHOUSE KEEPERS<\/a><\/div><\/li><li class=\"\"><div class=\"sya_postcontent\"><span class=\"sya_date\"> <span class=\"sya_sep\"> <\/span><\/span><a href=\"https:\/\/www.krakauer-haus.de\/kh-test\/index.php\/2018\/05\/01\/eine-podiumsdiskussion-zur-aktuellen-kulturpolitik-in-polen\/\" class=\"sya_postlink post-2584\" rel=\"bookmark\">EINE PODIUMSDISKUSSION ZUR AKTUELLEN  KULTURPOLITIK IN POLEN<\/a><\/div><\/li><li class=\"\"><div class=\"sya_postcontent\"><span class=\"sya_date\"> <span class=\"sya_sep\"> <\/span><\/span><a href=\"https:\/\/www.krakauer-haus.de\/kh-test\/index.php\/2018\/04\/22\/drachen-workshop-reihe-legenden-aus-krakau\/\" class=\"sya_postlink post-2617\" rel=\"bookmark\">DRACHEN-WORKSHOP (REIHE: LEGENDEN AUS KRAKAU)<\/a><\/div><\/li><li class=\"\"><div class=\"sya_postcontent\"><span class=\"sya_date\"> <span class=\"sya_sep\"> <\/span><\/span><a href=\"https:\/\/www.krakauer-haus.de\/kh-test\/index.php\/2018\/04\/19\/13-polnische-filmwoche-2018\/\" class=\"sya_postlink post-2587\" rel=\"bookmark\">13. POLNISCHE FILMWOCHE 2018<\/a><\/div><\/li><li class=\"\"><div class=\"sya_postcontent\"><span class=\"sya_date\"> <span class=\"sya_sep\"> <\/span><\/span><a href=\"https:\/\/www.krakauer-haus.de\/kh-test\/index.php\/2018\/03\/24\/trio-silberman-and-three-of-a-perfect-pair\/\" class=\"sya_postlink post-2573\" rel=\"bookmark\">TRIO SILBERMAN AND THREE OF A PERFECT PAIR<\/a><\/div><\/li><li class=\"\"><div class=\"sya_postcontent\"><span class=\"sya_date\"> <span class=\"sya_sep\"> <\/span><\/span><a href=\"https:\/\/www.krakauer-haus.de\/kh-test\/index.php\/2018\/01\/29\/ballet-des-nations-klingende-geographie-balet-dworski-cracovia-danza\/\" class=\"sya_postlink post-2565\" rel=\"bookmark\">BALLET DES NATIONS: \u201eKLINGENDE GEOGRAPHIE\u201c  BALET DWORSKI CRACOVIA DANZA<\/a><\/div><\/li><li class=\"\"><div class=\"sya_postcontent\"><span class=\"sya_date\"> <span class=\"sya_sep\"> <\/span><\/span><a href=\"https:\/\/www.krakauer-haus.de\/kh-test\/index.php\/2018\/01\/02\/erzaehlkunstfestival-zauberwort-3\/\" class=\"sya_postlink post-2562\" rel=\"bookmark\">ERZ\u00c4HLKUNSTFESTIVAL \u201eZAUBERWORT\u201c<\/a><\/div><\/li><\/ul><a id=\"year2017\"><\/a><a href=\"https:\/\/www.krakauer-haus.de\/kh-test\/index.php\/2017\/\" rel=\"section\">2017<\/a><ul><li class=\"\"><div class=\"sya_postcontent\"><span class=\"sya_date\"> <span class=\"sya_sep\"> <\/span><\/span><a href=\"https:\/\/www.krakauer-haus.de\/kh-test\/index.php\/2017\/12\/09\/weihnachtskonzert-piotr-wylezol-piano-solo\/\" class=\"sya_postlink post-2546\" rel=\"bookmark\">WEIHNACHTSKONZERT: PIOTR WYLE\u017bO\u0141 \/ PIANO SOLO<\/a><\/div><\/li><li class=\"\"><div class=\"sya_postcontent\"><span class=\"sya_date\"> <span class=\"sya_sep\"> <\/span><\/span><a href=\"https:\/\/www.krakauer-haus.de\/kh-test\/index.php\/2017\/12\/01\/video-found-footage-2017-dominik-stanislawski-witold-stelmachniewicz-michal-zawada-interpretieren-das-bekannte-motiv-nochmals-neu\/\" class=\"sya_postlink post-2559\" rel=\"bookmark\">NARRENSCHIFF:  DOMINIK STANIS\u0141AWSKI, WITOLD STELMACHNIEWICZ, MICHA\u0141 ZAWADA INTERPRETIEREN DAS BEKANNTE MOTIV NOCHMALS NEU<\/a><\/div><\/li><li class=\"\"><div class=\"sya_postcontent\"><span class=\"sya_date\"> <span class=\"sya_sep\"> <\/span><\/span><a href=\"https:\/\/www.krakauer-haus.de\/kh-test\/index.php\/2017\/11\/30\/wir-strebermigranten-buchvorstellung-und-gespraech-mit-emilia-smechowski-und-ewa-wanat\/\" class=\"sya_postlink post-2550\" rel=\"bookmark\">\u201eWIR STREBERMIGRANTEN\u201c- BUCHVORSTELLUNG UND GESPR\u00c4CH MIT EMILIA SMECHOWSKI UND EWA WANAT<\/a><\/div><\/li><li class=\"\"><div class=\"sya_postcontent\"><span class=\"sya_date\"> <span class=\"sya_sep\"> <\/span><\/span><a href=\"https:\/\/www.krakauer-haus.de\/kh-test\/index.php\/2017\/10\/14\/polenallergie-impfung-nr-9-2017-eine-konzertreihe\/\" class=\"sya_postlink post-2543\" rel=\"bookmark\">POLENALLERGIE: IMPFUNG NR. 9 \/ 2017                           EINE KONZERTREIHE<\/a><\/div><\/li><li class=\"\"><div class=\"sya_postcontent\"><span class=\"sya_date\"> <span class=\"sya_sep\"> <\/span><\/span><a href=\"https:\/\/www.krakauer-haus.de\/kh-test\/index.php\/2017\/09\/23\/solokonzert-von-radek-szarek-zu-malerei-von-wilhelm-sasnal-im-neuen-museum\/\" class=\"sya_postlink post-2528\" rel=\"bookmark\">SOLOKONZERT VON RADEK SZAREK ZU MALEREI VON WILHELM SASNAL IM NEUEN MUSEUM<\/a><\/div><\/li><li class=\"\"><div class=\"sya_postcontent\"><span class=\"sya_date\"> <span class=\"sya_sep\"> <\/span><\/span><a href=\"https:\/\/www.krakauer-haus.de\/kh-test\/index.php\/2017\/07\/16\/kuba-duda-solo-im-hemdendienst\/\" class=\"sya_postlink post-2525\" rel=\"bookmark\">KUBA DUDA SOLO, IM HEMDENDIENST<\/a><\/div><\/li><li class=\"\"><div class=\"sya_postcontent\"><span class=\"sya_date\"> <span class=\"sya_sep\"> <\/span><\/span><a href=\"https:\/\/www.krakauer-haus.de\/kh-test\/index.php\/2017\/07\/01\/inselkunst-2017-kornel-janczy-caspar-hueter\/\" class=\"sya_postlink post-2535\" rel=\"bookmark\">INSELKUNST 2017: KORNEL JANCZY + CASPAR H\u00dcTER<\/a><\/div><\/li><li class=\"\"><div class=\"sya_postcontent\"><span class=\"sya_date\"> <span class=\"sya_sep\"> <\/span><\/span><a href=\"https:\/\/www.krakauer-haus.de\/kh-test\/index.php\/2017\/06\/23\/parallelen-krk-nbg-vernissage\/\" class=\"sya_postlink post-2518\" rel=\"bookmark\">PARALLELEN \/\/ KRK-NBG: VERNISSAGE<\/a><\/div><\/li><li class=\"\"><div class=\"sya_postcontent\"><span class=\"sya_date\"> <span class=\"sya_sep\"> <\/span><\/span><a href=\"https:\/\/www.krakauer-haus.de\/kh-test\/index.php\/2017\/05\/14\/gaba-kulka-mit-band-abschlusskonzert-der-12-polnischen-filmwoche\/\" class=\"sya_postlink post-2511\" rel=\"bookmark\">GABA KULKA MIT BAND  &#8211; ABSCHLUSSKONZERT DER 12. POLNISCHEN FILMWOCHE<\/a><\/div><\/li><li class=\"\"><div class=\"sya_postcontent\"><span class=\"sya_date\"> <span class=\"sya_sep\"> <\/span><\/span><a href=\"https:\/\/www.krakauer-haus.de\/kh-test\/index.php\/2017\/05\/13\/polenreisen-trifft-die-welt-eine-veranstaltungsreihe-des-reisebueros-im-krakauer-haus\/\" class=\"sya_postlink post-2515\" rel=\"bookmark\">POLENREISEN TRIFFT DIE WELT  EINE VERANSTALTUNGSREIHE DES REISEB\u00dcROS IM KRAKAUER HAUS<\/a><\/div><\/li><li class=\"\"><div class=\"sya_postcontent\"><span class=\"sya_date\"> <span class=\"sya_sep\"> <\/span><\/span><a href=\"https:\/\/www.krakauer-haus.de\/kh-test\/index.php\/2017\/05\/06\/karolina-cicha-bart-palyga-9-languages-blaue-nacht-im-krakauer-haus\/\" class=\"sya_postlink post-2504\" rel=\"bookmark\">KAROLINA CICHA &#038; BART PA\u0141YGA: 9 LANGUAGES BLAUE NACHT IM KRAKAUER HAUS<\/a><\/div><\/li><li class=\"\"><div class=\"sya_postcontent\"><span class=\"sya_date\"> <span class=\"sya_sep\"> <\/span><\/span><a href=\"https:\/\/www.krakauer-haus.de\/kh-test\/index.php\/2017\/04\/27\/12-polnische-filmwoche-2017\/\" class=\"sya_postlink post-2508\" rel=\"bookmark\">12. POLNISCHE FILMWOCHE 2017<\/a><\/div><\/li><li class=\"\"><div class=\"sya_postcontent\"><span class=\"sya_date\"> <span class=\"sya_sep\"> <\/span><\/span><a href=\"https:\/\/www.krakauer-haus.de\/kh-test\/index.php\/2017\/01\/21\/polenreisen-trifft-die-welt-eine-veranstaltungsreihe-des-reisebueros-im-krakauer-haus-mongolischer-abend-27-1-und-nepal-treffen-21-1\/\" class=\"sya_postlink post-2481\" rel=\"bookmark\">POLENREISEN TRIFFT DIE WELT EINE VERANSTALTUNGSREIHE DES REISEB\u00dcROS IM KRAKAUER HAUS.  MONGOLISCHER ABEND (27.1.) UND NEPAL-TREFFEN (21.1.)<\/a><\/div><\/li><li class=\"\"><div class=\"sya_postcontent\"><span class=\"sya_date\"> <span class=\"sya_sep\"> <\/span><\/span><a href=\"https:\/\/www.krakauer-haus.de\/kh-test\/index.php\/2017\/01\/02\/kinder-eltern-aktion-die-legende-von-herrn-twardowski-im-germanischen-nationalmuseum\/\" class=\"sya_postlink post-2488\" rel=\"bookmark\">KINDER-ELTERN- AKTION: DIE LEGENDE VON HERRN TWARDOWSKI IM GERMANISCHEN NATIONALMUSEUM<\/a><\/div><\/li><li class=\"\"><div class=\"sya_postcontent\"><span class=\"sya_date\"> <span class=\"sya_sep\"> <\/span><\/span><a href=\"https:\/\/www.krakauer-haus.de\/kh-test\/index.php\/2017\/01\/02\/erzaehlkunstfestival-zauberwort-2\/\" class=\"sya_postlink post-2485\" rel=\"bookmark\">ERZ\u00c4HLKUNSTFESTIVAL \u201eZAUBERWORT\u201c<\/a><\/div><\/li><\/ul><a id=\"year2016\"><\/a><a href=\"https:\/\/www.krakauer-haus.de\/kh-test\/index.php\/2016\/\" rel=\"section\">2016<\/a><ul><li class=\"\"><div class=\"sya_postcontent\"><span class=\"sya_date\"> <span class=\"sya_sep\"> <\/span><\/span><a href=\"https:\/\/www.krakauer-haus.de\/kh-test\/index.php\/2016\/12\/03\/afro-groove-konzert-mit-magda-piskorczyk\/\" class=\"sya_postlink post-2478\" rel=\"bookmark\">AFRO GROOVE \u2013 KONZERT MIT MAGDA PISKORCZYK<\/a><\/div><\/li><li class=\"\"><div class=\"sya_postcontent\"><span class=\"sya_date\"> <span class=\"sya_sep\"> <\/span><\/span><a href=\"https:\/\/www.krakauer-haus.de\/kh-test\/index.php\/2016\/11\/01\/die-legende-von-herrn-twardowski-kinderworkshop-in-der-stadtbibliothek-fuer-schulklassen-und-kinder-ab-7-jahren-mit-kasia-prusik-lutz\/\" class=\"sya_postlink post-2475\" rel=\"bookmark\">DIE LEGENDE VON HERRN TWARDOWSKI  KINDERWORKSHOP  IN DER STADTBIBLIOTHEK  F\u00dcR SCHULKLASSEN UND KINDER AB 7 JAHREN  MIT KASIA PRUSIK-LUTZ<\/a><\/div><\/li><li class=\"\"><div class=\"sya_postcontent\"><span class=\"sya_date\"> <span class=\"sya_sep\"> <\/span><\/span><a href=\"https:\/\/www.krakauer-haus.de\/kh-test\/index.php\/2016\/10\/01\/polenallergie-impfung-nr-8-2016-eine-konzertreihe\/\" class=\"sya_postlink post-2472\" rel=\"bookmark\">POLENALLERGIE: IMPFUNG NR. 8 \/ 2016                           EINE KONZERTREIHE<\/a><\/div><\/li><li class=\"\"><div class=\"sya_postcontent\"><span class=\"sya_date\"> <span class=\"sya_sep\"> <\/span><\/span><a href=\"https:\/\/www.krakauer-haus.de\/kh-test\/index.php\/2016\/09\/14\/ein-deutsches-tagebuch-lesung-mit-stefan-chwin\/\" class=\"sya_postlink post-2469\" rel=\"bookmark\">&#8222;EIN DEUTSCHES TAGEBUCH&#8220; LESUNG MIT STEFAN CHWIN<\/a><\/div><\/li><li class=\"\"><div class=\"sya_postcontent\"><span class=\"sya_date\"> <span class=\"sya_sep\"> <\/span><\/span><a href=\"https:\/\/www.krakauer-haus.de\/kh-test\/index.php\/2016\/07\/08\/hejnal-mariacki-in-nuernberg-zum-20-jubilaeum-des-krakauer-hauses\/\" class=\"sya_postlink post-2466\" rel=\"bookmark\">\u201eHEJNA\u0141 MARIACKI\u201c IN N\u00dcRNBERG  ZUM 20. JUBIL\u00c4UM DES KRAKAUER HAUSES<\/a><\/div><\/li><li class=\"\"><div class=\"sya_postcontent\"><span class=\"sya_date\"> <span class=\"sya_sep\"> <\/span><\/span><a href=\"https:\/\/www.krakauer-haus.de\/kh-test\/index.php\/2016\/07\/08\/jubilaeumsfeier-zum-20-jubilaeum-des-krakauer-hauses\/\" class=\"sya_postlink post-2462\" rel=\"bookmark\">JUBIL\u00c4UMSFEIER ZUM 20. JUBIL\u00c4UM DES KRAKAUER HAUSES<\/a><\/div><\/li><li class=\"\"><div class=\"sya_postcontent\"><span class=\"sya_date\"> <span class=\"sya_sep\"> <\/span><\/span><a href=\"https:\/\/www.krakauer-haus.de\/kh-test\/index.php\/2016\/07\/08\/kunstprojekt-20-zum-20-jubilaeum-des-krakauer-hauses-und-des-nuernberger-hauses\/\" class=\"sya_postlink post-2457\" rel=\"bookmark\">\u201e20\u201c Ausstellung im \u00f6ffentlichen Raum<\/a><\/div><\/li><li class=\"\"><div class=\"sya_postcontent\"><span class=\"sya_date\"> <span class=\"sya_sep\"> <\/span><\/span><a href=\"https:\/\/www.krakauer-haus.de\/kh-test\/index.php\/2016\/07\/01\/poesie-aus-krakau-auf-den-nuernberger-strassen\/\" class=\"sya_postlink post-2454\" rel=\"bookmark\">POESIE AUS KRAKAU AUF DEN N\u00dcRNBERGER STRASSEN<\/a><\/div><\/li><li class=\"\"><div class=\"sya_postcontent\"><span class=\"sya_date\"> <span class=\"sya_sep\"> <\/span><\/span><a href=\"https:\/\/www.krakauer-haus.de\/kh-test\/index.php\/2016\/06\/26\/podiumsgespraech-zur-kultur-politischen-situation-und-den-aktuellen-entwicklungen-in-polen\/\" class=\"sya_postlink post-2443\" rel=\"bookmark\">PODIUMSGESPR\u00c4CH  ZUR (KULTUR-)POLITISCHEN SITUATION  UND DEN AKTUELLEN ENTWICKLUNGEN IN POLEN<\/a><\/div><\/li><li class=\"\"><div class=\"sya_postcontent\"><span class=\"sya_date\"> <span class=\"sya_sep\"> <\/span><\/span><a href=\"https:\/\/www.krakauer-haus.de\/kh-test\/index.php\/2016\/06\/23\/kozmik-blues-konzert-mit-natalia-natu-przybysz-und-band-im-rahmen-des-festivals-talking-about-borders\/\" class=\"sya_postlink post-2364\" rel=\"bookmark\">KOZMIK BLUES KONZERT MIT NATALIA \u201aNATU\u2018 PRZYBYSZ UND BAND IM RAHMEN DES FESTIVALS TALKING ABOUT BORDERS<\/a><\/div><\/li><li class=\"\"><div class=\"sya_postcontent\"><span class=\"sya_date\"> <span class=\"sya_sep\"> <\/span><\/span><a href=\"https:\/\/www.krakauer-haus.de\/kh-test\/index.php\/2016\/06\/01\/eine-blitzausstellung-food-doof-von-krakauer-und-nuernberger-kuenstlern\/\" class=\"sya_postlink post-2447\" rel=\"bookmark\">EINE BLITZAUSSTELLUNG &#8222;FOOD DOOF&#8220; VON KRAKAUER UND N\u00dcRNBERGER K\u00dcNSTLERN<\/a><\/div><\/li><li class=\"\"><div class=\"sya_postcontent\"><span class=\"sya_date\"> <span class=\"sya_sep\"> <\/span><\/span><a href=\"https:\/\/www.krakauer-haus.de\/kh-test\/index.php\/2016\/05\/13\/wojtek-mazolewski-quintet\/\" class=\"sya_postlink post-2361\" rel=\"bookmark\">WOJTEK MAZOLEWSKI QUINTET<\/a><\/div><\/li><li class=\"\"><div class=\"sya_postcontent\"><span class=\"sya_date\"> <span class=\"sya_sep\"> <\/span><\/span><a href=\"https:\/\/www.krakauer-haus.de\/kh-test\/index.php\/2016\/05\/07\/sympli-romatiko-welttraumtaenzer-mit-hausgemachten-synthiesounds\/\" class=\"sya_postlink post-2349\" rel=\"bookmark\">SYMPLI ROMATIK\u00d3  WELT(T)RAUMT\u00c4NZER MIT HAUSGEMACHTEN SYNTHIESOUNDS<\/a><\/div><\/li><li class=\"\"><div class=\"sya_postcontent\"><span class=\"sya_date\"> <span class=\"sya_sep\"> <\/span><\/span><a href=\"https:\/\/www.krakauer-haus.de\/kh-test\/index.php\/2016\/05\/04\/tymon-tymanski-transistors\/\" class=\"sya_postlink post-2355\" rel=\"bookmark\">TYMON TYMA\u0143SKI &#038; TRANSISTORS<\/a><\/div><\/li><li class=\"\"><div class=\"sya_postcontent\"><span class=\"sya_date\"> <span class=\"sya_sep\"> <\/span><\/span><a href=\"https:\/\/www.krakauer-haus.de\/kh-test\/index.php\/2016\/04\/28\/11-polnische-filmwoche-2016\/\" class=\"sya_postlink post-2358\" rel=\"bookmark\">11. POLNISCHE FILMWOCHE 2016<\/a><\/div><\/li><li class=\"\"><div class=\"sya_postcontent\"><span class=\"sya_date\"> <span class=\"sya_sep\"> <\/span><\/span><a href=\"https:\/\/www.krakauer-haus.de\/kh-test\/index.php\/2016\/03\/17\/matthias-nawrat-liest-die-vielen-tode-unseres-opas-jurek\/\" class=\"sya_postlink post-2335\" rel=\"bookmark\">MATTHIAS NAWRAT LIEST  \u201eDIE VIELEN TODE UNSERES OPAS JUREK\u201c<\/a><\/div><\/li><li class=\"\"><div class=\"sya_postcontent\"><span class=\"sya_date\"> <span class=\"sya_sep\"> <\/span><\/span><a href=\"https:\/\/www.krakauer-haus.de\/kh-test\/index.php\/2016\/03\/06\/przemyk-akustik-trio-renata-przemyk-mit-piotr-wojtanowski-und-grzegorz-palka\/\" class=\"sya_postlink post-2342\" rel=\"bookmark\">\u201ePRZEMYK AKUSTIK TRIO\u201c  RENATA PRZEMYK MIT PIOTR WOJTANOWSKI UND GRZEGORZ PALKA<\/a><\/div><\/li><\/ul><a id=\"year2015\"><\/a><a href=\"https:\/\/www.krakauer-haus.de\/kh-test\/index.php\/2015\/\" rel=\"section\">2015<\/a><ul><li class=\"\"><div class=\"sya_postcontent\"><span class=\"sya_date\"> <span class=\"sya_sep\"> <\/span><\/span><a href=\"https:\/\/www.krakauer-haus.de\/kh-test\/index.php\/2015\/12\/01\/ceratitis-capitata-by-pawel-szamburski\/\" class=\"sya_postlink post-2332\" rel=\"bookmark\">CERATITIS CAPITATA BY PAWEL SZAMBURSKI<\/a><\/div><\/li><li class=\"\"><div class=\"sya_postcontent\"><span class=\"sya_date\"> <span class=\"sya_sep\"> <\/span><\/span><a href=\"https:\/\/www.krakauer-haus.de\/kh-test\/index.php\/2015\/12\/01\/raphael-roginski-plays-john-coltrane-and-langston-hughes-african-mystic-music\/\" class=\"sya_postlink post-2329\" rel=\"bookmark\">RAPHAEL ROGINSKI PLAYS JOHN COLTRANE AND LANGSTON HUGHES \u2013 AFRICAN MYSTIC MUSIC<\/a><\/div><\/li><li class=\"\"><div class=\"sya_postcontent\"><span class=\"sya_date\"> <span class=\"sya_sep\"> <\/span><\/span><a href=\"https:\/\/www.krakauer-haus.de\/kh-test\/index.php\/2015\/11\/12\/polenallergie-impfung-nr-7-2015-eine-konzertreihe\/\" class=\"sya_postlink post-2306\" rel=\"bookmark\">POLENALLERGIE: IMPFUNG NR. 7 \/ 2015                           EINE KONZERTREIHE<\/a><\/div><\/li><li class=\"\"><div class=\"sya_postcontent\"><span class=\"sya_date\"> <span class=\"sya_sep\"> <\/span><\/span><a href=\"https:\/\/www.krakauer-haus.de\/kh-test\/index.php\/2015\/11\/11\/das-tier-in-meinem-bauch-und-andere-kindergeschichten-polnische-kinderliteratur-zum-anfassen-begegnungen-mit-polnischen-autoren-und-illustratoren-fuer-grosse-und-kleine-menschen\/\" class=\"sya_postlink post-2313\" rel=\"bookmark\">DAS TIER IN MEINEM BAUCH UND ANDERE KINDERGESCHICHTEN. POLNISCHE (KINDER)LITERATUR ZUM ANFASSEN &#8211; BEGEGNUNGEN MIT POLNISCHEN AUTOREN UND ILLUSTRATOREN F\u00dcR GROSSE UND KLEINE MENSCHEN<\/a><\/div><\/li><li class=\"\"><div class=\"sya_postcontent\"><span class=\"sya_date\"> <span class=\"sya_sep\"> <\/span><\/span><a href=\"https:\/\/www.krakauer-haus.de\/kh-test\/index.php\/2015\/10\/25\/polnische-filmwoche-spezial-unser-letzter-sommer-filmvorfuehrung-und-ein-publikumgespraech-mit-dem-regisseur-michal-rogalski\/\" class=\"sya_postlink post-2303\" rel=\"bookmark\">POLNISCHE-FILMWOCHE-SPEZIAL: &#8222;UNSER LETZTER SOMMER&#8220; FILMVORF\u00dcHRUNG UND EIN PUBLIKUMGESPR\u00c4CH  MIT DEM REGISSEUR MICHAL ROGALSKI.<\/a><\/div><\/li><li class=\"\"><div class=\"sya_postcontent\"><span class=\"sya_date\"> <span class=\"sya_sep\"> <\/span><\/span><a href=\"https:\/\/www.krakauer-haus.de\/kh-test\/index.php\/2015\/06\/19\/wojciech-pszoniak-auf-einladung-der-deutsch-polnischen-gesellschaft\/\" class=\"sya_postlink post-2300\" rel=\"bookmark\">WOJCIECH PSZONIAK  (AUF EINLADUNG DER DEUTSCH-POLNISCHEN GESELLSCHAFT)<\/a><\/div><\/li><li class=\"\"><div class=\"sya_postcontent\"><span class=\"sya_date\"> <span class=\"sya_sep\"> <\/span><\/span><a href=\"https:\/\/www.krakauer-haus.de\/kh-test\/index.php\/2015\/06\/13\/die-legende-vom-krakauer-drachen-eine-kinder-eltern-aktion-workshop-fuer-kinder-von-5-bis-9-jahren-zur-langen-monster-museumsnacht\/\" class=\"sya_postlink post-2285\" rel=\"bookmark\">DIE LEGENDE VOM KRAKAUER DRACHEN EINE KINDER-ELTERN-AKTION WORKSHOP F\u00dcR KINDER VON 5 BIS 9 JAHREN ZUR LANGEN MONSTER-MUSEUMSNACHT<\/a><\/div><\/li><li class=\"\"><div class=\"sya_postcontent\"><span class=\"sya_date\"> <span class=\"sya_sep\"> <\/span><\/span><a href=\"https:\/\/www.krakauer-haus.de\/kh-test\/index.php\/2015\/06\/01\/eine-sondervorfuehrung-des-filmes-rejs-mit-einem-kurzen-polnischkurs\/\" class=\"sya_postlink post-2281\" rel=\"bookmark\">EINE SONDERVORF\u00dcHRUNG DES FILMES &#8222;REJS&#8220;  MIT EINEM KURZEN POLNISCHKURS<\/a><\/div><\/li><li class=\"\"><div class=\"sya_postcontent\"><span class=\"sya_date\"> <span class=\"sya_sep\"> <\/span><\/span><a href=\"https:\/\/www.krakauer-haus.de\/kh-test\/index.php\/2015\/06\/01\/kurzfilme-von-roman-polanski-animationen-von-wladyslaw-starewicz-mit-livemusik-von-szaza-zur-blauen-nacht\/\" class=\"sya_postlink post-2278\" rel=\"bookmark\">KURZFILME VON ROMAN POLANSKI &#038;  ANIMATIONEN VON W\u0141ADYS\u0141AW STAREWICZ  MIT LIVEMUSIK VON SZAZA (ZUR BLAUEN NACHT)<\/a><\/div><\/li><li class=\"\"><div class=\"sya_postcontent\"><span class=\"sya_date\"> <span class=\"sya_sep\"> <\/span><\/span><a href=\"https:\/\/www.krakauer-haus.de\/kh-test\/index.php\/2015\/05\/23\/ircha-mikolaj-trzaska-clarinet-quartet\/\" class=\"sya_postlink post-2275\" rel=\"bookmark\">IRCHA &#8211; MIKO\u0141AJ TRZASKA CLARINET QUARTET<\/a><\/div><\/li><li class=\"\"><div class=\"sya_postcontent\"><span class=\"sya_date\"> <span class=\"sya_sep\"> <\/span><\/span><a href=\"https:\/\/www.krakauer-haus.de\/kh-test\/index.php\/2015\/04\/23\/10-polnische-filmwoche-2015\/\" class=\"sya_postlink post-2273\" rel=\"bookmark\">10. POLNISCHE FILMWOCHE 2015<\/a><\/div><\/li><li class=\"\"><div class=\"sya_postcontent\"><span class=\"sya_date\"> <span class=\"sya_sep\"> <\/span><\/span><a href=\"https:\/\/www.krakauer-haus.de\/kh-test\/index.php\/2015\/03\/01\/roman-polanski-als-regisseur-und-schauspieler-fotoausstellung\/\" class=\"sya_postlink post-2270\" rel=\"bookmark\">ROMAN POLANSKI ALS REGISSEUR UND SCHAUSPIELER &#8211; FOTOAUSSTELLUNG<\/a><\/div><\/li><li class=\"\"><div class=\"sya_postcontent\"><span class=\"sya_date\"> <span class=\"sya_sep\"> <\/span><\/span><a href=\"https:\/\/www.krakauer-haus.de\/kh-test\/index.php\/2015\/02\/26\/konzert-cukunft-klezmer-mit-zeitgenoessischem-sound\/\" class=\"sya_postlink post-2264\" rel=\"bookmark\">KONZERT: CUKUNFT &#8211; KLEZMER MIT ZEITGEN\u00d6SSISCHEM SOUND<\/a><\/div><\/li><li class=\"\"><div class=\"sya_postcontent\"><span class=\"sya_date\"> <span class=\"sya_sep\"> <\/span><\/span><a href=\"https:\/\/www.krakauer-haus.de\/kh-test\/index.php\/2015\/02\/01\/die-sendung-mit-dem-polnischen-akzent\/\" class=\"sya_postlink post-2261\" rel=\"bookmark\">DIE SENDUNG MIT DEM POLNISCHEN AKZENT<\/a><\/div><\/li><li class=\"\"><div class=\"sya_postcontent\"><span class=\"sya_date\"> <span class=\"sya_sep\"> <\/span><\/span><a href=\"https:\/\/www.krakauer-haus.de\/kh-test\/index.php\/2015\/01\/29\/lesung-marta-kijowska-kurier-der-erinnerung-das-leben-des-jan-karski\/\" class=\"sya_postlink post-2258\" rel=\"bookmark\">LESUNG: MARTA KIJOWSKA,  \u201eKURIER DER ERINNERUNG \u2013  DAS LEBEN DES JAN KARSKI\u201c<\/a><\/div><\/li><li class=\"\"><div class=\"sya_postcontent\"><span class=\"sya_date\"> <span class=\"sya_sep\"> <\/span><\/span><a href=\"https:\/\/www.krakauer-haus.de\/kh-test\/index.php\/2015\/01\/18\/kinder-machen-musik\/\" class=\"sya_postlink post-2252\" rel=\"bookmark\">KINDER MACHEN MUSIK<\/a><\/div><\/li><li class=\"\"><div class=\"sya_postcontent\"><span class=\"sya_date\"> <span class=\"sya_sep\"> <\/span><\/span><a href=\"https:\/\/www.krakauer-haus.de\/kh-test\/index.php\/2015\/01\/17\/aus-der-reihe-polenreisen-trifft-die-welt\/\" class=\"sya_postlink post-2255\" rel=\"bookmark\">AUS DER REIHE: POLENREISEN TRIFFT DIE WELT<\/a><\/div><\/li><li class=\"\"><div class=\"sya_postcontent\"><span class=\"sya_date\"> <span class=\"sya_sep\"> <\/span><\/span><a href=\"https:\/\/www.krakauer-haus.de\/kh-test\/index.php\/2015\/01\/16\/du-oder-ich-volkslieder-modern-interpretiert\/\" class=\"sya_postlink post-2246\" rel=\"bookmark\">\u201eDU ODER ICH\u201c &#8211;  VOLKSLIEDER MODERN INTERPRETIERT<\/a><\/div><\/li><li class=\"\"><div class=\"sya_postcontent\"><span class=\"sya_date\"> <span class=\"sya_sep\"> <\/span><\/span><a href=\"https:\/\/www.krakauer-haus.de\/kh-test\/index.php\/2015\/01\/02\/erzaehlkunstfestival-zauberwort\/\" class=\"sya_postlink post-2249\" rel=\"bookmark\">ERZ\u00c4HLKUNSTFESTIVAL ZAUBERWORT<\/a><\/div><\/li><\/ul><a id=\"year2014\"><\/a><a href=\"https:\/\/www.krakauer-haus.de\/kh-test\/index.php\/2014\/\" rel=\"section\">2014<\/a><ul><li class=\"\"><div class=\"sya_postcontent\"><span class=\"sya_date\"> <span class=\"sya_sep\"> <\/span><\/span><a href=\"https:\/\/www.krakauer-haus.de\/kh-test\/index.php\/2014\/12\/07\/neue-reihe-polenreisen-trifft-die-welt\/\" class=\"sya_postlink post-2237\" rel=\"bookmark\">NEUE REIHE: POLENREISEN TRIFFT DIE WELT<\/a><\/div><\/li><li class=\"\"><div class=\"sya_postcontent\"><span class=\"sya_date\"> <span class=\"sya_sep\"> <\/span><\/span><a href=\"https:\/\/www.krakauer-haus.de\/kh-test\/index.php\/2014\/11\/25\/podiumsdiskussion-zum-thema-was-ist-aus-dem-maidan-geworden\/\" class=\"sya_postlink post-2231\" rel=\"bookmark\">PODIUMSDISKUSSION ZUM THEMA  &#8222;WAS IST AUS DEM MAIDAN GEWORDEN?&#8220;<\/a><\/div><\/li><li class=\"\"><div class=\"sya_postcontent\"><span class=\"sya_date\"> <span class=\"sya_sep\"> <\/span><\/span><a href=\"https:\/\/www.krakauer-haus.de\/kh-test\/index.php\/2014\/11\/17\/fotoausstellung-von-vladyslaw-musienko-maidan-ukraine-europa-eine-revolution-der-wuerde\/\" class=\"sya_postlink post-2234\" rel=\"bookmark\">FOTOAUSSTELLUNG VON VLADYSLAW MUSIENKO  &#8222;MAIDAN UKRAINE EUROPA:  EINE REVOLUTION DER W\u00dcRDE&#8220;.<\/a><\/div><\/li><li class=\"\"><div class=\"sya_postcontent\"><span class=\"sya_date\"> <span class=\"sya_sep\"> <\/span><\/span><a href=\"https:\/\/www.krakauer-haus.de\/kh-test\/index.php\/2014\/11\/12\/polenallergie-impfung-nr-6-2014-eine-konzertreihe\/\" class=\"sya_postlink post-2229\" rel=\"bookmark\">POLENALLERGIE: IMPFUNG NR. 6 \/ 2014                           EINE KONZERTREIHE<\/a><\/div><\/li><li class=\"\"><div class=\"sya_postcontent\"><span class=\"sya_date\"> <span class=\"sya_sep\"> <\/span><\/span><a href=\"https:\/\/www.krakauer-haus.de\/kh-test\/index.php\/2014\/09\/25\/konzert-electronic-meets-jazz-tomek-grochot-electric-machine-ort-krakauer-haus\/\" class=\"sya_postlink post-2185\" rel=\"bookmark\">KONZERT: ELECTRONIC MEETS JAZZ TOMEK GROCHOT ELECTRIC MACHINE ORT: KRAKAUER HAUS<\/a><\/div><\/li><li class=\"\"><div class=\"sya_postcontent\"><span class=\"sya_date\"> <span class=\"sya_sep\"> <\/span><\/span><a href=\"https:\/\/www.krakauer-haus.de\/kh-test\/index.php\/2014\/09\/24\/fotoausstellung-mit-text-von-jutta-missbach-polnische-stimmen-zu-europa-wunsch-und-wirklichkeit-2004-2014-ort-internationales-haus-hans-sachs-platz\/\" class=\"sya_postlink post-2194\" rel=\"bookmark\">FOTOAUSSTELLUNG MIT TEXT \u2013 VON JUTTA MISSBACH POLNISCHE STIMMEN ZU EUROPA: WUNSCH UND WIRKLICHKEIT. 2004 | 2014 ORT: INTERNATIONALES HAUS, HANS SACHS PLATZ<\/a><\/div><\/li><li class=\"\"><div class=\"sya_postcontent\"><span class=\"sya_date\"> <span class=\"sya_sep\"> <\/span><\/span><a href=\"https:\/\/www.krakauer-haus.de\/kh-test\/index.php\/2014\/09\/14\/drachen-workshop-eine-kinder-eltern-aktion-fuer-kinder-von-5-bis-9-jahren-2\/\" class=\"sya_postlink post-2177\" rel=\"bookmark\">EINE KINDER-ELTERN-AKTION &#8211; WORKSHOP F\u00dcR KINDER VON 5 BIS 9 JAHREN  DIE LEGENDE VOM KRAKAUER DRACHEN  ORT: GERMANISCHES NATIONALMUSEUM, TREFFPUNKT IN DER EINGANGSHALLE<\/a><\/div><\/li><li class=\"\"><div class=\"sya_postcontent\"><span class=\"sya_date\"> <span class=\"sya_sep\"> <\/span><\/span><a href=\"https:\/\/www.krakauer-haus.de\/kh-test\/index.php\/2014\/09\/12\/fembohaus-burgstrasse-15-eine-tanzauffuehrung-rund-um-veit-stoss-und-die-buergerliche-und-hoefische-welt-des-15-jahrhunderts\/\" class=\"sya_postlink post-2206\" rel=\"bookmark\">FEMBOHAUS, BURGSTRASSE 15 EINE TANZAUFF\u00dcHRUNG RUND UM VEIT STOSS UND DIE B\u00dcRGERLICHE UND H\u00d6FISCHE WELT DES 15. JAHRHUNDERTS<\/a><\/div><\/li><li class=\"\"><div class=\"sya_postcontent\"><span class=\"sya_date\"> <span class=\"sya_sep\"> <\/span><\/span><a href=\"https:\/\/www.krakauer-haus.de\/kh-test\/index.php\/2014\/09\/07\/konzert-vladimirska-ort-hemdendienst-rothenburger-str-10-altes-fundamt-des-nuernberger-volksbads\/\" class=\"sya_postlink post-2200\" rel=\"bookmark\">KONZERT: VLADIMIRSKA. ORT: HEMDENDIENST, ROTHENBURGER STR. 10 (ALTES FUNDAMT DES N\u00dcRNBERGER VOLKSBADS)<\/a><\/div><\/li><li class=\"\"><div class=\"sya_postcontent\"><span class=\"sya_date\"> <span class=\"sya_sep\"> <\/span><\/span><a href=\"https:\/\/www.krakauer-haus.de\/kh-test\/index.php\/2014\/09\/06\/erstmalige-praesentation-eines-streichklaviers-in-deutschland-viola-organista-ort-st-egidien-nuernberg\/\" class=\"sya_postlink post-2218\" rel=\"bookmark\">ERSTMALIGE PR\u00c4SENTATION EINES \u201eSTREICHKLAVIERS\u201c IN DEUTSCHLAND VIOLA ORGANISTA ORT: ST. EGIDIEN N\u00dcRNBERG<\/a><\/div><\/li><li class=\"\"><div class=\"sya_postcontent\"><span class=\"sya_date\"> <span class=\"sya_sep\"> <\/span><\/span><a href=\"https:\/\/www.krakauer-haus.de\/kh-test\/index.php\/2014\/05\/03\/blaue-nacht-ms-no-one-konzerte-um-20-30-21-45-22-45-uhr\/\" class=\"sya_postlink post-2165\" rel=\"bookmark\">BLAUE NACHT MS. NO ONE &#8211; KONZERTE UM 20.30, 21.45, 22.45 UHR<\/a><\/div><\/li><li class=\"\"><div class=\"sya_postcontent\"><span class=\"sya_date\"> <span class=\"sya_sep\"> <\/span><\/span><a href=\"https:\/\/www.krakauer-haus.de\/kh-test\/index.php\/2014\/05\/01\/9-polnische-filmwoche-2014\/\" class=\"sya_postlink post-2174\" rel=\"bookmark\">9. POLNISCHE FILMWOCHE 2014<\/a><\/div><\/li><li class=\"\"><div class=\"sya_postcontent\"><span class=\"sya_date\"> <span class=\"sya_sep\"> <\/span><\/span><a href=\"https:\/\/www.krakauer-haus.de\/kh-test\/index.php\/2014\/04\/11\/klezzmates-moderne-klezmermusik-aus-krakau\/\" class=\"sya_postlink post-2151\" rel=\"bookmark\">KLEZZMATES \u2013 MODERNE KLEZMERMUSIK AUS KRAKAU<\/a><\/div><\/li><li class=\"\"><div class=\"sya_postcontent\"><span class=\"sya_date\"> <span class=\"sya_sep\"> <\/span><\/span><a href=\"https:\/\/www.krakauer-haus.de\/kh-test\/index.php\/2014\/04\/03\/ein-gespraech-ueber-die-grenzen-der-kunst-und-ueber-die-verantwortung-der-politisch-engagierten-fotografie\/\" class=\"sya_postlink post-2155\" rel=\"bookmark\">EIN GESPR\u00c4CH \u00dcBER DIE GRENZEN DER KUNST UND \u00dcBER DIE VERANTWORTUNG DER POLITISCH ENGAGIERTEN FOTOGRAFIE<\/a><\/div><\/li><li class=\"\"><div class=\"sya_postcontent\"><span class=\"sya_date\"> <span class=\"sya_sep\"> <\/span><\/span><a href=\"https:\/\/www.krakauer-haus.de\/kh-test\/index.php\/2014\/04\/01\/die-sendung-mit-dem-polnischen-akzent-seit-anfang-2013-jeden-2-und-4-mittwoch-im-monat-von-19-bis-20-uhr-bei-radio-z-958-mhz\/\" class=\"sya_postlink post-2162\" rel=\"bookmark\">DIE SENDUNG MIT DEM POLNISCHEN AKZENT  SEIT ANFANG 2013: JEDEN 2. UND 4. MITTWOCH IM MONAT VON 19 BIS 20 UHR BEI RADIO-Z 95,8 MHZ.<\/a><\/div><\/li><\/ul><a id=\"year2013\"><\/a><a href=\"https:\/\/www.krakauer-haus.de\/kh-test\/index.php\/2013\/\" rel=\"section\">2013<\/a><ul><li class=\"\"><div class=\"sya_postcontent\"><span class=\"sya_date\"> <span class=\"sya_sep\"> <\/span><\/span><a href=\"https:\/\/www.krakauer-haus.de\/kh-test\/index.php\/2013\/11\/23\/polenallergie-impfung-nr-5-2013-eine-konzertreihe\/\" class=\"sya_postlink post-2148\" rel=\"bookmark\">POLENALLERGIE: IMPFUNG NR. 5 \/ 2013                           EINE KONZERTREIHE<\/a><\/div><\/li><li class=\"\"><div class=\"sya_postcontent\"><span class=\"sya_date\"> <span class=\"sya_sep\"> <\/span><\/span><a href=\"https:\/\/www.krakauer-haus.de\/kh-test\/index.php\/2013\/09\/29\/ein-tag-mit-poesie-schere-und-katzen-gewidmet-wislawa-szymborska-im-heilig-geist-haus\/\" class=\"sya_postlink post-2144\" rel=\"bookmark\">EIN TAG MIT POESIE, SCHERE UND KATZEN \u2013  GEWIDMET WISLAWA SZYMBORSKA. IM HEILIG-GEIST-HAUS.<\/a><\/div><\/li><li class=\"\"><div class=\"sya_postcontent\"><span class=\"sya_date\"> <span class=\"sya_sep\"> <\/span><\/span><a href=\"https:\/\/www.krakauer-haus.de\/kh-test\/index.php\/2013\/09\/23\/wislawa-szymborska-collagen\/\" class=\"sya_postlink post-2141\" rel=\"bookmark\">WISLAWA SZYMBORSKA: COLLAGEN<\/a><\/div><\/li><li class=\"\"><div class=\"sya_postcontent\"><span class=\"sya_date\"> <span class=\"sya_sep\"> <\/span><\/span><a href=\"https:\/\/www.krakauer-haus.de\/kh-test\/index.php\/2013\/08\/10\/fest-der-partnerstaedte-im-tucherschloss\/\" class=\"sya_postlink post-2136\" rel=\"bookmark\">FEST DER PARTNERST\u00c4DTE IM TUCHERSCHLOSS<\/a><\/div><\/li><li class=\"\"><div class=\"sya_postcontent\"><span class=\"sya_date\"> <span class=\"sya_sep\"> <\/span><\/span><a href=\"https:\/\/www.krakauer-haus.de\/kh-test\/index.php\/2013\/05\/22\/the-goho-hobos-meet-limboski-kulturgarten-koenigstrasse-93\/\" class=\"sya_postlink post-2130\" rel=\"bookmark\">THE GOHO HOBOS MEET LIMBOSKI  KULTURGARTEN, K\u00d6NIGSTRASSE 93<\/a><\/div><\/li><li class=\"\"><div class=\"sya_postcontent\"><span class=\"sya_date\"> <span class=\"sya_sep\"> <\/span><\/span><a href=\"https:\/\/www.krakauer-haus.de\/kh-test\/index.php\/2013\/05\/04\/the-goho-hobos-meet-stadt-aus-draht\/\" class=\"sya_postlink post-2121\" rel=\"bookmark\">THE GOHO HOBOS MEET STADT AUS DRAHT<\/a><\/div><\/li><li class=\"\"><div class=\"sya_postcontent\"><span class=\"sya_date\"> <span class=\"sya_sep\"> <\/span><\/span><a href=\"https:\/\/www.krakauer-haus.de\/kh-test\/index.php\/2013\/04\/25\/8-polnische-filmwoche-2013\/\" class=\"sya_postlink post-2133\" rel=\"bookmark\">8. POLNISCHE FILMWOCHE 2013<\/a><\/div><\/li><li class=\"\"><div class=\"sya_postcontent\"><span class=\"sya_date\"> <span class=\"sya_sep\"> <\/span><\/span><a href=\"https:\/\/www.krakauer-haus.de\/kh-test\/index.php\/2013\/03\/03\/geva-alon-israel-vorgruppe-nick-june\/\" class=\"sya_postlink post-2103\" rel=\"bookmark\">GEVA ALON\/ISRAEL VORGRUPPE: NICK &#038; JUNE<\/a><\/div><\/li><li class=\"\"><div class=\"sya_postcontent\"><span class=\"sya_date\"> <span class=\"sya_sep\"> <\/span><\/span><a href=\"https:\/\/www.krakauer-haus.de\/kh-test\/index.php\/2013\/02\/21\/ich-bin-klein-aber-wichtig-die-kinderrepublik-des-janusz-korczak-ausstellung-mit-illustrationen-und-bilder-workshops-fuer-grundschulkinder\/\" class=\"sya_postlink post-2108\" rel=\"bookmark\">ICH BIN KLEIN, ABER WICHTIG DIE KINDERREPUBLIK DES JANUSZ KORCZAK AUSSTELLUNG MIT ILLUSTRATIONEN UND BILDER, WORKSHOPS F\u00dcR GRUNDSCHULKINDER<\/a><\/div><\/li><\/ul><a id=\"year2012\"><\/a><a href=\"https:\/\/www.krakauer-haus.de\/kh-test\/index.php\/2012\/\" rel=\"section\">2012<\/a><ul><li class=\"\"><div class=\"sya_postcontent\"><span class=\"sya_date\"> <span class=\"sya_sep\"> <\/span><\/span><a href=\"https:\/\/www.krakauer-haus.de\/kh-test\/index.php\/2012\/11\/16\/kabarett-piwnica-pod-baranami-keller-zu-den-widdern-aus-krakau\/\" class=\"sya_postlink post-2100\" rel=\"bookmark\">KABARETT &#8222;PIWNICA POD BARANAMI&#8220; (KELLER ZU DEN WIDDERN) AUS KRAKAU<\/a><\/div><\/li><li class=\"\"><div class=\"sya_postcontent\"><span class=\"sya_date\"> <span class=\"sya_sep\"> <\/span><\/span><a href=\"https:\/\/www.krakauer-haus.de\/kh-test\/index.php\/2012\/10\/04\/polenallergie-impfung-nr-4-2012-eine-konzertreihe\/\" class=\"sya_postlink post-2094\" rel=\"bookmark\">POLENALLERGIE: IMPFUNG NR. 4 \/ 2012                           EINE KONZERTREIHE<\/a><\/div><\/li><li class=\"\"><div class=\"sya_postcontent\"><span class=\"sya_date\"> <span class=\"sya_sep\"> <\/span><\/span><a href=\"https:\/\/www.krakauer-haus.de\/kh-test\/index.php\/2012\/05\/19\/skinny-patriny\/\" class=\"sya_postlink post-2091\" rel=\"bookmark\">SKINNY PATRINY<\/a><\/div><\/li><li class=\"\"><div class=\"sya_postcontent\"><span class=\"sya_date\"> <span class=\"sya_sep\"> <\/span><\/span><a href=\"https:\/\/www.krakauer-haus.de\/kh-test\/index.php\/2012\/05\/10\/zigeuner-musiktheater-terno\/\" class=\"sya_postlink post-2085\" rel=\"bookmark\">ZIGEUNER-MUSIKTHEATER TERNO<\/a><\/div><\/li><li class=\"\"><div class=\"sya_postcontent\"><span class=\"sya_date\"> <span class=\"sya_sep\"> <\/span><\/span><a href=\"https:\/\/www.krakauer-haus.de\/kh-test\/index.php\/2012\/04\/19\/7-polnische-filmwoche-2012\/\" class=\"sya_postlink post-2088\" rel=\"bookmark\">7. POLNISCHE FILMWOCHE 2012<\/a><\/div><\/li><li class=\"\"><div class=\"sya_postcontent\"><span class=\"sya_date\"> <span class=\"sya_sep\"> <\/span><\/span><a href=\"https:\/\/www.krakauer-haus.de\/kh-test\/index.php\/2012\/04\/11\/translola-weibliche-rockpower-aus-krakau\/\" class=\"sya_postlink post-2079\" rel=\"bookmark\">TRANSLOLA &#8211; WEIBLICHE ROCKPOWER AUS KRAKAU<\/a><\/div><\/li><li class=\"\"><div class=\"sya_postcontent\"><span class=\"sya_date\"> <span class=\"sya_sep\"> <\/span><\/span><a href=\"https:\/\/www.krakauer-haus.de\/kh-test\/index.php\/2012\/03\/21\/fussballfieber-ausstellungseroeffnung-die-mannschaft-11-kuenstler-aus-krakau-in-wechselnden-positionen\/\" class=\"sya_postlink post-2008\" rel=\"bookmark\">FUSSBALLFIEBER! AUSSTELLUNGSER\u00d6FFNUNG \u2013 DIE MANNSCHAFT. 11 K\u00dcNSTLER AUS KRAKAU IN WECHSELNDEN POSITIONEN<\/a><\/div><\/li><li class=\"\"><div class=\"sya_postcontent\"><span class=\"sya_date\"> <span class=\"sya_sep\"> <\/span><\/span><a href=\"https:\/\/www.krakauer-haus.de\/kh-test\/index.php\/2012\/03\/21\/fussballfieber-buchvorstellung-und-autorenlesung-thomas-urban-schwarze-adler-weisse-adler-deutsche-und-polnische-fussballer-im-raederwerk-der-politik\/\" class=\"sya_postlink post-2004\" rel=\"bookmark\">FUSSBALLFIEBER! BUCHVORSTELLUNG UND AUTORENLESUNG. THOMAS URBAN: &#8222;SCHWARZE ADLER &#8211; WEISSE ADLER. DEUTSCHE UND POLNISCHE FUSSBALLER IM R\u00c4DERWERK DER POLITIK&#8220;<\/a><\/div><\/li><li class=\"\"><div class=\"sya_postcontent\"><span class=\"sya_date\"> <span class=\"sya_sep\"> <\/span><\/span><a href=\"https:\/\/www.krakauer-haus.de\/kh-test\/index.php\/2012\/02\/14\/valentinstag-konzert-tomek-grochot-quintet\/\" class=\"sya_postlink post-1971\" rel=\"bookmark\">VALENTINSTAG: KONZERT TOMEK GROCHOT QUINTET<\/a><\/div><\/li><li class=\"\"><div class=\"sya_postcontent\"><span class=\"sya_date\"> <span class=\"sya_sep\"> <\/span><\/span><a href=\"https:\/\/www.krakauer-haus.de\/kh-test\/index.php\/2012\/02\/14\/vernissage-auch-ich-war-in-krakau\/\" class=\"sya_postlink post-1977\" rel=\"bookmark\">VERNISSAGE: AUCH ICH WAR IN KRAKAU!<\/a><\/div><\/li><li class=\"\"><div class=\"sya_postcontent\"><span class=\"sya_date\"> <span class=\"sya_sep\"> <\/span><\/span><a href=\"https:\/\/www.krakauer-haus.de\/kh-test\/index.php\/2012\/02\/10\/eine-gedenk-veranstaltung-zum-tode-von-wislawa-szymborska\/\" class=\"sya_postlink post-1966\" rel=\"bookmark\">EINE GEDENK-VERANSTALTUNG ZUM TODE VON WIS\u0141AWA SZYMBORSKA<\/a><\/div><\/li><\/ul><a id=\"year2011\"><\/a><a href=\"https:\/\/www.krakauer-haus.de\/kh-test\/index.php\/2011\/\" rel=\"section\">2011<\/a><ul><li class=\"\"><div class=\"sya_postcontent\"><span class=\"sya_date\"> <span class=\"sya_sep\"> <\/span><\/span><a href=\"https:\/\/www.krakauer-haus.de\/kh-test\/index.php\/2011\/12\/14\/vladimirska-weihnachtsabend-mit-konzert-und-ausstellung-mit-geschenkideen\/\" class=\"sya_postlink post-1958\" rel=\"bookmark\">VLADIMIRSKA. WEIHNACHTSABEND MIT KONZERT UND AUSSTELLUNG (MIT GESCHENKIDEEN!)<\/a><\/div><\/li><li class=\"\"><div class=\"sya_postcontent\"><span class=\"sya_date\"> <span class=\"sya_sep\"> <\/span><\/span><a href=\"https:\/\/www.krakauer-haus.de\/kh-test\/index.php\/2011\/12\/04\/lesung-mit-joanna-bator-sandberg-und-mit-ihrer-uebersetzerin-esther-kinsky\/\" class=\"sya_postlink post-1952\" rel=\"bookmark\">LESUNG MIT JOANNA BATOR (&#8222;SANDBERG&#8220;)  UND MIT IHRER \u00dcBERSETZERIN  ESTHER KINSKY<\/a><\/div><\/li><li class=\"\"><div class=\"sya_postcontent\"><span class=\"sya_date\"> <span class=\"sya_sep\"> <\/span><\/span><a href=\"https:\/\/www.krakauer-haus.de\/kh-test\/index.php\/2011\/10\/01\/veit-stoss-oder-wit-stwosz-wer-war-dieser-mann-der-in-krakau-zu-ruhm-und-reichtum-kam-und-doch-aus-heimweh-nach-nuernberg-zurueckkehrte\/\" class=\"sya_postlink post-1919\" rel=\"bookmark\">VORTRAG VON DR. THOMAS ESER (GNM) &#8211; VEIT STOSS ODER WIT STWOSZ \u2013 WER WAR DIESER MANN, DER IN KRAKAU ZU RUHM UND REICHTUM KAM UND DOCH AUS HEIMWEH NACH N\u00dcRNBERG ZUR\u00dcCKKEHRTE?<\/a><\/div><\/li><li class=\"\"><div class=\"sya_postcontent\"><span class=\"sya_date\"> <span class=\"sya_sep\"> <\/span><\/span><a href=\"https:\/\/www.krakauer-haus.de\/kh-test\/index.php\/2011\/09\/30\/die-stadt-der-blinden-das-open-air-spektakel-des-theaters-kto-aus-krakau\/\" class=\"sya_postlink post-1943\" rel=\"bookmark\">\u201eDIE STADT DER BLINDEN\u201c &#8211; DAS OPEN-AIR-SPEKTAKEL DES THEATERS KTO AUS KRAKAU<\/a><\/div><\/li><li class=\"\"><div class=\"sya_postcontent\"><span class=\"sya_date\"> <span class=\"sya_sep\"> <\/span><\/span><a href=\"https:\/\/www.krakauer-haus.de\/kh-test\/index.php\/2011\/09\/30\/dazwischen-eine-ausstellung-von-kuenstlern-aus-krakau-und-nuernberg\/\" class=\"sya_postlink post-1936\" rel=\"bookmark\">\u201eDAZWISCHEN\u201c EINE AUSSTELLUNG VON K\u00dcNSTLERN AUS KRAKAU UND N\u00dcRNBERG<\/a><\/div><\/li><li class=\"\"><div class=\"sya_postcontent\"><span class=\"sya_date\"> <span class=\"sya_sep\"> <\/span><\/span><a href=\"https:\/\/www.krakauer-haus.de\/kh-test\/index.php\/2011\/09\/29\/15-jahre-krakauer-haus-jubilaeumsfeier\/\" class=\"sya_postlink post-1906\" rel=\"bookmark\">15 JAHRE KRAKAUER HAUS &#8211; JUBIL\u00c4UMSFEIER<\/a><\/div><\/li><li class=\"\"><div class=\"sya_postcontent\"><span class=\"sya_date\"> <span class=\"sya_sep\"> <\/span><\/span><a href=\"https:\/\/www.krakauer-haus.de\/kh-test\/index.php\/2011\/09\/23\/czeslaw-spiewa-solo-act\/\" class=\"sya_postlink post-1914\" rel=\"bookmark\">CZES\u0141AW \u015aPIEWA SOLO ACT<\/a><\/div><\/li><li class=\"\"><div class=\"sya_postcontent\"><span class=\"sya_date\"> <span class=\"sya_sep\"> <\/span><\/span><a href=\"https:\/\/www.krakauer-haus.de\/kh-test\/index.php\/2011\/09\/16\/am-bauzaun-um-die-lorenzkirche-glanz-veit-stoss-altar-in-der-marienkirche-in-krakau\/\" class=\"sya_postlink post-1925\" rel=\"bookmark\">FOTOAUSSTELLUNG &#8211; AM BAUZAUN UM DIE LORENZKIRCHE: \u201eGLANZ\u201c \u2013 VEIT STOSS ALTAR IN DER MARIENKIRCHE IN KRAKAU<\/a><\/div><\/li><li class=\"\"><div class=\"sya_postcontent\"><span class=\"sya_date\"> <span class=\"sya_sep\"> <\/span><\/span><a href=\"https:\/\/www.krakauer-haus.de\/kh-test\/index.php\/2011\/09\/01\/lichtinstalation-zum-15-jubilaeum-des-krakauer-hauses\/\" class=\"sya_postlink post-1899\" rel=\"bookmark\">LICHTINSTALATION ZUM 15. JUBIL\u00c4UM DES KRAKAUER HAUSES<\/a><\/div><\/li><li class=\"\"><div class=\"sya_postcontent\"><span class=\"sya_date\"> <span class=\"sya_sep\"> <\/span><\/span><a href=\"https:\/\/www.krakauer-haus.de\/kh-test\/index.php\/2011\/07\/10\/opa-pablo-viersprachige-lesung-im-krakauer-haus\/\" class=\"sya_postlink post-1895\" rel=\"bookmark\">OPA PABLO. VIERSPRACHIGE LESUNG IM KRAKAUER HAUS<\/a><\/div><\/li><li class=\"\"><div class=\"sya_postcontent\"><span class=\"sya_date\"> <span class=\"sya_sep\"> <\/span><\/span><a href=\"https:\/\/www.krakauer-haus.de\/kh-test\/index.php\/2011\/05\/28\/blaue-nacht-paristetris-neue-musik-aus-warschau-exzentrisch-feurig-experimentierfreudig\/\" class=\"sya_postlink post-1888\" rel=\"bookmark\">BLAUE NACHT &#8211; PARISTETRIS \u2013 NEUE MUSIK AUS WARSCHAU  EXZENTRISCH, FEURIG, EXPERIMENTIERFREUDIG<\/a><\/div><\/li><li class=\"\"><div class=\"sya_postcontent\"><span class=\"sya_date\"> <span class=\"sya_sep\"> <\/span><\/span><a href=\"https:\/\/www.krakauer-haus.de\/kh-test\/index.php\/2011\/03\/30\/hallo-polska-axel-gercke-und-jurij-sychov-hlazun-ausstellungseroeffnung\/\" class=\"sya_postlink post-1863\" rel=\"bookmark\">\u201eHALLO POLSKA!\u201c AXEL GERCKE UND JURIJ SYCHOV-HLAZUN AUSSTELLUNGSER\u00d6FFNUNG<\/a><\/div><\/li><li class=\"\"><div class=\"sya_postcontent\"><span class=\"sya_date\"> <span class=\"sya_sep\"> <\/span><\/span><a href=\"https:\/\/www.krakauer-haus.de\/kh-test\/index.php\/2011\/03\/27\/heimisch-auf-fremden-sofas-erfahrungsberichte-von-couchsurfer\/\" class=\"sya_postlink post-1833\" rel=\"bookmark\">HEIMISCH AUF FREMDEN SOFAS &#8211; ERFAHRUNGSBERICHTE VON COUCHSURFER \/\/ FOLGE 2<\/a><\/div><\/li><li class=\"\"><div class=\"sya_postcontent\"><span class=\"sya_date\"> <span class=\"sya_sep\"> <\/span><\/span><a href=\"https:\/\/www.krakauer-haus.de\/kh-test\/index.php\/2011\/03\/20\/ein-abend-zu-ehren-von-wislawa-szymborska-nobelpreistraegerin-aus-krakau\/\" class=\"sya_postlink post-1875\" rel=\"bookmark\">EIN ABEND ZU EHREN VON WIS\u0141AWA SZYMBORSKA NOBELPREISTR\u00c4GERIN AUS KRAKAU<\/a><\/div><\/li><li class=\"\"><div class=\"sya_postcontent\"><span class=\"sya_date\"> <span class=\"sya_sep\"> <\/span><\/span><a href=\"https:\/\/www.krakauer-haus.de\/kh-test\/index.php\/2011\/03\/06\/6-polnische-filmwoche-2011\/\" class=\"sya_postlink post-1882\" rel=\"bookmark\">6. POLNISCHE FILMWOCHE 2011<\/a><\/div><\/li><li class=\"\"><div class=\"sya_postcontent\"><span class=\"sya_date\"> <span class=\"sya_sep\"> <\/span><\/span><a href=\"https:\/\/www.krakauer-haus.de\/kh-test\/index.php\/2011\/02\/01\/filmost-deutsch-polnischer-kurzfilmabend-im-filmhauskino\/\" class=\"sya_postlink post-1860\" rel=\"bookmark\">FILMOST. DEUTSCH-POLNISCHER KURZFILMABEND IM FILMHAUSKINO<\/a><\/div><\/li><li class=\"\"><div class=\"sya_postcontent\"><span class=\"sya_date\"> <span class=\"sya_sep\"> <\/span><\/span><a href=\"https:\/\/www.krakauer-haus.de\/kh-test\/index.php\/2011\/01\/30\/divertimenti-fuer-streich-trio\/\" class=\"sya_postlink post-1854\" rel=\"bookmark\">DIVERTIMENTI F\u00dcR STREICH-TRIO<\/a><\/div><\/li><li class=\"\"><div class=\"sya_postcontent\"><span class=\"sya_date\"> <span class=\"sya_sep\"> <\/span><\/span><a href=\"https:\/\/www.krakauer-haus.de\/kh-test\/index.php\/2011\/01\/27\/heimisch-auf-fremden-sofas-erfahrungsberichte-von-couchsurfer-2\/\" class=\"sya_postlink post-1843\" rel=\"bookmark\">HEIMISCH AUF FREMDEN SOFAS &#8211; ERFAHRUNGSBERICHTE VON COUCHSURFER<\/a><\/div><\/li><\/ul><a id=\"year2010\"><\/a><a href=\"https:\/\/www.krakauer-haus.de\/kh-test\/index.php\/2010\/\" rel=\"section\">2010<\/a><ul><li class=\"\"><div class=\"sya_postcontent\"><span class=\"sya_date\"> <span class=\"sya_sep\"> <\/span><\/span><a href=\"https:\/\/www.krakauer-haus.de\/kh-test\/index.php\/2010\/12\/05\/weihnachtskonzert-gruppe-trzy-dni-pozniej-drei-tage-spaeter\/\" class=\"sya_postlink post-1827\" rel=\"bookmark\">WEIHNACHTSKONZERT: GRUPPE \u201eTRZY DNI POZNIEJ\u201c (DREI TAGE SP\u00c4TER)<\/a><\/div><\/li><li class=\"\"><div class=\"sya_postcontent\"><span class=\"sya_date\"> <span class=\"sya_sep\"> <\/span><\/span><a href=\"https:\/\/www.krakauer-haus.de\/kh-test\/index.php\/2010\/11\/29\/verleihung-des-hermann-kesten-preises-an-das-krakauer-haus\/\" class=\"sya_postlink post-1817\" rel=\"bookmark\">VERLEIHUNG DES HERMANN-KESTEN-PREISES AN DAS KRAKAUER HAUS<\/a><\/div><\/li><li class=\"\"><div class=\"sya_postcontent\"><span class=\"sya_date\"> <span class=\"sya_sep\"> <\/span><\/span><a href=\"https:\/\/www.krakauer-haus.de\/kh-test\/index.php\/2010\/11\/23\/grenzueberschreitungen-kurzfilme-junger-regisseure-aus-europa-und-israel-im-filmhauskino-koenigstr-4\/\" class=\"sya_postlink post-1813\" rel=\"bookmark\">\u201eGRENZ\u00dcBERSCHREITUNGEN\u201c \u2013 KURZFILME JUNGER REGISSEURE AUS EUROPA UND ISRAEL. IM FILMHAUSKINO, K\u00d6NIGSTR. 4<\/a><\/div><\/li><li class=\"\"><div class=\"sya_postcontent\"><span class=\"sya_date\"> <span class=\"sya_sep\"> <\/span><\/span><a href=\"https:\/\/www.krakauer-haus.de\/kh-test\/index.php\/2010\/10\/21\/vernissage-kasia-prusik-olaf-lutz-duo-projekt\/\" class=\"sya_postlink post-1808\" rel=\"bookmark\">VERNISSAGE: KASIA PRUSIK &#8211; OLAF LUTZ, \u201eDUO.PROJEKT\u201c<\/a><\/div><\/li><li class=\"\"><div class=\"sya_postcontent\"><span class=\"sya_date\"> <span class=\"sya_sep\"> <\/span><\/span><a href=\"https:\/\/www.krakauer-haus.de\/kh-test\/index.php\/2010\/09\/25\/pechakucha-krakau-in-der-galerie-bernsteinzimmer-grossweidenmuehlstrasse-11\/\" class=\"sya_postlink post-1799\" rel=\"bookmark\">PECHAKUCHA \/\/ KRAKAU! IN DER GALERIE BERNSTEINZIMMER, GROSSWEIDENM\u00dcHLSTRASSE 11<\/a><\/div><\/li><li class=\"\"><div class=\"sya_postcontent\"><span class=\"sya_date\"> <span class=\"sya_sep\"> <\/span><\/span><a href=\"https:\/\/www.krakauer-haus.de\/kh-test\/index.php\/2010\/09\/16\/vernissage-elzbieta-lempp-fotogeschichten-konzert-ms-no-one\/\" class=\"sya_postlink post-1778\" rel=\"bookmark\">VERNISSAGE: ELZBIETA LEMPP, FOTOGESCHICHTEN + KONZERT: MS. NO ONE<\/a><\/div><\/li><li class=\"\"><div class=\"sya_postcontent\"><span class=\"sya_date\"> <span class=\"sya_sep\"> <\/span><\/span><a href=\"https:\/\/www.krakauer-haus.de\/kh-test\/index.php\/2010\/06\/23\/boguslaw-bachorczyk-herrenschnitte-ausstellungseroeffnung-ehrenhalle-des-rathauses-wolffscher-bau-rathausplatz-2\/\" class=\"sya_postlink post-1788\" rel=\"bookmark\">BOGUSLAW BACHORCZYK: HERRENSCHNITTE. AUSSTELLUNGSER\u00d6FFNUNG. EHRENHALLE DES RATHAUSES WOLFFSCHER BAU, RATHAUSPLATZ 2<\/a><\/div><\/li><li class=\"\"><div class=\"sya_postcontent\"><span class=\"sya_date\"> <span class=\"sya_sep\"> <\/span><\/span><a href=\"https:\/\/www.krakauer-haus.de\/kh-test\/index.php\/2010\/06\/10\/polenallergie-impfung-nr-3-2010-eine-konzertreihe\/\" class=\"sya_postlink post-1772\" rel=\"bookmark\">POLENALLERGIE: IMPFUNG NR. 3 \/ 2010                           EINE KONZERTREIHE<\/a><\/div><\/li><li class=\"\"><div class=\"sya_postcontent\"><span class=\"sya_date\"> <span class=\"sya_sep\"> <\/span><\/span><a href=\"https:\/\/www.krakauer-haus.de\/kh-test\/index.php\/2010\/05\/15\/blaue-nacht-czeslaw-spiewa\/\" class=\"sya_postlink post-1756\" rel=\"bookmark\">BLAUE NACHT: CZES\u0141AW \u015aPIEWA<\/a><\/div><\/li><li class=\"\"><div class=\"sya_postcontent\"><span class=\"sya_date\"> <span class=\"sya_sep\"> <\/span><\/span><a href=\"https:\/\/www.krakauer-haus.de\/kh-test\/index.php\/2010\/05\/10\/kindergitarrenkonzert\/\" class=\"sya_postlink post-1764\" rel=\"bookmark\">KINDERGITARRENKONZERT<\/a><\/div><\/li><li class=\"\"><div class=\"sya_postcontent\"><span class=\"sya_date\"> <span class=\"sya_sep\"> <\/span><\/span><a href=\"https:\/\/www.krakauer-haus.de\/kh-test\/index.php\/2010\/04\/29\/5-polnische-filmwoche-2010\/\" class=\"sya_postlink post-1753\" rel=\"bookmark\">5. POLNISCHE FILMWOCHE 2010<\/a><\/div><\/li><li class=\"\"><div class=\"sya_postcontent\"><span class=\"sya_date\"> <span class=\"sya_sep\"> <\/span><\/span><a href=\"https:\/\/www.krakauer-haus.de\/kh-test\/index.php\/2010\/02\/14\/valentinstag-marek-batorski-jazzer-und-maler-aus-krakau\/\" class=\"sya_postlink post-1739\" rel=\"bookmark\">VALENTINSTAG: MAREK BATORSKI, JAZZER UND MALER AUS KRAKAU<\/a><\/div><\/li><li class=\"\"><div class=\"sya_postcontent\"><span class=\"sya_date\"> <span class=\"sya_sep\"> <\/span><\/span><a href=\"https:\/\/www.krakauer-haus.de\/kh-test\/index.php\/2010\/02\/13\/krzysztof-zanussi-im-turm\/\" class=\"sya_postlink post-1746\" rel=\"bookmark\">KRZYSZTOF ZANUSSI IM TURM<\/a><\/div><\/li><li class=\"\"><div class=\"sya_postcontent\"><span class=\"sya_date\"> <span class=\"sya_sep\"> <\/span><\/span><a href=\"https:\/\/www.krakauer-haus.de\/kh-test\/index.php\/2010\/01\/23\/absolut-mucha-der-polnische-regisseur-stanislaw-mucha-eine-werkschau\/\" class=\"sya_postlink post-1725\" rel=\"bookmark\">ABSOLUT MUCHA \u2013  DER   POLNISCHE REGISSEUR   STANISLAW MUCHA &#8211; EINE   WERKSCHAU<\/a><\/div><\/li><\/ul><a id=\"year2009\"><\/a><a href=\"https:\/\/www.krakauer-haus.de\/kh-test\/index.php\/2009\/\" rel=\"section\">2009<\/a><ul><li class=\"\"><div class=\"sya_postcontent\"><span class=\"sya_date\"> <span class=\"sya_sep\"> <\/span><\/span><a href=\"https:\/\/www.krakauer-haus.de\/kh-test\/index.php\/2009\/12\/13\/weihnachtskonzert-mit-einem-horn-trio\/\" class=\"sya_postlink post-1696\" rel=\"bookmark\">WEIHNACHTSKONZERT MIT EINEM HORN TRIO<\/a><\/div><\/li><li class=\"\"><div class=\"sya_postcontent\"><span class=\"sya_date\"> <span class=\"sya_sep\"> <\/span><\/span><a href=\"https:\/\/www.krakauer-haus.de\/kh-test\/index.php\/2009\/11\/29\/wanderer-trifft-prowincja\/\" class=\"sya_postlink post-1705\" rel=\"bookmark\">WANDERER TRIFFT PROWINCJA<\/a><\/div><\/li><li class=\"\"><div class=\"sya_postcontent\"><span class=\"sya_date\"> <span class=\"sya_sep\"> <\/span><\/span><a href=\"https:\/\/www.krakauer-haus.de\/kh-test\/index.php\/2009\/11\/29\/wanderer-trifft-prowincja-einladung-fuer-wislawa-szymborska\/\" class=\"sya_postlink post-1691\" rel=\"bookmark\">WANDERER TRIFFT PROWINCJA &#8211; EINLADUNG F\u00dcR WISLAWA SZYMBORSKA!<\/a><\/div><\/li><li class=\"\"><div class=\"sya_postcontent\"><span class=\"sya_date\"> <span class=\"sya_sep\"> <\/span><\/span><a href=\"https:\/\/www.krakauer-haus.de\/kh-test\/index.php\/2009\/11\/26\/polska-love-serenade-eine-politisch-unkorrekte-deutsch-polnische-weihnachtskomoedie\/\" class=\"sya_postlink post-1688\" rel=\"bookmark\">POLSKA LOVE SERENADE. EINE POLITISCH UNKORREKTE, DEUTSCH-POLNISCHE WEIHNACHTSKOM\u00d6DIE<\/a><\/div><\/li><li class=\"\"><div class=\"sya_postcontent\"><span class=\"sya_date\"> <span class=\"sya_sep\"> <\/span><\/span><a href=\"https:\/\/www.krakauer-haus.de\/kh-test\/index.php\/2009\/11\/26\/schutzengel-und-seine-helfer-ausstellungseroeffnung\/\" class=\"sya_postlink post-1680\" rel=\"bookmark\">SCHUTZENGEL UND SEINE HELFER. AUSSTELLUNGSER\u00d6FFNUNG<\/a><\/div><\/li><li class=\"\"><div class=\"sya_postcontent\"><span class=\"sya_date\"> <span class=\"sya_sep\"> <\/span><\/span><a href=\"https:\/\/www.krakauer-haus.de\/kh-test\/index.php\/2009\/11\/18\/ausstellungseroeffnung-gummibaerchen-und-mercedes-assoziationen-zu-deutschland-und-polen-im-kopfbau-k4\/\" class=\"sya_postlink post-1673\" rel=\"bookmark\">AUSSTELLUNGSER\u00d6FFNUNG \u201eGUMMIB\u00c4RCHEN UND MERCEDES. ASSOZIATIONEN ZU DEUTSCHLAND UND POLEN.&#8220; IM KOPFBAU K4<\/a><\/div><\/li><li class=\"\"><div class=\"sya_postcontent\"><span class=\"sya_date\"> <span class=\"sya_sep\"> <\/span><\/span><a href=\"https:\/\/www.krakauer-haus.de\/kh-test\/index.php\/2009\/10\/09\/ethno-jazz-karolina-glazer-quintett\/\" class=\"sya_postlink post-1662\" rel=\"bookmark\">ETHNO JAZZ: KAROLINA GLAZER QUINTETT<\/a><\/div><\/li><li class=\"\"><div class=\"sya_postcontent\"><span class=\"sya_date\"> <span class=\"sya_sep\"> <\/span><\/span><a href=\"https:\/\/www.krakauer-haus.de\/kh-test\/index.php\/2009\/09\/24\/ausstellungseroeffnung-malgorzata-buczek-sledzinska-zeichnungen-und-inkunabeln\/\" class=\"sya_postlink post-1626\" rel=\"bookmark\">AUSSTELLUNGSER\u00d6FFNUNG: MALGORZATA BUCZEK \u2013 SLEDZINSKA ZEICHNUNGEN UND INKUNABELN<\/a><\/div><\/li><li class=\"\"><div class=\"sya_postcontent\"><span class=\"sya_date\"> <span class=\"sya_sep\"> <\/span><\/span><a href=\"https:\/\/www.krakauer-haus.de\/kh-test\/index.php\/2009\/07\/23\/ausstellungseroeffnung-im-kopfbau-k4-21-30-bergkatze-stummfilm-mit-pola-negri-livemusik-ensemblekontraste-katharinernruine\/\" class=\"sya_postlink post-1610\" rel=\"bookmark\">AUSSTELLUNGSER\u00d6FFNUNG IM KOPFBAU K4   21.30 BERGKATZE \u2013 STUMMFILM MIT POLA NEGRI. LIVEMUSIK: ENSEMBLEKONTRASTE. KATHARINERNRUINE<\/a><\/div><\/li><li class=\"\"><div class=\"sya_postcontent\"><span class=\"sya_date\"> <span class=\"sya_sep\"> <\/span><\/span><a href=\"https:\/\/www.krakauer-haus.de\/kh-test\/index.php\/2009\/07\/18\/strassenfest-wanderausgabe-konzerte-performances-und-skulpturen-auf-vier-und-mehr-raedern-ort-die-bruecke-unter-der-franz-josef-strauss-strasse-zugang-ueber-die-u-bahn-station-woehrder-wiese-unte\/\" class=\"sya_postlink post-1637\" rel=\"bookmark\">STRASSENFEST\/WANDERAUSGABE. KONZERTE, PERFORMANCES UND SKULPTUREN AUF VIER UND MEHR R\u00c4DERN. ORT: DIE BR\u00dcCKE UNTER DER FRANZ-JOSEF-STRAUSS STRASSE, ZUGANG \u00dcBER DIE U-BAHN-STATION W\u00d6HRDER WIESE UNTER DER SCHIRMHERRSCHAFT VON OB DR. ULRICH MALY<\/a><\/div><\/li><li class=\"\"><div class=\"sya_postcontent\"><span class=\"sya_date\"> <span class=\"sya_sep\"> <\/span><\/span><a href=\"https:\/\/www.krakauer-haus.de\/kh-test\/index.php\/2009\/06\/25\/polenallergie-impfung-nr-2-2009\/\" class=\"sya_postlink post-1605\" rel=\"bookmark\">POLENALLERGIE: IMPFUNG NR. 2 \/ 2009<\/a><\/div><\/li><li class=\"\"><div class=\"sya_postcontent\"><span class=\"sya_date\"> <span class=\"sya_sep\"> <\/span><\/span><a href=\"https:\/\/www.krakauer-haus.de\/kh-test\/index.php\/2009\/06\/21\/stadtverfuehrungen-tanja-helm-klanginstallation\/\" class=\"sya_postlink post-1599\" rel=\"bookmark\">STADTVERF\u00dcHRUNGEN &#8211; TANJA HELM KLANGINSTALLATION<\/a><\/div><\/li><li class=\"\"><div class=\"sya_postcontent\"><span class=\"sya_date\"> <span class=\"sya_sep\"> <\/span><\/span><a href=\"https:\/\/www.krakauer-haus.de\/kh-test\/index.php\/2009\/05\/23\/blaue-nacht-figurentheater-thalias-kompagnons-gibt-es-ein-leben-nach-der-vorstellung-ein-wahnspiel-mit-methode\/\" class=\"sya_postlink post-1587\" rel=\"bookmark\">BLAUE NACHT \u2013 FIGURENTHEATER THALIAS KOMPAGNONS \u2013  GIBT ES EIN LEBEN NACH DER VORSTELLUNG? EIN WAHNSPIEL MIT METHODE<\/a><\/div><\/li><li class=\"\"><div class=\"sya_postcontent\"><span class=\"sya_date\"> <span class=\"sya_sep\"> <\/span><\/span><a href=\"https:\/\/www.krakauer-haus.de\/kh-test\/index.php\/2009\/05\/10\/steffen-moeller-mit-viva-polonia-als-deutscher-gastarbeiter-in-polen\/\" class=\"sya_postlink post-1539\" rel=\"bookmark\">STEFFEN M\u00d6LLER MIT VIVA POLONIA: ALS DEUTSCHER GASTARBEITER IN POLEN<\/a><\/div><\/li><li class=\"\"><div class=\"sya_postcontent\"><span class=\"sya_date\"> <span class=\"sya_sep\"> <\/span><\/span><a href=\"https:\/\/www.krakauer-haus.de\/kh-test\/index.php\/2009\/05\/09\/tagung-zum-30-jubilaeum-der-staedtepartnerschaft-nuernberg-krakau-rathaus-9-mai-2009-ab-10-uhr\/\" class=\"sya_postlink post-1576\" rel=\"bookmark\">TAGUNG ZUM 30. JUBIL\u00c4UM DER ST\u00c4DTEPARTNERSCHAFT N\u00dcRNBERG \u2013 KRAKAU,  RATHAUS, 9. MAI 2009, AB 10 UHR<\/a><\/div><\/li><li class=\"\"><div class=\"sya_postcontent\"><span class=\"sya_date\"> <span class=\"sya_sep\"> <\/span><\/span><a href=\"https:\/\/www.krakauer-haus.de\/kh-test\/index.php\/2009\/05\/09\/gemeinsames-konzert-von-motion-trio-krakau-und-ensemble-kontraste\/\" class=\"sya_postlink post-1569\" rel=\"bookmark\">GEMEINSAMES KONZERT VON MOTION TRIO\/KRAKAU UND ENSEMBLE KONTRASTE<\/a><\/div><\/li><li class=\"\"><div class=\"sya_postcontent\"><span class=\"sya_date\"> <span class=\"sya_sep\"> <\/span><\/span><a href=\"https:\/\/www.krakauer-haus.de\/kh-test\/index.php\/2009\/05\/09\/gummibaerchen-und-mercedes-polnische-assoziationen-zu-deutschland-eine-ausstellung-mit-interviews-und-fotos-von-jutta-missbach\/\" class=\"sya_postlink post-1564\" rel=\"bookmark\">\u201eGUMMIB\u00c4RCHEN UND MERCEDES. POLNISCHE ASSOZIATIONEN ZU DEUTSCHLAND.&#8220;  EINE AUSSTELLUNG MIT INTERVIEWS UND FOTOS VON JUTTA MISSBACH.<\/a><\/div><\/li><li class=\"\"><div class=\"sya_postcontent\"><span class=\"sya_date\"> <span class=\"sya_sep\"> <\/span><\/span><a href=\"https:\/\/www.krakauer-haus.de\/kh-test\/index.php\/2009\/05\/07\/unter-den-fahnen-der-poesie\/\" class=\"sya_postlink post-1547\" rel=\"bookmark\">Unter den Fahnen der Poesie<\/a><\/div><\/li><li class=\"\"><div class=\"sya_postcontent\"><span class=\"sya_date\"> <span class=\"sya_sep\"> <\/span><\/span><a href=\"https:\/\/www.krakauer-haus.de\/kh-test\/index.php\/2009\/05\/07\/ausstellungseroeffnung-konzert\/\" class=\"sya_postlink post-1528\" rel=\"bookmark\">AUSSTELLUNGSER\u00d6FFNUNG + KONZERT<\/a><\/div><\/li><li class=\"\"><div class=\"sya_postcontent\"><span class=\"sya_date\"> <span class=\"sya_sep\"> <\/span><\/span><a href=\"https:\/\/www.krakauer-haus.de\/kh-test\/index.php\/2009\/04\/04\/4-polnische-filmwoche-2009\/\" class=\"sya_postlink post-1525\" rel=\"bookmark\">4. POLNISCHE FILMWOCHE 2009<\/a><\/div><\/li><li class=\"\"><div class=\"sya_postcontent\"><span class=\"sya_date\"> <span class=\"sya_sep\"> <\/span><\/span><a href=\"https:\/\/www.krakauer-haus.de\/kh-test\/index.php\/2009\/02\/22\/stein-aus-der-neuen-welt-feierliche-einweihung-des-gedichtsteines-am-unschlittplatz-in-anwesenheit-des-dichters-ryszard-krynicki\/\" class=\"sya_postlink post-1514\" rel=\"bookmark\">\u201eSTEIN AUS DER NEUEN WELT\u201c. FEIERLICHE EINWEIHUNG DES GEDICHTSTEINES  AM UNSCHLITTPLATZ IN ANWESENHEIT DES DICHTERS RYSZARD KRYNICKI<\/a><\/div><\/li><li class=\"\"><div class=\"sya_postcontent\"><span class=\"sya_date\"> <span class=\"sya_sep\"> <\/span><\/span><a href=\"https:\/\/www.krakauer-haus.de\/kh-test\/index.php\/2009\/02\/21\/lesung-ryszard-krynicki-und-hans-magnus-enzensberger\/\" class=\"sya_postlink post-1508\" rel=\"bookmark\">LESUNG: RYSZARD KRYNICKI UND HANS MAGNUS ENZENSBERGER<\/a><\/div><\/li><li class=\"\"><div class=\"sya_postcontent\"><span class=\"sya_date\"> <span class=\"sya_sep\"> <\/span><\/span><a href=\"https:\/\/www.krakauer-haus.de\/kh-test\/index.php\/2009\/02\/14\/valentinstag-konzert-rehan-syed-ensemble-gastsaengerin-silvia-bialas\/\" class=\"sya_postlink post-1492\" rel=\"bookmark\">VALENTINSTAG-KONZERT: REHAN SYED ENSEMBLE. GASTS\u00c4NGERIN: SILVIA BIALAS<\/a><\/div><\/li><li class=\"\"><div class=\"sya_postcontent\"><span class=\"sya_date\"> <span class=\"sya_sep\"> <\/span><\/span><a href=\"https:\/\/www.krakauer-haus.de\/kh-test\/index.php\/2009\/01\/27\/vernissage-zofia-stryjenska-eine-extravagante-polnische-malerin-in-muenchen\/\" class=\"sya_postlink post-1502\" rel=\"bookmark\">VERNISSAGE: ZOFIA STRYJENSKA \u2013 EINE EXTRAVAGANTE POLNISCHE MALERIN IN M\u00dcNCHEN<\/a><\/div><\/li><\/ul><a id=\"year2008\"><\/a><a href=\"https:\/\/www.krakauer-haus.de\/kh-test\/index.php\/2008\/\" rel=\"section\">2008<\/a><ul><li class=\"\"><div class=\"sya_postcontent\"><span class=\"sya_date\"> <span class=\"sya_sep\"> <\/span><\/span><a href=\"https:\/\/www.krakauer-haus.de\/kh-test\/index.php\/2008\/12\/04\/ausstellungseroeffnung-henryk-zegadlo-weihnachten-bedeutet-fuer-mich\/\" class=\"sya_postlink post-1485\" rel=\"bookmark\">AUSSTELLUNGSER\u00d6FFNUNG: HENRYK ZEGADLO, \u201eWEIHNACHTEN BEDEUTET F\u00dcR MICH&#8230;\u201c<\/a><\/div><\/li><li class=\"\"><div class=\"sya_postcontent\"><span class=\"sya_date\"> <span class=\"sya_sep\"> <\/span><\/span><a href=\"https:\/\/www.krakauer-haus.de\/kh-test\/index.php\/2008\/11\/30\/jazz-im-turm-adam-pieronczyk-trio\/\" class=\"sya_postlink post-1480\" rel=\"bookmark\">JAZZ IM TURM \u2013 ADAM PIERONCZYK TRIO<\/a><\/div><\/li><li class=\"\"><div class=\"sya_postcontent\"><span class=\"sya_date\"> <span class=\"sya_sep\"> <\/span><\/span><a href=\"https:\/\/www.krakauer-haus.de\/kh-test\/index.php\/2008\/11\/29\/autorenlesung-mariusz-szczygiel-gottland\/\" class=\"sya_postlink post-1476\" rel=\"bookmark\">AUTORENLESUNG: MARIUSZ SZCZYGIEL \u201eGOTTLAND\u201c<\/a><\/div><\/li><li class=\"\"><div class=\"sya_postcontent\"><span class=\"sya_date\"> <span class=\"sya_sep\"> <\/span><\/span><a href=\"https:\/\/www.krakauer-haus.de\/kh-test\/index.php\/2008\/10\/24\/autorenlesung-andrzej-stasiuk\/\" class=\"sya_postlink post-1469\" rel=\"bookmark\">AUTORENLESUNG: ANDRZEJ STASIUK<\/a><\/div><\/li><li class=\"\"><div class=\"sya_postcontent\"><span class=\"sya_date\"> <span class=\"sya_sep\"> <\/span><\/span><a href=\"https:\/\/www.krakauer-haus.de\/kh-test\/index.php\/2008\/09\/23\/autorenlesung-katarzyna-sowula-auftrieb\/\" class=\"sya_postlink post-1465\" rel=\"bookmark\">AUTORENLESUNG: KATARZYNA SOWULA \u201eAUFTRIEB\u201c<\/a><\/div><\/li><li class=\"\"><div class=\"sya_postcontent\"><span class=\"sya_date\"> <span class=\"sya_sep\"> <\/span><\/span><a href=\"https:\/\/www.krakauer-haus.de\/kh-test\/index.php\/2008\/07\/19\/sommerfest-gruppe-klezzmates\/\" class=\"sya_postlink post-1457\" rel=\"bookmark\">SOMMERFEST. GRUPPE \u201eKLEZZMATES\u201c<\/a><\/div><\/li><li class=\"\"><div class=\"sya_postcontent\"><span class=\"sya_date\"> <span class=\"sya_sep\"> <\/span><\/span><a href=\"https:\/\/www.krakauer-haus.de\/kh-test\/index.php\/2008\/06\/27\/polenallergie-impfung-nr-1-2008\/\" class=\"sya_postlink post-1453\" rel=\"bookmark\">POLENALLERGIE: IMPFUNG NR. 1 \/ 2008<\/a><\/div><\/li><li class=\"\"><div class=\"sya_postcontent\"><span class=\"sya_date\"> <span class=\"sya_sep\"> <\/span><\/span><a href=\"https:\/\/www.krakauer-haus.de\/kh-test\/index.php\/2008\/06\/14\/im-rahmen-der-stadtverfuehrungen-kunst-ist-ein-verbrechen-tadeusz-kantor-in-nuernberg\/\" class=\"sya_postlink post-1445\" rel=\"bookmark\">IM RAHMEN DER \u201eSTADT(VER)F\u00dcHRUNGEN\u201c:  KUNST IST EIN VERBRECHEN. TADEUSZ KANTOR IN N\u00dcRNBERG<\/a><\/div><\/li><li class=\"\"><div class=\"sya_postcontent\"><span class=\"sya_date\"> <span class=\"sya_sep\"> <\/span><\/span><a href=\"https:\/\/www.krakauer-haus.de\/kh-test\/index.php\/2008\/06\/12\/fussball-ist-wie-liebe-ein-ewiges-bangen-und-hoffen-live-uebertragung-der-euro-08-mit-weinverkostung-und-lesung-von-franzobel\/\" class=\"sya_postlink post-1437\" rel=\"bookmark\">\u201eFUSSBALL IST WIE LIEBE. EIN EWIGES BANGEN UND HOFFEN.\u201c LIVE-\u00dcBERTRAGUNG DER EURO 08 MIT WEINVERKOSTUNG UND LESUNG VON FRANZOBEL<\/a><\/div><\/li><li class=\"\"><div class=\"sya_postcontent\"><span class=\"sya_date\"> <span class=\"sya_sep\"> <\/span><\/span><a href=\"https:\/\/www.krakauer-haus.de\/kh-test\/index.php\/2008\/06\/06\/kammermusik-im-krakauer-haus-das-nuernberger-oktett-mit-werken-von-jean-francaix-und-franz-schubert\/\" class=\"sya_postlink post-1426\" rel=\"bookmark\">KAMMERMUSIK IM KRAKAUER HAUS. DAS \u201eN\u00dcRNBERGER OKTETT\u201c MIT WERKEN VON JEAN FRAN\u00c7AIX UND FRANZ SCHUBERT<\/a><\/div><\/li><li class=\"\"><div class=\"sya_postcontent\"><span class=\"sya_date\"> <span class=\"sya_sep\"> <\/span><\/span><a href=\"https:\/\/www.krakauer-haus.de\/kh-test\/index.php\/2008\/06\/03\/autorenlesung-michal-witkowski-lubiewo-moderation-michael-aue-medienwerkstatt-nuernberg\/\" class=\"sya_postlink post-1422\" rel=\"bookmark\">AUTORENLESUNG: MICHA\u0141 WITKOWSKI, \u201eLUBIEWO\u201d.  MODERATION: MICHAEL AUE (MEDIENWERKSTATT N\u00dcRNBERG)<\/a><\/div><\/li><li class=\"\"><div class=\"sya_postcontent\"><span class=\"sya_date\"> <span class=\"sya_sep\"> <\/span><\/span><a href=\"https:\/\/www.krakauer-haus.de\/kh-test\/index.php\/2008\/05\/31\/blaue-nacht-thema-insel-gruppe-kleine-instrumente-konzerte-20-40-22-10-23-30-uhr\/\" class=\"sya_postlink post-1413\" rel=\"bookmark\">BLAUE NACHT &#8211; THEMA INSEL &#8211; GRUPPE &#8222;KLEINE INSTRUMENTE&#8220;  KONZERTE: 20.40, 22.10, 23.30 UHR<\/a><\/div><\/li><li class=\"\"><div class=\"sya_postcontent\"><span class=\"sya_date\"> <span class=\"sya_sep\"> <\/span><\/span><a href=\"https:\/\/www.krakauer-haus.de\/kh-test\/index.php\/2008\/05\/27\/vernissage-skulpturen-von-lena-hensel-krakau-und-simone-weik-nuernberg\/\" class=\"sya_postlink post-1407\" rel=\"bookmark\">VERNISSAGE: SKULPTUREN VON LENA HENSEL (KRAKAU) UND SIMONE WEIK (N\u00dcRNBERG)<\/a><\/div><\/li><li class=\"\"><div class=\"sya_postcontent\"><span class=\"sya_date\"> <span class=\"sya_sep\"> <\/span><\/span><a href=\"https:\/\/www.krakauer-haus.de\/kh-test\/index.php\/2008\/04\/20\/3-polnische-filmwoche-2008\/\" class=\"sya_postlink post-1404\" rel=\"bookmark\">3. POLNISCHE FILMWOCHE 2008<\/a><\/div><\/li><li class=\"\"><div class=\"sya_postcontent\"><span class=\"sya_date\"> <span class=\"sya_sep\"> <\/span><\/span><a href=\"https:\/\/www.krakauer-haus.de\/kh-test\/index.php\/2008\/04\/11\/vernissage-juedisches-leben-in-krakau-vor-dem-untergang\/\" class=\"sya_postlink post-1370\" rel=\"bookmark\">VERNISSAGE:  J\u00dcDISCHES LEBEN IN KRAKAU VOR DEM UNTERGANG<\/a><\/div><\/li><li class=\"\"><div class=\"sya_postcontent\"><span class=\"sya_date\"> <span class=\"sya_sep\"> <\/span><\/span><a href=\"https:\/\/www.krakauer-haus.de\/kh-test\/index.php\/2008\/04\/06\/ausstellungseroeffnun-bela-farago-tier-und-mensch\/\" class=\"sya_postlink post-1390\" rel=\"bookmark\">AUSSTELLUNGSER\u00d6FFNUN: B\u00c9LA FARAG\u00d3, &#8222;TIER UND MENSCH&#8220;<\/a><\/div><\/li><li class=\"\"><div class=\"sya_postcontent\"><span class=\"sya_date\"> <span class=\"sya_sep\"> <\/span><\/span><a href=\"https:\/\/www.krakauer-haus.de\/kh-test\/index.php\/2008\/03\/08\/internationaler-frauentag-saxsisters-und-vernissage\/\" class=\"sya_postlink post-1354\" rel=\"bookmark\">INTERNATIONALER FRAUENTAG: SAXSISTERS UND VERNISSAGE<\/a><\/div><\/li><li class=\"\"><div class=\"sya_postcontent\"><span class=\"sya_date\"> <span class=\"sya_sep\"> <\/span><\/span><a href=\"https:\/\/www.krakauer-haus.de\/kh-test\/index.php\/2008\/03\/02\/mutter-der-holocaust-kinder-von-anna-mieszkowska-autorenlesung-moderiert-von-der-uebersetzerin-urszula-usakowska-wolff\/\" class=\"sya_postlink post-1351\" rel=\"bookmark\">&#8222;MUTTER DER HOLOCAUST-KINDER&#8220; VON ANNA MIESZKOWSKA AUTORENLESUNG, MODERIERT VON DER \u00dcBERSETZERIN URSZULA USAKOWSKA-WOLFF<\/a><\/div><\/li><li class=\"\"><div class=\"sya_postcontent\"><span class=\"sya_date\"> <span class=\"sya_sep\"> <\/span><\/span><a href=\"https:\/\/www.krakauer-haus.de\/kh-test\/index.php\/2008\/02\/23\/teatr-nowy-krakau-amoklauf-mein-kinderspiel-von-thomas-freyer\/\" class=\"sya_postlink post-1338\" rel=\"bookmark\">TEATR NOWY (KRAKAU)  \u201eAMOKLAUF MEIN KINDERSPIEL\u201c VON THOMAS FREYER<\/a><\/div><\/li><li class=\"\"><div class=\"sya_postcontent\"><span class=\"sya_date\"> <span class=\"sya_sep\"> <\/span><\/span><a href=\"https:\/\/www.krakauer-haus.de\/kh-test\/index.php\/2008\/02\/14\/zum-valentinstag-me-myself-and-i-vocal-groove-human-beatbox-jazzy-acapella\/\" class=\"sya_postlink post-1331\" rel=\"bookmark\">ZUM VALENTINSTAG: ME MYSELF AND I  VOCAL GROOVE &#038; HUMAN BEATBOX &#038; JAZZY &#038; A\u2019CAPELLA<\/a><\/div><\/li><li class=\"\"><div class=\"sya_postcontent\"><span class=\"sya_date\"> <span class=\"sya_sep\"> <\/span><\/span><a href=\"https:\/\/www.krakauer-haus.de\/kh-test\/index.php\/2008\/01\/23\/anthony-cox-adam-pieronczyk-quartet\/\" class=\"sya_postlink post-1302\" rel=\"bookmark\">ANTHONY COX &#8211; ADAM PIERONCZYK QUARTET<\/a><\/div><\/li><li class=\"\"><div class=\"sya_postcontent\"><span class=\"sya_date\"> <span class=\"sya_sep\"> <\/span><\/span><a href=\"https:\/\/www.krakauer-haus.de\/kh-test\/index.php\/2008\/01\/22\/hope-kinopremiere-mit-regisseurgespraech-stanislaw-mucha-im-metropolis-kino-stresemannplatz-8-kartenreservierung-49-911-538848\/\" class=\"sya_postlink post-1287\" rel=\"bookmark\">HOPE\u201c &#8211; KINOPREMIERE MIT REGISSEURGESPR\u00c4CH STANISLAW MUCHA  IM METROPOLIS KINO, STRESEMANNPLATZ 8,  KARTENRESERVIERUNG +49 911 538848<\/a><\/div><\/li><\/ul><a id=\"year2007\"><\/a><a href=\"https:\/\/www.krakauer-haus.de\/kh-test\/index.php\/2007\/\" rel=\"section\">2007<\/a><ul><li class=\"\"><div class=\"sya_postcontent\"><span class=\"sya_date\"> <span class=\"sya_sep\"> <\/span><\/span><a href=\"https:\/\/www.krakauer-haus.de\/kh-test\/index.php\/2007\/12\/07\/polnischer-weihnachtsmarkt-im-krakauer-haus\/\" class=\"sya_postlink post-983\" rel=\"bookmark\">\u201ePolnischer Weihnachtsmarkt\u201c im Krakauer Haus<\/a><\/div><\/li><li class=\"\"><div class=\"sya_postcontent\"><span class=\"sya_date\"> <span class=\"sya_sep\"> <\/span><\/span><a href=\"https:\/\/www.krakauer-haus.de\/kh-test\/index.php\/2007\/10\/26\/grazyna-auguscik-mit-quartett-im-jazz-studio-paniersplatz-27-29\/\" class=\"sya_postlink post-968\" rel=\"bookmark\">GRAZYNA AUGUSCIK MIT QUARTETT  IM JAZZ STUDIO, PANIERSPLATZ 27\/29<\/a><\/div><\/li><li class=\"\"><div class=\"sya_postcontent\"><span class=\"sya_date\"> <span class=\"sya_sep\"> <\/span><\/span><a href=\"https:\/\/www.krakauer-haus.de\/kh-test\/index.php\/2007\/10\/06\/ira-klezmers-songs-in-jiddish\/\" class=\"sya_postlink post-962\" rel=\"bookmark\">Ira &#038; Klezmers \u2013 Songs in Jiddish<\/a><\/div><\/li><li class=\"\"><div class=\"sya_postcontent\"><span class=\"sya_date\"> <span class=\"sya_sep\"> <\/span><\/span><a href=\"https:\/\/www.krakauer-haus.de\/kh-test\/index.php\/2007\/09\/30\/leszek-mozdzer-lars-danielsson-im-e-werk-erlangen-fuchsenwiese-1\/\" class=\"sya_postlink post-958\" rel=\"bookmark\">Leszek Mozdzer &#038; Lars Danielsson im E- Werk Erlangen, Fuchsenwiese 1<\/a><\/div><\/li><li class=\"\"><div class=\"sya_postcontent\"><span class=\"sya_date\"> <span class=\"sya_sep\"> <\/span><\/span><a href=\"https:\/\/www.krakauer-haus.de\/kh-test\/index.php\/2007\/07\/21\/strassenfest-mit-musik-und-polnischen-spezialitaeten\/\" class=\"sya_postlink post-944\" rel=\"bookmark\">Stra\u00dfenfest mit Musik und polnischen Spezialit\u00e4ten<\/a><\/div><\/li><li class=\"\"><div class=\"sya_postcontent\"><span class=\"sya_date\"> <span class=\"sya_sep\"> <\/span><\/span><a href=\"https:\/\/www.krakauer-haus.de\/kh-test\/index.php\/2007\/07\/12\/750-jahre-verleihung-der-stadtrechte-an-krakau-alte-stadt-neue-kunst-praesentation-der-jungen-kunstszene\/\" class=\"sya_postlink post-926\" rel=\"bookmark\">750 Jahre Verleihung der Stadtrechte an Krakau Alte Stadt \u2013 Neue Kunst: Pr\u00e4sentation der jungen Kunstszene<\/a><\/div><\/li><li class=\"\"><div class=\"sya_postcontent\"><span class=\"sya_date\"> <span class=\"sya_sep\"> <\/span><\/span><a href=\"https:\/\/www.krakauer-haus.de\/kh-test\/index.php\/2007\/07\/05\/autorenlesung-joanna-olczak-ronikier-liest-aus-ihrem-buch-im-garten-der-erinnerung\/\" class=\"sya_postlink post-920\" rel=\"bookmark\">Autorenlesung: Joanna Olczak-Ronikier liest aus ihrem Buch \u201eIm Garten der Erinnerung\u201c<\/a><\/div><\/li><li class=\"\"><div class=\"sya_postcontent\"><span class=\"sya_date\"> <span class=\"sya_sep\"> <\/span><\/span><a href=\"https:\/\/www.krakauer-haus.de\/kh-test\/index.php\/2007\/06\/15\/autorenlesung-dorota-maslowska-der-star-der-polnischen-literatur-rappt\/\" class=\"sya_postlink post-915\" rel=\"bookmark\">Autorenlesung: Dorota Mas\u0142owska Der Star der polnischen Literatur rappt<\/a><\/div><\/li><li class=\"\"><div class=\"sya_postcontent\"><span class=\"sya_date\"> <span class=\"sya_sep\"> <\/span><\/span><a href=\"https:\/\/www.krakauer-haus.de\/kh-test\/index.php\/2007\/06\/14\/ausstellungseroeffnung-zeichen-metaphern\/\" class=\"sya_postlink post-954\" rel=\"bookmark\">Ausstellungser\u00f6ffnung: \u201eZeichen \u2013 Metaphern\u201c<\/a><\/div><\/li><li class=\"\"><div class=\"sya_postcontent\"><span class=\"sya_date\"> <span class=\"sya_sep\"> <\/span><\/span><a href=\"https:\/\/www.krakauer-haus.de\/kh-test\/index.php\/2007\/05\/24\/ausstellungseroeffnung-ladies-first\/\" class=\"sya_postlink post-907\" rel=\"bookmark\">Ausstellungser\u00f6ffnung: \u201eLadies first\u201c<\/a><\/div><\/li><li class=\"\"><div class=\"sya_postcontent\"><span class=\"sya_date\"> <span class=\"sya_sep\"> <\/span><\/span><a href=\"https:\/\/www.krakauer-haus.de\/kh-test\/index.php\/2007\/05\/19\/zeit-fuer-die-blaue-nacht\/\" class=\"sya_postlink post-897\" rel=\"bookmark\">ZEIT F\u00dcR DIE BLAUE NACHT!!!!!<\/a><\/div><\/li><li class=\"\"><div class=\"sya_postcontent\"><span class=\"sya_date\"> <span class=\"sya_sep\"> <\/span><\/span><a href=\"https:\/\/www.krakauer-haus.de\/kh-test\/index.php\/2007\/05\/10\/autorenlesung-wojciech-kuczok-liest-aus-dreckskerl\/\" class=\"sya_postlink post-887\" rel=\"bookmark\">Autorenlesung:  Wojciech Kuczok liest aus \u201eDreckskerl\u201c<\/a><\/div><\/li><li class=\"\"><div class=\"sya_postcontent\"><span class=\"sya_date\"> <span class=\"sya_sep\"> <\/span><\/span><a href=\"https:\/\/www.krakauer-haus.de\/kh-test\/index.php\/2007\/05\/03\/ausstellungseroeffnung-tagundnacht-grzegorz-l-piotrowski-malerei\/\" class=\"sya_postlink post-868\" rel=\"bookmark\">Ausstellungser\u00f6ffnung: \u201eTAGundNACHT\u201d  Grzegorz L. Piotrowski, Malerei<\/a><\/div><\/li><li class=\"\"><div class=\"sya_postcontent\"><span class=\"sya_date\"> <span class=\"sya_sep\"> <\/span><\/span><a href=\"https:\/\/www.krakauer-haus.de\/kh-test\/index.php\/2007\/04\/21\/2-polnische-filmwoche\/\" class=\"sya_postlink post-873\" rel=\"bookmark\">2. Polnische Filmwoche<\/a><\/div><\/li><li class=\"\"><div class=\"sya_postcontent\"><span class=\"sya_date\"> <span class=\"sya_sep\"> <\/span><\/span><a href=\"https:\/\/www.krakauer-haus.de\/kh-test\/index.php\/2007\/03\/25\/stummfilm-mit-livemusik-super-trio-und-der-starke-mann-filmhauskino-im-kuenstlerhaus-koenigstrasse-93\/\" class=\"sya_postlink post-861\" rel=\"bookmark\">Stummfilm mit Livemusik  Super Trio und \u201cDer starke Mann\u201d Filmhauskino im K\u00fcnstlerhaus, K\u00f6nigstrasse 93<\/a><\/div><\/li><li class=\"\"><div class=\"sya_postcontent\"><span class=\"sya_date\"> <span class=\"sya_sep\"> <\/span><\/span><a href=\"https:\/\/www.krakauer-haus.de\/kh-test\/index.php\/2007\/03\/18\/polnische-nachwuchsregisseure-und-ihre-schulen-maciej-cuske-kurhaus\/\" class=\"sya_postlink post-854\" rel=\"bookmark\">Polnische Nachwuchsregisseure und Ihre Schulen  Maciej Cuske \u201eKurhaus\u201c<\/a><\/div><\/li><li class=\"\"><div class=\"sya_postcontent\"><span class=\"sya_date\"> <span class=\"sya_sep\"> <\/span><\/span><a href=\"https:\/\/www.krakauer-haus.de\/kh-test\/index.php\/2007\/03\/08\/vernissage-frauen-in-der-kunst-der-frauen-junge-druckkunst-aus-polen-bis-zum-29-maerz-2007\/\" class=\"sya_postlink post-848\" rel=\"bookmark\">Vernissage: \u201eFrauen in der Kunst der Frauen\u201c Junge Druckkunst aus Polen (bis zum 29. M\u00e4rz 2007)<\/a><\/div><\/li><li class=\"\"><div class=\"sya_postcontent\"><span class=\"sya_date\"> <span class=\"sya_sep\"> <\/span><\/span><a href=\"https:\/\/www.krakauer-haus.de\/kh-test\/index.php\/2007\/03\/01\/klassik-im-turm-chopin-und-12-polnische-komponisten-ein-konzert-fuer-klavier-und-floete\/\" class=\"sya_postlink post-843\" rel=\"bookmark\">Klassik im Turm \u201eChopin und 12 polnische Komponisten\u201c \u2013 ein Konzert f\u00fcr Klavier und Fl\u00f6te<\/a><\/div><\/li><li class=\"\"><div class=\"sya_postcontent\"><span class=\"sya_date\"> <span class=\"sya_sep\"> <\/span><\/span><a href=\"https:\/\/www.krakauer-haus.de\/kh-test\/index.php\/2007\/02\/14\/valentinstag-im-turm-hoerspektakel-wisperndes-ahorn-gefluester\/\" class=\"sya_postlink post-821\" rel=\"bookmark\">Valentinstag im Turm  H\u00f6rspektakel Wisperndes Ahorn-Gefl\u00fcster<\/a><\/div><\/li><li class=\"\"><div class=\"sya_postcontent\"><span class=\"sya_date\"> <span class=\"sya_sep\"> <\/span><\/span><a href=\"https:\/\/www.krakauer-haus.de\/kh-test\/index.php\/2007\/02\/08\/vernissagejak-tam-wie-gehts-axel-gercke-jacek-pasieczny-malerei\/\" class=\"sya_postlink post-832\" rel=\"bookmark\">Vernissage&#8220;Jak tam? Wie geht&#8217;s?&#8220; Axel Gercke, Jacek Pasieczny, Malerei<\/a><\/div><\/li><\/ul><a id=\"year2006\"><\/a><a href=\"https:\/\/www.krakauer-haus.de\/kh-test\/index.php\/2006\/\" rel=\"section\">2006<\/a><ul><li class=\"\"><div class=\"sya_postcontent\"><span class=\"sya_date\"> <span class=\"sya_sep\"> <\/span><\/span><a href=\"https:\/\/www.krakauer-haus.de\/kh-test\/index.php\/2006\/12\/17\/weihnachtslieder-im-stil-crossover\/\" class=\"sya_postlink post-780\" rel=\"bookmark\">Weihnachtslieder im Stil &#8222;Crossover&#8220;<\/a><\/div><\/li><li class=\"\"><div class=\"sya_postcontent\"><span class=\"sya_date\"> <span class=\"sya_sep\"> <\/span><\/span><a href=\"https:\/\/www.krakauer-haus.de\/kh-test\/index.php\/2006\/12\/08\/dargestellte-welt-neue-fotografie-aus-krakau-neue-animationskunst-aus-krakau-und-vieles-mehr-2\/\" class=\"sya_postlink post-792\" rel=\"bookmark\">\u201ePolnischer Weihnachtsmarkt\u201c im Krakauer Haus  Schirmherrschaft: Alt-Oberb\u00fcrgermeister Dr. Peter Sch\u00f6nlein<\/a><\/div><\/li><li class=\"\"><div class=\"sya_postcontent\"><span class=\"sya_date\"> <span class=\"sya_sep\"> <\/span><\/span><a href=\"https:\/\/www.krakauer-haus.de\/kh-test\/index.php\/2006\/12\/08\/bildstoecke-und-herrgottswinkerl-wolfgang-hofer\/\" class=\"sya_postlink post-789\" rel=\"bookmark\">Bildst\u00f6cke und Herrgottswinkerl &#8211; Wolfgang Hofer<\/a><\/div><\/li><li class=\"\"><div class=\"sya_postcontent\"><span class=\"sya_date\"> <span class=\"sya_sep\"> <\/span><\/span><a href=\"https:\/\/www.krakauer-haus.de\/kh-test\/index.php\/2006\/11\/11\/jazz-im-turm-fourth-floor\/\" class=\"sya_postlink post-721\" rel=\"bookmark\">Jazz im Turm &#8211; Fourth Floor<\/a><\/div><\/li><li class=\"\"><div class=\"sya_postcontent\"><span class=\"sya_date\"> <span class=\"sya_sep\"> <\/span><\/span><a href=\"https:\/\/www.krakauer-haus.de\/kh-test\/index.php\/2006\/11\/09\/dargestellte-welt-neue-fotografie-aus-krakau-neue-animationskunst-aus-krakau-und-vieles-mehr\/\" class=\"sya_postlink post-736\" rel=\"bookmark\">\u201eDargestellte Welt\u201c Neue Fotografie aus Krakau, Neue Animationskunst aus Krakau &#8211; und vieles mehr&#8230;<\/a><\/div><\/li><li class=\"\"><div class=\"sya_postcontent\"><span class=\"sya_date\"> <span class=\"sya_sep\"> <\/span><\/span><a href=\"https:\/\/www.krakauer-haus.de\/kh-test\/index.php\/2006\/10\/26\/wir-sind-alle-nicht-von-hier-radek-knapp-liest-aus-der-gebrauchsanweisung-fuer-polen\/\" class=\"sya_postlink post-707\" rel=\"bookmark\">&#8222;Wir sind alle nicht von hier\u201c  Radek Knapp liest aus der Gebrauchsanweisung f\u00fcr Polen<\/a><\/div><\/li><li class=\"\"><div class=\"sya_postcontent\"><span class=\"sya_date\"> <span class=\"sya_sep\"> <\/span><\/span><a href=\"https:\/\/www.krakauer-haus.de\/kh-test\/index.php\/2006\/10\/19\/10-jahre-klassik-im-turm-jubilaeumskonzert\/\" class=\"sya_postlink post-713\" rel=\"bookmark\">10 Jahre Klassik im Turm  Jubil\u00e4umskonzert<\/a><\/div><\/li><li class=\"\"><div class=\"sya_postcontent\"><span class=\"sya_date\"> <span class=\"sya_sep\"> <\/span><\/span><a href=\"https:\/\/www.krakauer-haus.de\/kh-test\/index.php\/2006\/07\/22\/strassenfest-zum-10jaehrigen-jubilaeum-des-krakauer-hauses-und-des-krakauer-turm-vereins\/\" class=\"sya_postlink post-686\" rel=\"bookmark\">Stra\u00dfenfest zum 10j\u00e4hrigen Jubil\u00e4um des Krakauer Hauses  und des Krakauer Turm Vereins<\/a><\/div><\/li><li class=\"\"><div class=\"sya_postcontent\"><span class=\"sya_date\"> <span class=\"sya_sep\"> <\/span><\/span><a href=\"https:\/\/www.krakauer-haus.de\/kh-test\/index.php\/2006\/05\/27\/blaue-nacht-2006-und-alles-dreht-sich-um-die-wm\/\" class=\"sya_postlink post-676\" rel=\"bookmark\">Blaue Nacht 2006 &#8211; und alles dreht sich um die WM!<\/a><\/div><\/li><li class=\"\"><div class=\"sya_postcontent\"><span class=\"sya_date\"> <span class=\"sya_sep\"> <\/span><\/span><a href=\"https:\/\/www.krakauer-haus.de\/kh-test\/index.php\/2006\/05\/27\/blaue-ball-nacht\/\" class=\"sya_postlink post-653\" rel=\"bookmark\">Blaue Ball Nacht<\/a><\/div><\/li><li class=\"\"><div class=\"sya_postcontent\"><span class=\"sya_date\"> <span class=\"sya_sep\"> <\/span><\/span><a href=\"https:\/\/www.krakauer-haus.de\/kh-test\/index.php\/2006\/05\/03\/24h-pio-illustrationen\/\" class=\"sya_postlink post-639\" rel=\"bookmark\">24h PIO \u2013 Illustrationen<\/a><\/div><\/li><li class=\"\"><div class=\"sya_postcontent\"><span class=\"sya_date\"> <span class=\"sya_sep\"> <\/span><\/span><a href=\"https:\/\/www.krakauer-haus.de\/kh-test\/index.php\/2006\/04\/24\/polnische-filmwoche-im-cinecitta\/\" class=\"sya_postlink post-634\" rel=\"bookmark\">Polnische Filmwoche im Cinecitta<\/a><\/div><\/li><li class=\"\"><div class=\"sya_postcontent\"><span class=\"sya_date\"> <span class=\"sya_sep\"> <\/span><\/span><a href=\"https:\/\/www.krakauer-haus.de\/kh-test\/index.php\/2006\/04\/01\/ausstellungseroeffnung-jaccobco-von-zbigniew-bielawka\/\" class=\"sya_postlink post-517\" rel=\"bookmark\">Ausstellungser\u00f6ffnung Jaccobco von Zbigniew Bielawka<\/a><\/div><\/li><li class=\"\"><div class=\"sya_postcontent\"><span class=\"sya_date\"> <span class=\"sya_sep\"> <\/span><\/span><a href=\"https:\/\/www.krakauer-haus.de\/kh-test\/index.php\/2006\/03\/30\/festival-der-polnischen-reportage-prominente-journalisten-aus-polen-zu-gast-im-krakauer-haus\/\" class=\"sya_postlink post-511\" rel=\"bookmark\">Festival der polnischen Reportage Prominente Journalisten aus Polen zu Gast im Krakauer Haus<\/a><\/div><\/li><li class=\"\"><div class=\"sya_postcontent\"><span class=\"sya_date\"> <span class=\"sya_sep\"> <\/span><\/span><a href=\"https:\/\/www.krakauer-haus.de\/kh-test\/index.php\/2006\/03\/24\/gypsy-jazz-im-turm-lensemble-nuages\/\" class=\"sya_postlink post-506\" rel=\"bookmark\">Gypsy-Jazz im Turm L\u2019Ensemble Nuages<\/a><\/div><\/li><li class=\"\"><div class=\"sya_postcontent\"><span class=\"sya_date\"> <span class=\"sya_sep\"> <\/span><\/span><a href=\"https:\/\/www.krakauer-haus.de\/kh-test\/index.php\/2006\/03\/18\/theater-im-turm-avantteatr-praesentiert-slawomir-mrozeks-emigranten-in-originalsprache-mit-deutschen-uebertiteln\/\" class=\"sya_postlink post-502\" rel=\"bookmark\">Theater im Turm  avant`teatr pr\u00e4sentiert Slawomir Mrozeks \u201eEmigranten\u201c  in Originalsprache, mit deutschen \u00dcbertiteln<\/a><\/div><\/li><li class=\"\"><div class=\"sya_postcontent\"><span class=\"sya_date\"> <span class=\"sya_sep\"> <\/span><\/span><a href=\"https:\/\/www.krakauer-haus.de\/kh-test\/index.php\/2006\/02\/14\/jazzkonzert-am-valentinstag-sing-sing-penelope\/\" class=\"sya_postlink post-496\" rel=\"bookmark\">Jazzkonzert am Valentinstag  Sing Sing Penelope<\/a><\/div><\/li><li class=\"\"><div class=\"sya_postcontent\"><span class=\"sya_date\"> <span class=\"sya_sep\"> <\/span><\/span><a href=\"https:\/\/www.krakauer-haus.de\/kh-test\/index.php\/2006\/01\/28\/stadtkrimi-trifft-stadtkrimi-marek-krajewski-tod-in-breslau-und-tessa-korber-toter-winkel\/\" class=\"sya_postlink post-491\" rel=\"bookmark\">Stadtkrimi trifft Stadtkrimi  Marek Krajewski &#8222;Tod in Breslau&#8220; und   Tessa Korber \u201eToter Winkel\u201c<\/a><\/div><\/li><li class=\"\"><div class=\"sya_postcontent\"><span class=\"sya_date\"> <span class=\"sya_sep\"> <\/span><\/span><a href=\"https:\/\/www.krakauer-haus.de\/kh-test\/index.php\/2006\/01\/25\/susanne-schoenwieses-jazzstories-emil-viklicky-piano-willi-lichtenberg-kontrabass\/\" class=\"sya_postlink post-486\" rel=\"bookmark\">Susanne Sch\u00f6nwiese\u00b4s Jazzstories Emil Viklicky \u2013 Piano, Willi Lichtenberg \u2013 Kontrabass<\/a><\/div><\/li><\/ul><a id=\"year2005\"><\/a><a href=\"https:\/\/www.krakauer-haus.de\/kh-test\/index.php\/2005\/\" rel=\"section\">2005<\/a><ul><li class=\"\"><div class=\"sya_postcontent\"><span class=\"sya_date\"> <span class=\"sya_sep\"> <\/span><\/span><a href=\"https:\/\/www.krakauer-haus.de\/kh-test\/index.php\/2005\/12\/09\/literatur-im-turm-ryszard-krynicki-lyriker-uebersetzer-herausgeber-einer-der-wichtigsten-vertreter-der-zeitgenoessischen-polnischen-lyrik\/\" class=\"sya_postlink post-457\" rel=\"bookmark\">10- 22.12.2005: Polnischer Weichnachtsmarkt im Biergarten des Krakauer Hauses<\/a><\/div><\/li><li class=\"\"><div class=\"sya_postcontent\"><span class=\"sya_date\"> <span class=\"sya_sep\"> <\/span><\/span><a href=\"https:\/\/www.krakauer-haus.de\/kh-test\/index.php\/2005\/11\/25\/literatur-im-turm-adam-zagajewski-der-klassiker-moderation-prof-dr-peter-horst-neumann\/\" class=\"sya_postlink post-451\" rel=\"bookmark\">Literatur im Turm &#8211; Adam Zagajewski &#8211; der Klassiker  Moderation &#8211; Prof. Dr. Peter Horst Neumann<\/a><\/div><\/li><li class=\"\"><div class=\"sya_postcontent\"><span class=\"sya_date\"> <span class=\"sya_sep\"> <\/span><\/span><a href=\"https:\/\/www.krakauer-haus.de\/kh-test\/index.php\/2005\/11\/06\/klassik-im-turm-junge-talente-cyprian-kohout-violoncello\/\" class=\"sya_postlink post-480\" rel=\"bookmark\">Klassik im Turm &#8211; Junge Talente:  Cyprian Kohout, Violoncello<\/a><\/div><\/li><li class=\"\"><div class=\"sya_postcontent\"><span class=\"sya_date\"> <span class=\"sya_sep\"> <\/span><\/span><a href=\"https:\/\/www.krakauer-haus.de\/kh-test\/index.php\/2005\/11\/05\/literatur-im-turm-slawomir-shuty-moderation-nora-eugenie-gomringer\/\" class=\"sya_postlink post-444\" rel=\"bookmark\">Literatur im Turm &#8211; S\u0142awomir Shuty  Moderation: Nora-Eugenie Gomringer<\/a><\/div><\/li><li class=\"\"><div class=\"sya_postcontent\"><span class=\"sya_date\"> <span class=\"sya_sep\"> <\/span><\/span><a href=\"https:\/\/www.krakauer-haus.de\/kh-test\/index.php\/2005\/10\/14\/ein-alchimistischer-abend-the-cracow-klezmer-band-und-zwei-vernissagen\/\" class=\"sya_postlink post-437\" rel=\"bookmark\">Ein Alchimistischer Abend &#8211; \u00bbThe Cracow Klezmer Band\u00ab und zwei Vernissagen<\/a><\/div><\/li><li class=\"\"><div class=\"sya_postcontent\"><span class=\"sya_date\"> <span class=\"sya_sep\"> <\/span><\/span><a href=\"https:\/\/www.krakauer-haus.de\/kh-test\/index.php\/2005\/10\/02\/klassik-im-turm-trio-portento-spielt-astor-piazolla\/\" class=\"sya_postlink post-427\" rel=\"bookmark\">Klassik im Turm &#8211; \u201eTrio Portento\u201c spielt Astor Piazolla<\/a><\/div><\/li><li class=\"\"><div class=\"sya_postcontent\"><span class=\"sya_date\"> <span class=\"sya_sep\"> <\/span><\/span><a href=\"https:\/\/www.krakauer-haus.de\/kh-test\/index.php\/2005\/09\/28\/buchpraesentation-marta-kijowska-krakau-spaziergang-durch-eine-dichterstadt\/\" class=\"sya_postlink post-432\" rel=\"bookmark\">Buchpr\u00e4sentation &#8211; Marta Kijowska,  Krakau. Spaziergang durch eine Dichterstadt<\/a><\/div><\/li><li class=\"\"><div class=\"sya_postcontent\"><span class=\"sya_date\"> <span class=\"sya_sep\"> <\/span><\/span><a href=\"https:\/\/www.krakauer-haus.de\/kh-test\/index.php\/2005\/09\/01\/zwischen-poesie-und-bigos-lange-absaetze-eine-performance-der-gruppe-bankomat\/\" class=\"sya_postlink post-477\" rel=\"bookmark\">Zwischen Poesie und Bigos:  \u201eLange Abs\u00e4tze\u201c, eine Performance der Gruppe Bankomat<\/a><\/div><\/li><li class=\"\"><div class=\"sya_postcontent\"><span class=\"sya_date\"> <span class=\"sya_sep\"> <\/span><\/span><a href=\"https:\/\/www.krakauer-haus.de\/kh-test\/index.php\/2005\/06\/27\/deutsche-und-polen-lachen-wir-anders\/\" class=\"sya_postlink post-417\" rel=\"bookmark\">Deutsche und Polen: \u201eLachen wir anders?\u201c<\/a><\/div><\/li><li class=\"\"><div class=\"sya_postcontent\"><span class=\"sya_date\"> <span class=\"sya_sep\"> <\/span><\/span><a href=\"https:\/\/www.krakauer-haus.de\/kh-test\/index.php\/2005\/06\/04\/musik-im-turm-que-passa-heisse-rhythmen-aus-krakau\/\" class=\"sya_postlink post-424\" rel=\"bookmark\">Musik im Turm: Que Passa &#8211; Heisse Rhythmen aus Krakau<\/a><\/div><\/li><li class=\"\"><div class=\"sya_postcontent\"><span class=\"sya_date\"> <span class=\"sya_sep\"> <\/span><\/span><a href=\"https:\/\/www.krakauer-haus.de\/kh-test\/index.php\/2005\/05\/12\/typisch-deutsch-zwischen-selbst-und-fremdbild\/\" class=\"sya_postlink post-471\" rel=\"bookmark\">\u201eTypisch deutsch? &#8211; Zwischen Selbst- und Fremdbild\u201c<\/a><\/div><\/li><li class=\"\"><div class=\"sya_postcontent\"><span class=\"sya_date\"> <span class=\"sya_sep\"> <\/span><\/span><a href=\"https:\/\/www.krakauer-haus.de\/kh-test\/index.php\/2005\/05\/07\/blaue-nacht-vom-pusten-und-quetschen-video-und-akkordeon-im-und-am-krakauer-haus\/\" class=\"sya_postlink post-420\" rel=\"bookmark\">\u201eBlaue Nacht\u201c \u201eVom Pusten und Quetschen\u201c Video und Akkordeon im und am Krakauer Haus<\/a><\/div><\/li><li class=\"\"><div class=\"sya_postcontent\"><span class=\"sya_date\"> <span class=\"sya_sep\"> <\/span><\/span><a href=\"https:\/\/www.krakauer-haus.de\/kh-test\/index.php\/2005\/04\/22\/wettbewerb-fuer-alle-die-polnisch-lernen\/\" class=\"sya_postlink post-469\" rel=\"bookmark\">Wettbewerb f\u00fcr alle, die Polnisch lernen<\/a><\/div><\/li><li class=\"\"><div class=\"sya_postcontent\"><span class=\"sya_date\"> <span class=\"sya_sep\"> <\/span><\/span><a href=\"https:\/\/www.krakauer-haus.de\/kh-test\/index.php\/2005\/04\/04\/michael-zeller-die-reise-nach-samosch\/\" class=\"sya_postlink post-467\" rel=\"bookmark\">Michael Zeller \u2013 \u201eDie Reise nach Samosch\u201c<\/a><\/div><\/li><li class=\"\"><div class=\"sya_postcontent\"><span class=\"sya_date\"> <span class=\"sya_sep\"> <\/span><\/span><a href=\"https:\/\/www.krakauer-haus.de\/kh-test\/index.php\/2005\/04\/03\/junge-talente-natalia-koziarz-piano\/\" class=\"sya_postlink post-465\" rel=\"bookmark\">Junge Talente: Natalia Koziarz, Piano<\/a><\/div><\/li><li class=\"\"><div class=\"sya_postcontent\"><span class=\"sya_date\"> <span class=\"sya_sep\"> <\/span><\/span><a href=\"https:\/\/www.krakauer-haus.de\/kh-test\/index.php\/2005\/03\/18\/duo-mit-werken-fuer-klavier-und-floete\/\" class=\"sya_postlink post-463\" rel=\"bookmark\">Duo mit Werken f\u00fcr Klavier und Fl\u00f6te<\/a><\/div><\/li><li class=\"\"><div class=\"sya_postcontent\"><span class=\"sya_date\"> <span class=\"sya_sep\"> <\/span><\/span><a href=\"https:\/\/www.krakauer-haus.de\/kh-test\/index.php\/2005\/02\/14\/jazzkonzert-am-valentinstag-beata-przybytek-quintet\/\" class=\"sya_postlink post-410\" rel=\"bookmark\">Jazzkonzert am Valentinstag &#8211; Beata Przybytek Quintet<\/a><\/div><\/li><li class=\"\"><div class=\"sya_postcontent\"><span class=\"sya_date\"> <span class=\"sya_sep\"> <\/span><\/span><a href=\"https:\/\/www.krakauer-haus.de\/kh-test\/index.php\/2005\/01\/01\/kino-im-turm-die-mitte-eine-filmvorfuehrung-und-disskusionsrunde-mit-dem-regisseur-stanislaw-mucha\/\" class=\"sya_postlink post-473\" rel=\"bookmark\">Kino im Turm: \u201eDie Mitte\u201c  eine Filmvorf\u00fchrung und Disskusionsrunde mit dem Regisseur Stanislaw Mucha<\/a><\/div><\/li><\/ul><a id=\"year2004\"><\/a><a href=\"https:\/\/www.krakauer-haus.de\/kh-test\/index.php\/2004\/\" rel=\"section\">2004<\/a><ul><li class=\"\"><div class=\"sya_postcontent\"><span class=\"sya_date\"> <span class=\"sya_sep\"> <\/span><\/span><a href=\"https:\/\/www.krakauer-haus.de\/kh-test\/index.php\/2004\/12\/08\/musik-im-turm-paulina-bisztyga-mit-ensamble\/\" class=\"sya_postlink post-407\" rel=\"bookmark\">Musik im Turm &#8211;  Paulina Bisztyga mit Ensamble<\/a><\/div><\/li><li class=\"\"><div class=\"sya_postcontent\"><span class=\"sya_date\"> <span class=\"sya_sep\"> <\/span><\/span><a href=\"https:\/\/www.krakauer-haus.de\/kh-test\/index.php\/2004\/11\/23\/buchpraesentation-und-autorenlesung-dorota-maslowska-schneeweiss-und-russenrot\/\" class=\"sya_postlink post-403\" rel=\"bookmark\">Buchpr\u00e4sentation und Autorenlesung:  Dorota Mas\u0142owska \u201eSchneewei\u00df und Russenrot\u201c<\/a><\/div><\/li><li class=\"\"><div class=\"sya_postcontent\"><span class=\"sya_date\"> <span class=\"sya_sep\"> <\/span><\/span><a href=\"https:\/\/www.krakauer-haus.de\/kh-test\/index.php\/2004\/11\/11\/buchpraesentation-und-autorenlesung-katarzyna-zimmerer-die-ermordete-welt-das-schicksal-der-krakauer-juden-von-1939-bis-1945-in-verbindung-mit-einer-vernissage-der-foto-ausstel\/\" class=\"sya_postlink post-395\" rel=\"bookmark\">Buchpr\u00e4sentation und Autorenlesung &#8211; Katarzyna Zimmerer:  \u201eDie Ermordete Welt. Das Schicksal der Krakauer Juden von 1939 bis 1945\u201c  in Verbindung mit einer Vernissage der Foto-Ausstellung \u201eDas magische Kazimierz\u201c von Elzbieta Lempp<\/a><\/div><\/li><li class=\"\"><div class=\"sya_postcontent\"><span class=\"sya_date\"> <span class=\"sya_sep\"> <\/span><\/span><a href=\"https:\/\/www.krakauer-haus.de\/kh-test\/index.php\/2004\/05\/15\/blaue-nacht\/\" class=\"sya_postlink post-387\" rel=\"bookmark\">Blaue Nacht<\/a><\/div><\/li><\/ul><a id=\"year2002\"><\/a><a href=\"https:\/\/www.krakauer-haus.de\/kh-test\/index.php\/2002\/\" rel=\"section\">2002<\/a><ul><li class=\"\"><div class=\"sya_postcontent\"><span class=\"sya_date\"> <span class=\"sya_sep\"> <\/span><\/span><a href=\"https:\/\/www.krakauer-haus.de\/kh-test\/index.php\/2002\/09\/02\/andrzej-stasiuk-olaf-kuehl-kamil-targosz-im-krakauer-haus\/\" class=\"sya_postlink post-361\" rel=\"bookmark\">Andrzej Stasiuk, Olaf K\u00fchl, Kamil Targosz im Krakauer Haus<\/a><\/div><\/li><li class=\"\"><div class=\"sya_postcontent\"><span class=\"sya_date\"> <span class=\"sya_sep\"> <\/span><\/span><a href=\"https:\/\/www.krakauer-haus.de\/kh-test\/index.php\/2002\/03\/01\/stasys-eidrigevicius\/\" class=\"sya_postlink post-374\" rel=\"bookmark\">Stasys Eidrigevicius<\/a><\/div><\/li><\/ul><a id=\"year2001\"><\/a><a href=\"https:\/\/www.krakauer-haus.de\/kh-test\/index.php\/2001\/\" rel=\"section\">2001<\/a><ul><li class=\"\"><div class=\"sya_postcontent\"><span class=\"sya_date\"> <span class=\"sya_sep\"> <\/span><\/span><a href=\"https:\/\/www.krakauer-haus.de\/kh-test\/index.php\/2001\/12\/01\/die-erzaehlungen-der-elf-scharfrichter-kabarett-revue-des-teatr-ludowy-krakau\/\" class=\"sya_postlink post-359\" rel=\"bookmark\">&#8222;Die Erz\u00e4hlungen der Elf Scharfrichter&#8220;  Kabarett-Revue des Teatr Ludowy, Krakau<\/a><\/div><\/li><li class=\"\"><div class=\"sya_postcontent\"><span class=\"sya_date\"> <span class=\"sya_sep\"> <\/span><\/span><a href=\"https:\/\/www.krakauer-haus.de\/kh-test\/index.php\/2001\/12\/01\/roma-ligocka-lesung-mit-der-autorin-das-maedchen-im-roten-mantel-ein-laecheln-eine-rose\/\" class=\"sya_postlink post-356\" rel=\"bookmark\">Roma Ligocka &#8211; Lesung mit der Autorin (&#8222;Das M\u00e4dchen im roten Mantel&#8220;, &#8222;Ein L\u00e4cheln, eine Rose&#8220;)<\/a><\/div><\/li><li class=\"\"><div class=\"sya_postcontent\"><span class=\"sya_date\"> <span class=\"sya_sep\"> <\/span><\/span><a href=\"https:\/\/www.krakauer-haus.de\/kh-test\/index.php\/2001\/09\/28\/otto-sander-las-in-nuernberg-aus-dem-werk-witold-gombrowiczs\/\" class=\"sya_postlink post-338\" rel=\"bookmark\">Otto Sander las in N\u00fcrnberg aus dem Werk Witold Gombrowiczs<\/a><\/div><\/li><li class=\"\"><div class=\"sya_postcontent\"><span class=\"sya_date\"> <span class=\"sya_sep\"> <\/span><\/span><a href=\"https:\/\/www.krakauer-haus.de\/kh-test\/index.php\/2001\/09\/01\/das-fuenfjaehrige-jubilaeum-des-krakauer-hauses-2\/\" class=\"sya_postlink post-352\" rel=\"bookmark\">Das f\u00fcnfj\u00e4hrige Jubil\u00e4um des Krakauer Hauses<\/a><\/div><\/li><li class=\"\"><div class=\"sya_postcontent\"><span class=\"sya_date\"> <span class=\"sya_sep\"> <\/span><\/span><a href=\"https:\/\/www.krakauer-haus.de\/kh-test\/index.php\/2001\/09\/01\/das-fuenfjaehrige-jubilaeum-des-krakauer-hauses\/\" class=\"sya_postlink post-348\" rel=\"bookmark\">Das f\u00fcnfj\u00e4hrige Jubil\u00e4um des Krakauer Hauses<\/a><\/div><\/li><li class=\"\"><div class=\"sya_postcontent\"><span class=\"sya_date\"> <span class=\"sya_sep\"> <\/span><\/span><a href=\"https:\/\/www.krakauer-haus.de\/kh-test\/index.php\/2001\/06\/01\/100-schwarz-weiss-fotografien-des-krakauer-kuenstlers-zbigniew-bielawka\/\" class=\"sya_postlink post-335\" rel=\"bookmark\">100 Schwarz-wei\u00df-Fotografien des Krakauer K\u00fcnstlers Zbigniew Bielawka<\/a><\/div><\/li><\/ul><\/div>\n<p><!-- \/divi:paragraph -->[\/et_pb_text][\/et_pb_column][\/et_pb_row][\/et_pb_section]<\/p>\n","protected":false},"excerpt":{"rendered":"<p>ARCHIV R\u00fcckblicke bis 2001 <div class=\"sya_container\" id=\"sya_container\"><a id=\"year2026\"><\/a><a href=\"https:\/\/www.krakauer-haus.de\/kh-test\/index.php\/2026\/\" rel=\"section\">2026<\/a><ul><li class=\"\"><div class=\"sya_postcontent\"><span class=\"sya_date\"> <span class=\"sya_sep\"> <\/span><\/span><a href=\"https:\/\/www.krakauer-haus.de\/kh-test\/index.php\/2026\/04\/19\/21-polnische-filmwoche\/\" class=\"sya_postlink post-12077\" rel=\"bookmark\">21. POLNISCHE FILMWOCHE<\/a><\/div><\/li><li class=\"\"><div class=\"sya_postcontent\"><span class=\"sya_date\"> <span class=\"sya_sep\"> <\/span><\/span><a href=\"https:\/\/www.krakauer-haus.de\/kh-test\/index.php\/2026\/04\/18\/komiks-gespraech-ueber-die-krakauer-comicszene\/\" class=\"sya_postlink post-12486\" rel=\"bookmark\">KOMIKS! Gespr\u00e4ch \u00fcber die Krakauer Comicszene<\/a><\/div><\/li><li class=\"\"><div class=\"sya_postcontent\"><span class=\"sya_date\"> <span class=\"sya_sep\"> <\/span><\/span><a href=\"https:\/\/www.krakauer-haus.de\/kh-test\/index.php\/2026\/03\/16\/artist-in-residency-comic\/\" class=\"sya_postlink post-12246\" rel=\"bookmark\">ARTIST-IN-RESIDENCE: COMIC<\/a><\/div><\/li><li class=\"\"><div class=\"sya_postcontent\"><span class=\"sya_date\"> <span class=\"sya_sep\"> <\/span><\/span><a href=\"https:\/\/www.krakauer-haus.de\/kh-test\/index.php\/2026\/03\/16\/artist-in-residency-students\/\" class=\"sya_postlink post-12235\" rel=\"bookmark\">ARTIST-IN-RESIDENCE: STUDENTS<\/a><\/div><\/li><\/ul><a id=\"year2025\"><\/a><a href=\"https:\/\/www.krakauer-haus.de\/kh-test\/index.php\/2025\/\" rel=\"section\">2025<\/a><ul><li class=\"\"><div class=\"sya_postcontent\"><span class=\"sya_date\"> <span class=\"sya_sep\"> <\/span><\/span><a href=\"https:\/\/www.krakauer-haus.de\/kh-test\/index.php\/2025\/12\/16\/inselkunst-2025-magdalena-lazar-und-thomas-may-2\/\" class=\"sya_postlink post-12088\" rel=\"bookmark\">Thomas May FOGGY FLYING ISLAND<\/a><\/div><\/li><li class=\"\"><div class=\"sya_postcontent\"><span class=\"sya_date\"> <span class=\"sya_sep\"> <\/span><\/span><a href=\"https:\/\/www.krakauer-haus.de\/kh-test\/index.php\/2025\/11\/23\/acidsitter\/\" class=\"sya_postlink post-11943\" rel=\"bookmark\">AcidSitter<\/a><\/div><\/li><li class=\"\"><div class=\"sya_postcontent\"><span class=\"sya_date\"> <span class=\"sya_sep\"> <\/span><\/span><a href=\"https:\/\/www.krakauer-haus.de\/kh-test\/index.php\/2025\/11\/22\/schneeppchen-2\/\" class=\"sya_postlink post-11963\" rel=\"bookmark\">SCHNEE*PPCHEN<\/a><\/div><\/li><li class=\"\"><div class=\"sya_postcontent\"><span class=\"sya_date\"> <span class=\"sya_sep\"> <\/span><\/span><a href=\"https:\/\/www.krakauer-haus.de\/kh-test\/index.php\/2025\/08\/29\/new-ground-performance-art-weekend\/\" class=\"sya_postlink post-11905\" rel=\"bookmark\">new ground performance &#8211; ART WEEKEND<\/a><\/div><\/li><li class=\"\"><div class=\"sya_postcontent\"><span class=\"sya_date\"> <span class=\"sya_sep\"> <\/span><\/span><a href=\"https:\/\/www.krakauer-haus.de\/kh-test\/index.php\/2025\/08\/29\/no-way-back-nadine-zenker-piotr-bujak\/\" class=\"sya_postlink post-11803\" rel=\"bookmark\">no way back &#8211; Nadine Zenker &#038; Piotr Bujak<\/a><\/div><\/li><li class=\"\"><div class=\"sya_postcontent\"><span class=\"sya_date\"> <span class=\"sya_sep\"> <\/span><\/span><a href=\"https:\/\/www.krakauer-haus.de\/kh-test\/index.php\/2025\/07\/21\/zuzanna-romanska\/\" class=\"sya_postlink post-11761\" rel=\"bookmark\">ARTIST IN RESIDENCE Zuzanna Romanska<\/a><\/div><\/li><li class=\"\"><div class=\"sya_postcontent\"><span class=\"sya_date\"> <span class=\"sya_sep\"> <\/span><\/span><a href=\"https:\/\/www.krakauer-haus.de\/kh-test\/index.php\/2025\/07\/20\/inselkunst-2025-magdalena-lazar-und-thomas-may\/\" class=\"sya_postlink post-11621\" rel=\"bookmark\">INSELKUNST 2025 \/ Magdalena Lazar und Thomas May<\/a><\/div><\/li><li class=\"\"><div class=\"sya_postcontent\"><span class=\"sya_date\"> <span class=\"sya_sep\"> <\/span><\/span><a href=\"https:\/\/www.krakauer-haus.de\/kh-test\/index.php\/2025\/07\/19\/prozession-iwona-demko\/\" class=\"sya_postlink post-11647\" rel=\"bookmark\">PROZESSION &#8211; IWONA DEMKO<\/a><\/div><\/li><li class=\"\"><div class=\"sya_postcontent\"><span class=\"sya_date\"> <span class=\"sya_sep\"> <\/span><\/span><a href=\"https:\/\/www.krakauer-haus.de\/kh-test\/index.php\/2025\/07\/16\/pimoa-chthulu-performance-von-malgorzata-markiewicz\/\" class=\"sya_postlink post-11237\" rel=\"bookmark\">PIMOA CHTHULU &#8211; Ma\u0142gorzata Markiewicz und Patryk Zakrocki<\/a><\/div><\/li><li class=\"\"><div class=\"sya_postcontent\"><span class=\"sya_date\"> <span class=\"sya_sep\"> <\/span><\/span><a href=\"https:\/\/www.krakauer-haus.de\/kh-test\/index.php\/2025\/07\/15\/lebenslinie-ausstellung-von-malgorzata-markiewicz\/\" class=\"sya_postlink post-11282\" rel=\"bookmark\">LEBENSLINIE &#8211; Ma\u0142gorzata Markiewicz<\/a><\/div><\/li><li class=\"\"><div class=\"sya_postcontent\"><span class=\"sya_date\"> <span class=\"sya_sep\"> <\/span><\/span><a href=\"https:\/\/www.krakauer-haus.de\/kh-test\/index.php\/2025\/06\/24\/presseinformationen\/\" class=\"sya_postlink post-11729\" rel=\"bookmark\">Presseinformationen:<\/a><\/div><\/li><li class=\"\"><div class=\"sya_postcontent\"><span class=\"sya_date\"> <span class=\"sya_sep\"> <\/span><\/span><a href=\"https:\/\/www.krakauer-haus.de\/kh-test\/index.php\/2025\/05\/13\/abschlusskonzert-der-20-polnischen-filmwoche\/\" class=\"sya_postlink post-11582\" rel=\"bookmark\">Abschlusskonzert der 20. Polnischen Filmwoche<\/a><\/div><\/li><li class=\"\"><div class=\"sya_postcontent\"><span class=\"sya_date\"> <span class=\"sya_sep\"> <\/span><\/span><a href=\"https:\/\/www.krakauer-haus.de\/kh-test\/index.php\/2025\/02\/01\/20-polnische-filmwoche\/\" class=\"sya_postlink post-11430\" rel=\"bookmark\">20. POLNISCHE FILMWOCHE<\/a><\/div><\/li><\/ul><a id=\"year2024\"><\/a><a href=\"https:\/\/www.krakauer-haus.de\/kh-test\/index.php\/2024\/\" rel=\"section\">2024<\/a><ul><li class=\"\"><div class=\"sya_postcontent\"><span class=\"sya_date\"> <span class=\"sya_sep\"> <\/span><\/span><a href=\"https:\/\/www.krakauer-haus.de\/kh-test\/index.php\/2024\/11\/19\/schneeppchen\/\" class=\"sya_postlink post-11168\" rel=\"bookmark\">Schnee*ppchen &#8211; eine Weihnachtsausstellung<\/a><\/div><\/li><li class=\"\"><div class=\"sya_postcontent\"><span class=\"sya_date\"> <span class=\"sya_sep\"> <\/span><\/span><a href=\"https:\/\/www.krakauer-haus.de\/kh-test\/index.php\/2024\/09\/26\/playground\/\" class=\"sya_postlink post-11026\" rel=\"bookmark\">PLAYGROUND<\/a><\/div><\/li><li class=\"\"><div class=\"sya_postcontent\"><span class=\"sya_date\"> <span class=\"sya_sep\"> <\/span><\/span><a href=\"https:\/\/www.krakauer-haus.de\/kh-test\/index.php\/2024\/08\/05\/testimony-boris-lurie-zeitgenoessische-kunst-aus-osteuropa-14-06-2024-17-11-2024\/\" class=\"sya_postlink post-10323\" rel=\"bookmark\">TESTIMONY BORIS LURIE &#038; ZEIT\u00adGE\u00adN\u00d6S\u00adSI\u00adSCHE KUNST AUS OST\u00adEU\u00adRO\u00adPA<\/a><\/div><\/li><li class=\"\"><div class=\"sya_postcontent\"><span class=\"sya_date\"> <span class=\"sya_sep\"> <\/span><\/span><a href=\"https:\/\/www.krakauer-haus.de\/kh-test\/index.php\/2024\/08\/04\/inselkunst-2024-dorota-hadrian-und-emilia-neumann\/\" class=\"sya_postlink post-10576\" rel=\"bookmark\">INSELKUNST 2024 \/ Dorota Hadrian und Emilia Neumann<\/a><\/div><\/li><li class=\"\"><div class=\"sya_postcontent\"><span class=\"sya_date\"> <span class=\"sya_sep\"> <\/span><\/span><a href=\"https:\/\/www.krakauer-haus.de\/kh-test\/index.php\/2024\/08\/03\/mural-huebnerstor-von-marcin-czaja\/\" class=\"sya_postlink post-10703\" rel=\"bookmark\">MURAL H\u00fcbnerstor von Marcin Czaja<\/a><\/div><\/li><li class=\"\"><div class=\"sya_postcontent\"><span class=\"sya_date\"> <span class=\"sya_sep\"> <\/span><\/span><a href=\"https:\/\/www.krakauer-haus.de\/kh-test\/index.php\/2024\/08\/03\/stadtverfuehrungen-schaetze\/\" class=\"sya_postlink post-10977\" rel=\"bookmark\">STADT(ver)F\u00dcHRUNGEN: Sch\u00e4tze<\/a><\/div><\/li><li class=\"\"><div class=\"sya_postcontent\"><span class=\"sya_date\"> <span class=\"sya_sep\"> <\/span><\/span><a href=\"https:\/\/www.krakauer-haus.de\/kh-test\/index.php\/2024\/07\/01\/strassenfest-45-jahre-staedtepartnerschaft\/\" class=\"sya_postlink post-10596\" rel=\"bookmark\">STRASSENFEST 45 Jahre St\u00e4dtepartnerschaft<\/a><\/div><\/li><li class=\"\"><div class=\"sya_postcontent\"><span class=\"sya_date\"> <span class=\"sya_sep\"> <\/span><\/span><a href=\"https:\/\/www.krakauer-haus.de\/kh-test\/index.php\/2024\/06\/30\/buehne-from-krakau-with-love\/\" class=\"sya_postlink post-10848\" rel=\"bookmark\">B\u00dcHNE from Krakau with Love<\/a><\/div><\/li><li class=\"\"><div class=\"sya_postcontent\"><span class=\"sya_date\"> <span class=\"sya_sep\"> <\/span><\/span><a href=\"https:\/\/www.krakauer-haus.de\/kh-test\/index.php\/2024\/06\/25\/kinderworkshops\/\" class=\"sya_postlink post-10770\" rel=\"bookmark\">KINDERWORKSHOPs<\/a><\/div><\/li><li class=\"\"><div class=\"sya_postcontent\"><span class=\"sya_date\"> <span class=\"sya_sep\"> <\/span><\/span><a href=\"https:\/\/www.krakauer-haus.de\/kh-test\/index.php\/2024\/06\/24\/nebeliger-billy-kindertheater\/\" class=\"sya_postlink post-10665\" rel=\"bookmark\">Billy Fog &#8211; KINDERTHEATER ab 10 Jahre<\/a><\/div><\/li><li class=\"\"><div class=\"sya_postcontent\"><span class=\"sya_date\"> <span class=\"sya_sep\"> <\/span><\/span><a href=\"https:\/\/www.krakauer-haus.de\/kh-test\/index.php\/2024\/06\/23\/automatisch-gespeicherter-entwurf\/\" class=\"sya_postlink post-10968\" rel=\"bookmark\">video INSELKUNST 2024<\/a><\/div><\/li><li class=\"\"><div class=\"sya_postcontent\"><span class=\"sya_date\"> <span class=\"sya_sep\"> <\/span><\/span><a href=\"https:\/\/www.krakauer-haus.de\/kh-test\/index.php\/2024\/04\/18\/hania-rani-ghosts\/\" class=\"sya_postlink post-10539\" rel=\"bookmark\">HANIA RANI &#8211; Ghosts<\/a><\/div><\/li><li class=\"\"><div class=\"sya_postcontent\"><span class=\"sya_date\"> <span class=\"sya_sep\"> <\/span><\/span><a href=\"https:\/\/www.krakauer-haus.de\/kh-test\/index.php\/2024\/04\/16\/deal-projektwoche-im-maxi-kunst\/\" class=\"sya_postlink post-10456\" rel=\"bookmark\">DEAL Projektwoche im MAXI Kunst<\/a><\/div><\/li><li class=\"\"><div class=\"sya_postcontent\"><span class=\"sya_date\"> <span class=\"sya_sep\"> <\/span><\/span><a href=\"https:\/\/www.krakauer-haus.de\/kh-test\/index.php\/2024\/04\/13\/umzug-happening\/\" class=\"sya_postlink post-10502\" rel=\"bookmark\">UMZUG Happening<\/a><\/div><\/li><li class=\"\"><div class=\"sya_postcontent\"><span class=\"sya_date\"> <span class=\"sya_sep\"> <\/span><\/span><a href=\"https:\/\/www.krakauer-haus.de\/kh-test\/index.php\/2024\/04\/10\/liebesgruesse-aus-kopenhagen-marta-stanislawa-sala-und-cheong-kin-man\/\" class=\"sya_postlink post-10298\" rel=\"bookmark\">LIEBESGR\u00dc\u00dfE AUS KOPENHAGEN \/ Marta Stanis\u0142awa Sala und Cheong Kin Man<\/a><\/div><\/li><li class=\"\"><div class=\"sya_postcontent\"><span class=\"sya_date\"> <span class=\"sya_sep\"> <\/span><\/span><a href=\"https:\/\/www.krakauer-haus.de\/kh-test\/index.php\/2024\/04\/07\/presse-liebesgruesse-19-4-16-5\/\" class=\"sya_postlink post-10421\" rel=\"bookmark\">PRESSE: Liebesgruesse 19.4.-16.5.<\/a><\/div><\/li><li class=\"\"><div class=\"sya_postcontent\"><span class=\"sya_date\"> <span class=\"sya_sep\"> <\/span><\/span><a href=\"https:\/\/www.krakauer-haus.de\/kh-test\/index.php\/2024\/04\/05\/19-polnische-filmwoche\/\" class=\"sya_postlink post-10286\" rel=\"bookmark\">19. POLNISCHE FILMWOCHE<\/a><\/div><\/li><li class=\"\"><div class=\"sya_postcontent\"><span class=\"sya_date\"> <span class=\"sya_sep\"> <\/span><\/span><a href=\"https:\/\/www.krakauer-haus.de\/kh-test\/index.php\/2024\/01\/28\/wohnwagen-dominik-stanislawski\/\" class=\"sya_postlink post-10276\" rel=\"bookmark\">WOHNWAGEN \/ DOMINIK STANIS\u0141AWSKI<\/a><\/div><\/li><\/ul><a id=\"year2023\"><\/a><a href=\"https:\/\/www.krakauer-haus.de\/kh-test\/index.php\/2023\/\" rel=\"section\">2023<\/a><ul><li class=\"\"><div class=\"sya_postcontent\"><span class=\"sya_date\"> <span class=\"sya_sep\"> <\/span><\/span><a href=\"https:\/\/www.krakauer-haus.de\/kh-test\/index.php\/2023\/12\/04\/modulgalerie-gloria-sogl-alicja-pakosz-maria-trunk-michal-zawada\/\" class=\"sya_postlink post-9867\" rel=\"bookmark\">ART WEEKEND N\u00dcRNBERG \/ MODULGALERIE &#8211; Kunst im Fach<\/a><\/div><\/li><li class=\"\"><div class=\"sya_postcontent\"><span class=\"sya_date\"> <span class=\"sya_sep\"> <\/span><\/span><a href=\"https:\/\/www.krakauer-haus.de\/kh-test\/index.php\/2023\/10\/05\/maxikunst-dominik-stanislawski\/\" class=\"sya_postlink post-10074\" rel=\"bookmark\">MAXIKUNST \/ DOMINIK STANIS\u0141AWSKI<\/a><\/div><\/li><li class=\"\"><div class=\"sya_postcontent\"><span class=\"sya_date\"> <span class=\"sya_sep\"> <\/span><\/span><a href=\"https:\/\/www.krakauer-haus.de\/kh-test\/index.php\/2023\/10\/03\/irrlicht-michal-zawada\/\" class=\"sya_postlink post-9857\" rel=\"bookmark\">ART WEEKEND N\u00dcRNBERG \/ IRRLICHT \/ MICHA\u0141 ZAWADA<\/a><\/div><\/li><li class=\"\"><div class=\"sya_postcontent\"><span class=\"sya_date\"> <span class=\"sya_sep\"> <\/span><\/span><a href=\"https:\/\/www.krakauer-haus.de\/kh-test\/index.php\/2023\/10\/02\/art-weekend-nuernberg-3\/\" class=\"sya_postlink post-9321\" rel=\"bookmark\">ART WEEKEND N\u00dcRNBERG \/ AMBIVIOLENZ<\/a><\/div><\/li><li class=\"\"><div class=\"sya_postcontent\"><span class=\"sya_date\"> <span class=\"sya_sep\"> <\/span><\/span><a href=\"https:\/\/www.krakauer-haus.de\/kh-test\/index.php\/2023\/10\/01\/ninja-episkopat-third-eye-of-the-poet-feat-szymon-paciora-local-support\/\" class=\"sya_postlink post-10005\" rel=\"bookmark\">NINJA EPISKOPAT \/ THIRD EYE OF THE POET \/ ZWeifel und CAECILIA<\/a><\/div><\/li><li class=\"\"><div class=\"sya_postcontent\"><span class=\"sya_date\"> <span class=\"sya_sep\"> <\/span><\/span><a href=\"https:\/\/www.krakauer-haus.de\/kh-test\/index.php\/2023\/09\/30\/olga-tokarczuk\/\" class=\"sya_postlink post-9843\" rel=\"bookmark\">OLGA TOKARCZUK<\/a><\/div><\/li><li class=\"\"><div class=\"sya_postcontent\"><span class=\"sya_date\"> <span class=\"sya_sep\"> <\/span><\/span><a href=\"https:\/\/www.krakauer-haus.de\/kh-test\/index.php\/2023\/07\/03\/inselkunst-2023\/\" class=\"sya_postlink post-9295\" rel=\"bookmark\">INSELKUNST 2023 \/ Rudyard Schmidt und Bartek W\u0119grzyn<\/a><\/div><\/li><li class=\"\"><div class=\"sya_postcontent\"><span class=\"sya_date\"> <span class=\"sya_sep\"> <\/span><\/span><a href=\"https:\/\/www.krakauer-haus.de\/kh-test\/index.php\/2023\/07\/02\/neal\/\" class=\"sya_postlink post-9931\" rel=\"bookmark\">NEAL<\/a><\/div><\/li><li class=\"\"><div class=\"sya_postcontent\"><span class=\"sya_date\"> <span class=\"sya_sep\"> <\/span><\/span><a href=\"https:\/\/www.krakauer-haus.de\/kh-test\/index.php\/2023\/07\/02\/artist-in-residence\/\" class=\"sya_postlink post-9559\" rel=\"bookmark\">ATELIER \/ DOMINIK STANIS\u0141AWSKI<\/a><\/div><\/li><li class=\"\"><div class=\"sya_postcontent\"><span class=\"sya_date\"> <span class=\"sya_sep\"> <\/span><\/span><a href=\"https:\/\/www.krakauer-haus.de\/kh-test\/index.php\/2023\/06\/30\/stadtverfuehrungen-2023\/\" class=\"sya_postlink post-9318\" rel=\"bookmark\">STADT(VER)F\u00dcHRUNGEN 2023<\/a><\/div><\/li><li class=\"\"><div class=\"sya_postcontent\"><span class=\"sya_date\"> <span class=\"sya_sep\"> <\/span><\/span><a href=\"https:\/\/www.krakauer-haus.de\/kh-test\/index.php\/2023\/01\/11\/polish-german-artexchange\/\" class=\"sya_postlink post-9553\" rel=\"bookmark\">CLOUD OF INBETWEENS<\/a><\/div><\/li><li class=\"\"><div class=\"sya_postcontent\"><span class=\"sya_date\"> <span class=\"sya_sep\"> <\/span><\/span><a href=\"https:\/\/www.krakauer-haus.de\/kh-test\/index.php\/2023\/01\/10\/kraftstoff-ausstellung-in-der-modulgalerie\/\" class=\"sya_postlink post-9243\" rel=\"bookmark\">TREIBSTOFF in der Modulgalerie<\/a><\/div><\/li><li class=\"\"><div class=\"sya_postcontent\"><span class=\"sya_date\"> <span class=\"sya_sep\"> <\/span><\/span><a href=\"https:\/\/www.krakauer-haus.de\/kh-test\/index.php\/2023\/01\/08\/blaue-nacht-2\/\" class=\"sya_postlink post-9271\" rel=\"bookmark\">BLAUE NACHT<\/a><\/div><\/li><li class=\"\"><div class=\"sya_postcontent\"><span class=\"sya_date\"> <span class=\"sya_sep\"> <\/span><\/span><a href=\"https:\/\/www.krakauer-haus.de\/kh-test\/index.php\/2023\/01\/07\/18-polnische-filmwoche\/\" class=\"sya_postlink post-9258\" rel=\"bookmark\">18. POLNISCHE FILMWOCHE<\/a><\/div><\/li><\/ul><a id=\"year2022\"><\/a><a href=\"https:\/\/www.krakauer-haus.de\/kh-test\/index.php\/2022\/\" rel=\"section\">2022<\/a><ul><li class=\"\"><div class=\"sya_postcontent\"><span class=\"sya_date\"> <span class=\"sya_sep\"> <\/span><\/span><a href=\"https:\/\/www.krakauer-haus.de\/kh-test\/index.php\/2022\/12\/11\/o-w-l-in-der-modulgalerie\/\" class=\"sya_postlink post-8991\" rel=\"bookmark\">O.W.L. in der Modulgalerie<\/a><\/div><\/li><li class=\"\"><div class=\"sya_postcontent\"><span class=\"sya_date\"> <span class=\"sya_sep\"> <\/span><\/span><a href=\"https:\/\/www.krakauer-haus.de\/kh-test\/index.php\/2022\/09\/22\/owl-la-vita-e-bella\/\" class=\"sya_postlink post-8872\" rel=\"bookmark\">OWL: La vita e bella<\/a><\/div><\/li><li class=\"\"><div class=\"sya_postcontent\"><span class=\"sya_date\"> <span class=\"sya_sep\"> <\/span><\/span><a href=\"https:\/\/www.krakauer-haus.de\/kh-test\/index.php\/2022\/09\/19\/geschichtensammler-in\/\" class=\"sya_postlink post-8659\" rel=\"bookmark\">GESCHICHTENSAMMLER_IN<\/a><\/div><\/li><li class=\"\"><div class=\"sya_postcontent\"><span class=\"sya_date\"> <span class=\"sya_sep\"> <\/span><\/span><a href=\"https:\/\/www.krakauer-haus.de\/kh-test\/index.php\/2022\/09\/18\/podiumsdiskussion-geschichtensammler_in\/\" class=\"sya_postlink post-8985\" rel=\"bookmark\">PODIUMSDISKUSSION: GESCHICHTENSAMMLER_IN<\/a><\/div><\/li><li class=\"\"><div class=\"sya_postcontent\"><span class=\"sya_date\"> <span class=\"sya_sep\"> <\/span><\/span><a href=\"https:\/\/www.krakauer-haus.de\/kh-test\/index.php\/2022\/09\/17\/das-hamlet-syndrom-ein-film-von-elwira-niewiera-und-piotr-rosolowski\/\" class=\"sya_postlink post-9251\" rel=\"bookmark\">DAS HAMLET SYNDROM Ein Film von Elwira Niewiera und Piotr Roso\u0142owski<\/a><\/div><\/li><li class=\"\"><div class=\"sya_postcontent\"><span class=\"sya_date\"> <span class=\"sya_sep\"> <\/span><\/span><a href=\"https:\/\/www.krakauer-haus.de\/kh-test\/index.php\/2022\/09\/10\/art-weekend-nuernberg-2\/\" class=\"sya_postlink post-8677\" rel=\"bookmark\">ART WEEKEND N\u00dcRNBERG<\/a><\/div><\/li><li class=\"\"><div class=\"sya_postcontent\"><span class=\"sya_date\"> <span class=\"sya_sep\"> <\/span><\/span><a href=\"https:\/\/www.krakauer-haus.de\/kh-test\/index.php\/2022\/08\/25\/inselkunst-2022-kunst-im-oeffentlichen-raum\/\" class=\"sya_postlink post-8424\" rel=\"bookmark\">INSELKUNST 2022 &#8211; Kunst im \u00f6ffentlichen Raum<\/a><\/div><\/li><li class=\"\"><div class=\"sya_postcontent\"><span class=\"sya_date\"> <span class=\"sya_sep\"> <\/span><\/span><a href=\"https:\/\/www.krakauer-haus.de\/kh-test\/index.php\/2022\/08\/24\/stadtverfuehrungen\/\" class=\"sya_postlink post-8806\" rel=\"bookmark\">STADT(VER)F\u00dcHRUNGEN<\/a><\/div><\/li><li class=\"\"><div class=\"sya_postcontent\"><span class=\"sya_date\"> <span class=\"sya_sep\"> <\/span><\/span><a href=\"https:\/\/www.krakauer-haus.de\/kh-test\/index.php\/2022\/08\/22\/polenallergie-2022\/\" class=\"sya_postlink post-8761\" rel=\"bookmark\">POLENALLERGIE 2022<\/a><\/div><\/li><li class=\"\"><div class=\"sya_postcontent\"><span class=\"sya_date\"> <span class=\"sya_sep\"> <\/span><\/span><a href=\"https:\/\/www.krakauer-haus.de\/kh-test\/index.php\/2022\/07\/01\/grenzenlos-nuernberg-trifft-krakau\/\" class=\"sya_postlink post-8650\" rel=\"bookmark\">GRENZENLOS : N\u00fcrnberg trifft Krakau<\/a><\/div><\/li><li class=\"\"><div class=\"sya_postcontent\"><span class=\"sya_date\"> <span class=\"sya_sep\"> <\/span><\/span><a href=\"https:\/\/www.krakauer-haus.de\/kh-test\/index.php\/2022\/06\/20\/burgerreise-2022\/\" class=\"sya_postlink post-8253\" rel=\"bookmark\">BURGERREISE 2022<\/a><\/div><\/li><li class=\"\"><div class=\"sya_postcontent\"><span class=\"sya_date\"> <span class=\"sya_sep\"> <\/span><\/span><a href=\"https:\/\/www.krakauer-haus.de\/kh-test\/index.php\/2022\/05\/23\/wojtek-blecharz-vala-t-foltyn\/\" class=\"sya_postlink post-8609\" rel=\"bookmark\">Wojtek Blecharz &#038; Vala T. Foltyn<\/a><\/div><\/li><li class=\"\"><div class=\"sya_postcontent\"><span class=\"sya_date\"> <span class=\"sya_sep\"> <\/span><\/span><a href=\"https:\/\/www.krakauer-haus.de\/kh-test\/index.php\/2022\/02\/09\/again-malgorzata-markiewicz-julia-medynska\/\" class=\"sya_postlink post-8164\" rel=\"bookmark\">AGAIN : Ma\u0142gorzata Markiewicz &#038; Julia Medy\u0144ska<\/a><\/div><\/li><li class=\"\"><div class=\"sya_postcontent\"><span class=\"sya_date\"> <span class=\"sya_sep\"> <\/span><\/span><a href=\"https:\/\/www.krakauer-haus.de\/kh-test\/index.php\/2022\/02\/09\/blaue-nacht-2022-sarapata-x-marcela-rybska\/\" class=\"sya_postlink post-8248\" rel=\"bookmark\">BLAUE NACHT 2022: SARAPATA X MARCELA RYBSKA<\/a><\/div><\/li><li class=\"\"><div class=\"sya_postcontent\"><span class=\"sya_date\"> <span class=\"sya_sep\"> <\/span><\/span><a href=\"https:\/\/www.krakauer-haus.de\/kh-test\/index.php\/2022\/02\/08\/blaue-nacht-2022-by-house-od-mice-modulgalerie\/\" class=\"sya_postlink post-8501\" rel=\"bookmark\">BLAUE NACHT 2022: HOUSE OF MICE \/ MODULGALERIE<\/a><\/div><\/li><li class=\"\"><div class=\"sya_postcontent\"><span class=\"sya_date\"> <span class=\"sya_sep\"> <\/span><\/span><a href=\"https:\/\/www.krakauer-haus.de\/kh-test\/index.php\/2022\/02\/07\/ausstellung-kuenstlergespraech\/\" class=\"sya_postlink post-8467\" rel=\"bookmark\">Justyna G\u00f3rowska \/ AUSSTELLUNG &#038; K\u00fcnstlergespr\u00e4ch<\/a><\/div><\/li><li class=\"\"><div class=\"sya_postcontent\"><span class=\"sya_date\"> <span class=\"sya_sep\"> <\/span><\/span><a href=\"https:\/\/www.krakauer-haus.de\/kh-test\/index.php\/2022\/02\/07\/film-17-polnische-filmwoche-2022\/\" class=\"sya_postlink post-8459\" rel=\"bookmark\">FILM: 17. POLNISCHE FILMWOCHE 2022<\/a><\/div><\/li><li class=\"\"><div class=\"sya_postcontent\"><span class=\"sya_date\"> <span class=\"sya_sep\"> <\/span><\/span><a href=\"https:\/\/www.krakauer-haus.de\/kh-test\/index.php\/2022\/02\/05\/lostfound-malgorzata-markiewicz-julia-medynska\/\" class=\"sya_postlink post-8441\" rel=\"bookmark\">lost&#038;found \/ MODULGALERIE<\/a><\/div><\/li><\/ul><a id=\"year2021\"><\/a><a href=\"https:\/\/www.krakauer-haus.de\/kh-test\/index.php\/2021\/\" rel=\"section\">2021<\/a><ul><li class=\"\"><div class=\"sya_postcontent\"><span class=\"sya_date\"> <span class=\"sya_sep\"> <\/span><\/span><a href=\"https:\/\/www.krakauer-haus.de\/kh-test\/index.php\/2021\/12\/31\/2021-rueckblick\/\" class=\"sya_postlink post-8131\" rel=\"bookmark\">2021 R\u00fcckblick<\/a><\/div><\/li><li class=\"\"><div class=\"sya_postcontent\"><span class=\"sya_date\"> <span class=\"sya_sep\"> <\/span><\/span><a href=\"https:\/\/www.krakauer-haus.de\/kh-test\/index.php\/2021\/10\/14\/agata-kus-later-than-you-think\/\" class=\"sya_postlink post-7550\" rel=\"bookmark\">AGATA KUS : Later than you think<\/a><\/div><\/li><li class=\"\"><div class=\"sya_postcontent\"><span class=\"sya_date\"> <span class=\"sya_sep\"> <\/span><\/span><a href=\"https:\/\/www.krakauer-haus.de\/kh-test\/index.php\/2021\/10\/13\/polnische-filmtage-im-herbst-2\/\" class=\"sya_postlink post-7664\" rel=\"bookmark\">Polnische Filmtage &#8230;im Herbst<\/a><\/div><\/li><li class=\"\"><div class=\"sya_postcontent\"><span class=\"sya_date\"> <span class=\"sya_sep\"> <\/span><\/span><a href=\"https:\/\/www.krakauer-haus.de\/kh-test\/index.php\/2021\/10\/12\/kurzfilmwettbewerb-spagat-szpagat\/\" class=\"sya_postlink post-6907\" rel=\"bookmark\">KURZFILMWETTBEWERB: SPAGAT \/ SZPAGAT<\/a><\/div><\/li><li class=\"\"><div class=\"sya_postcontent\"><span class=\"sya_date\"> <span class=\"sya_sep\"> <\/span><\/span><a href=\"https:\/\/www.krakauer-haus.de\/kh-test\/index.php\/2021\/10\/12\/malgorzata-wielekwielek-und-rene-radomsky-ich-kratze-den-getrockneten-schmutz-ab\/\" class=\"sya_postlink post-7688\" rel=\"bookmark\">Ma\u0142gorzata Wielek und Ren\u00e9 Radomsky<\/a><\/div><\/li><li class=\"\"><div class=\"sya_postcontent\"><span class=\"sya_date\"> <span class=\"sya_sep\"> <\/span><\/span><a href=\"https:\/\/www.krakauer-haus.de\/kh-test\/index.php\/2021\/10\/11\/kunst-inselkunst-2020-kunst-im-oeffentlichen-raum\/\" class=\"sya_postlink post-6928\" rel=\"bookmark\">INSELKUNST 2021 &#8211; Kunst im \u00f6ffentlichen Raum<\/a><\/div><\/li><li class=\"\"><div class=\"sya_postcontent\"><span class=\"sya_date\"> <span class=\"sya_sep\"> <\/span><\/span><a href=\"https:\/\/www.krakauer-haus.de\/kh-test\/index.php\/2021\/10\/10\/monika-drozynska-flaggen-2-meter-sichereitsabstand-und-covidismus\/\" class=\"sya_postlink post-5787\" rel=\"bookmark\">KUNST: MONIKA DRO\u017bY\u0143SKA: FLAGGEN<\/a><\/div><\/li><li class=\"\"><div class=\"sya_postcontent\"><span class=\"sya_date\"> <span class=\"sya_sep\"> <\/span><\/span><a href=\"https:\/\/www.krakauer-haus.de\/kh-test\/index.php\/2021\/09\/07\/zauberwort-festival\/\" class=\"sya_postlink post-7792\" rel=\"bookmark\">ZAUBERWORT FESTIVAL<\/a><\/div><\/li><li class=\"\"><div class=\"sya_postcontent\"><span class=\"sya_date\"> <span class=\"sya_sep\"> <\/span><\/span><a href=\"https:\/\/www.krakauer-haus.de\/kh-test\/index.php\/2021\/09\/06\/polenallergie-2021\/\" class=\"sya_postlink post-7437\" rel=\"bookmark\">POLENALLERGIE 2021<\/a><\/div><\/li><li class=\"\"><div class=\"sya_postcontent\"><span class=\"sya_date\"> <span class=\"sya_sep\"> <\/span><\/span><a href=\"https:\/\/www.krakauer-haus.de\/kh-test\/index.php\/2021\/09\/06\/ueber-das-schreiben-und-uebersetzen-leonhard-f-seidl-und-urszula-poprawska\/\" class=\"sya_postlink post-7570\" rel=\"bookmark\">\u201e\u00dcber das Schreiben und \u00dcbersetzen\u201c, Leonhard F. Seidl und Urszula Poprawska<\/a><\/div><\/li><li class=\"\"><div class=\"sya_postcontent\"><span class=\"sya_date\"> <span class=\"sya_sep\"> <\/span><\/span><a href=\"https:\/\/www.krakauer-haus.de\/kh-test\/index.php\/2021\/09\/05\/stadtverfuehrungen-2021\/\" class=\"sya_postlink post-7530\" rel=\"bookmark\">STADT(VER)F\u00dcHRUNGEN 2021<\/a><\/div><\/li><li class=\"\"><div class=\"sya_postcontent\"><span class=\"sya_date\"> <span class=\"sya_sep\"> <\/span><\/span><a href=\"https:\/\/www.krakauer-haus.de\/kh-test\/index.php\/2021\/09\/03\/agata-kus-neal-cassady\/\" class=\"sya_postlink post-7517\" rel=\"bookmark\">Art Weekend N\u00fcrnberg: AGATA KUS &#038; NEAL CASSADY<\/a><\/div><\/li><li class=\"\"><div class=\"sya_postcontent\"><span class=\"sya_date\"> <span class=\"sya_sep\"> <\/span><\/span><a href=\"https:\/\/www.krakauer-haus.de\/kh-test\/index.php\/2021\/08\/25\/krakauer-zu-haus\/\" class=\"sya_postlink post-6281\" rel=\"bookmark\">FILM: KRAKAUER (ZU) HAUS<\/a><\/div><\/li><li class=\"\"><div class=\"sya_postcontent\"><span class=\"sya_date\"> <span class=\"sya_sep\"> <\/span><\/span><a href=\"https:\/\/www.krakauer-haus.de\/kh-test\/index.php\/2021\/04\/24\/krakers-2021-no-hope\/\" class=\"sya_postlink post-6867\" rel=\"bookmark\">KRAKERS 2021: (no) HOPE<\/a><\/div><\/li><li class=\"\"><div class=\"sya_postcontent\"><span class=\"sya_date\"> <span class=\"sya_sep\"> <\/span><\/span><a href=\"https:\/\/www.krakauer-haus.de\/kh-test\/index.php\/2021\/04\/24\/glocke-soundart-in-krakau-und-nuernberg\/\" class=\"sya_postlink post-6953\" rel=\"bookmark\">KLINGT GUT !<\/a><\/div><\/li><li class=\"\"><div class=\"sya_postcontent\"><span class=\"sya_date\"> <span class=\"sya_sep\"> <\/span><\/span><a href=\"https:\/\/www.krakauer-haus.de\/kh-test\/index.php\/2021\/04\/24\/inselkunst-2021-vernissage\/\" class=\"sya_postlink post-6939\" rel=\"bookmark\">SUNDAY MORNING ORCHESTRA &#8211; VERNISSAGE MIT LIVE-MUSIK!<\/a><\/div><\/li><li class=\"\"><div class=\"sya_postcontent\"><span class=\"sya_date\"> <span class=\"sya_sep\"> <\/span><\/span><a href=\"https:\/\/www.krakauer-haus.de\/kh-test\/index.php\/2021\/04\/24\/film-polnische-filmtage\/\" class=\"sya_postlink post-6920\" rel=\"bookmark\">FILM: POLNISCHE FILMTage<\/a><\/div><\/li><\/ul><a id=\"year2020\"><\/a><a href=\"https:\/\/www.krakauer-haus.de\/kh-test\/index.php\/2020\/\" rel=\"section\">2020<\/a><ul><li class=\"\"><div class=\"sya_postcontent\"><span class=\"sya_date\"> <span class=\"sya_sep\"> <\/span><\/span><a href=\"https:\/\/www.krakauer-haus.de\/kh-test\/index.php\/2020\/10\/21\/alraune-und-karfoffeln-tomasz-krecicki-sebastian-troeger-ausstellung\/\" class=\"sya_postlink post-5250\" rel=\"bookmark\">KUNST: Alraune und Kartoffeln : Tomasz Kr\u0119cicki &#038; Sebastian Tr\u00f6ger<\/a><\/div><\/li><li class=\"\"><div class=\"sya_postcontent\"><span class=\"sya_date\"> <span class=\"sya_sep\"> <\/span><\/span><a href=\"https:\/\/www.krakauer-haus.de\/kh-test\/index.php\/2020\/10\/20\/krakers-2020\/\" class=\"sya_postlink post-6045\" rel=\"bookmark\">KUNST: KRAKERS 2020: Alraune und Kartoffeln<\/a><\/div><\/li><li class=\"\"><div class=\"sya_postcontent\"><span class=\"sya_date\"> <span class=\"sya_sep\"> <\/span><\/span><a href=\"https:\/\/www.krakauer-haus.de\/kh-test\/index.php\/2020\/10\/17\/mateusz-palka-trio-polenallergie-2020\/\" class=\"sya_postlink post-5759\" rel=\"bookmark\">MUSIK: MATEUSZ PA\u0141KA TRIO<\/a><\/div><\/li><li class=\"\"><div class=\"sya_postcontent\"><span class=\"sya_date\"> <span class=\"sya_sep\"> <\/span><\/span><a href=\"https:\/\/www.krakauer-haus.de\/kh-test\/index.php\/2020\/09\/15\/es-gibt-nichts-wovor-man-sich-fuerchten-muss-das-ist-nur-ein-maerchen-das-ist-keine-pfeife-das-ist-kein-maerchen\/\" class=\"sya_postlink post-5281\" rel=\"bookmark\">KUNST: Es gibt nichts, wovor man sich f\u00fcrchten muss. Das ist nur ein M\u00e4rchen. Das ist keine Pfeife. Das ist kein M\u00e4rchen.<\/a><\/div><\/li><li class=\"\"><div class=\"sya_postcontent\"><span class=\"sya_date\"> <span class=\"sya_sep\"> <\/span><\/span><a href=\"https:\/\/www.krakauer-haus.de\/kh-test\/index.php\/2020\/09\/14\/cinamon\/\" class=\"sya_postlink post-5734\" rel=\"bookmark\">MUSIK: CINEMON<\/a><\/div><\/li><li class=\"\"><div class=\"sya_postcontent\"><span class=\"sya_date\"> <span class=\"sya_sep\"> <\/span><\/span><a href=\"https:\/\/www.krakauer-haus.de\/kh-test\/index.php\/2020\/09\/13\/oskar-cenkier\/\" class=\"sya_postlink post-5712\" rel=\"bookmark\">MUSIK: OSKAR CENKIER<\/a><\/div><\/li><li class=\"\"><div class=\"sya_postcontent\"><span class=\"sya_date\"> <span class=\"sya_sep\"> <\/span><\/span><a href=\"https:\/\/www.krakauer-haus.de\/kh-test\/index.php\/2020\/06\/02\/inselkunst-2019-kunst-im-oeffentlichen-raum\/\" class=\"sya_postlink post-4895\" rel=\"bookmark\">KUNST: INSELKUNST 2020 &#8211; Kunst im \u00f6ffentlichen Raum<\/a><\/div><\/li><li class=\"\"><div class=\"sya_postcontent\"><span class=\"sya_date\"> <span class=\"sya_sep\"> <\/span><\/span><a href=\"https:\/\/www.krakauer-haus.de\/kh-test\/index.php\/2020\/06\/02\/marta-romankiv-lukasz-surowiec\/\" class=\"sya_postlink post-5674\" rel=\"bookmark\">FILM: Marta Romankiv  &#038;  \u0141ukasz Surowiec<\/a><\/div><\/li><li class=\"\"><div class=\"sya_postcontent\"><span class=\"sya_date\"> <span class=\"sya_sep\"> <\/span><\/span><a href=\"https:\/\/www.krakauer-haus.de\/kh-test\/index.php\/2020\/06\/02\/marta-romankiv-lukasz-surowiec-kuenstlergespraech-film-screening\/\" class=\"sya_postlink post-5332\" rel=\"bookmark\">KUNST: SHOW ME YOUR HANDS: Marta Romankiv  &#038;  \u0141ukasz Surowiec<\/a><\/div><\/li><li class=\"\"><div class=\"sya_postcontent\"><span class=\"sya_date\"> <span class=\"sya_sep\"> <\/span><\/span><a href=\"https:\/\/www.krakauer-haus.de\/kh-test\/index.php\/2020\/06\/02\/polnische-filmtage\/\" class=\"sya_postlink post-5180\" rel=\"bookmark\">FILM: POLNISCHE FILMTage<\/a><\/div><\/li><li class=\"\"><div class=\"sya_postcontent\"><span class=\"sya_date\"> <span class=\"sya_sep\"> <\/span><\/span><a href=\"https:\/\/www.krakauer-haus.de\/kh-test\/index.php\/2020\/06\/02\/art-weekend-nuernberg\/\" class=\"sya_postlink post-5418\" rel=\"bookmark\">KUNST: ART WEEKEND N\u00dcRNBERG<\/a><\/div><\/li><li class=\"\"><div class=\"sya_postcontent\"><span class=\"sya_date\"> <span class=\"sya_sep\"> <\/span><\/span><a href=\"https:\/\/www.krakauer-haus.de\/kh-test\/index.php\/2020\/06\/01\/inselkunst-2020-kunst-im-oeffentlichen-raum\/\" class=\"sya_postlink post-5400\" rel=\"bookmark\">KUNST &#038; MUSIK: INSELKUNST und ULI TSITSOS<\/a><\/div><\/li><li class=\"\"><div class=\"sya_postcontent\"><span class=\"sya_date\"> <span class=\"sya_sep\"> <\/span><\/span><a href=\"https:\/\/www.krakauer-haus.de\/kh-test\/index.php\/2020\/05\/30\/kinga-glyk\/\" class=\"sya_postlink post-5551\" rel=\"bookmark\">MUSIK: KINGA GLYK<\/a><\/div><\/li><\/ul><a id=\"year2019\"><\/a><a href=\"https:\/\/www.krakauer-haus.de\/kh-test\/index.php\/2019\/\" rel=\"section\">2019<\/a><ul><li class=\"\"><div class=\"sya_postcontent\"><span class=\"sya_date\"> <span class=\"sya_sep\"> <\/span><\/span><a href=\"https:\/\/www.krakauer-haus.de\/kh-test\/index.php\/2019\/12\/09\/winterpause\/\" class=\"sya_postlink post-4648\" rel=\"bookmark\">20. Dezember 2019 &#8211; 7. Januar 2020<\/a><\/div><\/li><li class=\"\"><div class=\"sya_postcontent\"><span class=\"sya_date\"> <span class=\"sya_sep\"> <\/span><\/span><a href=\"https:\/\/www.krakauer-haus.de\/kh-test\/index.php\/2019\/11\/08\/runforrest\/\" class=\"sya_postlink post-4503\" rel=\"bookmark\">MUSIK: runforrest<\/a><\/div><\/li><li class=\"\"><div class=\"sya_postcontent\"><span class=\"sya_date\"> <span class=\"sya_sep\"> <\/span><\/span><a href=\"https:\/\/www.krakauer-haus.de\/kh-test\/index.php\/2019\/11\/06\/woyzeck-t-raeume\/\" class=\"sya_postlink post-4140\" rel=\"bookmark\">THEATER: WOYZECK- T r\u00e4ume<\/a><\/div><\/li><li class=\"\"><div class=\"sya_postcontent\"><span class=\"sya_date\"> <span class=\"sya_sep\"> <\/span><\/span><a href=\"https:\/\/www.krakauer-haus.de\/kh-test\/index.php\/2019\/10\/15\/polenallergie-festival\/\" class=\"sya_postlink post-4227\" rel=\"bookmark\">MUSIK: PolenAllergie Festival<\/a><\/div><\/li><li class=\"\"><div class=\"sya_postcontent\"><span class=\"sya_date\"> <span class=\"sya_sep\"> <\/span><\/span><a href=\"https:\/\/www.krakauer-haus.de\/kh-test\/index.php\/2019\/10\/15\/geometrie\/\" class=\"sya_postlink post-3872\" rel=\"bookmark\">KUNST: Art Weekend N\u00fcrnberg: Fachrichtung GEOMETRIE<\/a><\/div><\/li><li class=\"\"><div class=\"sya_postcontent\"><span class=\"sya_date\"> <span class=\"sya_sep\"> <\/span><\/span><a href=\"https:\/\/www.krakauer-haus.de\/kh-test\/index.php\/2019\/10\/09\/40-jahre-staedtepartnerschaft-krakau-nuernberg\/\" class=\"sya_postlink post-3574\" rel=\"bookmark\">40 JAHRE ST\u00c4DTEPARTNERSCHAFT: KRAKAU-N\u00dcRNBERG<\/a><\/div><\/li><li class=\"\"><div class=\"sya_postcontent\"><span class=\"sya_date\"> <span class=\"sya_sep\"> <\/span><\/span><a href=\"https:\/\/www.krakauer-haus.de\/kh-test\/index.php\/2019\/10\/08\/strassenbahn-wettbewerb\/\" class=\"sya_postlink post-4283\" rel=\"bookmark\">STRASSENBAHN-WETTBEWERB<\/a><\/div><\/li><li class=\"\"><div class=\"sya_postcontent\"><span class=\"sya_date\"> <span class=\"sya_sep\"> <\/span><\/span><a href=\"https:\/\/www.krakauer-haus.de\/kh-test\/index.php\/2019\/10\/07\/strassenbahn\/\" class=\"sya_postlink post-4271\" rel=\"bookmark\">KUNST: Dominik Stanis\u0142awski: N8 &#8211; KUNSTINSTALLATION<\/a><\/div><\/li><li class=\"\"><div class=\"sya_postcontent\"><span class=\"sya_date\"> <span class=\"sya_sep\"> <\/span><\/span><a href=\"https:\/\/www.krakauer-haus.de\/kh-test\/index.php\/2019\/05\/26\/texttage-nuernberg\/\" class=\"sya_postlink post-3329\" rel=\"bookmark\">LITERTUR: texttage.nuernberg: Olga Tokarczuk<\/a><\/div><\/li><li class=\"\"><div class=\"sya_postcontent\"><span class=\"sya_date\"> <span class=\"sya_sep\"> <\/span><\/span><a href=\"https:\/\/www.krakauer-haus.de\/kh-test\/index.php\/2019\/04\/25\/inselkunst-2019\/\" class=\"sya_postlink post-3358\" rel=\"bookmark\">KUNST: INSELKUNST 2019 &#8211; Kunst im \u00f6ffentlichen Raum<\/a><\/div><\/li><li class=\"\"><div class=\"sya_postcontent\"><span class=\"sya_date\"> <span class=\"sya_sep\"> <\/span><\/span><a href=\"https:\/\/www.krakauer-haus.de\/kh-test\/index.php\/2019\/04\/13\/blaue-nacht-romantic-fellas-adam-cmiel\/\" class=\"sya_postlink post-2815\" rel=\"bookmark\">PERFORMANCE: BLAUE NACHT: ROMANTIC FELLAS &#038; ADAM CMIEL<\/a><\/div><\/li><li class=\"\"><div class=\"sya_postcontent\"><span class=\"sya_date\"> <span class=\"sya_sep\"> <\/span><\/span><a href=\"https:\/\/www.krakauer-haus.de\/kh-test\/index.php\/2019\/04\/11\/14-polnische-filmwoche\/\" class=\"sya_postlink post-3005\" rel=\"bookmark\">FILM: 14. POLNISCHE FILMWOCHE<\/a><\/div><\/li><li class=\"\"><div class=\"sya_postcontent\"><span class=\"sya_date\"> <span class=\"sya_sep\"> <\/span><\/span><a href=\"https:\/\/www.krakauer-haus.de\/kh-test\/index.php\/2019\/04\/11\/krakers-roza-duda-und-michal-soja\/\" class=\"sya_postlink post-2702\" rel=\"bookmark\">KUNST: KRAKERS: R\u00f3\u017ca Duda und Micha\u0142 Soja<\/a><\/div><\/li><li class=\"\"><div class=\"sya_postcontent\"><span class=\"sya_date\"> <span class=\"sya_sep\"> <\/span><\/span><a href=\"https:\/\/www.krakauer-haus.de\/kh-test\/index.php\/2019\/01\/22\/nepal-treffen\/\" class=\"sya_postlink post-1095\" rel=\"bookmark\">POLENREISEN TRIFFT DIE WELT: NEPAL<\/a><\/div><\/li><li class=\"\"><div class=\"sya_postcontent\"><span class=\"sya_date\"> <span class=\"sya_sep\"> <\/span><\/span><a href=\"https:\/\/www.krakauer-haus.de\/kh-test\/index.php\/2019\/01\/20\/ein-mongolischer-abend-mit-tunga-und-bata\/\" class=\"sya_postlink post-1087\" rel=\"bookmark\">POLENREISEN TRIFFT DIE WELT: MONGOLEI<\/a><\/div><\/li><li class=\"\"><div class=\"sya_postcontent\"><span class=\"sya_date\"> <span class=\"sya_sep\"> <\/span><\/span><a href=\"https:\/\/www.krakauer-haus.de\/kh-test\/index.php\/2019\/01\/02\/zauberwort\/\" class=\"sya_postlink post-1063\" rel=\"bookmark\">ZAUBERWORT<\/a><\/div><\/li><\/ul><a id=\"year2018\"><\/a><a href=\"https:\/\/www.krakauer-haus.de\/kh-test\/index.php\/2018\/\" rel=\"section\">2018<\/a><ul><li class=\"\"><div class=\"sya_postcontent\"><span class=\"sya_date\"> <span class=\"sya_sep\"> <\/span><\/span><a href=\"https:\/\/www.krakauer-haus.de\/kh-test\/index.php\/2018\/12\/09\/drachen-workshop\/\" class=\"sya_postlink post-77\" rel=\"bookmark\">DRACHEN-WORKSHOP: EINE KINDER-ELTERN-AKTION F\u00dcR KINDER VON 5 BIS 9 JAHREN<\/a><\/div><\/li><li class=\"\"><div class=\"sya_postcontent\"><span class=\"sya_date\"> <span class=\"sya_sep\"> <\/span><\/span><a href=\"https:\/\/www.krakauer-haus.de\/kh-test\/index.php\/2018\/11\/16\/der-boxer-autorenlesung-mit-szczepan-twardoch-moderation-uebersetzung-dr-olaf-kuehl\/\" class=\"sya_postlink post-279\" rel=\"bookmark\">\u201eDER BOXER\u201c. AUTORENLESUNG MIT SZCZEPAN TWARDOCH MODERATION\/\u00dcBERSETZUNG: DR. OLAF K\u00dcHL<\/a><\/div><\/li><li class=\"\"><div class=\"sya_postcontent\"><span class=\"sya_date\"> <span class=\"sya_sep\"> <\/span><\/span><a href=\"https:\/\/www.krakauer-haus.de\/kh-test\/index.php\/2018\/11\/11\/drachen-workshop-eine-kinder-eltern-aktion-fuer-kinder-von-5-bis-9-jahren\/\" class=\"sya_postlink post-284\" rel=\"bookmark\">KUNST: 10 X 10 VON ARTUR WABIK &#038; BARTOSZ DWORAK QUARTET<\/a><\/div><\/li><li class=\"\"><div class=\"sya_postcontent\"><span class=\"sya_date\"> <span class=\"sya_sep\"> <\/span><\/span><a href=\"https:\/\/www.krakauer-haus.de\/kh-test\/index.php\/2018\/06\/08\/inselkunst-kunst-im-oeffentlichen-raum\/\" class=\"sya_postlink post-2610\" rel=\"bookmark\">KUNST: INSELKUNST 2018 &#8211; Kunst im \u00f6ffentlichen Raum<\/a><\/div><\/li><li class=\"\"><div class=\"sya_postcontent\"><span class=\"sya_date\"> <span class=\"sya_sep\"> <\/span><\/span><a href=\"https:\/\/www.krakauer-haus.de\/kh-test\/index.php\/2018\/06\/02\/24h-nbg-krk-bln-wro-eine-kunstaktion\/\" class=\"sya_postlink post-2593\" rel=\"bookmark\">KUNST: 24H NBG\/KRK\/BLN\/WRO &#8211; EINE KUNSTAKTION<\/a><\/div><\/li><li class=\"\"><div class=\"sya_postcontent\"><span class=\"sya_date\"> <span class=\"sya_sep\"> <\/span><\/span><a href=\"https:\/\/www.krakauer-haus.de\/kh-test\/index.php\/2018\/05\/19\/pink-freud\/\" class=\"sya_postlink post-2590\" rel=\"bookmark\">PINK FREUD<\/a><\/div><\/li><li class=\"\"><div class=\"sya_postcontent\"><span class=\"sya_date\"> <span class=\"sya_sep\"> <\/span><\/span><a href=\"https:\/\/www.krakauer-haus.de\/kh-test\/index.php\/2018\/05\/05\/salk-aka-selkie-and-the-lighthouse-keepers\/\" class=\"sya_postlink post-2581\" rel=\"bookmark\">SALK AKA SELKIE  AND THE LIGHTHOUSE KEEPERS<\/a><\/div><\/li><li class=\"\"><div class=\"sya_postcontent\"><span class=\"sya_date\"> <span class=\"sya_sep\"> <\/span><\/span><a href=\"https:\/\/www.krakauer-haus.de\/kh-test\/index.php\/2018\/05\/01\/eine-podiumsdiskussion-zur-aktuellen-kulturpolitik-in-polen\/\" class=\"sya_postlink post-2584\" rel=\"bookmark\">EINE PODIUMSDISKUSSION ZUR AKTUELLEN  KULTURPOLITIK IN POLEN<\/a><\/div><\/li><li class=\"\"><div class=\"sya_postcontent\"><span class=\"sya_date\"> <span class=\"sya_sep\"> <\/span><\/span><a href=\"https:\/\/www.krakauer-haus.de\/kh-test\/index.php\/2018\/04\/22\/drachen-workshop-reihe-legenden-aus-krakau\/\" class=\"sya_postlink post-2617\" rel=\"bookmark\">DRACHEN-WORKSHOP (REIHE: LEGENDEN AUS KRAKAU)<\/a><\/div><\/li><li class=\"\"><div class=\"sya_postcontent\"><span class=\"sya_date\"> <span class=\"sya_sep\"> <\/span><\/span><a href=\"https:\/\/www.krakauer-haus.de\/kh-test\/index.php\/2018\/04\/19\/13-polnische-filmwoche-2018\/\" class=\"sya_postlink post-2587\" rel=\"bookmark\">13. POLNISCHE FILMWOCHE 2018<\/a><\/div><\/li><li class=\"\"><div class=\"sya_postcontent\"><span class=\"sya_date\"> <span class=\"sya_sep\"> <\/span><\/span><a href=\"https:\/\/www.krakauer-haus.de\/kh-test\/index.php\/2018\/03\/24\/trio-silberman-and-three-of-a-perfect-pair\/\" class=\"sya_postlink post-2573\" rel=\"bookmark\">TRIO SILBERMAN AND THREE OF A PERFECT PAIR<\/a><\/div><\/li><li class=\"\"><div class=\"sya_postcontent\"><span class=\"sya_date\"> <span class=\"sya_sep\"> <\/span><\/span><a href=\"https:\/\/www.krakauer-haus.de\/kh-test\/index.php\/2018\/01\/29\/ballet-des-nations-klingende-geographie-balet-dworski-cracovia-danza\/\" class=\"sya_postlink post-2565\" rel=\"bookmark\">BALLET DES NATIONS: \u201eKLINGENDE GEOGRAPHIE\u201c  BALET DWORSKI CRACOVIA DANZA<\/a><\/div><\/li><li class=\"\"><div class=\"sya_postcontent\"><span class=\"sya_date\"> <span class=\"sya_sep\"> <\/span><\/span><a href=\"https:\/\/www.krakauer-haus.de\/kh-test\/index.php\/2018\/01\/02\/erzaehlkunstfestival-zauberwort-3\/\" class=\"sya_postlink post-2562\" rel=\"bookmark\">ERZ\u00c4HLKUNSTFESTIVAL \u201eZAUBERWORT\u201c<\/a><\/div><\/li><\/ul><a id=\"year2017\"><\/a><a href=\"https:\/\/www.krakauer-haus.de\/kh-test\/index.php\/2017\/\" rel=\"section\">2017<\/a><ul><li class=\"\"><div class=\"sya_postcontent\"><span class=\"sya_date\"> <span class=\"sya_sep\"> <\/span><\/span><a href=\"https:\/\/www.krakauer-haus.de\/kh-test\/index.php\/2017\/12\/09\/weihnachtskonzert-piotr-wylezol-piano-solo\/\" class=\"sya_postlink post-2546\" rel=\"bookmark\">WEIHNACHTSKONZERT: PIOTR WYLE\u017bO\u0141 \/ PIANO SOLO<\/a><\/div><\/li><li class=\"\"><div class=\"sya_postcontent\"><span class=\"sya_date\"> <span class=\"sya_sep\"> <\/span><\/span><a href=\"https:\/\/www.krakauer-haus.de\/kh-test\/index.php\/2017\/12\/01\/video-found-footage-2017-dominik-stanislawski-witold-stelmachniewicz-michal-zawada-interpretieren-das-bekannte-motiv-nochmals-neu\/\" class=\"sya_postlink post-2559\" rel=\"bookmark\">NARRENSCHIFF:  DOMINIK STANIS\u0141AWSKI, WITOLD STELMACHNIEWICZ, MICHA\u0141 ZAWADA INTERPRETIEREN DAS BEKANNTE MOTIV NOCHMALS NEU<\/a><\/div><\/li><li class=\"\"><div class=\"sya_postcontent\"><span class=\"sya_date\"> <span class=\"sya_sep\"> <\/span><\/span><a href=\"https:\/\/www.krakauer-haus.de\/kh-test\/index.php\/2017\/11\/30\/wir-strebermigranten-buchvorstellung-und-gespraech-mit-emilia-smechowski-und-ewa-wanat\/\" class=\"sya_postlink post-2550\" rel=\"bookmark\">\u201eWIR STREBERMIGRANTEN\u201c- BUCHVORSTELLUNG UND GESPR\u00c4CH MIT EMILIA SMECHOWSKI UND EWA WANAT<\/a><\/div><\/li><li class=\"\"><div class=\"sya_postcontent\"><span class=\"sya_date\"> <span class=\"sya_sep\"> <\/span><\/span><a href=\"https:\/\/www.krakauer-haus.de\/kh-test\/index.php\/2017\/10\/14\/polenallergie-impfung-nr-9-2017-eine-konzertreihe\/\" class=\"sya_postlink post-2543\" rel=\"bookmark\">POLENALLERGIE: IMPFUNG NR. 9 \/ 2017                           EINE KONZERTREIHE<\/a><\/div><\/li><li class=\"\"><div class=\"sya_postcontent\"><span class=\"sya_date\"> <span class=\"sya_sep\"> <\/span><\/span><a href=\"https:\/\/www.krakauer-haus.de\/kh-test\/index.php\/2017\/09\/23\/solokonzert-von-radek-szarek-zu-malerei-von-wilhelm-sasnal-im-neuen-museum\/\" class=\"sya_postlink post-2528\" rel=\"bookmark\">SOLOKONZERT VON RADEK SZAREK ZU MALEREI VON WILHELM SASNAL IM NEUEN MUSEUM<\/a><\/div><\/li><li class=\"\"><div class=\"sya_postcontent\"><span class=\"sya_date\"> <span class=\"sya_sep\"> <\/span><\/span><a href=\"https:\/\/www.krakauer-haus.de\/kh-test\/index.php\/2017\/07\/16\/kuba-duda-solo-im-hemdendienst\/\" class=\"sya_postlink post-2525\" rel=\"bookmark\">KUBA DUDA SOLO, IM HEMDENDIENST<\/a><\/div><\/li><li class=\"\"><div class=\"sya_postcontent\"><span class=\"sya_date\"> <span class=\"sya_sep\"> <\/span><\/span><a href=\"https:\/\/www.krakauer-haus.de\/kh-test\/index.php\/2017\/07\/01\/inselkunst-2017-kornel-janczy-caspar-hueter\/\" class=\"sya_postlink post-2535\" rel=\"bookmark\">INSELKUNST 2017: KORNEL JANCZY + CASPAR H\u00dcTER<\/a><\/div><\/li><li class=\"\"><div class=\"sya_postcontent\"><span class=\"sya_date\"> <span class=\"sya_sep\"> <\/span><\/span><a href=\"https:\/\/www.krakauer-haus.de\/kh-test\/index.php\/2017\/06\/23\/parallelen-krk-nbg-vernissage\/\" class=\"sya_postlink post-2518\" rel=\"bookmark\">PARALLELEN \/\/ KRK-NBG: VERNISSAGE<\/a><\/div><\/li><li class=\"\"><div class=\"sya_postcontent\"><span class=\"sya_date\"> <span class=\"sya_sep\"> <\/span><\/span><a href=\"https:\/\/www.krakauer-haus.de\/kh-test\/index.php\/2017\/05\/14\/gaba-kulka-mit-band-abschlusskonzert-der-12-polnischen-filmwoche\/\" class=\"sya_postlink post-2511\" rel=\"bookmark\">GABA KULKA MIT BAND  &#8211; ABSCHLUSSKONZERT DER 12. POLNISCHEN FILMWOCHE<\/a><\/div><\/li><li class=\"\"><div class=\"sya_postcontent\"><span class=\"sya_date\"> <span class=\"sya_sep\"> <\/span><\/span><a href=\"https:\/\/www.krakauer-haus.de\/kh-test\/index.php\/2017\/05\/13\/polenreisen-trifft-die-welt-eine-veranstaltungsreihe-des-reisebueros-im-krakauer-haus\/\" class=\"sya_postlink post-2515\" rel=\"bookmark\">POLENREISEN TRIFFT DIE WELT  EINE VERANSTALTUNGSREIHE DES REISEB\u00dcROS IM KRAKAUER HAUS<\/a><\/div><\/li><li class=\"\"><div class=\"sya_postcontent\"><span class=\"sya_date\"> <span class=\"sya_sep\"> <\/span><\/span><a href=\"https:\/\/www.krakauer-haus.de\/kh-test\/index.php\/2017\/05\/06\/karolina-cicha-bart-palyga-9-languages-blaue-nacht-im-krakauer-haus\/\" class=\"sya_postlink post-2504\" rel=\"bookmark\">KAROLINA CICHA &#038; BART PA\u0141YGA: 9 LANGUAGES BLAUE NACHT IM KRAKAUER HAUS<\/a><\/div><\/li><li class=\"\"><div class=\"sya_postcontent\"><span class=\"sya_date\"> <span class=\"sya_sep\"> <\/span><\/span><a href=\"https:\/\/www.krakauer-haus.de\/kh-test\/index.php\/2017\/04\/27\/12-polnische-filmwoche-2017\/\" class=\"sya_postlink post-2508\" rel=\"bookmark\">12. POLNISCHE FILMWOCHE 2017<\/a><\/div><\/li><li class=\"\"><div class=\"sya_postcontent\"><span class=\"sya_date\"> <span class=\"sya_sep\"> <\/span><\/span><a href=\"https:\/\/www.krakauer-haus.de\/kh-test\/index.php\/2017\/01\/21\/polenreisen-trifft-die-welt-eine-veranstaltungsreihe-des-reisebueros-im-krakauer-haus-mongolischer-abend-27-1-und-nepal-treffen-21-1\/\" class=\"sya_postlink post-2481\" rel=\"bookmark\">POLENREISEN TRIFFT DIE WELT EINE VERANSTALTUNGSREIHE DES REISEB\u00dcROS IM KRAKAUER HAUS.  MONGOLISCHER ABEND (27.1.) UND NEPAL-TREFFEN (21.1.)<\/a><\/div><\/li><li class=\"\"><div class=\"sya_postcontent\"><span class=\"sya_date\"> <span class=\"sya_sep\"> <\/span><\/span><a href=\"https:\/\/www.krakauer-haus.de\/kh-test\/index.php\/2017\/01\/02\/kinder-eltern-aktion-die-legende-von-herrn-twardowski-im-germanischen-nationalmuseum\/\" class=\"sya_postlink post-2488\" rel=\"bookmark\">KINDER-ELTERN- AKTION: DIE LEGENDE VON HERRN TWARDOWSKI IM GERMANISCHEN NATIONALMUSEUM<\/a><\/div><\/li><li class=\"\"><div class=\"sya_postcontent\"><span class=\"sya_date\"> <span class=\"sya_sep\"> <\/span><\/span><a href=\"https:\/\/www.krakauer-haus.de\/kh-test\/index.php\/2017\/01\/02\/erzaehlkunstfestival-zauberwort-2\/\" class=\"sya_postlink post-2485\" rel=\"bookmark\">ERZ\u00c4HLKUNSTFESTIVAL \u201eZAUBERWORT\u201c<\/a><\/div><\/li><\/ul><a id=\"year2016\"><\/a><a href=\"https:\/\/www.krakauer-haus.de\/kh-test\/index.php\/2016\/\" rel=\"section\">2016<\/a><ul><li class=\"\"><div class=\"sya_postcontent\"><span class=\"sya_date\"> <span class=\"sya_sep\"> <\/span><\/span><a href=\"https:\/\/www.krakauer-haus.de\/kh-test\/index.php\/2016\/12\/03\/afro-groove-konzert-mit-magda-piskorczyk\/\" class=\"sya_postlink post-2478\" rel=\"bookmark\">AFRO GROOVE \u2013 KONZERT MIT MAGDA PISKORCZYK<\/a><\/div><\/li><li class=\"\"><div class=\"sya_postcontent\"><span class=\"sya_date\"> <span class=\"sya_sep\"> <\/span><\/span><a href=\"https:\/\/www.krakauer-haus.de\/kh-test\/index.php\/2016\/11\/01\/die-legende-von-herrn-twardowski-kinderworkshop-in-der-stadtbibliothek-fuer-schulklassen-und-kinder-ab-7-jahren-mit-kasia-prusik-lutz\/\" class=\"sya_postlink post-2475\" rel=\"bookmark\">DIE LEGENDE VON HERRN TWARDOWSKI  KINDERWORKSHOP  IN DER STADTBIBLIOTHEK  F\u00dcR SCHULKLASSEN UND KINDER AB 7 JAHREN  MIT KASIA PRUSIK-LUTZ<\/a><\/div><\/li><li class=\"\"><div class=\"sya_postcontent\"><span class=\"sya_date\"> <span class=\"sya_sep\"> <\/span><\/span><a href=\"https:\/\/www.krakauer-haus.de\/kh-test\/index.php\/2016\/10\/01\/polenallergie-impfung-nr-8-2016-eine-konzertreihe\/\" class=\"sya_postlink post-2472\" rel=\"bookmark\">POLENALLERGIE: IMPFUNG NR. 8 \/ 2016                           EINE KONZERTREIHE<\/a><\/div><\/li><li class=\"\"><div class=\"sya_postcontent\"><span class=\"sya_date\"> <span class=\"sya_sep\"> <\/span><\/span><a href=\"https:\/\/www.krakauer-haus.de\/kh-test\/index.php\/2016\/09\/14\/ein-deutsches-tagebuch-lesung-mit-stefan-chwin\/\" class=\"sya_postlink post-2469\" rel=\"bookmark\">&#8222;EIN DEUTSCHES TAGEBUCH&#8220; LESUNG MIT STEFAN CHWIN<\/a><\/div><\/li><li class=\"\"><div class=\"sya_postcontent\"><span class=\"sya_date\"> <span class=\"sya_sep\"> <\/span><\/span><a href=\"https:\/\/www.krakauer-haus.de\/kh-test\/index.php\/2016\/07\/08\/hejnal-mariacki-in-nuernberg-zum-20-jubilaeum-des-krakauer-hauses\/\" class=\"sya_postlink post-2466\" rel=\"bookmark\">\u201eHEJNA\u0141 MARIACKI\u201c IN N\u00dcRNBERG  ZUM 20. JUBIL\u00c4UM DES KRAKAUER HAUSES<\/a><\/div><\/li><li class=\"\"><div class=\"sya_postcontent\"><span class=\"sya_date\"> <span class=\"sya_sep\"> <\/span><\/span><a href=\"https:\/\/www.krakauer-haus.de\/kh-test\/index.php\/2016\/07\/08\/jubilaeumsfeier-zum-20-jubilaeum-des-krakauer-hauses\/\" class=\"sya_postlink post-2462\" rel=\"bookmark\">JUBIL\u00c4UMSFEIER ZUM 20. JUBIL\u00c4UM DES KRAKAUER HAUSES<\/a><\/div><\/li><li class=\"\"><div class=\"sya_postcontent\"><span class=\"sya_date\"> <span class=\"sya_sep\"> <\/span><\/span><a href=\"https:\/\/www.krakauer-haus.de\/kh-test\/index.php\/2016\/07\/08\/kunstprojekt-20-zum-20-jubilaeum-des-krakauer-hauses-und-des-nuernberger-hauses\/\" class=\"sya_postlink post-2457\" rel=\"bookmark\">\u201e20\u201c Ausstellung im \u00f6ffentlichen Raum<\/a><\/div><\/li><li class=\"\"><div class=\"sya_postcontent\"><span class=\"sya_date\"> <span class=\"sya_sep\"> <\/span><\/span><a href=\"https:\/\/www.krakauer-haus.de\/kh-test\/index.php\/2016\/07\/01\/poesie-aus-krakau-auf-den-nuernberger-strassen\/\" class=\"sya_postlink post-2454\" rel=\"bookmark\">POESIE AUS KRAKAU AUF DEN N\u00dcRNBERGER STRASSEN<\/a><\/div><\/li><li class=\"\"><div class=\"sya_postcontent\"><span class=\"sya_date\"> <span class=\"sya_sep\"> <\/span><\/span><a href=\"https:\/\/www.krakauer-haus.de\/kh-test\/index.php\/2016\/06\/26\/podiumsgespraech-zur-kultur-politischen-situation-und-den-aktuellen-entwicklungen-in-polen\/\" class=\"sya_postlink post-2443\" rel=\"bookmark\">PODIUMSGESPR\u00c4CH  ZUR (KULTUR-)POLITISCHEN SITUATION  UND DEN AKTUELLEN ENTWICKLUNGEN IN POLEN<\/a><\/div><\/li><li class=\"\"><div class=\"sya_postcontent\"><span class=\"sya_date\"> <span class=\"sya_sep\"> <\/span><\/span><a href=\"https:\/\/www.krakauer-haus.de\/kh-test\/index.php\/2016\/06\/23\/kozmik-blues-konzert-mit-natalia-natu-przybysz-und-band-im-rahmen-des-festivals-talking-about-borders\/\" class=\"sya_postlink post-2364\" rel=\"bookmark\">KOZMIK BLUES KONZERT MIT NATALIA \u201aNATU\u2018 PRZYBYSZ UND BAND IM RAHMEN DES FESTIVALS TALKING ABOUT BORDERS<\/a><\/div><\/li><li class=\"\"><div class=\"sya_postcontent\"><span class=\"sya_date\"> <span class=\"sya_sep\"> <\/span><\/span><a href=\"https:\/\/www.krakauer-haus.de\/kh-test\/index.php\/2016\/06\/01\/eine-blitzausstellung-food-doof-von-krakauer-und-nuernberger-kuenstlern\/\" class=\"sya_postlink post-2447\" rel=\"bookmark\">EINE BLITZAUSSTELLUNG &#8222;FOOD DOOF&#8220; VON KRAKAUER UND N\u00dcRNBERGER K\u00dcNSTLERN<\/a><\/div><\/li><li class=\"\"><div class=\"sya_postcontent\"><span class=\"sya_date\"> <span class=\"sya_sep\"> <\/span><\/span><a href=\"https:\/\/www.krakauer-haus.de\/kh-test\/index.php\/2016\/05\/13\/wojtek-mazolewski-quintet\/\" class=\"sya_postlink post-2361\" rel=\"bookmark\">WOJTEK MAZOLEWSKI QUINTET<\/a><\/div><\/li><li class=\"\"><div class=\"sya_postcontent\"><span class=\"sya_date\"> <span class=\"sya_sep\"> <\/span><\/span><a href=\"https:\/\/www.krakauer-haus.de\/kh-test\/index.php\/2016\/05\/07\/sympli-romatiko-welttraumtaenzer-mit-hausgemachten-synthiesounds\/\" class=\"sya_postlink post-2349\" rel=\"bookmark\">SYMPLI ROMATIK\u00d3  WELT(T)RAUMT\u00c4NZER MIT HAUSGEMACHTEN SYNTHIESOUNDS<\/a><\/div><\/li><li class=\"\"><div class=\"sya_postcontent\"><span class=\"sya_date\"> <span class=\"sya_sep\"> <\/span><\/span><a href=\"https:\/\/www.krakauer-haus.de\/kh-test\/index.php\/2016\/05\/04\/tymon-tymanski-transistors\/\" class=\"sya_postlink post-2355\" rel=\"bookmark\">TYMON TYMA\u0143SKI &#038; TRANSISTORS<\/a><\/div><\/li><li class=\"\"><div class=\"sya_postcontent\"><span class=\"sya_date\"> <span class=\"sya_sep\"> <\/span><\/span><a href=\"https:\/\/www.krakauer-haus.de\/kh-test\/index.php\/2016\/04\/28\/11-polnische-filmwoche-2016\/\" class=\"sya_postlink post-2358\" rel=\"bookmark\">11. POLNISCHE FILMWOCHE 2016<\/a><\/div><\/li><li class=\"\"><div class=\"sya_postcontent\"><span class=\"sya_date\"> <span class=\"sya_sep\"> <\/span><\/span><a href=\"https:\/\/www.krakauer-haus.de\/kh-test\/index.php\/2016\/03\/17\/matthias-nawrat-liest-die-vielen-tode-unseres-opas-jurek\/\" class=\"sya_postlink post-2335\" rel=\"bookmark\">MATTHIAS NAWRAT LIEST  \u201eDIE VIELEN TODE UNSERES OPAS JUREK\u201c<\/a><\/div><\/li><li class=\"\"><div class=\"sya_postcontent\"><span class=\"sya_date\"> <span class=\"sya_sep\"> <\/span><\/span><a href=\"https:\/\/www.krakauer-haus.de\/kh-test\/index.php\/2016\/03\/06\/przemyk-akustik-trio-renata-przemyk-mit-piotr-wojtanowski-und-grzegorz-palka\/\" class=\"sya_postlink post-2342\" rel=\"bookmark\">\u201ePRZEMYK AKUSTIK TRIO\u201c  RENATA PRZEMYK MIT PIOTR WOJTANOWSKI UND GRZEGORZ PALKA<\/a><\/div><\/li><\/ul><a id=\"year2015\"><\/a><a href=\"https:\/\/www.krakauer-haus.de\/kh-test\/index.php\/2015\/\" rel=\"section\">2015<\/a><ul><li class=\"\"><div class=\"sya_postcontent\"><span class=\"sya_date\"> <span class=\"sya_sep\"> <\/span><\/span><a href=\"https:\/\/www.krakauer-haus.de\/kh-test\/index.php\/2015\/12\/01\/ceratitis-capitata-by-pawel-szamburski\/\" class=\"sya_postlink post-2332\" rel=\"bookmark\">CERATITIS CAPITATA BY PAWEL SZAMBURSKI<\/a><\/div><\/li><li class=\"\"><div class=\"sya_postcontent\"><span class=\"sya_date\"> <span class=\"sya_sep\"> <\/span><\/span><a href=\"https:\/\/www.krakauer-haus.de\/kh-test\/index.php\/2015\/12\/01\/raphael-roginski-plays-john-coltrane-and-langston-hughes-african-mystic-music\/\" class=\"sya_postlink post-2329\" rel=\"bookmark\">RAPHAEL ROGINSKI PLAYS JOHN COLTRANE AND LANGSTON HUGHES \u2013 AFRICAN MYSTIC MUSIC<\/a><\/div><\/li><li class=\"\"><div class=\"sya_postcontent\"><span class=\"sya_date\"> <span class=\"sya_sep\"> <\/span><\/span><a href=\"https:\/\/www.krakauer-haus.de\/kh-test\/index.php\/2015\/11\/12\/polenallergie-impfung-nr-7-2015-eine-konzertreihe\/\" class=\"sya_postlink post-2306\" rel=\"bookmark\">POLENALLERGIE: IMPFUNG NR. 7 \/ 2015                           EINE KONZERTREIHE<\/a><\/div><\/li><li class=\"\"><div class=\"sya_postcontent\"><span class=\"sya_date\"> <span class=\"sya_sep\"> <\/span><\/span><a href=\"https:\/\/www.krakauer-haus.de\/kh-test\/index.php\/2015\/11\/11\/das-tier-in-meinem-bauch-und-andere-kindergeschichten-polnische-kinderliteratur-zum-anfassen-begegnungen-mit-polnischen-autoren-und-illustratoren-fuer-grosse-und-kleine-menschen\/\" class=\"sya_postlink post-2313\" rel=\"bookmark\">DAS TIER IN MEINEM BAUCH UND ANDERE KINDERGESCHICHTEN. POLNISCHE (KINDER)LITERATUR ZUM ANFASSEN &#8211; BEGEGNUNGEN MIT POLNISCHEN AUTOREN UND ILLUSTRATOREN F\u00dcR GROSSE UND KLEINE MENSCHEN<\/a><\/div><\/li><li class=\"\"><div class=\"sya_postcontent\"><span class=\"sya_date\"> <span class=\"sya_sep\"> <\/span><\/span><a href=\"https:\/\/www.krakauer-haus.de\/kh-test\/index.php\/2015\/10\/25\/polnische-filmwoche-spezial-unser-letzter-sommer-filmvorfuehrung-und-ein-publikumgespraech-mit-dem-regisseur-michal-rogalski\/\" class=\"sya_postlink post-2303\" rel=\"bookmark\">POLNISCHE-FILMWOCHE-SPEZIAL: &#8222;UNSER LETZTER SOMMER&#8220; FILMVORF\u00dcHRUNG UND EIN PUBLIKUMGESPR\u00c4CH  MIT DEM REGISSEUR MICHAL ROGALSKI.<\/a><\/div><\/li><li class=\"\"><div class=\"sya_postcontent\"><span class=\"sya_date\"> <span class=\"sya_sep\"> <\/span><\/span><a href=\"https:\/\/www.krakauer-haus.de\/kh-test\/index.php\/2015\/06\/19\/wojciech-pszoniak-auf-einladung-der-deutsch-polnischen-gesellschaft\/\" class=\"sya_postlink post-2300\" rel=\"bookmark\">WOJCIECH PSZONIAK  (AUF EINLADUNG DER DEUTSCH-POLNISCHEN GESELLSCHAFT)<\/a><\/div><\/li><li class=\"\"><div class=\"sya_postcontent\"><span class=\"sya_date\"> <span class=\"sya_sep\"> <\/span><\/span><a href=\"https:\/\/www.krakauer-haus.de\/kh-test\/index.php\/2015\/06\/13\/die-legende-vom-krakauer-drachen-eine-kinder-eltern-aktion-workshop-fuer-kinder-von-5-bis-9-jahren-zur-langen-monster-museumsnacht\/\" class=\"sya_postlink post-2285\" rel=\"bookmark\">DIE LEGENDE VOM KRAKAUER DRACHEN EINE KINDER-ELTERN-AKTION WORKSHOP F\u00dcR KINDER VON 5 BIS 9 JAHREN ZUR LANGEN MONSTER-MUSEUMSNACHT<\/a><\/div><\/li><li class=\"\"><div class=\"sya_postcontent\"><span class=\"sya_date\"> <span class=\"sya_sep\"> <\/span><\/span><a href=\"https:\/\/www.krakauer-haus.de\/kh-test\/index.php\/2015\/06\/01\/eine-sondervorfuehrung-des-filmes-rejs-mit-einem-kurzen-polnischkurs\/\" class=\"sya_postlink post-2281\" rel=\"bookmark\">EINE SONDERVORF\u00dcHRUNG DES FILMES &#8222;REJS&#8220;  MIT EINEM KURZEN POLNISCHKURS<\/a><\/div><\/li><li class=\"\"><div class=\"sya_postcontent\"><span class=\"sya_date\"> <span class=\"sya_sep\"> <\/span><\/span><a href=\"https:\/\/www.krakauer-haus.de\/kh-test\/index.php\/2015\/06\/01\/kurzfilme-von-roman-polanski-animationen-von-wladyslaw-starewicz-mit-livemusik-von-szaza-zur-blauen-nacht\/\" class=\"sya_postlink post-2278\" rel=\"bookmark\">KURZFILME VON ROMAN POLANSKI &#038;  ANIMATIONEN VON W\u0141ADYS\u0141AW STAREWICZ  MIT LIVEMUSIK VON SZAZA (ZUR BLAUEN NACHT)<\/a><\/div><\/li><li class=\"\"><div class=\"sya_postcontent\"><span class=\"sya_date\"> <span class=\"sya_sep\"> <\/span><\/span><a href=\"https:\/\/www.krakauer-haus.de\/kh-test\/index.php\/2015\/05\/23\/ircha-mikolaj-trzaska-clarinet-quartet\/\" class=\"sya_postlink post-2275\" rel=\"bookmark\">IRCHA &#8211; MIKO\u0141AJ TRZASKA CLARINET QUARTET<\/a><\/div><\/li><li class=\"\"><div class=\"sya_postcontent\"><span class=\"sya_date\"> <span class=\"sya_sep\"> <\/span><\/span><a href=\"https:\/\/www.krakauer-haus.de\/kh-test\/index.php\/2015\/04\/23\/10-polnische-filmwoche-2015\/\" class=\"sya_postlink post-2273\" rel=\"bookmark\">10. POLNISCHE FILMWOCHE 2015<\/a><\/div><\/li><li class=\"\"><div class=\"sya_postcontent\"><span class=\"sya_date\"> <span class=\"sya_sep\"> <\/span><\/span><a href=\"https:\/\/www.krakauer-haus.de\/kh-test\/index.php\/2015\/03\/01\/roman-polanski-als-regisseur-und-schauspieler-fotoausstellung\/\" class=\"sya_postlink post-2270\" rel=\"bookmark\">ROMAN POLANSKI ALS REGISSEUR UND SCHAUSPIELER &#8211; FOTOAUSSTELLUNG<\/a><\/div><\/li><li class=\"\"><div class=\"sya_postcontent\"><span class=\"sya_date\"> <span class=\"sya_sep\"> <\/span><\/span><a href=\"https:\/\/www.krakauer-haus.de\/kh-test\/index.php\/2015\/02\/26\/konzert-cukunft-klezmer-mit-zeitgenoessischem-sound\/\" class=\"sya_postlink post-2264\" rel=\"bookmark\">KONZERT: CUKUNFT &#8211; KLEZMER MIT ZEITGEN\u00d6SSISCHEM SOUND<\/a><\/div><\/li><li class=\"\"><div class=\"sya_postcontent\"><span class=\"sya_date\"> <span class=\"sya_sep\"> <\/span><\/span><a href=\"https:\/\/www.krakauer-haus.de\/kh-test\/index.php\/2015\/02\/01\/die-sendung-mit-dem-polnischen-akzent\/\" class=\"sya_postlink post-2261\" rel=\"bookmark\">DIE SENDUNG MIT DEM POLNISCHEN AKZENT<\/a><\/div><\/li><li class=\"\"><div class=\"sya_postcontent\"><span class=\"sya_date\"> <span class=\"sya_sep\"> <\/span><\/span><a href=\"https:\/\/www.krakauer-haus.de\/kh-test\/index.php\/2015\/01\/29\/lesung-marta-kijowska-kurier-der-erinnerung-das-leben-des-jan-karski\/\" class=\"sya_postlink post-2258\" rel=\"bookmark\">LESUNG: MARTA KIJOWSKA,  \u201eKURIER DER ERINNERUNG \u2013  DAS LEBEN DES JAN KARSKI\u201c<\/a><\/div><\/li><li class=\"\"><div class=\"sya_postcontent\"><span class=\"sya_date\"> <span class=\"sya_sep\"> <\/span><\/span><a href=\"https:\/\/www.krakauer-haus.de\/kh-test\/index.php\/2015\/01\/18\/kinder-machen-musik\/\" class=\"sya_postlink post-2252\" rel=\"bookmark\">KINDER MACHEN MUSIK<\/a><\/div><\/li><li class=\"\"><div class=\"sya_postcontent\"><span class=\"sya_date\"> <span class=\"sya_sep\"> <\/span><\/span><a href=\"https:\/\/www.krakauer-haus.de\/kh-test\/index.php\/2015\/01\/17\/aus-der-reihe-polenreisen-trifft-die-welt\/\" class=\"sya_postlink post-2255\" rel=\"bookmark\">AUS DER REIHE: POLENREISEN TRIFFT DIE WELT<\/a><\/div><\/li><li class=\"\"><div class=\"sya_postcontent\"><span class=\"sya_date\"> <span class=\"sya_sep\"> <\/span><\/span><a href=\"https:\/\/www.krakauer-haus.de\/kh-test\/index.php\/2015\/01\/16\/du-oder-ich-volkslieder-modern-interpretiert\/\" class=\"sya_postlink post-2246\" rel=\"bookmark\">\u201eDU ODER ICH\u201c &#8211;  VOLKSLIEDER MODERN INTERPRETIERT<\/a><\/div><\/li><li class=\"\"><div class=\"sya_postcontent\"><span class=\"sya_date\"> <span class=\"sya_sep\"> <\/span><\/span><a href=\"https:\/\/www.krakauer-haus.de\/kh-test\/index.php\/2015\/01\/02\/erzaehlkunstfestival-zauberwort\/\" class=\"sya_postlink post-2249\" rel=\"bookmark\">ERZ\u00c4HLKUNSTFESTIVAL ZAUBERWORT<\/a><\/div><\/li><\/ul><a id=\"year2014\"><\/a><a href=\"https:\/\/www.krakauer-haus.de\/kh-test\/index.php\/2014\/\" rel=\"section\">2014<\/a><ul><li class=\"\"><div class=\"sya_postcontent\"><span class=\"sya_date\"> <span class=\"sya_sep\"> <\/span><\/span><a href=\"https:\/\/www.krakauer-haus.de\/kh-test\/index.php\/2014\/12\/07\/neue-reihe-polenreisen-trifft-die-welt\/\" class=\"sya_postlink post-2237\" rel=\"bookmark\">NEUE REIHE: POLENREISEN TRIFFT DIE WELT<\/a><\/div><\/li><li class=\"\"><div class=\"sya_postcontent\"><span class=\"sya_date\"> <span class=\"sya_sep\"> <\/span><\/span><a href=\"https:\/\/www.krakauer-haus.de\/kh-test\/index.php\/2014\/11\/25\/podiumsdiskussion-zum-thema-was-ist-aus-dem-maidan-geworden\/\" class=\"sya_postlink post-2231\" rel=\"bookmark\">PODIUMSDISKUSSION ZUM THEMA  &#8222;WAS IST AUS DEM MAIDAN GEWORDEN?&#8220;<\/a><\/div><\/li><li class=\"\"><div class=\"sya_postcontent\"><span class=\"sya_date\"> <span class=\"sya_sep\"> <\/span><\/span><a href=\"https:\/\/www.krakauer-haus.de\/kh-test\/index.php\/2014\/11\/17\/fotoausstellung-von-vladyslaw-musienko-maidan-ukraine-europa-eine-revolution-der-wuerde\/\" class=\"sya_postlink post-2234\" rel=\"bookmark\">FOTOAUSSTELLUNG VON VLADYSLAW MUSIENKO  &#8222;MAIDAN UKRAINE EUROPA:  EINE REVOLUTION DER W\u00dcRDE&#8220;.<\/a><\/div><\/li><li class=\"\"><div class=\"sya_postcontent\"><span class=\"sya_date\"> <span class=\"sya_sep\"> <\/span><\/span><a href=\"https:\/\/www.krakauer-haus.de\/kh-test\/index.php\/2014\/11\/12\/polenallergie-impfung-nr-6-2014-eine-konzertreihe\/\" class=\"sya_postlink post-2229\" rel=\"bookmark\">POLENALLERGIE: IMPFUNG NR. 6 \/ 2014                           EINE KONZERTREIHE<\/a><\/div><\/li><li class=\"\"><div class=\"sya_postcontent\"><span class=\"sya_date\"> <span class=\"sya_sep\"> <\/span><\/span><a href=\"https:\/\/www.krakauer-haus.de\/kh-test\/index.php\/2014\/09\/25\/konzert-electronic-meets-jazz-tomek-grochot-electric-machine-ort-krakauer-haus\/\" class=\"sya_postlink post-2185\" rel=\"bookmark\">KONZERT: ELECTRONIC MEETS JAZZ TOMEK GROCHOT ELECTRIC MACHINE ORT: KRAKAUER HAUS<\/a><\/div><\/li><li class=\"\"><div class=\"sya_postcontent\"><span class=\"sya_date\"> <span class=\"sya_sep\"> <\/span><\/span><a href=\"https:\/\/www.krakauer-haus.de\/kh-test\/index.php\/2014\/09\/24\/fotoausstellung-mit-text-von-jutta-missbach-polnische-stimmen-zu-europa-wunsch-und-wirklichkeit-2004-2014-ort-internationales-haus-hans-sachs-platz\/\" class=\"sya_postlink post-2194\" rel=\"bookmark\">FOTOAUSSTELLUNG MIT TEXT \u2013 VON JUTTA MISSBACH POLNISCHE STIMMEN ZU EUROPA: WUNSCH UND WIRKLICHKEIT. 2004 | 2014 ORT: INTERNATIONALES HAUS, HANS SACHS PLATZ<\/a><\/div><\/li><li class=\"\"><div class=\"sya_postcontent\"><span class=\"sya_date\"> <span class=\"sya_sep\"> <\/span><\/span><a href=\"https:\/\/www.krakauer-haus.de\/kh-test\/index.php\/2014\/09\/14\/drachen-workshop-eine-kinder-eltern-aktion-fuer-kinder-von-5-bis-9-jahren-2\/\" class=\"sya_postlink post-2177\" rel=\"bookmark\">EINE KINDER-ELTERN-AKTION &#8211; WORKSHOP F\u00dcR KINDER VON 5 BIS 9 JAHREN  DIE LEGENDE VOM KRAKAUER DRACHEN  ORT: GERMANISCHES NATIONALMUSEUM, TREFFPUNKT IN DER EINGANGSHALLE<\/a><\/div><\/li><li class=\"\"><div class=\"sya_postcontent\"><span class=\"sya_date\"> <span class=\"sya_sep\"> <\/span><\/span><a href=\"https:\/\/www.krakauer-haus.de\/kh-test\/index.php\/2014\/09\/12\/fembohaus-burgstrasse-15-eine-tanzauffuehrung-rund-um-veit-stoss-und-die-buergerliche-und-hoefische-welt-des-15-jahrhunderts\/\" class=\"sya_postlink post-2206\" rel=\"bookmark\">FEMBOHAUS, BURGSTRASSE 15 EINE TANZAUFF\u00dcHRUNG RUND UM VEIT STOSS UND DIE B\u00dcRGERLICHE UND H\u00d6FISCHE WELT DES 15. JAHRHUNDERTS<\/a><\/div><\/li><li class=\"\"><div class=\"sya_postcontent\"><span class=\"sya_date\"> <span class=\"sya_sep\"> <\/span><\/span><a href=\"https:\/\/www.krakauer-haus.de\/kh-test\/index.php\/2014\/09\/07\/konzert-vladimirska-ort-hemdendienst-rothenburger-str-10-altes-fundamt-des-nuernberger-volksbads\/\" class=\"sya_postlink post-2200\" rel=\"bookmark\">KONZERT: VLADIMIRSKA. ORT: HEMDENDIENST, ROTHENBURGER STR. 10 (ALTES FUNDAMT DES N\u00dcRNBERGER VOLKSBADS)<\/a><\/div><\/li><li class=\"\"><div class=\"sya_postcontent\"><span class=\"sya_date\"> <span class=\"sya_sep\"> <\/span><\/span><a href=\"https:\/\/www.krakauer-haus.de\/kh-test\/index.php\/2014\/09\/06\/erstmalige-praesentation-eines-streichklaviers-in-deutschland-viola-organista-ort-st-egidien-nuernberg\/\" class=\"sya_postlink post-2218\" rel=\"bookmark\">ERSTMALIGE PR\u00c4SENTATION EINES \u201eSTREICHKLAVIERS\u201c IN DEUTSCHLAND VIOLA ORGANISTA ORT: ST. EGIDIEN N\u00dcRNBERG<\/a><\/div><\/li><li class=\"\"><div class=\"sya_postcontent\"><span class=\"sya_date\"> <span class=\"sya_sep\"> <\/span><\/span><a href=\"https:\/\/www.krakauer-haus.de\/kh-test\/index.php\/2014\/05\/03\/blaue-nacht-ms-no-one-konzerte-um-20-30-21-45-22-45-uhr\/\" class=\"sya_postlink post-2165\" rel=\"bookmark\">BLAUE NACHT MS. NO ONE &#8211; KONZERTE UM 20.30, 21.45, 22.45 UHR<\/a><\/div><\/li><li class=\"\"><div class=\"sya_postcontent\"><span class=\"sya_date\"> <span class=\"sya_sep\"> <\/span><\/span><a href=\"https:\/\/www.krakauer-haus.de\/kh-test\/index.php\/2014\/05\/01\/9-polnische-filmwoche-2014\/\" class=\"sya_postlink post-2174\" rel=\"bookmark\">9. POLNISCHE FILMWOCHE 2014<\/a><\/div><\/li><li class=\"\"><div class=\"sya_postcontent\"><span class=\"sya_date\"> <span class=\"sya_sep\"> <\/span><\/span><a href=\"https:\/\/www.krakauer-haus.de\/kh-test\/index.php\/2014\/04\/11\/klezzmates-moderne-klezmermusik-aus-krakau\/\" class=\"sya_postlink post-2151\" rel=\"bookmark\">KLEZZMATES \u2013 MODERNE KLEZMERMUSIK AUS KRAKAU<\/a><\/div><\/li><li class=\"\"><div class=\"sya_postcontent\"><span class=\"sya_date\"> <span class=\"sya_sep\"> <\/span><\/span><a href=\"https:\/\/www.krakauer-haus.de\/kh-test\/index.php\/2014\/04\/03\/ein-gespraech-ueber-die-grenzen-der-kunst-und-ueber-die-verantwortung-der-politisch-engagierten-fotografie\/\" class=\"sya_postlink post-2155\" rel=\"bookmark\">EIN GESPR\u00c4CH \u00dcBER DIE GRENZEN DER KUNST UND \u00dcBER DIE VERANTWORTUNG DER POLITISCH ENGAGIERTEN FOTOGRAFIE<\/a><\/div><\/li><li class=\"\"><div class=\"sya_postcontent\"><span class=\"sya_date\"> <span class=\"sya_sep\"> <\/span><\/span><a href=\"https:\/\/www.krakauer-haus.de\/kh-test\/index.php\/2014\/04\/01\/die-sendung-mit-dem-polnischen-akzent-seit-anfang-2013-jeden-2-und-4-mittwoch-im-monat-von-19-bis-20-uhr-bei-radio-z-958-mhz\/\" class=\"sya_postlink post-2162\" rel=\"bookmark\">DIE SENDUNG MIT DEM POLNISCHEN AKZENT  SEIT ANFANG 2013: JEDEN 2. UND 4. MITTWOCH IM MONAT VON 19 BIS 20 UHR BEI RADIO-Z 95,8 MHZ.<\/a><\/div><\/li><\/ul><a id=\"year2013\"><\/a><a href=\"https:\/\/www.krakauer-haus.de\/kh-test\/index.php\/2013\/\" rel=\"section\">2013<\/a><ul><li class=\"\"><div class=\"sya_postcontent\"><span class=\"sya_date\"> <span class=\"sya_sep\"> <\/span><\/span><a href=\"https:\/\/www.krakauer-haus.de\/kh-test\/index.php\/2013\/11\/23\/polenallergie-impfung-nr-5-2013-eine-konzertreihe\/\" class=\"sya_postlink post-2148\" rel=\"bookmark\">POLENALLERGIE: IMPFUNG NR. 5 \/ 2013                           EINE KONZERTREIHE<\/a><\/div><\/li><li class=\"\"><div class=\"sya_postcontent\"><span class=\"sya_date\"> <span class=\"sya_sep\"> <\/span><\/span><a href=\"https:\/\/www.krakauer-haus.de\/kh-test\/index.php\/2013\/09\/29\/ein-tag-mit-poesie-schere-und-katzen-gewidmet-wislawa-szymborska-im-heilig-geist-haus\/\" class=\"sya_postlink post-2144\" rel=\"bookmark\">EIN TAG MIT POESIE, SCHERE UND KATZEN \u2013  GEWIDMET WISLAWA SZYMBORSKA. IM HEILIG-GEIST-HAUS.<\/a><\/div><\/li><li class=\"\"><div class=\"sya_postcontent\"><span class=\"sya_date\"> <span class=\"sya_sep\"> <\/span><\/span><a href=\"https:\/\/www.krakauer-haus.de\/kh-test\/index.php\/2013\/09\/23\/wislawa-szymborska-collagen\/\" class=\"sya_postlink post-2141\" rel=\"bookmark\">WISLAWA SZYMBORSKA: COLLAGEN<\/a><\/div><\/li><li class=\"\"><div class=\"sya_postcontent\"><span class=\"sya_date\"> <span class=\"sya_sep\"> <\/span><\/span><a href=\"https:\/\/www.krakauer-haus.de\/kh-test\/index.php\/2013\/08\/10\/fest-der-partnerstaedte-im-tucherschloss\/\" class=\"sya_postlink post-2136\" rel=\"bookmark\">FEST DER PARTNERST\u00c4DTE IM TUCHERSCHLOSS<\/a><\/div><\/li><li class=\"\"><div class=\"sya_postcontent\"><span class=\"sya_date\"> <span class=\"sya_sep\"> <\/span><\/span><a href=\"https:\/\/www.krakauer-haus.de\/kh-test\/index.php\/2013\/05\/22\/the-goho-hobos-meet-limboski-kulturgarten-koenigstrasse-93\/\" class=\"sya_postlink post-2130\" rel=\"bookmark\">THE GOHO HOBOS MEET LIMBOSKI  KULTURGARTEN, K\u00d6NIGSTRASSE 93<\/a><\/div><\/li><li class=\"\"><div class=\"sya_postcontent\"><span class=\"sya_date\"> <span class=\"sya_sep\"> <\/span><\/span><a href=\"https:\/\/www.krakauer-haus.de\/kh-test\/index.php\/2013\/05\/04\/the-goho-hobos-meet-stadt-aus-draht\/\" class=\"sya_postlink post-2121\" rel=\"bookmark\">THE GOHO HOBOS MEET STADT AUS DRAHT<\/a><\/div><\/li><li class=\"\"><div class=\"sya_postcontent\"><span class=\"sya_date\"> <span class=\"sya_sep\"> <\/span><\/span><a href=\"https:\/\/www.krakauer-haus.de\/kh-test\/index.php\/2013\/04\/25\/8-polnische-filmwoche-2013\/\" class=\"sya_postlink post-2133\" rel=\"bookmark\">8. POLNISCHE FILMWOCHE 2013<\/a><\/div><\/li><li class=\"\"><div class=\"sya_postcontent\"><span class=\"sya_date\"> <span class=\"sya_sep\"> <\/span><\/span><a href=\"https:\/\/www.krakauer-haus.de\/kh-test\/index.php\/2013\/03\/03\/geva-alon-israel-vorgruppe-nick-june\/\" class=\"sya_postlink post-2103\" rel=\"bookmark\">GEVA ALON\/ISRAEL VORGRUPPE: NICK &#038; JUNE<\/a><\/div><\/li><li class=\"\"><div class=\"sya_postcontent\"><span class=\"sya_date\"> <span class=\"sya_sep\"> <\/span><\/span><a href=\"https:\/\/www.krakauer-haus.de\/kh-test\/index.php\/2013\/02\/21\/ich-bin-klein-aber-wichtig-die-kinderrepublik-des-janusz-korczak-ausstellung-mit-illustrationen-und-bilder-workshops-fuer-grundschulkinder\/\" class=\"sya_postlink post-2108\" rel=\"bookmark\">ICH BIN KLEIN, ABER WICHTIG DIE KINDERREPUBLIK DES JANUSZ KORCZAK AUSSTELLUNG MIT ILLUSTRATIONEN UND BILDER, WORKSHOPS F\u00dcR GRUNDSCHULKINDER<\/a><\/div><\/li><\/ul><a id=\"year2012\"><\/a><a href=\"https:\/\/www.krakauer-haus.de\/kh-test\/index.php\/2012\/\" rel=\"section\">2012<\/a><ul><li class=\"\"><div class=\"sya_postcontent\"><span class=\"sya_date\"> <span class=\"sya_sep\"> <\/span><\/span><a href=\"https:\/\/www.krakauer-haus.de\/kh-test\/index.php\/2012\/11\/16\/kabarett-piwnica-pod-baranami-keller-zu-den-widdern-aus-krakau\/\" class=\"sya_postlink post-2100\" rel=\"bookmark\">KABARETT &#8222;PIWNICA POD BARANAMI&#8220; (KELLER ZU DEN WIDDERN) AUS KRAKAU<\/a><\/div><\/li><li class=\"\"><div class=\"sya_postcontent\"><span class=\"sya_date\"> <span class=\"sya_sep\"> <\/span><\/span><a href=\"https:\/\/www.krakauer-haus.de\/kh-test\/index.php\/2012\/10\/04\/polenallergie-impfung-nr-4-2012-eine-konzertreihe\/\" class=\"sya_postlink post-2094\" rel=\"bookmark\">POLENALLERGIE: IMPFUNG NR. 4 \/ 2012                           EINE KONZERTREIHE<\/a><\/div><\/li><li class=\"\"><div class=\"sya_postcontent\"><span class=\"sya_date\"> <span class=\"sya_sep\"> <\/span><\/span><a href=\"https:\/\/www.krakauer-haus.de\/kh-test\/index.php\/2012\/05\/19\/skinny-patriny\/\" class=\"sya_postlink post-2091\" rel=\"bookmark\">SKINNY PATRINY<\/a><\/div><\/li><li class=\"\"><div class=\"sya_postcontent\"><span class=\"sya_date\"> <span class=\"sya_sep\"> <\/span><\/span><a href=\"https:\/\/www.krakauer-haus.de\/kh-test\/index.php\/2012\/05\/10\/zigeuner-musiktheater-terno\/\" class=\"sya_postlink post-2085\" rel=\"bookmark\">ZIGEUNER-MUSIKTHEATER TERNO<\/a><\/div><\/li><li class=\"\"><div class=\"sya_postcontent\"><span class=\"sya_date\"> <span class=\"sya_sep\"> <\/span><\/span><a href=\"https:\/\/www.krakauer-haus.de\/kh-test\/index.php\/2012\/04\/19\/7-polnische-filmwoche-2012\/\" class=\"sya_postlink post-2088\" rel=\"bookmark\">7. POLNISCHE FILMWOCHE 2012<\/a><\/div><\/li><li class=\"\"><div class=\"sya_postcontent\"><span class=\"sya_date\"> <span class=\"sya_sep\"> <\/span><\/span><a href=\"https:\/\/www.krakauer-haus.de\/kh-test\/index.php\/2012\/04\/11\/translola-weibliche-rockpower-aus-krakau\/\" class=\"sya_postlink post-2079\" rel=\"bookmark\">TRANSLOLA &#8211; WEIBLICHE ROCKPOWER AUS KRAKAU<\/a><\/div><\/li><li class=\"\"><div class=\"sya_postcontent\"><span class=\"sya_date\"> <span class=\"sya_sep\"> <\/span><\/span><a href=\"https:\/\/www.krakauer-haus.de\/kh-test\/index.php\/2012\/03\/21\/fussballfieber-ausstellungseroeffnung-die-mannschaft-11-kuenstler-aus-krakau-in-wechselnden-positionen\/\" class=\"sya_postlink post-2008\" rel=\"bookmark\">FUSSBALLFIEBER! AUSSTELLUNGSER\u00d6FFNUNG \u2013 DIE MANNSCHAFT. 11 K\u00dcNSTLER AUS KRAKAU IN WECHSELNDEN POSITIONEN<\/a><\/div><\/li><li class=\"\"><div class=\"sya_postcontent\"><span class=\"sya_date\"> <span class=\"sya_sep\"> <\/span><\/span><a href=\"https:\/\/www.krakauer-haus.de\/kh-test\/index.php\/2012\/03\/21\/fussballfieber-buchvorstellung-und-autorenlesung-thomas-urban-schwarze-adler-weisse-adler-deutsche-und-polnische-fussballer-im-raederwerk-der-politik\/\" class=\"sya_postlink post-2004\" rel=\"bookmark\">FUSSBALLFIEBER! BUCHVORSTELLUNG UND AUTORENLESUNG. THOMAS URBAN: &#8222;SCHWARZE ADLER &#8211; WEISSE ADLER. DEUTSCHE UND POLNISCHE FUSSBALLER IM R\u00c4DERWERK DER POLITIK&#8220;<\/a><\/div><\/li><li class=\"\"><div class=\"sya_postcontent\"><span class=\"sya_date\"> <span class=\"sya_sep\"> <\/span><\/span><a href=\"https:\/\/www.krakauer-haus.de\/kh-test\/index.php\/2012\/02\/14\/valentinstag-konzert-tomek-grochot-quintet\/\" class=\"sya_postlink post-1971\" rel=\"bookmark\">VALENTINSTAG: KONZERT TOMEK GROCHOT QUINTET<\/a><\/div><\/li><li class=\"\"><div class=\"sya_postcontent\"><span class=\"sya_date\"> <span class=\"sya_sep\"> <\/span><\/span><a href=\"https:\/\/www.krakauer-haus.de\/kh-test\/index.php\/2012\/02\/14\/vernissage-auch-ich-war-in-krakau\/\" class=\"sya_postlink post-1977\" rel=\"bookmark\">VERNISSAGE: AUCH ICH WAR IN KRAKAU!<\/a><\/div><\/li><li class=\"\"><div class=\"sya_postcontent\"><span class=\"sya_date\"> <span class=\"sya_sep\"> <\/span><\/span><a href=\"https:\/\/www.krakauer-haus.de\/kh-test\/index.php\/2012\/02\/10\/eine-gedenk-veranstaltung-zum-tode-von-wislawa-szymborska\/\" class=\"sya_postlink post-1966\" rel=\"bookmark\">EINE GEDENK-VERANSTALTUNG ZUM TODE VON WIS\u0141AWA SZYMBORSKA<\/a><\/div><\/li><\/ul><a id=\"year2011\"><\/a><a href=\"https:\/\/www.krakauer-haus.de\/kh-test\/index.php\/2011\/\" rel=\"section\">2011<\/a><ul><li class=\"\"><div class=\"sya_postcontent\"><span class=\"sya_date\"> <span class=\"sya_sep\"> <\/span><\/span><a href=\"https:\/\/www.krakauer-haus.de\/kh-test\/index.php\/2011\/12\/14\/vladimirska-weihnachtsabend-mit-konzert-und-ausstellung-mit-geschenkideen\/\" class=\"sya_postlink post-1958\" rel=\"bookmark\">VLADIMIRSKA. WEIHNACHTSABEND MIT KONZERT UND AUSSTELLUNG (MIT GESCHENKIDEEN!)<\/a><\/div><\/li><li class=\"\"><div class=\"sya_postcontent\"><span class=\"sya_date\"> <span class=\"sya_sep\"> <\/span><\/span><a href=\"https:\/\/www.krakauer-haus.de\/kh-test\/index.php\/2011\/12\/04\/lesung-mit-joanna-bator-sandberg-und-mit-ihrer-uebersetzerin-esther-kinsky\/\" class=\"sya_postlink post-1952\" rel=\"bookmark\">LESUNG MIT JOANNA BATOR (&#8222;SANDBERG&#8220;)  UND MIT IHRER \u00dcBERSETZERIN  ESTHER KINSKY<\/a><\/div><\/li><li class=\"\"><div class=\"sya_postcontent\"><span class=\"sya_date\"> <span class=\"sya_sep\"> <\/span><\/span><a href=\"https:\/\/www.krakauer-haus.de\/kh-test\/index.php\/2011\/10\/01\/veit-stoss-oder-wit-stwosz-wer-war-dieser-mann-der-in-krakau-zu-ruhm-und-reichtum-kam-und-doch-aus-heimweh-nach-nuernberg-zurueckkehrte\/\" class=\"sya_postlink post-1919\" rel=\"bookmark\">VORTRAG VON DR. THOMAS ESER (GNM) &#8211; VEIT STOSS ODER WIT STWOSZ \u2013 WER WAR DIESER MANN, DER IN KRAKAU ZU RUHM UND REICHTUM KAM UND DOCH AUS HEIMWEH NACH N\u00dcRNBERG ZUR\u00dcCKKEHRTE?<\/a><\/div><\/li><li class=\"\"><div class=\"sya_postcontent\"><span class=\"sya_date\"> <span class=\"sya_sep\"> <\/span><\/span><a href=\"https:\/\/www.krakauer-haus.de\/kh-test\/index.php\/2011\/09\/30\/die-stadt-der-blinden-das-open-air-spektakel-des-theaters-kto-aus-krakau\/\" class=\"sya_postlink post-1943\" rel=\"bookmark\">\u201eDIE STADT DER BLINDEN\u201c &#8211; DAS OPEN-AIR-SPEKTAKEL DES THEATERS KTO AUS KRAKAU<\/a><\/div><\/li><li class=\"\"><div class=\"sya_postcontent\"><span class=\"sya_date\"> <span class=\"sya_sep\"> <\/span><\/span><a href=\"https:\/\/www.krakauer-haus.de\/kh-test\/index.php\/2011\/09\/30\/dazwischen-eine-ausstellung-von-kuenstlern-aus-krakau-und-nuernberg\/\" class=\"sya_postlink post-1936\" rel=\"bookmark\">\u201eDAZWISCHEN\u201c EINE AUSSTELLUNG VON K\u00dcNSTLERN AUS KRAKAU UND N\u00dcRNBERG<\/a><\/div><\/li><li class=\"\"><div class=\"sya_postcontent\"><span class=\"sya_date\"> <span class=\"sya_sep\"> <\/span><\/span><a href=\"https:\/\/www.krakauer-haus.de\/kh-test\/index.php\/2011\/09\/29\/15-jahre-krakauer-haus-jubilaeumsfeier\/\" class=\"sya_postlink post-1906\" rel=\"bookmark\">15 JAHRE KRAKAUER HAUS &#8211; JUBIL\u00c4UMSFEIER<\/a><\/div><\/li><li class=\"\"><div class=\"sya_postcontent\"><span class=\"sya_date\"> <span class=\"sya_sep\"> <\/span><\/span><a href=\"https:\/\/www.krakauer-haus.de\/kh-test\/index.php\/2011\/09\/23\/czeslaw-spiewa-solo-act\/\" class=\"sya_postlink post-1914\" rel=\"bookmark\">CZES\u0141AW \u015aPIEWA SOLO ACT<\/a><\/div><\/li><li class=\"\"><div class=\"sya_postcontent\"><span class=\"sya_date\"> <span class=\"sya_sep\"> <\/span><\/span><a href=\"https:\/\/www.krakauer-haus.de\/kh-test\/index.php\/2011\/09\/16\/am-bauzaun-um-die-lorenzkirche-glanz-veit-stoss-altar-in-der-marienkirche-in-krakau\/\" class=\"sya_postlink post-1925\" rel=\"bookmark\">FOTOAUSSTELLUNG &#8211; AM BAUZAUN UM DIE LORENZKIRCHE: \u201eGLANZ\u201c \u2013 VEIT STOSS ALTAR IN DER MARIENKIRCHE IN KRAKAU<\/a><\/div><\/li><li class=\"\"><div class=\"sya_postcontent\"><span class=\"sya_date\"> <span class=\"sya_sep\"> <\/span><\/span><a href=\"https:\/\/www.krakauer-haus.de\/kh-test\/index.php\/2011\/09\/01\/lichtinstalation-zum-15-jubilaeum-des-krakauer-hauses\/\" class=\"sya_postlink post-1899\" rel=\"bookmark\">LICHTINSTALATION ZUM 15. JUBIL\u00c4UM DES KRAKAUER HAUSES<\/a><\/div><\/li><li class=\"\"><div class=\"sya_postcontent\"><span class=\"sya_date\"> <span class=\"sya_sep\"> <\/span><\/span><a href=\"https:\/\/www.krakauer-haus.de\/kh-test\/index.php\/2011\/07\/10\/opa-pablo-viersprachige-lesung-im-krakauer-haus\/\" class=\"sya_postlink post-1895\" rel=\"bookmark\">OPA PABLO. VIERSPRACHIGE LESUNG IM KRAKAUER HAUS<\/a><\/div><\/li><li class=\"\"><div class=\"sya_postcontent\"><span class=\"sya_date\"> <span class=\"sya_sep\"> <\/span><\/span><a href=\"https:\/\/www.krakauer-haus.de\/kh-test\/index.php\/2011\/05\/28\/blaue-nacht-paristetris-neue-musik-aus-warschau-exzentrisch-feurig-experimentierfreudig\/\" class=\"sya_postlink post-1888\" rel=\"bookmark\">BLAUE NACHT &#8211; PARISTETRIS \u2013 NEUE MUSIK AUS WARSCHAU  EXZENTRISCH, FEURIG, EXPERIMENTIERFREUDIG<\/a><\/div><\/li><li class=\"\"><div class=\"sya_postcontent\"><span class=\"sya_date\"> <span class=\"sya_sep\"> <\/span><\/span><a href=\"https:\/\/www.krakauer-haus.de\/kh-test\/index.php\/2011\/03\/30\/hallo-polska-axel-gercke-und-jurij-sychov-hlazun-ausstellungseroeffnung\/\" class=\"sya_postlink post-1863\" rel=\"bookmark\">\u201eHALLO POLSKA!\u201c AXEL GERCKE UND JURIJ SYCHOV-HLAZUN AUSSTELLUNGSER\u00d6FFNUNG<\/a><\/div><\/li><li class=\"\"><div class=\"sya_postcontent\"><span class=\"sya_date\"> <span class=\"sya_sep\"> <\/span><\/span><a href=\"https:\/\/www.krakauer-haus.de\/kh-test\/index.php\/2011\/03\/27\/heimisch-auf-fremden-sofas-erfahrungsberichte-von-couchsurfer\/\" class=\"sya_postlink post-1833\" rel=\"bookmark\">HEIMISCH AUF FREMDEN SOFAS &#8211; ERFAHRUNGSBERICHTE VON COUCHSURFER \/\/ FOLGE 2<\/a><\/div><\/li><li class=\"\"><div class=\"sya_postcontent\"><span class=\"sya_date\"> <span class=\"sya_sep\"> <\/span><\/span><a href=\"https:\/\/www.krakauer-haus.de\/kh-test\/index.php\/2011\/03\/20\/ein-abend-zu-ehren-von-wislawa-szymborska-nobelpreistraegerin-aus-krakau\/\" class=\"sya_postlink post-1875\" rel=\"bookmark\">EIN ABEND ZU EHREN VON WIS\u0141AWA SZYMBORSKA NOBELPREISTR\u00c4GERIN AUS KRAKAU<\/a><\/div><\/li><li class=\"\"><div class=\"sya_postcontent\"><span class=\"sya_date\"> <span class=\"sya_sep\"> <\/span><\/span><a href=\"https:\/\/www.krakauer-haus.de\/kh-test\/index.php\/2011\/03\/06\/6-polnische-filmwoche-2011\/\" class=\"sya_postlink post-1882\" rel=\"bookmark\">6. POLNISCHE FILMWOCHE 2011<\/a><\/div><\/li><li class=\"\"><div class=\"sya_postcontent\"><span class=\"sya_date\"> <span class=\"sya_sep\"> <\/span><\/span><a href=\"https:\/\/www.krakauer-haus.de\/kh-test\/index.php\/2011\/02\/01\/filmost-deutsch-polnischer-kurzfilmabend-im-filmhauskino\/\" class=\"sya_postlink post-1860\" rel=\"bookmark\">FILMOST. DEUTSCH-POLNISCHER KURZFILMABEND IM FILMHAUSKINO<\/a><\/div><\/li><li class=\"\"><div class=\"sya_postcontent\"><span class=\"sya_date\"> <span class=\"sya_sep\"> <\/span><\/span><a href=\"https:\/\/www.krakauer-haus.de\/kh-test\/index.php\/2011\/01\/30\/divertimenti-fuer-streich-trio\/\" class=\"sya_postlink post-1854\" rel=\"bookmark\">DIVERTIMENTI F\u00dcR STREICH-TRIO<\/a><\/div><\/li><li class=\"\"><div class=\"sya_postcontent\"><span class=\"sya_date\"> <span class=\"sya_sep\"> <\/span><\/span><a href=\"https:\/\/www.krakauer-haus.de\/kh-test\/index.php\/2011\/01\/27\/heimisch-auf-fremden-sofas-erfahrungsberichte-von-couchsurfer-2\/\" class=\"sya_postlink post-1843\" rel=\"bookmark\">HEIMISCH AUF FREMDEN SOFAS &#8211; ERFAHRUNGSBERICHTE VON COUCHSURFER<\/a><\/div><\/li><\/ul><a id=\"year2010\"><\/a><a href=\"https:\/\/www.krakauer-haus.de\/kh-test\/index.php\/2010\/\" rel=\"section\">2010<\/a><ul><li class=\"\"><div class=\"sya_postcontent\"><span class=\"sya_date\"> <span class=\"sya_sep\"> <\/span><\/span><a href=\"https:\/\/www.krakauer-haus.de\/kh-test\/index.php\/2010\/12\/05\/weihnachtskonzert-gruppe-trzy-dni-pozniej-drei-tage-spaeter\/\" class=\"sya_postlink post-1827\" rel=\"bookmark\">WEIHNACHTSKONZERT: GRUPPE \u201eTRZY DNI POZNIEJ\u201c (DREI TAGE SP\u00c4TER)<\/a><\/div><\/li><li class=\"\"><div class=\"sya_postcontent\"><span class=\"sya_date\"> <span class=\"sya_sep\"> <\/span><\/span><a href=\"https:\/\/www.krakauer-haus.de\/kh-test\/index.php\/2010\/11\/29\/verleihung-des-hermann-kesten-preises-an-das-krakauer-haus\/\" class=\"sya_postlink post-1817\" rel=\"bookmark\">VERLEIHUNG DES HERMANN-KESTEN-PREISES AN DAS KRAKAUER HAUS<\/a><\/div><\/li><li class=\"\"><div class=\"sya_postcontent\"><span class=\"sya_date\"> <span class=\"sya_sep\"> <\/span><\/span><a href=\"https:\/\/www.krakauer-haus.de\/kh-test\/index.php\/2010\/11\/23\/grenzueberschreitungen-kurzfilme-junger-regisseure-aus-europa-und-israel-im-filmhauskino-koenigstr-4\/\" class=\"sya_postlink post-1813\" rel=\"bookmark\">\u201eGRENZ\u00dcBERSCHREITUNGEN\u201c \u2013 KURZFILME JUNGER REGISSEURE AUS EUROPA UND ISRAEL. IM FILMHAUSKINO, K\u00d6NIGSTR. 4<\/a><\/div><\/li><li class=\"\"><div class=\"sya_postcontent\"><span class=\"sya_date\"> <span class=\"sya_sep\"> <\/span><\/span><a href=\"https:\/\/www.krakauer-haus.de\/kh-test\/index.php\/2010\/10\/21\/vernissage-kasia-prusik-olaf-lutz-duo-projekt\/\" class=\"sya_postlink post-1808\" rel=\"bookmark\">VERNISSAGE: KASIA PRUSIK &#8211; OLAF LUTZ, \u201eDUO.PROJEKT\u201c<\/a><\/div><\/li><li class=\"\"><div class=\"sya_postcontent\"><span class=\"sya_date\"> <span class=\"sya_sep\"> <\/span><\/span><a href=\"https:\/\/www.krakauer-haus.de\/kh-test\/index.php\/2010\/09\/25\/pechakucha-krakau-in-der-galerie-bernsteinzimmer-grossweidenmuehlstrasse-11\/\" class=\"sya_postlink post-1799\" rel=\"bookmark\">PECHAKUCHA \/\/ KRAKAU! IN DER GALERIE BERNSTEINZIMMER, GROSSWEIDENM\u00dcHLSTRASSE 11<\/a><\/div><\/li><li class=\"\"><div class=\"sya_postcontent\"><span class=\"sya_date\"> <span class=\"sya_sep\"> <\/span><\/span><a href=\"https:\/\/www.krakauer-haus.de\/kh-test\/index.php\/2010\/09\/16\/vernissage-elzbieta-lempp-fotogeschichten-konzert-ms-no-one\/\" class=\"sya_postlink post-1778\" rel=\"bookmark\">VERNISSAGE: ELZBIETA LEMPP, FOTOGESCHICHTEN + KONZERT: MS. NO ONE<\/a><\/div><\/li><li class=\"\"><div class=\"sya_postcontent\"><span class=\"sya_date\"> <span class=\"sya_sep\"> <\/span><\/span><a href=\"https:\/\/www.krakauer-haus.de\/kh-test\/index.php\/2010\/06\/23\/boguslaw-bachorczyk-herrenschnitte-ausstellungseroeffnung-ehrenhalle-des-rathauses-wolffscher-bau-rathausplatz-2\/\" class=\"sya_postlink post-1788\" rel=\"bookmark\">BOGUSLAW BACHORCZYK: HERRENSCHNITTE. AUSSTELLUNGSER\u00d6FFNUNG. EHRENHALLE DES RATHAUSES WOLFFSCHER BAU, RATHAUSPLATZ 2<\/a><\/div><\/li><li class=\"\"><div class=\"sya_postcontent\"><span class=\"sya_date\"> <span class=\"sya_sep\"> <\/span><\/span><a href=\"https:\/\/www.krakauer-haus.de\/kh-test\/index.php\/2010\/06\/10\/polenallergie-impfung-nr-3-2010-eine-konzertreihe\/\" class=\"sya_postlink post-1772\" rel=\"bookmark\">POLENALLERGIE: IMPFUNG NR. 3 \/ 2010                           EINE KONZERTREIHE<\/a><\/div><\/li><li class=\"\"><div class=\"sya_postcontent\"><span class=\"sya_date\"> <span class=\"sya_sep\"> <\/span><\/span><a href=\"https:\/\/www.krakauer-haus.de\/kh-test\/index.php\/2010\/05\/15\/blaue-nacht-czeslaw-spiewa\/\" class=\"sya_postlink post-1756\" rel=\"bookmark\">BLAUE NACHT: CZES\u0141AW \u015aPIEWA<\/a><\/div><\/li><li class=\"\"><div class=\"sya_postcontent\"><span class=\"sya_date\"> <span class=\"sya_sep\"> <\/span><\/span><a href=\"https:\/\/www.krakauer-haus.de\/kh-test\/index.php\/2010\/05\/10\/kindergitarrenkonzert\/\" class=\"sya_postlink post-1764\" rel=\"bookmark\">KINDERGITARRENKONZERT<\/a><\/div><\/li><li class=\"\"><div class=\"sya_postcontent\"><span class=\"sya_date\"> <span class=\"sya_sep\"> <\/span><\/span><a href=\"https:\/\/www.krakauer-haus.de\/kh-test\/index.php\/2010\/04\/29\/5-polnische-filmwoche-2010\/\" class=\"sya_postlink post-1753\" rel=\"bookmark\">5. POLNISCHE FILMWOCHE 2010<\/a><\/div><\/li><li class=\"\"><div class=\"sya_postcontent\"><span class=\"sya_date\"> <span class=\"sya_sep\"> <\/span><\/span><a href=\"https:\/\/www.krakauer-haus.de\/kh-test\/index.php\/2010\/02\/14\/valentinstag-marek-batorski-jazzer-und-maler-aus-krakau\/\" class=\"sya_postlink post-1739\" rel=\"bookmark\">VALENTINSTAG: MAREK BATORSKI, JAZZER UND MALER AUS KRAKAU<\/a><\/div><\/li><li class=\"\"><div class=\"sya_postcontent\"><span class=\"sya_date\"> <span class=\"sya_sep\"> <\/span><\/span><a href=\"https:\/\/www.krakauer-haus.de\/kh-test\/index.php\/2010\/02\/13\/krzysztof-zanussi-im-turm\/\" class=\"sya_postlink post-1746\" rel=\"bookmark\">KRZYSZTOF ZANUSSI IM TURM<\/a><\/div><\/li><li class=\"\"><div class=\"sya_postcontent\"><span class=\"sya_date\"> <span class=\"sya_sep\"> <\/span><\/span><a href=\"https:\/\/www.krakauer-haus.de\/kh-test\/index.php\/2010\/01\/23\/absolut-mucha-der-polnische-regisseur-stanislaw-mucha-eine-werkschau\/\" class=\"sya_postlink post-1725\" rel=\"bookmark\">ABSOLUT MUCHA \u2013  DER   POLNISCHE REGISSEUR   STANISLAW MUCHA &#8211; EINE   WERKSCHAU<\/a><\/div><\/li><\/ul><a id=\"year2009\"><\/a><a href=\"https:\/\/www.krakauer-haus.de\/kh-test\/index.php\/2009\/\" rel=\"section\">2009<\/a><ul><li class=\"\"><div class=\"sya_postcontent\"><span class=\"sya_date\"> <span class=\"sya_sep\"> <\/span><\/span><a href=\"https:\/\/www.krakauer-haus.de\/kh-test\/index.php\/2009\/12\/13\/weihnachtskonzert-mit-einem-horn-trio\/\" class=\"sya_postlink post-1696\" rel=\"bookmark\">WEIHNACHTSKONZERT MIT EINEM HORN TRIO<\/a><\/div><\/li><li class=\"\"><div class=\"sya_postcontent\"><span class=\"sya_date\"> <span class=\"sya_sep\"> <\/span><\/span><a href=\"https:\/\/www.krakauer-haus.de\/kh-test\/index.php\/2009\/11\/29\/wanderer-trifft-prowincja\/\" class=\"sya_postlink post-1705\" rel=\"bookmark\">WANDERER TRIFFT PROWINCJA<\/a><\/div><\/li><li class=\"\"><div class=\"sya_postcontent\"><span class=\"sya_date\"> <span class=\"sya_sep\"> <\/span><\/span><a href=\"https:\/\/www.krakauer-haus.de\/kh-test\/index.php\/2009\/11\/29\/wanderer-trifft-prowincja-einladung-fuer-wislawa-szymborska\/\" class=\"sya_postlink post-1691\" rel=\"bookmark\">WANDERER TRIFFT PROWINCJA &#8211; EINLADUNG F\u00dcR WISLAWA SZYMBORSKA!<\/a><\/div><\/li><li class=\"\"><div class=\"sya_postcontent\"><span class=\"sya_date\"> <span class=\"sya_sep\"> <\/span><\/span><a href=\"https:\/\/www.krakauer-haus.de\/kh-test\/index.php\/2009\/11\/26\/polska-love-serenade-eine-politisch-unkorrekte-deutsch-polnische-weihnachtskomoedie\/\" class=\"sya_postlink post-1688\" rel=\"bookmark\">POLSKA LOVE SERENADE. EINE POLITISCH UNKORREKTE, DEUTSCH-POLNISCHE WEIHNACHTSKOM\u00d6DIE<\/a><\/div><\/li><li class=\"\"><div class=\"sya_postcontent\"><span class=\"sya_date\"> <span class=\"sya_sep\"> <\/span><\/span><a href=\"https:\/\/www.krakauer-haus.de\/kh-test\/index.php\/2009\/11\/26\/schutzengel-und-seine-helfer-ausstellungseroeffnung\/\" class=\"sya_postlink post-1680\" rel=\"bookmark\">SCHUTZENGEL UND SEINE HELFER. AUSSTELLUNGSER\u00d6FFNUNG<\/a><\/div><\/li><li class=\"\"><div class=\"sya_postcontent\"><span class=\"sya_date\"> <span class=\"sya_sep\"> <\/span><\/span><a href=\"https:\/\/www.krakauer-haus.de\/kh-test\/index.php\/2009\/11\/18\/ausstellungseroeffnung-gummibaerchen-und-mercedes-assoziationen-zu-deutschland-und-polen-im-kopfbau-k4\/\" class=\"sya_postlink post-1673\" rel=\"bookmark\">AUSSTELLUNGSER\u00d6FFNUNG \u201eGUMMIB\u00c4RCHEN UND MERCEDES. ASSOZIATIONEN ZU DEUTSCHLAND UND POLEN.&#8220; IM KOPFBAU K4<\/a><\/div><\/li><li class=\"\"><div class=\"sya_postcontent\"><span class=\"sya_date\"> <span class=\"sya_sep\"> <\/span><\/span><a href=\"https:\/\/www.krakauer-haus.de\/kh-test\/index.php\/2009\/10\/09\/ethno-jazz-karolina-glazer-quintett\/\" class=\"sya_postlink post-1662\" rel=\"bookmark\">ETHNO JAZZ: KAROLINA GLAZER QUINTETT<\/a><\/div><\/li><li class=\"\"><div class=\"sya_postcontent\"><span class=\"sya_date\"> <span class=\"sya_sep\"> <\/span><\/span><a href=\"https:\/\/www.krakauer-haus.de\/kh-test\/index.php\/2009\/09\/24\/ausstellungseroeffnung-malgorzata-buczek-sledzinska-zeichnungen-und-inkunabeln\/\" class=\"sya_postlink post-1626\" rel=\"bookmark\">AUSSTELLUNGSER\u00d6FFNUNG: MALGORZATA BUCZEK \u2013 SLEDZINSKA ZEICHNUNGEN UND INKUNABELN<\/a><\/div><\/li><li class=\"\"><div class=\"sya_postcontent\"><span class=\"sya_date\"> <span class=\"sya_sep\"> <\/span><\/span><a href=\"https:\/\/www.krakauer-haus.de\/kh-test\/index.php\/2009\/07\/23\/ausstellungseroeffnung-im-kopfbau-k4-21-30-bergkatze-stummfilm-mit-pola-negri-livemusik-ensemblekontraste-katharinernruine\/\" class=\"sya_postlink post-1610\" rel=\"bookmark\">AUSSTELLUNGSER\u00d6FFNUNG IM KOPFBAU K4   21.30 BERGKATZE \u2013 STUMMFILM MIT POLA NEGRI. LIVEMUSIK: ENSEMBLEKONTRASTE. KATHARINERNRUINE<\/a><\/div><\/li><li class=\"\"><div class=\"sya_postcontent\"><span class=\"sya_date\"> <span class=\"sya_sep\"> <\/span><\/span><a href=\"https:\/\/www.krakauer-haus.de\/kh-test\/index.php\/2009\/07\/18\/strassenfest-wanderausgabe-konzerte-performances-und-skulpturen-auf-vier-und-mehr-raedern-ort-die-bruecke-unter-der-franz-josef-strauss-strasse-zugang-ueber-die-u-bahn-station-woehrder-wiese-unte\/\" class=\"sya_postlink post-1637\" rel=\"bookmark\">STRASSENFEST\/WANDERAUSGABE. KONZERTE, PERFORMANCES UND SKULPTUREN AUF VIER UND MEHR R\u00c4DERN. ORT: DIE BR\u00dcCKE UNTER DER FRANZ-JOSEF-STRAUSS STRASSE, ZUGANG \u00dcBER DIE U-BAHN-STATION W\u00d6HRDER WIESE UNTER DER SCHIRMHERRSCHAFT VON OB DR. ULRICH MALY<\/a><\/div><\/li><li class=\"\"><div class=\"sya_postcontent\"><span class=\"sya_date\"> <span class=\"sya_sep\"> <\/span><\/span><a href=\"https:\/\/www.krakauer-haus.de\/kh-test\/index.php\/2009\/06\/25\/polenallergie-impfung-nr-2-2009\/\" class=\"sya_postlink post-1605\" rel=\"bookmark\">POLENALLERGIE: IMPFUNG NR. 2 \/ 2009<\/a><\/div><\/li><li class=\"\"><div class=\"sya_postcontent\"><span class=\"sya_date\"> <span class=\"sya_sep\"> <\/span><\/span><a href=\"https:\/\/www.krakauer-haus.de\/kh-test\/index.php\/2009\/06\/21\/stadtverfuehrungen-tanja-helm-klanginstallation\/\" class=\"sya_postlink post-1599\" rel=\"bookmark\">STADTVERF\u00dcHRUNGEN &#8211; TANJA HELM KLANGINSTALLATION<\/a><\/div><\/li><li class=\"\"><div class=\"sya_postcontent\"><span class=\"sya_date\"> <span class=\"sya_sep\"> <\/span><\/span><a href=\"https:\/\/www.krakauer-haus.de\/kh-test\/index.php\/2009\/05\/23\/blaue-nacht-figurentheater-thalias-kompagnons-gibt-es-ein-leben-nach-der-vorstellung-ein-wahnspiel-mit-methode\/\" class=\"sya_postlink post-1587\" rel=\"bookmark\">BLAUE NACHT \u2013 FIGURENTHEATER THALIAS KOMPAGNONS \u2013  GIBT ES EIN LEBEN NACH DER VORSTELLUNG? EIN WAHNSPIEL MIT METHODE<\/a><\/div><\/li><li class=\"\"><div class=\"sya_postcontent\"><span class=\"sya_date\"> <span class=\"sya_sep\"> <\/span><\/span><a href=\"https:\/\/www.krakauer-haus.de\/kh-test\/index.php\/2009\/05\/10\/steffen-moeller-mit-viva-polonia-als-deutscher-gastarbeiter-in-polen\/\" class=\"sya_postlink post-1539\" rel=\"bookmark\">STEFFEN M\u00d6LLER MIT VIVA POLONIA: ALS DEUTSCHER GASTARBEITER IN POLEN<\/a><\/div><\/li><li class=\"\"><div class=\"sya_postcontent\"><span class=\"sya_date\"> <span class=\"sya_sep\"> <\/span><\/span><a href=\"https:\/\/www.krakauer-haus.de\/kh-test\/index.php\/2009\/05\/09\/tagung-zum-30-jubilaeum-der-staedtepartnerschaft-nuernberg-krakau-rathaus-9-mai-2009-ab-10-uhr\/\" class=\"sya_postlink post-1576\" rel=\"bookmark\">TAGUNG ZUM 30. JUBIL\u00c4UM DER ST\u00c4DTEPARTNERSCHAFT N\u00dcRNBERG \u2013 KRAKAU,  RATHAUS, 9. MAI 2009, AB 10 UHR<\/a><\/div><\/li><li class=\"\"><div class=\"sya_postcontent\"><span class=\"sya_date\"> <span class=\"sya_sep\"> <\/span><\/span><a href=\"https:\/\/www.krakauer-haus.de\/kh-test\/index.php\/2009\/05\/09\/gemeinsames-konzert-von-motion-trio-krakau-und-ensemble-kontraste\/\" class=\"sya_postlink post-1569\" rel=\"bookmark\">GEMEINSAMES KONZERT VON MOTION TRIO\/KRAKAU UND ENSEMBLE KONTRASTE<\/a><\/div><\/li><li class=\"\"><div class=\"sya_postcontent\"><span class=\"sya_date\"> <span class=\"sya_sep\"> <\/span><\/span><a href=\"https:\/\/www.krakauer-haus.de\/kh-test\/index.php\/2009\/05\/09\/gummibaerchen-und-mercedes-polnische-assoziationen-zu-deutschland-eine-ausstellung-mit-interviews-und-fotos-von-jutta-missbach\/\" class=\"sya_postlink post-1564\" rel=\"bookmark\">\u201eGUMMIB\u00c4RCHEN UND MERCEDES. POLNISCHE ASSOZIATIONEN ZU DEUTSCHLAND.&#8220;  EINE AUSSTELLUNG MIT INTERVIEWS UND FOTOS VON JUTTA MISSBACH.<\/a><\/div><\/li><li class=\"\"><div class=\"sya_postcontent\"><span class=\"sya_date\"> <span class=\"sya_sep\"> <\/span><\/span><a href=\"https:\/\/www.krakauer-haus.de\/kh-test\/index.php\/2009\/05\/07\/unter-den-fahnen-der-poesie\/\" class=\"sya_postlink post-1547\" rel=\"bookmark\">Unter den Fahnen der Poesie<\/a><\/div><\/li><li class=\"\"><div class=\"sya_postcontent\"><span class=\"sya_date\"> <span class=\"sya_sep\"> <\/span><\/span><a href=\"https:\/\/www.krakauer-haus.de\/kh-test\/index.php\/2009\/05\/07\/ausstellungseroeffnung-konzert\/\" class=\"sya_postlink post-1528\" rel=\"bookmark\">AUSSTELLUNGSER\u00d6FFNUNG + KONZERT<\/a><\/div><\/li><li class=\"\"><div class=\"sya_postcontent\"><span class=\"sya_date\"> <span class=\"sya_sep\"> <\/span><\/span><a href=\"https:\/\/www.krakauer-haus.de\/kh-test\/index.php\/2009\/04\/04\/4-polnische-filmwoche-2009\/\" class=\"sya_postlink post-1525\" rel=\"bookmark\">4. POLNISCHE FILMWOCHE 2009<\/a><\/div><\/li><li class=\"\"><div class=\"sya_postcontent\"><span class=\"sya_date\"> <span class=\"sya_sep\"> <\/span><\/span><a href=\"https:\/\/www.krakauer-haus.de\/kh-test\/index.php\/2009\/02\/22\/stein-aus-der-neuen-welt-feierliche-einweihung-des-gedichtsteines-am-unschlittplatz-in-anwesenheit-des-dichters-ryszard-krynicki\/\" class=\"sya_postlink post-1514\" rel=\"bookmark\">\u201eSTEIN AUS DER NEUEN WELT\u201c. FEIERLICHE EINWEIHUNG DES GEDICHTSTEINES  AM UNSCHLITTPLATZ IN ANWESENHEIT DES DICHTERS RYSZARD KRYNICKI<\/a><\/div><\/li><li class=\"\"><div class=\"sya_postcontent\"><span class=\"sya_date\"> <span class=\"sya_sep\"> <\/span><\/span><a href=\"https:\/\/www.krakauer-haus.de\/kh-test\/index.php\/2009\/02\/21\/lesung-ryszard-krynicki-und-hans-magnus-enzensberger\/\" class=\"sya_postlink post-1508\" rel=\"bookmark\">LESUNG: RYSZARD KRYNICKI UND HANS MAGNUS ENZENSBERGER<\/a><\/div><\/li><li class=\"\"><div class=\"sya_postcontent\"><span class=\"sya_date\"> <span class=\"sya_sep\"> <\/span><\/span><a href=\"https:\/\/www.krakauer-haus.de\/kh-test\/index.php\/2009\/02\/14\/valentinstag-konzert-rehan-syed-ensemble-gastsaengerin-silvia-bialas\/\" class=\"sya_postlink post-1492\" rel=\"bookmark\">VALENTINSTAG-KONZERT: REHAN SYED ENSEMBLE. GASTS\u00c4NGERIN: SILVIA BIALAS<\/a><\/div><\/li><li class=\"\"><div class=\"sya_postcontent\"><span class=\"sya_date\"> <span class=\"sya_sep\"> <\/span><\/span><a href=\"https:\/\/www.krakauer-haus.de\/kh-test\/index.php\/2009\/01\/27\/vernissage-zofia-stryjenska-eine-extravagante-polnische-malerin-in-muenchen\/\" class=\"sya_postlink post-1502\" rel=\"bookmark\">VERNISSAGE: ZOFIA STRYJENSKA \u2013 EINE EXTRAVAGANTE POLNISCHE MALERIN IN M\u00dcNCHEN<\/a><\/div><\/li><\/ul><a id=\"year2008\"><\/a><a href=\"https:\/\/www.krakauer-haus.de\/kh-test\/index.php\/2008\/\" rel=\"section\">2008<\/a><ul><li class=\"\"><div class=\"sya_postcontent\"><span class=\"sya_date\"> <span class=\"sya_sep\"> <\/span><\/span><a href=\"https:\/\/www.krakauer-haus.de\/kh-test\/index.php\/2008\/12\/04\/ausstellungseroeffnung-henryk-zegadlo-weihnachten-bedeutet-fuer-mich\/\" class=\"sya_postlink post-1485\" rel=\"bookmark\">AUSSTELLUNGSER\u00d6FFNUNG: HENRYK ZEGADLO, \u201eWEIHNACHTEN BEDEUTET F\u00dcR MICH&#8230;\u201c<\/a><\/div><\/li><li class=\"\"><div class=\"sya_postcontent\"><span class=\"sya_date\"> <span class=\"sya_sep\"> <\/span><\/span><a href=\"https:\/\/www.krakauer-haus.de\/kh-test\/index.php\/2008\/11\/30\/jazz-im-turm-adam-pieronczyk-trio\/\" class=\"sya_postlink post-1480\" rel=\"bookmark\">JAZZ IM TURM \u2013 ADAM PIERONCZYK TRIO<\/a><\/div><\/li><li class=\"\"><div class=\"sya_postcontent\"><span class=\"sya_date\"> <span class=\"sya_sep\"> <\/span><\/span><a href=\"https:\/\/www.krakauer-haus.de\/kh-test\/index.php\/2008\/11\/29\/autorenlesung-mariusz-szczygiel-gottland\/\" class=\"sya_postlink post-1476\" rel=\"bookmark\">AUTORENLESUNG: MARIUSZ SZCZYGIEL \u201eGOTTLAND\u201c<\/a><\/div><\/li><li class=\"\"><div class=\"sya_postcontent\"><span class=\"sya_date\"> <span class=\"sya_sep\"> <\/span><\/span><a href=\"https:\/\/www.krakauer-haus.de\/kh-test\/index.php\/2008\/10\/24\/autorenlesung-andrzej-stasiuk\/\" class=\"sya_postlink post-1469\" rel=\"bookmark\">AUTORENLESUNG: ANDRZEJ STASIUK<\/a><\/div><\/li><li class=\"\"><div class=\"sya_postcontent\"><span class=\"sya_date\"> <span class=\"sya_sep\"> <\/span><\/span><a href=\"https:\/\/www.krakauer-haus.de\/kh-test\/index.php\/2008\/09\/23\/autorenlesung-katarzyna-sowula-auftrieb\/\" class=\"sya_postlink post-1465\" rel=\"bookmark\">AUTORENLESUNG: KATARZYNA SOWULA \u201eAUFTRIEB\u201c<\/a><\/div><\/li><li class=\"\"><div class=\"sya_postcontent\"><span class=\"sya_date\"> <span class=\"sya_sep\"> <\/span><\/span><a href=\"https:\/\/www.krakauer-haus.de\/kh-test\/index.php\/2008\/07\/19\/sommerfest-gruppe-klezzmates\/\" class=\"sya_postlink post-1457\" rel=\"bookmark\">SOMMERFEST. GRUPPE \u201eKLEZZMATES\u201c<\/a><\/div><\/li><li class=\"\"><div class=\"sya_postcontent\"><span class=\"sya_date\"> <span class=\"sya_sep\"> <\/span><\/span><a href=\"https:\/\/www.krakauer-haus.de\/kh-test\/index.php\/2008\/06\/27\/polenallergie-impfung-nr-1-2008\/\" class=\"sya_postlink post-1453\" rel=\"bookmark\">POLENALLERGIE: IMPFUNG NR. 1 \/ 2008<\/a><\/div><\/li><li class=\"\"><div class=\"sya_postcontent\"><span class=\"sya_date\"> <span class=\"sya_sep\"> <\/span><\/span><a href=\"https:\/\/www.krakauer-haus.de\/kh-test\/index.php\/2008\/06\/14\/im-rahmen-der-stadtverfuehrungen-kunst-ist-ein-verbrechen-tadeusz-kantor-in-nuernberg\/\" class=\"sya_postlink post-1445\" rel=\"bookmark\">IM RAHMEN DER \u201eSTADT(VER)F\u00dcHRUNGEN\u201c:  KUNST IST EIN VERBRECHEN. TADEUSZ KANTOR IN N\u00dcRNBERG<\/a><\/div><\/li><li class=\"\"><div class=\"sya_postcontent\"><span class=\"sya_date\"> <span class=\"sya_sep\"> <\/span><\/span><a href=\"https:\/\/www.krakauer-haus.de\/kh-test\/index.php\/2008\/06\/12\/fussball-ist-wie-liebe-ein-ewiges-bangen-und-hoffen-live-uebertragung-der-euro-08-mit-weinverkostung-und-lesung-von-franzobel\/\" class=\"sya_postlink post-1437\" rel=\"bookmark\">\u201eFUSSBALL IST WIE LIEBE. EIN EWIGES BANGEN UND HOFFEN.\u201c LIVE-\u00dcBERTRAGUNG DER EURO 08 MIT WEINVERKOSTUNG UND LESUNG VON FRANZOBEL<\/a><\/div><\/li><li class=\"\"><div class=\"sya_postcontent\"><span class=\"sya_date\"> <span class=\"sya_sep\"> <\/span><\/span><a href=\"https:\/\/www.krakauer-haus.de\/kh-test\/index.php\/2008\/06\/06\/kammermusik-im-krakauer-haus-das-nuernberger-oktett-mit-werken-von-jean-francaix-und-franz-schubert\/\" class=\"sya_postlink post-1426\" rel=\"bookmark\">KAMMERMUSIK IM KRAKAUER HAUS. DAS \u201eN\u00dcRNBERGER OKTETT\u201c MIT WERKEN VON JEAN FRAN\u00c7AIX UND FRANZ SCHUBERT<\/a><\/div><\/li><li class=\"\"><div class=\"sya_postcontent\"><span class=\"sya_date\"> <span class=\"sya_sep\"> <\/span><\/span><a href=\"https:\/\/www.krakauer-haus.de\/kh-test\/index.php\/2008\/06\/03\/autorenlesung-michal-witkowski-lubiewo-moderation-michael-aue-medienwerkstatt-nuernberg\/\" class=\"sya_postlink post-1422\" rel=\"bookmark\">AUTORENLESUNG: MICHA\u0141 WITKOWSKI, \u201eLUBIEWO\u201d.  MODERATION: MICHAEL AUE (MEDIENWERKSTATT N\u00dcRNBERG)<\/a><\/div><\/li><li class=\"\"><div class=\"sya_postcontent\"><span class=\"sya_date\"> <span class=\"sya_sep\"> <\/span><\/span><a href=\"https:\/\/www.krakauer-haus.de\/kh-test\/index.php\/2008\/05\/31\/blaue-nacht-thema-insel-gruppe-kleine-instrumente-konzerte-20-40-22-10-23-30-uhr\/\" class=\"sya_postlink post-1413\" rel=\"bookmark\">BLAUE NACHT &#8211; THEMA INSEL &#8211; GRUPPE &#8222;KLEINE INSTRUMENTE&#8220;  KONZERTE: 20.40, 22.10, 23.30 UHR<\/a><\/div><\/li><li class=\"\"><div class=\"sya_postcontent\"><span class=\"sya_date\"> <span class=\"sya_sep\"> <\/span><\/span><a href=\"https:\/\/www.krakauer-haus.de\/kh-test\/index.php\/2008\/05\/27\/vernissage-skulpturen-von-lena-hensel-krakau-und-simone-weik-nuernberg\/\" class=\"sya_postlink post-1407\" rel=\"bookmark\">VERNISSAGE: SKULPTUREN VON LENA HENSEL (KRAKAU) UND SIMONE WEIK (N\u00dcRNBERG)<\/a><\/div><\/li><li class=\"\"><div class=\"sya_postcontent\"><span class=\"sya_date\"> <span class=\"sya_sep\"> <\/span><\/span><a href=\"https:\/\/www.krakauer-haus.de\/kh-test\/index.php\/2008\/04\/20\/3-polnische-filmwoche-2008\/\" class=\"sya_postlink post-1404\" rel=\"bookmark\">3. POLNISCHE FILMWOCHE 2008<\/a><\/div><\/li><li class=\"\"><div class=\"sya_postcontent\"><span class=\"sya_date\"> <span class=\"sya_sep\"> <\/span><\/span><a href=\"https:\/\/www.krakauer-haus.de\/kh-test\/index.php\/2008\/04\/11\/vernissage-juedisches-leben-in-krakau-vor-dem-untergang\/\" class=\"sya_postlink post-1370\" rel=\"bookmark\">VERNISSAGE:  J\u00dcDISCHES LEBEN IN KRAKAU VOR DEM UNTERGANG<\/a><\/div><\/li><li class=\"\"><div class=\"sya_postcontent\"><span class=\"sya_date\"> <span class=\"sya_sep\"> <\/span><\/span><a href=\"https:\/\/www.krakauer-haus.de\/kh-test\/index.php\/2008\/04\/06\/ausstellungseroeffnun-bela-farago-tier-und-mensch\/\" class=\"sya_postlink post-1390\" rel=\"bookmark\">AUSSTELLUNGSER\u00d6FFNUN: B\u00c9LA FARAG\u00d3, &#8222;TIER UND MENSCH&#8220;<\/a><\/div><\/li><li class=\"\"><div class=\"sya_postcontent\"><span class=\"sya_date\"> <span class=\"sya_sep\"> <\/span><\/span><a href=\"https:\/\/www.krakauer-haus.de\/kh-test\/index.php\/2008\/03\/08\/internationaler-frauentag-saxsisters-und-vernissage\/\" class=\"sya_postlink post-1354\" rel=\"bookmark\">INTERNATIONALER FRAUENTAG: SAXSISTERS UND VERNISSAGE<\/a><\/div><\/li><li class=\"\"><div class=\"sya_postcontent\"><span class=\"sya_date\"> <span class=\"sya_sep\"> <\/span><\/span><a href=\"https:\/\/www.krakauer-haus.de\/kh-test\/index.php\/2008\/03\/02\/mutter-der-holocaust-kinder-von-anna-mieszkowska-autorenlesung-moderiert-von-der-uebersetzerin-urszula-usakowska-wolff\/\" class=\"sya_postlink post-1351\" rel=\"bookmark\">&#8222;MUTTER DER HOLOCAUST-KINDER&#8220; VON ANNA MIESZKOWSKA AUTORENLESUNG, MODERIERT VON DER \u00dcBERSETZERIN URSZULA USAKOWSKA-WOLFF<\/a><\/div><\/li><li class=\"\"><div class=\"sya_postcontent\"><span class=\"sya_date\"> <span class=\"sya_sep\"> <\/span><\/span><a href=\"https:\/\/www.krakauer-haus.de\/kh-test\/index.php\/2008\/02\/23\/teatr-nowy-krakau-amoklauf-mein-kinderspiel-von-thomas-freyer\/\" class=\"sya_postlink post-1338\" rel=\"bookmark\">TEATR NOWY (KRAKAU)  \u201eAMOKLAUF MEIN KINDERSPIEL\u201c VON THOMAS FREYER<\/a><\/div><\/li><li class=\"\"><div class=\"sya_postcontent\"><span class=\"sya_date\"> <span class=\"sya_sep\"> <\/span><\/span><a href=\"https:\/\/www.krakauer-haus.de\/kh-test\/index.php\/2008\/02\/14\/zum-valentinstag-me-myself-and-i-vocal-groove-human-beatbox-jazzy-acapella\/\" class=\"sya_postlink post-1331\" rel=\"bookmark\">ZUM VALENTINSTAG: ME MYSELF AND I  VOCAL GROOVE &#038; HUMAN BEATBOX &#038; JAZZY &#038; A\u2019CAPELLA<\/a><\/div><\/li><li class=\"\"><div class=\"sya_postcontent\"><span class=\"sya_date\"> <span class=\"sya_sep\"> <\/span><\/span><a href=\"https:\/\/www.krakauer-haus.de\/kh-test\/index.php\/2008\/01\/23\/anthony-cox-adam-pieronczyk-quartet\/\" class=\"sya_postlink post-1302\" rel=\"bookmark\">ANTHONY COX &#8211; ADAM PIERONCZYK QUARTET<\/a><\/div><\/li><li class=\"\"><div class=\"sya_postcontent\"><span class=\"sya_date\"> <span class=\"sya_sep\"> <\/span><\/span><a href=\"https:\/\/www.krakauer-haus.de\/kh-test\/index.php\/2008\/01\/22\/hope-kinopremiere-mit-regisseurgespraech-stanislaw-mucha-im-metropolis-kino-stresemannplatz-8-kartenreservierung-49-911-538848\/\" class=\"sya_postlink post-1287\" rel=\"bookmark\">HOPE\u201c &#8211; KINOPREMIERE MIT REGISSEURGESPR\u00c4CH STANISLAW MUCHA  IM METROPOLIS KINO, STRESEMANNPLATZ 8,  KARTENRESERVIERUNG +49 911 538848<\/a><\/div><\/li><\/ul><a id=\"year2007\"><\/a><a href=\"https:\/\/www.krakauer-haus.de\/kh-test\/index.php\/2007\/\" rel=\"section\">2007<\/a><ul><li class=\"\"><div class=\"sya_postcontent\"><span class=\"sya_date\"> <span class=\"sya_sep\"> <\/span><\/span><a href=\"https:\/\/www.krakauer-haus.de\/kh-test\/index.php\/2007\/12\/07\/polnischer-weihnachtsmarkt-im-krakauer-haus\/\" class=\"sya_postlink post-983\" rel=\"bookmark\">\u201ePolnischer Weihnachtsmarkt\u201c im Krakauer Haus<\/a><\/div><\/li><li class=\"\"><div class=\"sya_postcontent\"><span class=\"sya_date\"> <span class=\"sya_sep\"> <\/span><\/span><a href=\"https:\/\/www.krakauer-haus.de\/kh-test\/index.php\/2007\/10\/26\/grazyna-auguscik-mit-quartett-im-jazz-studio-paniersplatz-27-29\/\" class=\"sya_postlink post-968\" rel=\"bookmark\">GRAZYNA AUGUSCIK MIT QUARTETT  IM JAZZ STUDIO, PANIERSPLATZ 27\/29<\/a><\/div><\/li><li class=\"\"><div class=\"sya_postcontent\"><span class=\"sya_date\"> <span class=\"sya_sep\"> <\/span><\/span><a href=\"https:\/\/www.krakauer-haus.de\/kh-test\/index.php\/2007\/10\/06\/ira-klezmers-songs-in-jiddish\/\" class=\"sya_postlink post-962\" rel=\"bookmark\">Ira &#038; Klezmers \u2013 Songs in Jiddish<\/a><\/div><\/li><li class=\"\"><div class=\"sya_postcontent\"><span class=\"sya_date\"> <span class=\"sya_sep\"> <\/span><\/span><a href=\"https:\/\/www.krakauer-haus.de\/kh-test\/index.php\/2007\/09\/30\/leszek-mozdzer-lars-danielsson-im-e-werk-erlangen-fuchsenwiese-1\/\" class=\"sya_postlink post-958\" rel=\"bookmark\">Leszek Mozdzer &#038; Lars Danielsson im E- Werk Erlangen, Fuchsenwiese 1<\/a><\/div><\/li><li class=\"\"><div class=\"sya_postcontent\"><span class=\"sya_date\"> <span class=\"sya_sep\"> <\/span><\/span><a href=\"https:\/\/www.krakauer-haus.de\/kh-test\/index.php\/2007\/07\/21\/strassenfest-mit-musik-und-polnischen-spezialitaeten\/\" class=\"sya_postlink post-944\" rel=\"bookmark\">Stra\u00dfenfest mit Musik und polnischen Spezialit\u00e4ten<\/a><\/div><\/li><li class=\"\"><div class=\"sya_postcontent\"><span class=\"sya_date\"> <span class=\"sya_sep\"> <\/span><\/span><a href=\"https:\/\/www.krakauer-haus.de\/kh-test\/index.php\/2007\/07\/12\/750-jahre-verleihung-der-stadtrechte-an-krakau-alte-stadt-neue-kunst-praesentation-der-jungen-kunstszene\/\" class=\"sya_postlink post-926\" rel=\"bookmark\">750 Jahre Verleihung der Stadtrechte an Krakau Alte Stadt \u2013 Neue Kunst: Pr\u00e4sentation der jungen Kunstszene<\/a><\/div><\/li><li class=\"\"><div class=\"sya_postcontent\"><span class=\"sya_date\"> <span class=\"sya_sep\"> <\/span><\/span><a href=\"https:\/\/www.krakauer-haus.de\/kh-test\/index.php\/2007\/07\/05\/autorenlesung-joanna-olczak-ronikier-liest-aus-ihrem-buch-im-garten-der-erinnerung\/\" class=\"sya_postlink post-920\" rel=\"bookmark\">Autorenlesung: Joanna Olczak-Ronikier liest aus ihrem Buch \u201eIm Garten der Erinnerung\u201c<\/a><\/div><\/li><li class=\"\"><div class=\"sya_postcontent\"><span class=\"sya_date\"> <span class=\"sya_sep\"> <\/span><\/span><a href=\"https:\/\/www.krakauer-haus.de\/kh-test\/index.php\/2007\/06\/15\/autorenlesung-dorota-maslowska-der-star-der-polnischen-literatur-rappt\/\" class=\"sya_postlink post-915\" rel=\"bookmark\">Autorenlesung: Dorota Mas\u0142owska Der Star der polnischen Literatur rappt<\/a><\/div><\/li><li class=\"\"><div class=\"sya_postcontent\"><span class=\"sya_date\"> <span class=\"sya_sep\"> <\/span><\/span><a href=\"https:\/\/www.krakauer-haus.de\/kh-test\/index.php\/2007\/06\/14\/ausstellungseroeffnung-zeichen-metaphern\/\" class=\"sya_postlink post-954\" rel=\"bookmark\">Ausstellungser\u00f6ffnung: \u201eZeichen \u2013 Metaphern\u201c<\/a><\/div><\/li><li class=\"\"><div class=\"sya_postcontent\"><span class=\"sya_date\"> <span class=\"sya_sep\"> <\/span><\/span><a href=\"https:\/\/www.krakauer-haus.de\/kh-test\/index.php\/2007\/05\/24\/ausstellungseroeffnung-ladies-first\/\" class=\"sya_postlink post-907\" rel=\"bookmark\">Ausstellungser\u00f6ffnung: \u201eLadies first\u201c<\/a><\/div><\/li><li class=\"\"><div class=\"sya_postcontent\"><span class=\"sya_date\"> <span class=\"sya_sep\"> <\/span><\/span><a href=\"https:\/\/www.krakauer-haus.de\/kh-test\/index.php\/2007\/05\/19\/zeit-fuer-die-blaue-nacht\/\" class=\"sya_postlink post-897\" rel=\"bookmark\">ZEIT F\u00dcR DIE BLAUE NACHT!!!!!<\/a><\/div><\/li><li class=\"\"><div class=\"sya_postcontent\"><span class=\"sya_date\"> <span class=\"sya_sep\"> <\/span><\/span><a href=\"https:\/\/www.krakauer-haus.de\/kh-test\/index.php\/2007\/05\/10\/autorenlesung-wojciech-kuczok-liest-aus-dreckskerl\/\" class=\"sya_postlink post-887\" rel=\"bookmark\">Autorenlesung:  Wojciech Kuczok liest aus \u201eDreckskerl\u201c<\/a><\/div><\/li><li class=\"\"><div class=\"sya_postcontent\"><span class=\"sya_date\"> <span class=\"sya_sep\"> <\/span><\/span><a href=\"https:\/\/www.krakauer-haus.de\/kh-test\/index.php\/2007\/05\/03\/ausstellungseroeffnung-tagundnacht-grzegorz-l-piotrowski-malerei\/\" class=\"sya_postlink post-868\" rel=\"bookmark\">Ausstellungser\u00f6ffnung: \u201eTAGundNACHT\u201d  Grzegorz L. Piotrowski, Malerei<\/a><\/div><\/li><li class=\"\"><div class=\"sya_postcontent\"><span class=\"sya_date\"> <span class=\"sya_sep\"> <\/span><\/span><a href=\"https:\/\/www.krakauer-haus.de\/kh-test\/index.php\/2007\/04\/21\/2-polnische-filmwoche\/\" class=\"sya_postlink post-873\" rel=\"bookmark\">2. Polnische Filmwoche<\/a><\/div><\/li><li class=\"\"><div class=\"sya_postcontent\"><span class=\"sya_date\"> <span class=\"sya_sep\"> <\/span><\/span><a href=\"https:\/\/www.krakauer-haus.de\/kh-test\/index.php\/2007\/03\/25\/stummfilm-mit-livemusik-super-trio-und-der-starke-mann-filmhauskino-im-kuenstlerhaus-koenigstrasse-93\/\" class=\"sya_postlink post-861\" rel=\"bookmark\">Stummfilm mit Livemusik  Super Trio und \u201cDer starke Mann\u201d Filmhauskino im K\u00fcnstlerhaus, K\u00f6nigstrasse 93<\/a><\/div><\/li><li class=\"\"><div class=\"sya_postcontent\"><span class=\"sya_date\"> <span class=\"sya_sep\"> <\/span><\/span><a href=\"https:\/\/www.krakauer-haus.de\/kh-test\/index.php\/2007\/03\/18\/polnische-nachwuchsregisseure-und-ihre-schulen-maciej-cuske-kurhaus\/\" class=\"sya_postlink post-854\" rel=\"bookmark\">Polnische Nachwuchsregisseure und Ihre Schulen  Maciej Cuske \u201eKurhaus\u201c<\/a><\/div><\/li><li class=\"\"><div class=\"sya_postcontent\"><span class=\"sya_date\"> <span class=\"sya_sep\"> <\/span><\/span><a href=\"https:\/\/www.krakauer-haus.de\/kh-test\/index.php\/2007\/03\/08\/vernissage-frauen-in-der-kunst-der-frauen-junge-druckkunst-aus-polen-bis-zum-29-maerz-2007\/\" class=\"sya_postlink post-848\" rel=\"bookmark\">Vernissage: \u201eFrauen in der Kunst der Frauen\u201c Junge Druckkunst aus Polen (bis zum 29. M\u00e4rz 2007)<\/a><\/div><\/li><li class=\"\"><div class=\"sya_postcontent\"><span class=\"sya_date\"> <span class=\"sya_sep\"> <\/span><\/span><a href=\"https:\/\/www.krakauer-haus.de\/kh-test\/index.php\/2007\/03\/01\/klassik-im-turm-chopin-und-12-polnische-komponisten-ein-konzert-fuer-klavier-und-floete\/\" class=\"sya_postlink post-843\" rel=\"bookmark\">Klassik im Turm \u201eChopin und 12 polnische Komponisten\u201c \u2013 ein Konzert f\u00fcr Klavier und Fl\u00f6te<\/a><\/div><\/li><li class=\"\"><div class=\"sya_postcontent\"><span class=\"sya_date\"> <span class=\"sya_sep\"> <\/span><\/span><a href=\"https:\/\/www.krakauer-haus.de\/kh-test\/index.php\/2007\/02\/14\/valentinstag-im-turm-hoerspektakel-wisperndes-ahorn-gefluester\/\" class=\"sya_postlink post-821\" rel=\"bookmark\">Valentinstag im Turm  H\u00f6rspektakel Wisperndes Ahorn-Gefl\u00fcster<\/a><\/div><\/li><li class=\"\"><div class=\"sya_postcontent\"><span class=\"sya_date\"> <span class=\"sya_sep\"> <\/span><\/span><a href=\"https:\/\/www.krakauer-haus.de\/kh-test\/index.php\/2007\/02\/08\/vernissagejak-tam-wie-gehts-axel-gercke-jacek-pasieczny-malerei\/\" class=\"sya_postlink post-832\" rel=\"bookmark\">Vernissage&#8220;Jak tam? Wie geht&#8217;s?&#8220; Axel Gercke, Jacek Pasieczny, Malerei<\/a><\/div><\/li><\/ul><a id=\"year2006\"><\/a><a href=\"https:\/\/www.krakauer-haus.de\/kh-test\/index.php\/2006\/\" rel=\"section\">2006<\/a><ul><li class=\"\"><div class=\"sya_postcontent\"><span class=\"sya_date\"> <span class=\"sya_sep\"> <\/span><\/span><a href=\"https:\/\/www.krakauer-haus.de\/kh-test\/index.php\/2006\/12\/17\/weihnachtslieder-im-stil-crossover\/\" class=\"sya_postlink post-780\" rel=\"bookmark\">Weihnachtslieder im Stil &#8222;Crossover&#8220;<\/a><\/div><\/li><li class=\"\"><div class=\"sya_postcontent\"><span class=\"sya_date\"> <span class=\"sya_sep\"> <\/span><\/span><a href=\"https:\/\/www.krakauer-haus.de\/kh-test\/index.php\/2006\/12\/08\/dargestellte-welt-neue-fotografie-aus-krakau-neue-animationskunst-aus-krakau-und-vieles-mehr-2\/\" class=\"sya_postlink post-792\" rel=\"bookmark\">\u201ePolnischer Weihnachtsmarkt\u201c im Krakauer Haus  Schirmherrschaft: Alt-Oberb\u00fcrgermeister Dr. Peter Sch\u00f6nlein<\/a><\/div><\/li><li class=\"\"><div class=\"sya_postcontent\"><span class=\"sya_date\"> <span class=\"sya_sep\"> <\/span><\/span><a href=\"https:\/\/www.krakauer-haus.de\/kh-test\/index.php\/2006\/12\/08\/bildstoecke-und-herrgottswinkerl-wolfgang-hofer\/\" class=\"sya_postlink post-789\" rel=\"bookmark\">Bildst\u00f6cke und Herrgottswinkerl &#8211; Wolfgang Hofer<\/a><\/div><\/li><li class=\"\"><div class=\"sya_postcontent\"><span class=\"sya_date\"> <span class=\"sya_sep\"> <\/span><\/span><a href=\"https:\/\/www.krakauer-haus.de\/kh-test\/index.php\/2006\/11\/11\/jazz-im-turm-fourth-floor\/\" class=\"sya_postlink post-721\" rel=\"bookmark\">Jazz im Turm &#8211; Fourth Floor<\/a><\/div><\/li><li class=\"\"><div class=\"sya_postcontent\"><span class=\"sya_date\"> <span class=\"sya_sep\"> <\/span><\/span><a href=\"https:\/\/www.krakauer-haus.de\/kh-test\/index.php\/2006\/11\/09\/dargestellte-welt-neue-fotografie-aus-krakau-neue-animationskunst-aus-krakau-und-vieles-mehr\/\" class=\"sya_postlink post-736\" rel=\"bookmark\">\u201eDargestellte Welt\u201c Neue Fotografie aus Krakau, Neue Animationskunst aus Krakau &#8211; und vieles mehr&#8230;<\/a><\/div><\/li><li class=\"\"><div class=\"sya_postcontent\"><span class=\"sya_date\"> <span class=\"sya_sep\"> <\/span><\/span><a href=\"https:\/\/www.krakauer-haus.de\/kh-test\/index.php\/2006\/10\/26\/wir-sind-alle-nicht-von-hier-radek-knapp-liest-aus-der-gebrauchsanweisung-fuer-polen\/\" class=\"sya_postlink post-707\" rel=\"bookmark\">&#8222;Wir sind alle nicht von hier\u201c  Radek Knapp liest aus der Gebrauchsanweisung f\u00fcr Polen<\/a><\/div><\/li><li class=\"\"><div class=\"sya_postcontent\"><span class=\"sya_date\"> <span class=\"sya_sep\"> <\/span><\/span><a href=\"https:\/\/www.krakauer-haus.de\/kh-test\/index.php\/2006\/10\/19\/10-jahre-klassik-im-turm-jubilaeumskonzert\/\" class=\"sya_postlink post-713\" rel=\"bookmark\">10 Jahre Klassik im Turm  Jubil\u00e4umskonzert<\/a><\/div><\/li><li class=\"\"><div class=\"sya_postcontent\"><span class=\"sya_date\"> <span class=\"sya_sep\"> <\/span><\/span><a href=\"https:\/\/www.krakauer-haus.de\/kh-test\/index.php\/2006\/07\/22\/strassenfest-zum-10jaehrigen-jubilaeum-des-krakauer-hauses-und-des-krakauer-turm-vereins\/\" class=\"sya_postlink post-686\" rel=\"bookmark\">Stra\u00dfenfest zum 10j\u00e4hrigen Jubil\u00e4um des Krakauer Hauses  und des Krakauer Turm Vereins<\/a><\/div><\/li><li class=\"\"><div class=\"sya_postcontent\"><span class=\"sya_date\"> <span class=\"sya_sep\"> <\/span><\/span><a href=\"https:\/\/www.krakauer-haus.de\/kh-test\/index.php\/2006\/05\/27\/blaue-nacht-2006-und-alles-dreht-sich-um-die-wm\/\" class=\"sya_postlink post-676\" rel=\"bookmark\">Blaue Nacht 2006 &#8211; und alles dreht sich um die WM!<\/a><\/div><\/li><li class=\"\"><div class=\"sya_postcontent\"><span class=\"sya_date\"> <span class=\"sya_sep\"> <\/span><\/span><a href=\"https:\/\/www.krakauer-haus.de\/kh-test\/index.php\/2006\/05\/27\/blaue-ball-nacht\/\" class=\"sya_postlink post-653\" rel=\"bookmark\">Blaue Ball Nacht<\/a><\/div><\/li><li class=\"\"><div class=\"sya_postcontent\"><span class=\"sya_date\"> <span class=\"sya_sep\"> <\/span><\/span><a href=\"https:\/\/www.krakauer-haus.de\/kh-test\/index.php\/2006\/05\/03\/24h-pio-illustrationen\/\" class=\"sya_postlink post-639\" rel=\"bookmark\">24h PIO \u2013 Illustrationen<\/a><\/div><\/li><li class=\"\"><div class=\"sya_postcontent\"><span class=\"sya_date\"> <span class=\"sya_sep\"> <\/span><\/span><a href=\"https:\/\/www.krakauer-haus.de\/kh-test\/index.php\/2006\/04\/24\/polnische-filmwoche-im-cinecitta\/\" class=\"sya_postlink post-634\" rel=\"bookmark\">Polnische Filmwoche im Cinecitta<\/a><\/div><\/li><li class=\"\"><div class=\"sya_postcontent\"><span class=\"sya_date\"> <span class=\"sya_sep\"> <\/span><\/span><a href=\"https:\/\/www.krakauer-haus.de\/kh-test\/index.php\/2006\/04\/01\/ausstellungseroeffnung-jaccobco-von-zbigniew-bielawka\/\" class=\"sya_postlink post-517\" rel=\"bookmark\">Ausstellungser\u00f6ffnung Jaccobco von Zbigniew Bielawka<\/a><\/div><\/li><li class=\"\"><div class=\"sya_postcontent\"><span class=\"sya_date\"> <span class=\"sya_sep\"> <\/span><\/span><a href=\"https:\/\/www.krakauer-haus.de\/kh-test\/index.php\/2006\/03\/30\/festival-der-polnischen-reportage-prominente-journalisten-aus-polen-zu-gast-im-krakauer-haus\/\" class=\"sya_postlink post-511\" rel=\"bookmark\">Festival der polnischen Reportage Prominente Journalisten aus Polen zu Gast im Krakauer Haus<\/a><\/div><\/li><li class=\"\"><div class=\"sya_postcontent\"><span class=\"sya_date\"> <span class=\"sya_sep\"> <\/span><\/span><a href=\"https:\/\/www.krakauer-haus.de\/kh-test\/index.php\/2006\/03\/24\/gypsy-jazz-im-turm-lensemble-nuages\/\" class=\"sya_postlink post-506\" rel=\"bookmark\">Gypsy-Jazz im Turm L\u2019Ensemble Nuages<\/a><\/div><\/li><li class=\"\"><div class=\"sya_postcontent\"><span class=\"sya_date\"> <span class=\"sya_sep\"> <\/span><\/span><a href=\"https:\/\/www.krakauer-haus.de\/kh-test\/index.php\/2006\/03\/18\/theater-im-turm-avantteatr-praesentiert-slawomir-mrozeks-emigranten-in-originalsprache-mit-deutschen-uebertiteln\/\" class=\"sya_postlink post-502\" rel=\"bookmark\">Theater im Turm  avant`teatr pr\u00e4sentiert Slawomir Mrozeks \u201eEmigranten\u201c  in Originalsprache, mit deutschen \u00dcbertiteln<\/a><\/div><\/li><li class=\"\"><div class=\"sya_postcontent\"><span class=\"sya_date\"> <span class=\"sya_sep\"> <\/span><\/span><a href=\"https:\/\/www.krakauer-haus.de\/kh-test\/index.php\/2006\/02\/14\/jazzkonzert-am-valentinstag-sing-sing-penelope\/\" class=\"sya_postlink post-496\" rel=\"bookmark\">Jazzkonzert am Valentinstag  Sing Sing Penelope<\/a><\/div><\/li><li class=\"\"><div class=\"sya_postcontent\"><span class=\"sya_date\"> <span class=\"sya_sep\"> <\/span><\/span><a href=\"https:\/\/www.krakauer-haus.de\/kh-test\/index.php\/2006\/01\/28\/stadtkrimi-trifft-stadtkrimi-marek-krajewski-tod-in-breslau-und-tessa-korber-toter-winkel\/\" class=\"sya_postlink post-491\" rel=\"bookmark\">Stadtkrimi trifft Stadtkrimi  Marek Krajewski &#8222;Tod in Breslau&#8220; und   Tessa Korber \u201eToter Winkel\u201c<\/a><\/div><\/li><li class=\"\"><div class=\"sya_postcontent\"><span class=\"sya_date\"> <span class=\"sya_sep\"> <\/span><\/span><a href=\"https:\/\/www.krakauer-haus.de\/kh-test\/index.php\/2006\/01\/25\/susanne-schoenwieses-jazzstories-emil-viklicky-piano-willi-lichtenberg-kontrabass\/\" class=\"sya_postlink post-486\" rel=\"bookmark\">Susanne Sch\u00f6nwiese\u00b4s Jazzstories Emil Viklicky \u2013 Piano, Willi Lichtenberg \u2013 Kontrabass<\/a><\/div><\/li><\/ul><a id=\"year2005\"><\/a><a href=\"https:\/\/www.krakauer-haus.de\/kh-test\/index.php\/2005\/\" rel=\"section\">2005<\/a><ul><li class=\"\"><div class=\"sya_postcontent\"><span class=\"sya_date\"> <span class=\"sya_sep\"> <\/span><\/span><a href=\"https:\/\/www.krakauer-haus.de\/kh-test\/index.php\/2005\/12\/09\/literatur-im-turm-ryszard-krynicki-lyriker-uebersetzer-herausgeber-einer-der-wichtigsten-vertreter-der-zeitgenoessischen-polnischen-lyrik\/\" class=\"sya_postlink post-457\" rel=\"bookmark\">10- 22.12.2005: Polnischer Weichnachtsmarkt im Biergarten des Krakauer Hauses<\/a><\/div><\/li><li class=\"\"><div class=\"sya_postcontent\"><span class=\"sya_date\"> <span class=\"sya_sep\"> <\/span><\/span><a href=\"https:\/\/www.krakauer-haus.de\/kh-test\/index.php\/2005\/11\/25\/literatur-im-turm-adam-zagajewski-der-klassiker-moderation-prof-dr-peter-horst-neumann\/\" class=\"sya_postlink post-451\" rel=\"bookmark\">Literatur im Turm &#8211; Adam Zagajewski &#8211; der Klassiker  Moderation &#8211; Prof. Dr. Peter Horst Neumann<\/a><\/div><\/li><li class=\"\"><div class=\"sya_postcontent\"><span class=\"sya_date\"> <span class=\"sya_sep\"> <\/span><\/span><a href=\"https:\/\/www.krakauer-haus.de\/kh-test\/index.php\/2005\/11\/06\/klassik-im-turm-junge-talente-cyprian-kohout-violoncello\/\" class=\"sya_postlink post-480\" rel=\"bookmark\">Klassik im Turm &#8211; Junge Talente:  Cyprian Kohout, Violoncello<\/a><\/div><\/li><li class=\"\"><div class=\"sya_postcontent\"><span class=\"sya_date\"> <span class=\"sya_sep\"> <\/span><\/span><a href=\"https:\/\/www.krakauer-haus.de\/kh-test\/index.php\/2005\/11\/05\/literatur-im-turm-slawomir-shuty-moderation-nora-eugenie-gomringer\/\" class=\"sya_postlink post-444\" rel=\"bookmark\">Literatur im Turm &#8211; S\u0142awomir Shuty  Moderation: Nora-Eugenie Gomringer<\/a><\/div><\/li><li class=\"\"><div class=\"sya_postcontent\"><span class=\"sya_date\"> <span class=\"sya_sep\"> <\/span><\/span><a href=\"https:\/\/www.krakauer-haus.de\/kh-test\/index.php\/2005\/10\/14\/ein-alchimistischer-abend-the-cracow-klezmer-band-und-zwei-vernissagen\/\" class=\"sya_postlink post-437\" rel=\"bookmark\">Ein Alchimistischer Abend &#8211; \u00bbThe Cracow Klezmer Band\u00ab und zwei Vernissagen<\/a><\/div><\/li><li class=\"\"><div class=\"sya_postcontent\"><span class=\"sya_date\"> <span class=\"sya_sep\"> <\/span><\/span><a href=\"https:\/\/www.krakauer-haus.de\/kh-test\/index.php\/2005\/10\/02\/klassik-im-turm-trio-portento-spielt-astor-piazolla\/\" class=\"sya_postlink post-427\" rel=\"bookmark\">Klassik im Turm &#8211; \u201eTrio Portento\u201c spielt Astor Piazolla<\/a><\/div><\/li><li class=\"\"><div class=\"sya_postcontent\"><span class=\"sya_date\"> <span class=\"sya_sep\"> <\/span><\/span><a href=\"https:\/\/www.krakauer-haus.de\/kh-test\/index.php\/2005\/09\/28\/buchpraesentation-marta-kijowska-krakau-spaziergang-durch-eine-dichterstadt\/\" class=\"sya_postlink post-432\" rel=\"bookmark\">Buchpr\u00e4sentation &#8211; Marta Kijowska,  Krakau. Spaziergang durch eine Dichterstadt<\/a><\/div><\/li><li class=\"\"><div class=\"sya_postcontent\"><span class=\"sya_date\"> <span class=\"sya_sep\"> <\/span><\/span><a href=\"https:\/\/www.krakauer-haus.de\/kh-test\/index.php\/2005\/09\/01\/zwischen-poesie-und-bigos-lange-absaetze-eine-performance-der-gruppe-bankomat\/\" class=\"sya_postlink post-477\" rel=\"bookmark\">Zwischen Poesie und Bigos:  \u201eLange Abs\u00e4tze\u201c, eine Performance der Gruppe Bankomat<\/a><\/div><\/li><li class=\"\"><div class=\"sya_postcontent\"><span class=\"sya_date\"> <span class=\"sya_sep\"> <\/span><\/span><a href=\"https:\/\/www.krakauer-haus.de\/kh-test\/index.php\/2005\/06\/27\/deutsche-und-polen-lachen-wir-anders\/\" class=\"sya_postlink post-417\" rel=\"bookmark\">Deutsche und Polen: \u201eLachen wir anders?\u201c<\/a><\/div><\/li><li class=\"\"><div class=\"sya_postcontent\"><span class=\"sya_date\"> <span class=\"sya_sep\"> <\/span><\/span><a href=\"https:\/\/www.krakauer-haus.de\/kh-test\/index.php\/2005\/06\/04\/musik-im-turm-que-passa-heisse-rhythmen-aus-krakau\/\" class=\"sya_postlink post-424\" rel=\"bookmark\">Musik im Turm: Que Passa &#8211; Heisse Rhythmen aus Krakau<\/a><\/div><\/li><li class=\"\"><div class=\"sya_postcontent\"><span class=\"sya_date\"> <span class=\"sya_sep\"> <\/span><\/span><a href=\"https:\/\/www.krakauer-haus.de\/kh-test\/index.php\/2005\/05\/12\/typisch-deutsch-zwischen-selbst-und-fremdbild\/\" class=\"sya_postlink post-471\" rel=\"bookmark\">\u201eTypisch deutsch? &#8211; Zwischen Selbst- und Fremdbild\u201c<\/a><\/div><\/li><li class=\"\"><div class=\"sya_postcontent\"><span class=\"sya_date\"> <span class=\"sya_sep\"> <\/span><\/span><a href=\"https:\/\/www.krakauer-haus.de\/kh-test\/index.php\/2005\/05\/07\/blaue-nacht-vom-pusten-und-quetschen-video-und-akkordeon-im-und-am-krakauer-haus\/\" class=\"sya_postlink post-420\" rel=\"bookmark\">\u201eBlaue Nacht\u201c \u201eVom Pusten und Quetschen\u201c Video und Akkordeon im und am Krakauer Haus<\/a><\/div><\/li><li class=\"\"><div class=\"sya_postcontent\"><span class=\"sya_date\"> <span class=\"sya_sep\"> <\/span><\/span><a href=\"https:\/\/www.krakauer-haus.de\/kh-test\/index.php\/2005\/04\/22\/wettbewerb-fuer-alle-die-polnisch-lernen\/\" class=\"sya_postlink post-469\" rel=\"bookmark\">Wettbewerb f\u00fcr alle, die Polnisch lernen<\/a><\/div><\/li><li class=\"\"><div class=\"sya_postcontent\"><span class=\"sya_date\"> <span class=\"sya_sep\"> <\/span><\/span><a href=\"https:\/\/www.krakauer-haus.de\/kh-test\/index.php\/2005\/04\/04\/michael-zeller-die-reise-nach-samosch\/\" class=\"sya_postlink post-467\" rel=\"bookmark\">Michael Zeller \u2013 \u201eDie Reise nach Samosch\u201c<\/a><\/div><\/li><li class=\"\"><div class=\"sya_postcontent\"><span class=\"sya_date\"> <span class=\"sya_sep\"> <\/span><\/span><a href=\"https:\/\/www.krakauer-haus.de\/kh-test\/index.php\/2005\/04\/03\/junge-talente-natalia-koziarz-piano\/\" class=\"sya_postlink post-465\" rel=\"bookmark\">Junge Talente: Natalia Koziarz, Piano<\/a><\/div><\/li><li class=\"\"><div class=\"sya_postcontent\"><span class=\"sya_date\"> <span class=\"sya_sep\"> <\/span><\/span><a href=\"https:\/\/www.krakauer-haus.de\/kh-test\/index.php\/2005\/03\/18\/duo-mit-werken-fuer-klavier-und-floete\/\" class=\"sya_postlink post-463\" rel=\"bookmark\">Duo mit Werken f\u00fcr Klavier und Fl\u00f6te<\/a><\/div><\/li><li class=\"\"><div class=\"sya_postcontent\"><span class=\"sya_date\"> <span class=\"sya_sep\"> <\/span><\/span><a href=\"https:\/\/www.krakauer-haus.de\/kh-test\/index.php\/2005\/02\/14\/jazzkonzert-am-valentinstag-beata-przybytek-quintet\/\" class=\"sya_postlink post-410\" rel=\"bookmark\">Jazzkonzert am Valentinstag &#8211; Beata Przybytek Quintet<\/a><\/div><\/li><li class=\"\"><div class=\"sya_postcontent\"><span class=\"sya_date\"> <span class=\"sya_sep\"> <\/span><\/span><a href=\"https:\/\/www.krakauer-haus.de\/kh-test\/index.php\/2005\/01\/01\/kino-im-turm-die-mitte-eine-filmvorfuehrung-und-disskusionsrunde-mit-dem-regisseur-stanislaw-mucha\/\" class=\"sya_postlink post-473\" rel=\"bookmark\">Kino im Turm: \u201eDie Mitte\u201c  eine Filmvorf\u00fchrung und Disskusionsrunde mit dem Regisseur Stanislaw Mucha<\/a><\/div><\/li><\/ul><a id=\"year2004\"><\/a><a href=\"https:\/\/www.krakauer-haus.de\/kh-test\/index.php\/2004\/\" rel=\"section\">2004<\/a><ul><li class=\"\"><div class=\"sya_postcontent\"><span class=\"sya_date\"> <span class=\"sya_sep\"> <\/span><\/span><a href=\"https:\/\/www.krakauer-haus.de\/kh-test\/index.php\/2004\/12\/08\/musik-im-turm-paulina-bisztyga-mit-ensamble\/\" class=\"sya_postlink post-407\" rel=\"bookmark\">Musik im Turm &#8211;  Paulina Bisztyga mit Ensamble<\/a><\/div><\/li><li class=\"\"><div class=\"sya_postcontent\"><span class=\"sya_date\"> <span class=\"sya_sep\"> <\/span><\/span><a href=\"https:\/\/www.krakauer-haus.de\/kh-test\/index.php\/2004\/11\/23\/buchpraesentation-und-autorenlesung-dorota-maslowska-schneeweiss-und-russenrot\/\" class=\"sya_postlink post-403\" rel=\"bookmark\">Buchpr\u00e4sentation und Autorenlesung:  Dorota Mas\u0142owska \u201eSchneewei\u00df und Russenrot\u201c<\/a><\/div><\/li><li class=\"\"><div class=\"sya_postcontent\"><span class=\"sya_date\"> <span class=\"sya_sep\"> <\/span><\/span><a href=\"https:\/\/www.krakauer-haus.de\/kh-test\/index.php\/2004\/11\/11\/buchpraesentation-und-autorenlesung-katarzyna-zimmerer-die-ermordete-welt-das-schicksal-der-krakauer-juden-von-1939-bis-1945-in-verbindung-mit-einer-vernissage-der-foto-ausstel\/\" class=\"sya_postlink post-395\" rel=\"bookmark\">Buchpr\u00e4sentation und Autorenlesung &#8211; Katarzyna Zimmerer:  \u201eDie Ermordete Welt. Das Schicksal der Krakauer Juden von 1939 bis 1945\u201c  in Verbindung mit einer Vernissage der Foto-Ausstellung \u201eDas magische Kazimierz\u201c von Elzbieta Lempp<\/a><\/div><\/li><li class=\"\"><div class=\"sya_postcontent\"><span class=\"sya_date\"> <span class=\"sya_sep\"> <\/span><\/span><a href=\"https:\/\/www.krakauer-haus.de\/kh-test\/index.php\/2004\/05\/15\/blaue-nacht\/\" class=\"sya_postlink post-387\" rel=\"bookmark\">Blaue Nacht<\/a><\/div><\/li><\/ul><a id=\"year2002\"><\/a><a href=\"https:\/\/www.krakauer-haus.de\/kh-test\/index.php\/2002\/\" rel=\"section\">2002<\/a><ul><li class=\"\"><div class=\"sya_postcontent\"><span class=\"sya_date\"> <span class=\"sya_sep\"> <\/span><\/span><a href=\"https:\/\/www.krakauer-haus.de\/kh-test\/index.php\/2002\/09\/02\/andrzej-stasiuk-olaf-kuehl-kamil-targosz-im-krakauer-haus\/\" class=\"sya_postlink post-361\" rel=\"bookmark\">Andrzej Stasiuk, Olaf K\u00fchl, Kamil Targosz im Krakauer Haus<\/a><\/div><\/li><li class=\"\"><div class=\"sya_postcontent\"><span class=\"sya_date\"> <span class=\"sya_sep\"> <\/span><\/span><a href=\"https:\/\/www.krakauer-haus.de\/kh-test\/index.php\/2002\/03\/01\/stasys-eidrigevicius\/\" class=\"sya_postlink post-374\" rel=\"bookmark\">Stasys Eidrigevicius<\/a><\/div><\/li><\/ul><a id=\"year2001\"><\/a><a href=\"https:\/\/www.krakauer-haus.de\/kh-test\/index.php\/2001\/\" rel=\"section\">2001<\/a><ul><li class=\"\"><div class=\"sya_postcontent\"><span class=\"sya_date\"> <span class=\"sya_sep\"> <\/span><\/span><a href=\"https:\/\/www.krakauer-haus.de\/kh-test\/index.php\/2001\/12\/01\/die-erzaehlungen-der-elf-scharfrichter-kabarett-revue-des-teatr-ludowy-krakau\/\" class=\"sya_postlink post-359\" rel=\"bookmark\">&#8222;Die Erz\u00e4hlungen der Elf Scharfrichter&#8220;  Kabarett-Revue des Teatr Ludowy, Krakau<\/a><\/div><\/li><li class=\"\"><div class=\"sya_postcontent\"><span class=\"sya_date\"> <span class=\"sya_sep\"> <\/span><\/span><a href=\"https:\/\/www.krakauer-haus.de\/kh-test\/index.php\/2001\/12\/01\/roma-ligocka-lesung-mit-der-autorin-das-maedchen-im-roten-mantel-ein-laecheln-eine-rose\/\" class=\"sya_postlink post-356\" rel=\"bookmark\">Roma Ligocka &#8211; Lesung mit der Autorin (&#8222;Das M\u00e4dchen im roten Mantel&#8220;, &#8222;Ein L\u00e4cheln, eine Rose&#8220;)<\/a><\/div><\/li><li class=\"\"><div class=\"sya_postcontent\"><span class=\"sya_date\"> <span class=\"sya_sep\"> <\/span><\/span><a href=\"https:\/\/www.krakauer-haus.de\/kh-test\/index.php\/2001\/09\/28\/otto-sander-las-in-nuernberg-aus-dem-werk-witold-gombrowiczs\/\" class=\"sya_postlink post-338\" rel=\"bookmark\">Otto Sander las in N\u00fcrnberg aus dem Werk Witold Gombrowiczs<\/a><\/div><\/li><li class=\"\"><div class=\"sya_postcontent\"><span class=\"sya_date\"> <span class=\"sya_sep\"> <\/span><\/span><a href=\"https:\/\/www.krakauer-haus.de\/kh-test\/index.php\/2001\/09\/01\/das-fuenfjaehrige-jubilaeum-des-krakauer-hauses-2\/\" class=\"sya_postlink post-352\" rel=\"bookmark\">Das f\u00fcnfj\u00e4hrige Jubil\u00e4um des Krakauer Hauses<\/a><\/div><\/li><li class=\"\"><div class=\"sya_postcontent\"><span class=\"sya_date\"> <span class=\"sya_sep\"> <\/span><\/span><a href=\"https:\/\/www.krakauer-haus.de\/kh-test\/index.php\/2001\/09\/01\/das-fuenfjaehrige-jubilaeum-des-krakauer-hauses\/\" class=\"sya_postlink post-348\" rel=\"bookmark\">Das f\u00fcnfj\u00e4hrige Jubil\u00e4um des Krakauer Hauses<\/a><\/div><\/li><li class=\"\"><div class=\"sya_postcontent\"><span class=\"sya_date\"> <span class=\"sya_sep\"> <\/span><\/span><a href=\"https:\/\/www.krakauer-haus.de\/kh-test\/index.php\/2001\/06\/01\/100-schwarz-weiss-fotografien-des-krakauer-kuenstlers-zbigniew-bielawka\/\" class=\"sya_postlink post-335\" rel=\"bookmark\">100 Schwarz-wei\u00df-Fotografien des Krakauer K\u00fcnstlers Zbigniew Bielawka<\/a><\/div><\/li><\/ul><\/div> <div class=\"sya_container\" id=\"sya_container\"><a id=\"year2026\"><\/a><a href=\"https:\/\/www.krakauer-haus.de\/kh-test\/index.php\/2026\/\" rel=\"section\">2026<\/a><ul><li class=\"\"><div class=\"sya_postcontent\"><span class=\"sya_date\"> <span class=\"sya_sep\"> <\/span><\/span><a href=\"https:\/\/www.krakauer-haus.de\/kh-test\/index.php\/2026\/04\/19\/21-polnische-filmwoche\/\" class=\"sya_postlink post-12077\" rel=\"bookmark\">21. POLNISCHE FILMWOCHE<\/a><\/div><\/li><li class=\"\"><div class=\"sya_postcontent\"><span class=\"sya_date\"> <span class=\"sya_sep\"> <\/span><\/span><a href=\"https:\/\/www.krakauer-haus.de\/kh-test\/index.php\/2026\/04\/18\/komiks-gespraech-ueber-die-krakauer-comicszene\/\" class=\"sya_postlink post-12486\" rel=\"bookmark\">KOMIKS! Gespr\u00e4ch \u00fcber die Krakauer Comicszene<\/a><\/div><\/li><li class=\"\"><div class=\"sya_postcontent\"><span class=\"sya_date\"> <span class=\"sya_sep\"> <\/span><\/span><a href=\"https:\/\/www.krakauer-haus.de\/kh-test\/index.php\/2026\/03\/16\/artist-in-residency-comic\/\" class=\"sya_postlink post-12246\" rel=\"bookmark\">ARTIST-IN-RESIDENCE: COMIC<\/a><\/div><\/li><li class=\"\"><div class=\"sya_postcontent\"><span class=\"sya_date\"> <span class=\"sya_sep\"> <\/span><\/span><a href=\"https:\/\/www.krakauer-haus.de\/kh-test\/index.php\/2026\/03\/16\/artist-in-residency-students\/\" class=\"sya_postlink post-12235\" rel=\"bookmark\">ARTIST-IN-RESIDENCE: STUDENTS<\/a><\/div><\/li><\/ul><a id=\"year2025\"><\/a><a href=\"https:\/\/www.krakauer-haus.de\/kh-test\/index.php\/2025\/\" rel=\"section\">2025<\/a><ul><li class=\"\"><div class=\"sya_postcontent\"><span class=\"sya_date\"> <span class=\"sya_sep\"> <\/span><\/span><a href=\"https:\/\/www.krakauer-haus.de\/kh-test\/index.php\/2025\/12\/16\/inselkunst-2025-magdalena-lazar-und-thomas-may-2\/\" class=\"sya_postlink post-12088\" rel=\"bookmark\">Thomas May FOGGY FLYING ISLAND<\/a><\/div><\/li><li class=\"\"><div class=\"sya_postcontent\"><span class=\"sya_date\"> <span class=\"sya_sep\"> <\/span><\/span><a href=\"https:\/\/www.krakauer-haus.de\/kh-test\/index.php\/2025\/11\/23\/acidsitter\/\" class=\"sya_postlink post-11943\" rel=\"bookmark\">AcidSitter<\/a><\/div><\/li><li class=\"\"><div class=\"sya_postcontent\"><span class=\"sya_date\"> <span class=\"sya_sep\"> <\/span><\/span><a href=\"https:\/\/www.krakauer-haus.de\/kh-test\/index.php\/2025\/11\/22\/schneeppchen-2\/\" class=\"sya_postlink post-11963\" rel=\"bookmark\">SCHNEE*PPCHEN<\/a><\/div><\/li><li class=\"\"><div class=\"sya_postcontent\"><span class=\"sya_date\"> <span class=\"sya_sep\"> <\/span><\/span><a href=\"https:\/\/www.krakauer-haus.de\/kh-test\/index.php\/2025\/08\/29\/new-ground-performance-art-weekend\/\" class=\"sya_postlink post-11905\" rel=\"bookmark\">new ground performance &#8211; ART WEEKEND<\/a><\/div><\/li><li class=\"\"><div class=\"sya_postcontent\"><span class=\"sya_date\"> <span class=\"sya_sep\"> <\/span><\/span><a href=\"https:\/\/www.krakauer-haus.de\/kh-test\/index.php\/2025\/08\/29\/no-way-back-nadine-zenker-piotr-bujak\/\" class=\"sya_postlink post-11803\" rel=\"bookmark\">no way back &#8211; Nadine Zenker &#038; Piotr Bujak<\/a><\/div><\/li><li class=\"\"><div class=\"sya_postcontent\"><span class=\"sya_date\"> <span class=\"sya_sep\"> <\/span><\/span><a href=\"https:\/\/www.krakauer-haus.de\/kh-test\/index.php\/2025\/07\/21\/zuzanna-romanska\/\" class=\"sya_postlink post-11761\" rel=\"bookmark\">ARTIST IN RESIDENCE Zuzanna Romanska<\/a><\/div><\/li><li class=\"\"><div class=\"sya_postcontent\"><span class=\"sya_date\"> <span class=\"sya_sep\"> <\/span><\/span><a href=\"https:\/\/www.krakauer-haus.de\/kh-test\/index.php\/2025\/07\/20\/inselkunst-2025-magdalena-lazar-und-thomas-may\/\" class=\"sya_postlink post-11621\" rel=\"bookmark\">INSELKUNST 2025 \/ Magdalena Lazar und Thomas May<\/a><\/div><\/li><li class=\"\"><div class=\"sya_postcontent\"><span class=\"sya_date\"> <span class=\"sya_sep\"> <\/span><\/span><a href=\"https:\/\/www.krakauer-haus.de\/kh-test\/index.php\/2025\/07\/19\/prozession-iwona-demko\/\" class=\"sya_postlink post-11647\" rel=\"bookmark\">PROZESSION &#8211; IWONA DEMKO<\/a><\/div><\/li><li class=\"\"><div class=\"sya_postcontent\"><span class=\"sya_date\"> <span class=\"sya_sep\"> <\/span><\/span><a href=\"https:\/\/www.krakauer-haus.de\/kh-test\/index.php\/2025\/07\/16\/pimoa-chthulu-performance-von-malgorzata-markiewicz\/\" class=\"sya_postlink post-11237\" rel=\"bookmark\">PIMOA CHTHULU &#8211; Ma\u0142gorzata Markiewicz und Patryk Zakrocki<\/a><\/div><\/li><li class=\"\"><div class=\"sya_postcontent\"><span class=\"sya_date\"> <span class=\"sya_sep\"> <\/span><\/span><a href=\"https:\/\/www.krakauer-haus.de\/kh-test\/index.php\/2025\/07\/15\/lebenslinie-ausstellung-von-malgorzata-markiewicz\/\" class=\"sya_postlink post-11282\" rel=\"bookmark\">LEBENSLINIE &#8211; Ma\u0142gorzata Markiewicz<\/a><\/div><\/li><li class=\"\"><div class=\"sya_postcontent\"><span class=\"sya_date\"> <span class=\"sya_sep\"> <\/span><\/span><a href=\"https:\/\/www.krakauer-haus.de\/kh-test\/index.php\/2025\/06\/24\/presseinformationen\/\" class=\"sya_postlink post-11729\" rel=\"bookmark\">Presseinformationen:<\/a><\/div><\/li><li class=\"\"><div class=\"sya_postcontent\"><span class=\"sya_date\"> <span class=\"sya_sep\"> <\/span><\/span><a href=\"https:\/\/www.krakauer-haus.de\/kh-test\/index.php\/2025\/05\/13\/abschlusskonzert-der-20-polnischen-filmwoche\/\" class=\"sya_postlink post-11582\" rel=\"bookmark\">Abschlusskonzert der 20. Polnischen Filmwoche<\/a><\/div><\/li><li class=\"\"><div class=\"sya_postcontent\"><span class=\"sya_date\"> <span class=\"sya_sep\"> <\/span><\/span><a href=\"https:\/\/www.krakauer-haus.de\/kh-test\/index.php\/2025\/02\/01\/20-polnische-filmwoche\/\" class=\"sya_postlink post-11430\" rel=\"bookmark\">20. POLNISCHE FILMWOCHE<\/a><\/div><\/li><\/ul><a id=\"year2024\"><\/a><a href=\"https:\/\/www.krakauer-haus.de\/kh-test\/index.php\/2024\/\" rel=\"section\">2024<\/a><ul><li class=\"\"><div class=\"sya_postcontent\"><span class=\"sya_date\"> <span class=\"sya_sep\"> <\/span><\/span><a href=\"https:\/\/www.krakauer-haus.de\/kh-test\/index.php\/2024\/11\/19\/schneeppchen\/\" class=\"sya_postlink post-11168\" rel=\"bookmark\">Schnee*ppchen &#8211; eine Weihnachtsausstellung<\/a><\/div><\/li><li class=\"\"><div class=\"sya_postcontent\"><span class=\"sya_date\"> <span class=\"sya_sep\"> <\/span><\/span><a href=\"https:\/\/www.krakauer-haus.de\/kh-test\/index.php\/2024\/09\/26\/playground\/\" class=\"sya_postlink post-11026\" rel=\"bookmark\">PLAYGROUND<\/a><\/div><\/li><li class=\"\"><div class=\"sya_postcontent\"><span class=\"sya_date\"> <span class=\"sya_sep\"> <\/span><\/span><a href=\"https:\/\/www.krakauer-haus.de\/kh-test\/index.php\/2024\/08\/05\/testimony-boris-lurie-zeitgenoessische-kunst-aus-osteuropa-14-06-2024-17-11-2024\/\" class=\"sya_postlink post-10323\" rel=\"bookmark\">TESTIMONY BORIS LURIE &#038; ZEIT\u00adGE\u00adN\u00d6S\u00adSI\u00adSCHE KUNST AUS OST\u00adEU\u00adRO\u00adPA<\/a><\/div><\/li><li class=\"\"><div class=\"sya_postcontent\"><span class=\"sya_date\"> <span class=\"sya_sep\"> <\/span><\/span><a href=\"https:\/\/www.krakauer-haus.de\/kh-test\/index.php\/2024\/08\/04\/inselkunst-2024-dorota-hadrian-und-emilia-neumann\/\" class=\"sya_postlink post-10576\" rel=\"bookmark\">INSELKUNST 2024 \/ Dorota Hadrian und Emilia Neumann<\/a><\/div><\/li><li class=\"\"><div class=\"sya_postcontent\"><span class=\"sya_date\"> <span class=\"sya_sep\"> <\/span><\/span><a href=\"https:\/\/www.krakauer-haus.de\/kh-test\/index.php\/2024\/08\/03\/mural-huebnerstor-von-marcin-czaja\/\" class=\"sya_postlink post-10703\" rel=\"bookmark\">MURAL H\u00fcbnerstor von Marcin Czaja<\/a><\/div><\/li><li class=\"\"><div class=\"sya_postcontent\"><span class=\"sya_date\"> <span class=\"sya_sep\"> <\/span><\/span><a href=\"https:\/\/www.krakauer-haus.de\/kh-test\/index.php\/2024\/08\/03\/stadtverfuehrungen-schaetze\/\" class=\"sya_postlink post-10977\" rel=\"bookmark\">STADT(ver)F\u00dcHRUNGEN: Sch\u00e4tze<\/a><\/div><\/li><li class=\"\"><div class=\"sya_postcontent\"><span class=\"sya_date\"> <span class=\"sya_sep\"> <\/span><\/span><a href=\"https:\/\/www.krakauer-haus.de\/kh-test\/index.php\/2024\/07\/01\/strassenfest-45-jahre-staedtepartnerschaft\/\" class=\"sya_postlink post-10596\" rel=\"bookmark\">STRASSENFEST 45 Jahre St\u00e4dtepartnerschaft<\/a><\/div><\/li><li class=\"\"><div class=\"sya_postcontent\"><span class=\"sya_date\"> <span class=\"sya_sep\"> <\/span><\/span><a href=\"https:\/\/www.krakauer-haus.de\/kh-test\/index.php\/2024\/06\/30\/buehne-from-krakau-with-love\/\" class=\"sya_postlink post-10848\" rel=\"bookmark\">B\u00dcHNE from Krakau with Love<\/a><\/div><\/li><li class=\"\"><div class=\"sya_postcontent\"><span class=\"sya_date\"> <span class=\"sya_sep\"> <\/span><\/span><a href=\"https:\/\/www.krakauer-haus.de\/kh-test\/index.php\/2024\/06\/25\/kinderworkshops\/\" class=\"sya_postlink post-10770\" rel=\"bookmark\">KINDERWORKSHOPs<\/a><\/div><\/li><li class=\"\"><div class=\"sya_postcontent\"><span class=\"sya_date\"> <span class=\"sya_sep\"> <\/span><\/span><a href=\"https:\/\/www.krakauer-haus.de\/kh-test\/index.php\/2024\/06\/24\/nebeliger-billy-kindertheater\/\" class=\"sya_postlink post-10665\" rel=\"bookmark\">Billy Fog &#8211; KINDERTHEATER ab 10 Jahre<\/a><\/div><\/li><li class=\"\"><div class=\"sya_postcontent\"><span class=\"sya_date\"> <span class=\"sya_sep\"> <\/span><\/span><a href=\"https:\/\/www.krakauer-haus.de\/kh-test\/index.php\/2024\/06\/23\/automatisch-gespeicherter-entwurf\/\" class=\"sya_postlink post-10968\" rel=\"bookmark\">video INSELKUNST 2024<\/a><\/div><\/li><li class=\"\"><div class=\"sya_postcontent\"><span class=\"sya_date\"> <span class=\"sya_sep\"> <\/span><\/span><a href=\"https:\/\/www.krakauer-haus.de\/kh-test\/index.php\/2024\/04\/18\/hania-rani-ghosts\/\" class=\"sya_postlink post-10539\" rel=\"bookmark\">HANIA RANI &#8211; Ghosts<\/a><\/div><\/li><li class=\"\"><div class=\"sya_postcontent\"><span class=\"sya_date\"> <span class=\"sya_sep\"> <\/span><\/span><a href=\"https:\/\/www.krakauer-haus.de\/kh-test\/index.php\/2024\/04\/16\/deal-projektwoche-im-maxi-kunst\/\" class=\"sya_postlink post-10456\" rel=\"bookmark\">DEAL Projektwoche im MAXI Kunst<\/a><\/div><\/li><li class=\"\"><div class=\"sya_postcontent\"><span class=\"sya_date\"> <span class=\"sya_sep\"> <\/span><\/span><a href=\"https:\/\/www.krakauer-haus.de\/kh-test\/index.php\/2024\/04\/13\/umzug-happening\/\" class=\"sya_postlink post-10502\" rel=\"bookmark\">UMZUG Happening<\/a><\/div><\/li><li class=\"\"><div class=\"sya_postcontent\"><span class=\"sya_date\"> <span class=\"sya_sep\"> <\/span><\/span><a href=\"https:\/\/www.krakauer-haus.de\/kh-test\/index.php\/2024\/04\/10\/liebesgruesse-aus-kopenhagen-marta-stanislawa-sala-und-cheong-kin-man\/\" class=\"sya_postlink post-10298\" rel=\"bookmark\">LIEBESGR\u00dc\u00dfE AUS KOPENHAGEN \/ Marta Stanis\u0142awa Sala und Cheong Kin Man<\/a><\/div><\/li><li class=\"\"><div class=\"sya_postcontent\"><span class=\"sya_date\"> <span class=\"sya_sep\"> <\/span><\/span><a href=\"https:\/\/www.krakauer-haus.de\/kh-test\/index.php\/2024\/04\/07\/presse-liebesgruesse-19-4-16-5\/\" class=\"sya_postlink post-10421\" rel=\"bookmark\">PRESSE: Liebesgruesse 19.4.-16.5.<\/a><\/div><\/li><li class=\"\"><div class=\"sya_postcontent\"><span class=\"sya_date\"> <span class=\"sya_sep\"> <\/span><\/span><a href=\"https:\/\/www.krakauer-haus.de\/kh-test\/index.php\/2024\/04\/05\/19-polnische-filmwoche\/\" class=\"sya_postlink post-10286\" rel=\"bookmark\">19. POLNISCHE FILMWOCHE<\/a><\/div><\/li><li class=\"\"><div class=\"sya_postcontent\"><span class=\"sya_date\"> <span class=\"sya_sep\"> <\/span><\/span><a href=\"https:\/\/www.krakauer-haus.de\/kh-test\/index.php\/2024\/01\/28\/wohnwagen-dominik-stanislawski\/\" class=\"sya_postlink post-10276\" rel=\"bookmark\">WOHNWAGEN \/ DOMINIK STANIS\u0141AWSKI<\/a><\/div><\/li><\/ul><a id=\"year2023\"><\/a><a href=\"https:\/\/www.krakauer-haus.de\/kh-test\/index.php\/2023\/\" rel=\"section\">2023<\/a><ul><li class=\"\"><div class=\"sya_postcontent\"><span class=\"sya_date\"> <span class=\"sya_sep\"> <\/span><\/span><a href=\"https:\/\/www.krakauer-haus.de\/kh-test\/index.php\/2023\/12\/04\/modulgalerie-gloria-sogl-alicja-pakosz-maria-trunk-michal-zawada\/\" class=\"sya_postlink post-9867\" rel=\"bookmark\">ART WEEKEND N\u00dcRNBERG \/ MODULGALERIE &#8211; Kunst im Fach<\/a><\/div><\/li><li class=\"\"><div class=\"sya_postcontent\"><span class=\"sya_date\"> <span class=\"sya_sep\"> <\/span><\/span><a href=\"https:\/\/www.krakauer-haus.de\/kh-test\/index.php\/2023\/10\/05\/maxikunst-dominik-stanislawski\/\" class=\"sya_postlink post-10074\" rel=\"bookmark\">MAXIKUNST \/ DOMINIK STANIS\u0141AWSKI<\/a><\/div><\/li><li class=\"\"><div class=\"sya_postcontent\"><span class=\"sya_date\"> <span class=\"sya_sep\"> <\/span><\/span><a href=\"https:\/\/www.krakauer-haus.de\/kh-test\/index.php\/2023\/10\/03\/irrlicht-michal-zawada\/\" class=\"sya_postlink post-9857\" rel=\"bookmark\">ART WEEKEND N\u00dcRNBERG \/ IRRLICHT \/ MICHA\u0141 ZAWADA<\/a><\/div><\/li><li class=\"\"><div class=\"sya_postcontent\"><span class=\"sya_date\"> <span class=\"sya_sep\"> <\/span><\/span><a href=\"https:\/\/www.krakauer-haus.de\/kh-test\/index.php\/2023\/10\/02\/art-weekend-nuernberg-3\/\" class=\"sya_postlink post-9321\" rel=\"bookmark\">ART WEEKEND N\u00dcRNBERG \/ AMBIVIOLENZ<\/a><\/div><\/li><li class=\"\"><div class=\"sya_postcontent\"><span class=\"sya_date\"> <span class=\"sya_sep\"> <\/span><\/span><a href=\"https:\/\/www.krakauer-haus.de\/kh-test\/index.php\/2023\/10\/01\/ninja-episkopat-third-eye-of-the-poet-feat-szymon-paciora-local-support\/\" class=\"sya_postlink post-10005\" rel=\"bookmark\">NINJA EPISKOPAT \/ THIRD EYE OF THE POET \/ ZWeifel und CAECILIA<\/a><\/div><\/li><li class=\"\"><div class=\"sya_postcontent\"><span class=\"sya_date\"> <span class=\"sya_sep\"> <\/span><\/span><a href=\"https:\/\/www.krakauer-haus.de\/kh-test\/index.php\/2023\/09\/30\/olga-tokarczuk\/\" class=\"sya_postlink post-9843\" rel=\"bookmark\">OLGA TOKARCZUK<\/a><\/div><\/li><li class=\"\"><div class=\"sya_postcontent\"><span class=\"sya_date\"> <span class=\"sya_sep\"> <\/span><\/span><a href=\"https:\/\/www.krakauer-haus.de\/kh-test\/index.php\/2023\/07\/03\/inselkunst-2023\/\" class=\"sya_postlink post-9295\" rel=\"bookmark\">INSELKUNST 2023 \/ Rudyard Schmidt und Bartek W\u0119grzyn<\/a><\/div><\/li><li class=\"\"><div class=\"sya_postcontent\"><span class=\"sya_date\"> <span class=\"sya_sep\"> <\/span><\/span><a href=\"https:\/\/www.krakauer-haus.de\/kh-test\/index.php\/2023\/07\/02\/neal\/\" class=\"sya_postlink post-9931\" rel=\"bookmark\">NEAL<\/a><\/div><\/li><li class=\"\"><div class=\"sya_postcontent\"><span class=\"sya_date\"> <span class=\"sya_sep\"> <\/span><\/span><a href=\"https:\/\/www.krakauer-haus.de\/kh-test\/index.php\/2023\/07\/02\/artist-in-residence\/\" class=\"sya_postlink post-9559\" rel=\"bookmark\">ATELIER \/ DOMINIK STANIS\u0141AWSKI<\/a><\/div><\/li><li class=\"\"><div class=\"sya_postcontent\"><span class=\"sya_date\"> <span class=\"sya_sep\"> <\/span><\/span><a href=\"https:\/\/www.krakauer-haus.de\/kh-test\/index.php\/2023\/06\/30\/stadtverfuehrungen-2023\/\" class=\"sya_postlink post-9318\" rel=\"bookmark\">STADT(VER)F\u00dcHRUNGEN 2023<\/a><\/div><\/li><li class=\"\"><div class=\"sya_postcontent\"><span class=\"sya_date\"> <span class=\"sya_sep\"> <\/span><\/span><a href=\"https:\/\/www.krakauer-haus.de\/kh-test\/index.php\/2023\/01\/11\/polish-german-artexchange\/\" class=\"sya_postlink post-9553\" rel=\"bookmark\">CLOUD OF INBETWEENS<\/a><\/div><\/li><li class=\"\"><div class=\"sya_postcontent\"><span class=\"sya_date\"> <span class=\"sya_sep\"> <\/span><\/span><a href=\"https:\/\/www.krakauer-haus.de\/kh-test\/index.php\/2023\/01\/10\/kraftstoff-ausstellung-in-der-modulgalerie\/\" class=\"sya_postlink post-9243\" rel=\"bookmark\">TREIBSTOFF in der Modulgalerie<\/a><\/div><\/li><li class=\"\"><div class=\"sya_postcontent\"><span class=\"sya_date\"> <span class=\"sya_sep\"> <\/span><\/span><a href=\"https:\/\/www.krakauer-haus.de\/kh-test\/index.php\/2023\/01\/08\/blaue-nacht-2\/\" class=\"sya_postlink post-9271\" rel=\"bookmark\">BLAUE NACHT<\/a><\/div><\/li><li class=\"\"><div class=\"sya_postcontent\"><span class=\"sya_date\"> <span class=\"sya_sep\"> <\/span><\/span><a href=\"https:\/\/www.krakauer-haus.de\/kh-test\/index.php\/2023\/01\/07\/18-polnische-filmwoche\/\" class=\"sya_postlink post-9258\" rel=\"bookmark\">18. POLNISCHE FILMWOCHE<\/a><\/div><\/li><\/ul><a id=\"year2022\"><\/a><a href=\"https:\/\/www.krakauer-haus.de\/kh-test\/index.php\/2022\/\" rel=\"section\">2022<\/a><ul><li class=\"\"><div class=\"sya_postcontent\"><span class=\"sya_date\"> <span class=\"sya_sep\"> <\/span><\/span><a href=\"https:\/\/www.krakauer-haus.de\/kh-test\/index.php\/2022\/12\/11\/o-w-l-in-der-modulgalerie\/\" class=\"sya_postlink post-8991\" rel=\"bookmark\">O.W.L. in der Modulgalerie<\/a><\/div><\/li><li class=\"\"><div class=\"sya_postcontent\"><span class=\"sya_date\"> <span class=\"sya_sep\"> <\/span><\/span><a href=\"https:\/\/www.krakauer-haus.de\/kh-test\/index.php\/2022\/09\/22\/owl-la-vita-e-bella\/\" class=\"sya_postlink post-8872\" rel=\"bookmark\">OWL: La vita e bella<\/a><\/div><\/li><li class=\"\"><div class=\"sya_postcontent\"><span class=\"sya_date\"> <span class=\"sya_sep\"> <\/span><\/span><a href=\"https:\/\/www.krakauer-haus.de\/kh-test\/index.php\/2022\/09\/19\/geschichtensammler-in\/\" class=\"sya_postlink post-8659\" rel=\"bookmark\">GESCHICHTENSAMMLER_IN<\/a><\/div><\/li><li class=\"\"><div class=\"sya_postcontent\"><span class=\"sya_date\"> <span class=\"sya_sep\"> <\/span><\/span><a href=\"https:\/\/www.krakauer-haus.de\/kh-test\/index.php\/2022\/09\/18\/podiumsdiskussion-geschichtensammler_in\/\" class=\"sya_postlink post-8985\" rel=\"bookmark\">PODIUMSDISKUSSION: GESCHICHTENSAMMLER_IN<\/a><\/div><\/li><li class=\"\"><div class=\"sya_postcontent\"><span class=\"sya_date\"> <span class=\"sya_sep\"> <\/span><\/span><a href=\"https:\/\/www.krakauer-haus.de\/kh-test\/index.php\/2022\/09\/17\/das-hamlet-syndrom-ein-film-von-elwira-niewiera-und-piotr-rosolowski\/\" class=\"sya_postlink post-9251\" rel=\"bookmark\">DAS HAMLET SYNDROM Ein Film von Elwira Niewiera und Piotr Roso\u0142owski<\/a><\/div><\/li><li class=\"\"><div class=\"sya_postcontent\"><span class=\"sya_date\"> <span class=\"sya_sep\"> <\/span><\/span><a href=\"https:\/\/www.krakauer-haus.de\/kh-test\/index.php\/2022\/09\/10\/art-weekend-nuernberg-2\/\" class=\"sya_postlink post-8677\" rel=\"bookmark\">ART WEEKEND N\u00dcRNBERG<\/a><\/div><\/li><li class=\"\"><div class=\"sya_postcontent\"><span class=\"sya_date\"> <span class=\"sya_sep\"> <\/span><\/span><a href=\"https:\/\/www.krakauer-haus.de\/kh-test\/index.php\/2022\/08\/25\/inselkunst-2022-kunst-im-oeffentlichen-raum\/\" class=\"sya_postlink post-8424\" rel=\"bookmark\">INSELKUNST 2022 &#8211; Kunst im \u00f6ffentlichen Raum<\/a><\/div><\/li><li class=\"\"><div class=\"sya_postcontent\"><span class=\"sya_date\"> <span class=\"sya_sep\"> <\/span><\/span><a href=\"https:\/\/www.krakauer-haus.de\/kh-test\/index.php\/2022\/08\/24\/stadtverfuehrungen\/\" class=\"sya_postlink post-8806\" rel=\"bookmark\">STADT(VER)F\u00dcHRUNGEN<\/a><\/div><\/li><li class=\"\"><div class=\"sya_postcontent\"><span class=\"sya_date\"> <span class=\"sya_sep\"> <\/span><\/span><a href=\"https:\/\/www.krakauer-haus.de\/kh-test\/index.php\/2022\/08\/22\/polenallergie-2022\/\" class=\"sya_postlink post-8761\" rel=\"bookmark\">POLENALLERGIE 2022<\/a><\/div><\/li><li class=\"\"><div class=\"sya_postcontent\"><span class=\"sya_date\"> <span class=\"sya_sep\"> <\/span><\/span><a href=\"https:\/\/www.krakauer-haus.de\/kh-test\/index.php\/2022\/07\/01\/grenzenlos-nuernberg-trifft-krakau\/\" class=\"sya_postlink post-8650\" rel=\"bookmark\">GRENZENLOS : N\u00fcrnberg trifft Krakau<\/a><\/div><\/li><li class=\"\"><div class=\"sya_postcontent\"><span class=\"sya_date\"> <span class=\"sya_sep\"> <\/span><\/span><a href=\"https:\/\/www.krakauer-haus.de\/kh-test\/index.php\/2022\/06\/20\/burgerreise-2022\/\" class=\"sya_postlink post-8253\" rel=\"bookmark\">BURGERREISE 2022<\/a><\/div><\/li><li class=\"\"><div class=\"sya_postcontent\"><span class=\"sya_date\"> <span class=\"sya_sep\"> <\/span><\/span><a href=\"https:\/\/www.krakauer-haus.de\/kh-test\/index.php\/2022\/05\/23\/wojtek-blecharz-vala-t-foltyn\/\" class=\"sya_postlink post-8609\" rel=\"bookmark\">Wojtek Blecharz &#038; Vala T. Foltyn<\/a><\/div><\/li><li class=\"\"><div class=\"sya_postcontent\"><span class=\"sya_date\"> <span class=\"sya_sep\"> <\/span><\/span><a href=\"https:\/\/www.krakauer-haus.de\/kh-test\/index.php\/2022\/02\/09\/again-malgorzata-markiewicz-julia-medynska\/\" class=\"sya_postlink post-8164\" rel=\"bookmark\">AGAIN : Ma\u0142gorzata Markiewicz &#038; Julia Medy\u0144ska<\/a><\/div><\/li><li class=\"\"><div class=\"sya_postcontent\"><span class=\"sya_date\"> <span class=\"sya_sep\"> <\/span><\/span><a href=\"https:\/\/www.krakauer-haus.de\/kh-test\/index.php\/2022\/02\/09\/blaue-nacht-2022-sarapata-x-marcela-rybska\/\" class=\"sya_postlink post-8248\" rel=\"bookmark\">BLAUE NACHT 2022: SARAPATA X MARCELA RYBSKA<\/a><\/div><\/li><li class=\"\"><div class=\"sya_postcontent\"><span class=\"sya_date\"> <span class=\"sya_sep\"> <\/span><\/span><a href=\"https:\/\/www.krakauer-haus.de\/kh-test\/index.php\/2022\/02\/08\/blaue-nacht-2022-by-house-od-mice-modulgalerie\/\" class=\"sya_postlink post-8501\" rel=\"bookmark\">BLAUE NACHT 2022: HOUSE OF MICE \/ MODULGALERIE<\/a><\/div><\/li><li class=\"\"><div class=\"sya_postcontent\"><span class=\"sya_date\"> <span class=\"sya_sep\"> <\/span><\/span><a href=\"https:\/\/www.krakauer-haus.de\/kh-test\/index.php\/2022\/02\/07\/ausstellung-kuenstlergespraech\/\" class=\"sya_postlink post-8467\" rel=\"bookmark\">Justyna G\u00f3rowska \/ AUSSTELLUNG &#038; K\u00fcnstlergespr\u00e4ch<\/a><\/div><\/li><li class=\"\"><div class=\"sya_postcontent\"><span class=\"sya_date\"> <span class=\"sya_sep\"> <\/span><\/span><a href=\"https:\/\/www.krakauer-haus.de\/kh-test\/index.php\/2022\/02\/07\/film-17-polnische-filmwoche-2022\/\" class=\"sya_postlink post-8459\" rel=\"bookmark\">FILM: 17. POLNISCHE FILMWOCHE 2022<\/a><\/div><\/li><li class=\"\"><div class=\"sya_postcontent\"><span class=\"sya_date\"> <span class=\"sya_sep\"> <\/span><\/span><a href=\"https:\/\/www.krakauer-haus.de\/kh-test\/index.php\/2022\/02\/05\/lostfound-malgorzata-markiewicz-julia-medynska\/\" class=\"sya_postlink post-8441\" rel=\"bookmark\">lost&#038;found \/ MODULGALERIE<\/a><\/div><\/li><\/ul><a id=\"year2021\"><\/a><a href=\"https:\/\/www.krakauer-haus.de\/kh-test\/index.php\/2021\/\" rel=\"section\">2021<\/a><ul><li class=\"\"><div class=\"sya_postcontent\"><span class=\"sya_date\"> <span class=\"sya_sep\"> <\/span><\/span><a href=\"https:\/\/www.krakauer-haus.de\/kh-test\/index.php\/2021\/12\/31\/2021-rueckblick\/\" class=\"sya_postlink post-8131\" rel=\"bookmark\">2021 R\u00fcckblick<\/a><\/div><\/li><li class=\"\"><div class=\"sya_postcontent\"><span class=\"sya_date\"> <span class=\"sya_sep\"> <\/span><\/span><a href=\"https:\/\/www.krakauer-haus.de\/kh-test\/index.php\/2021\/10\/14\/agata-kus-later-than-you-think\/\" class=\"sya_postlink post-7550\" rel=\"bookmark\">AGATA KUS : Later than you think<\/a><\/div><\/li><li class=\"\"><div class=\"sya_postcontent\"><span class=\"sya_date\"> <span class=\"sya_sep\"> <\/span><\/span><a href=\"https:\/\/www.krakauer-haus.de\/kh-test\/index.php\/2021\/10\/13\/polnische-filmtage-im-herbst-2\/\" class=\"sya_postlink post-7664\" rel=\"bookmark\">Polnische Filmtage &#8230;im Herbst<\/a><\/div><\/li><li class=\"\"><div class=\"sya_postcontent\"><span class=\"sya_date\"> <span class=\"sya_sep\"> <\/span><\/span><a href=\"https:\/\/www.krakauer-haus.de\/kh-test\/index.php\/2021\/10\/12\/kurzfilmwettbewerb-spagat-szpagat\/\" class=\"sya_postlink post-6907\" rel=\"bookmark\">KURZFILMWETTBEWERB: SPAGAT \/ SZPAGAT<\/a><\/div><\/li><li class=\"\"><div class=\"sya_postcontent\"><span class=\"sya_date\"> <span class=\"sya_sep\"> <\/span><\/span><a href=\"https:\/\/www.krakauer-haus.de\/kh-test\/index.php\/2021\/10\/12\/malgorzata-wielekwielek-und-rene-radomsky-ich-kratze-den-getrockneten-schmutz-ab\/\" class=\"sya_postlink post-7688\" rel=\"bookmark\">Ma\u0142gorzata Wielek und Ren\u00e9 Radomsky<\/a><\/div><\/li><li class=\"\"><div class=\"sya_postcontent\"><span class=\"sya_date\"> <span class=\"sya_sep\"> <\/span><\/span><a href=\"https:\/\/www.krakauer-haus.de\/kh-test\/index.php\/2021\/10\/11\/kunst-inselkunst-2020-kunst-im-oeffentlichen-raum\/\" class=\"sya_postlink post-6928\" rel=\"bookmark\">INSELKUNST 2021 &#8211; Kunst im \u00f6ffentlichen Raum<\/a><\/div><\/li><li class=\"\"><div class=\"sya_postcontent\"><span class=\"sya_date\"> <span class=\"sya_sep\"> <\/span><\/span><a href=\"https:\/\/www.krakauer-haus.de\/kh-test\/index.php\/2021\/10\/10\/monika-drozynska-flaggen-2-meter-sichereitsabstand-und-covidismus\/\" class=\"sya_postlink post-5787\" rel=\"bookmark\">KUNST: MONIKA DRO\u017bY\u0143SKA: FLAGGEN<\/a><\/div><\/li><li class=\"\"><div class=\"sya_postcontent\"><span class=\"sya_date\"> <span class=\"sya_sep\"> <\/span><\/span><a href=\"https:\/\/www.krakauer-haus.de\/kh-test\/index.php\/2021\/09\/07\/zauberwort-festival\/\" class=\"sya_postlink post-7792\" rel=\"bookmark\">ZAUBERWORT FESTIVAL<\/a><\/div><\/li><li class=\"\"><div class=\"sya_postcontent\"><span class=\"sya_date\"> <span class=\"sya_sep\"> <\/span><\/span><a href=\"https:\/\/www.krakauer-haus.de\/kh-test\/index.php\/2021\/09\/06\/polenallergie-2021\/\" class=\"sya_postlink post-7437\" rel=\"bookmark\">POLENALLERGIE 2021<\/a><\/div><\/li><li class=\"\"><div class=\"sya_postcontent\"><span class=\"sya_date\"> <span class=\"sya_sep\"> <\/span><\/span><a href=\"https:\/\/www.krakauer-haus.de\/kh-test\/index.php\/2021\/09\/06\/ueber-das-schreiben-und-uebersetzen-leonhard-f-seidl-und-urszula-poprawska\/\" class=\"sya_postlink post-7570\" rel=\"bookmark\">\u201e\u00dcber das Schreiben und \u00dcbersetzen\u201c, Leonhard F. Seidl und Urszula Poprawska<\/a><\/div><\/li><li class=\"\"><div class=\"sya_postcontent\"><span class=\"sya_date\"> <span class=\"sya_sep\"> <\/span><\/span><a href=\"https:\/\/www.krakauer-haus.de\/kh-test\/index.php\/2021\/09\/05\/stadtverfuehrungen-2021\/\" class=\"sya_postlink post-7530\" rel=\"bookmark\">STADT(VER)F\u00dcHRUNGEN 2021<\/a><\/div><\/li><li class=\"\"><div class=\"sya_postcontent\"><span class=\"sya_date\"> <span class=\"sya_sep\"> <\/span><\/span><a href=\"https:\/\/www.krakauer-haus.de\/kh-test\/index.php\/2021\/09\/03\/agata-kus-neal-cassady\/\" class=\"sya_postlink post-7517\" rel=\"bookmark\">Art Weekend N\u00fcrnberg: AGATA KUS &#038; NEAL CASSADY<\/a><\/div><\/li><li class=\"\"><div class=\"sya_postcontent\"><span class=\"sya_date\"> <span class=\"sya_sep\"> <\/span><\/span><a href=\"https:\/\/www.krakauer-haus.de\/kh-test\/index.php\/2021\/08\/25\/krakauer-zu-haus\/\" class=\"sya_postlink post-6281\" rel=\"bookmark\">FILM: KRAKAUER (ZU) HAUS<\/a><\/div><\/li><li class=\"\"><div class=\"sya_postcontent\"><span class=\"sya_date\"> <span class=\"sya_sep\"> <\/span><\/span><a href=\"https:\/\/www.krakauer-haus.de\/kh-test\/index.php\/2021\/04\/24\/krakers-2021-no-hope\/\" class=\"sya_postlink post-6867\" rel=\"bookmark\">KRAKERS 2021: (no) HOPE<\/a><\/div><\/li><li class=\"\"><div class=\"sya_postcontent\"><span class=\"sya_date\"> <span class=\"sya_sep\"> <\/span><\/span><a href=\"https:\/\/www.krakauer-haus.de\/kh-test\/index.php\/2021\/04\/24\/glocke-soundart-in-krakau-und-nuernberg\/\" class=\"sya_postlink post-6953\" rel=\"bookmark\">KLINGT GUT !<\/a><\/div><\/li><li class=\"\"><div class=\"sya_postcontent\"><span class=\"sya_date\"> <span class=\"sya_sep\"> <\/span><\/span><a href=\"https:\/\/www.krakauer-haus.de\/kh-test\/index.php\/2021\/04\/24\/inselkunst-2021-vernissage\/\" class=\"sya_postlink post-6939\" rel=\"bookmark\">SUNDAY MORNING ORCHESTRA &#8211; VERNISSAGE MIT LIVE-MUSIK!<\/a><\/div><\/li><li class=\"\"><div class=\"sya_postcontent\"><span class=\"sya_date\"> <span class=\"sya_sep\"> <\/span><\/span><a href=\"https:\/\/www.krakauer-haus.de\/kh-test\/index.php\/2021\/04\/24\/film-polnische-filmtage\/\" class=\"sya_postlink post-6920\" rel=\"bookmark\">FILM: POLNISCHE FILMTage<\/a><\/div><\/li><\/ul><a id=\"year2020\"><\/a><a href=\"https:\/\/www.krakauer-haus.de\/kh-test\/index.php\/2020\/\" rel=\"section\">2020<\/a><ul><li class=\"\"><div class=\"sya_postcontent\"><span class=\"sya_date\"> <span class=\"sya_sep\"> <\/span><\/span><a href=\"https:\/\/www.krakauer-haus.de\/kh-test\/index.php\/2020\/10\/21\/alraune-und-karfoffeln-tomasz-krecicki-sebastian-troeger-ausstellung\/\" class=\"sya_postlink post-5250\" rel=\"bookmark\">KUNST: Alraune und Kartoffeln : Tomasz Kr\u0119cicki &#038; Sebastian Tr\u00f6ger<\/a><\/div><\/li><li class=\"\"><div class=\"sya_postcontent\"><span class=\"sya_date\"> <span class=\"sya_sep\"> <\/span><\/span><a href=\"https:\/\/www.krakauer-haus.de\/kh-test\/index.php\/2020\/10\/20\/krakers-2020\/\" class=\"sya_postlink post-6045\" rel=\"bookmark\">KUNST: KRAKERS 2020: Alraune und Kartoffeln<\/a><\/div><\/li><li class=\"\"><div class=\"sya_postcontent\"><span class=\"sya_date\"> <span class=\"sya_sep\"> <\/span><\/span><a href=\"https:\/\/www.krakauer-haus.de\/kh-test\/index.php\/2020\/10\/17\/mateusz-palka-trio-polenallergie-2020\/\" class=\"sya_postlink post-5759\" rel=\"bookmark\">MUSIK: MATEUSZ PA\u0141KA TRIO<\/a><\/div><\/li><li class=\"\"><div class=\"sya_postcontent\"><span class=\"sya_date\"> <span class=\"sya_sep\"> <\/span><\/span><a href=\"https:\/\/www.krakauer-haus.de\/kh-test\/index.php\/2020\/09\/15\/es-gibt-nichts-wovor-man-sich-fuerchten-muss-das-ist-nur-ein-maerchen-das-ist-keine-pfeife-das-ist-kein-maerchen\/\" class=\"sya_postlink post-5281\" rel=\"bookmark\">KUNST: Es gibt nichts, wovor man sich f\u00fcrchten muss. Das ist nur ein M\u00e4rchen. Das ist keine Pfeife. Das ist kein M\u00e4rchen.<\/a><\/div><\/li><li class=\"\"><div class=\"sya_postcontent\"><span class=\"sya_date\"> <span class=\"sya_sep\"> <\/span><\/span><a href=\"https:\/\/www.krakauer-haus.de\/kh-test\/index.php\/2020\/09\/14\/cinamon\/\" class=\"sya_postlink post-5734\" rel=\"bookmark\">MUSIK: CINEMON<\/a><\/div><\/li><li class=\"\"><div class=\"sya_postcontent\"><span class=\"sya_date\"> <span class=\"sya_sep\"> <\/span><\/span><a href=\"https:\/\/www.krakauer-haus.de\/kh-test\/index.php\/2020\/09\/13\/oskar-cenkier\/\" class=\"sya_postlink post-5712\" rel=\"bookmark\">MUSIK: OSKAR CENKIER<\/a><\/div><\/li><li class=\"\"><div class=\"sya_postcontent\"><span class=\"sya_date\"> <span class=\"sya_sep\"> <\/span><\/span><a href=\"https:\/\/www.krakauer-haus.de\/kh-test\/index.php\/2020\/06\/02\/inselkunst-2019-kunst-im-oeffentlichen-raum\/\" class=\"sya_postlink post-4895\" rel=\"bookmark\">KUNST: INSELKUNST 2020 &#8211; Kunst im \u00f6ffentlichen Raum<\/a><\/div><\/li><li class=\"\"><div class=\"sya_postcontent\"><span class=\"sya_date\"> <span class=\"sya_sep\"> <\/span><\/span><a href=\"https:\/\/www.krakauer-haus.de\/kh-test\/index.php\/2020\/06\/02\/marta-romankiv-lukasz-surowiec\/\" class=\"sya_postlink post-5674\" rel=\"bookmark\">FILM: Marta Romankiv  &#038;  \u0141ukasz Surowiec<\/a><\/div><\/li><li class=\"\"><div class=\"sya_postcontent\"><span class=\"sya_date\"> <span class=\"sya_sep\"> <\/span><\/span><a href=\"https:\/\/www.krakauer-haus.de\/kh-test\/index.php\/2020\/06\/02\/marta-romankiv-lukasz-surowiec-kuenstlergespraech-film-screening\/\" class=\"sya_postlink post-5332\" rel=\"bookmark\">KUNST: SHOW ME YOUR HANDS: Marta Romankiv  &#038;  \u0141ukasz Surowiec<\/a><\/div><\/li><li class=\"\"><div class=\"sya_postcontent\"><span class=\"sya_date\"> <span class=\"sya_sep\"> <\/span><\/span><a href=\"https:\/\/www.krakauer-haus.de\/kh-test\/index.php\/2020\/06\/02\/polnische-filmtage\/\" class=\"sya_postlink post-5180\" rel=\"bookmark\">FILM: POLNISCHE FILMTage<\/a><\/div><\/li><li class=\"\"><div class=\"sya_postcontent\"><span class=\"sya_date\"> <span class=\"sya_sep\"> <\/span><\/span><a href=\"https:\/\/www.krakauer-haus.de\/kh-test\/index.php\/2020\/06\/02\/art-weekend-nuernberg\/\" class=\"sya_postlink post-5418\" rel=\"bookmark\">KUNST: ART WEEKEND N\u00dcRNBERG<\/a><\/div><\/li><li class=\"\"><div class=\"sya_postcontent\"><span class=\"sya_date\"> <span class=\"sya_sep\"> <\/span><\/span><a href=\"https:\/\/www.krakauer-haus.de\/kh-test\/index.php\/2020\/06\/01\/inselkunst-2020-kunst-im-oeffentlichen-raum\/\" class=\"sya_postlink post-5400\" rel=\"bookmark\">KUNST &#038; MUSIK: INSELKUNST und ULI TSITSOS<\/a><\/div><\/li><li class=\"\"><div class=\"sya_postcontent\"><span class=\"sya_date\"> <span class=\"sya_sep\"> <\/span><\/span><a href=\"https:\/\/www.krakauer-haus.de\/kh-test\/index.php\/2020\/05\/30\/kinga-glyk\/\" class=\"sya_postlink post-5551\" rel=\"bookmark\">MUSIK: KINGA GLYK<\/a><\/div><\/li><\/ul><a id=\"year2019\"><\/a><a href=\"https:\/\/www.krakauer-haus.de\/kh-test\/index.php\/2019\/\" rel=\"section\">2019<\/a><ul><li class=\"\"><div class=\"sya_postcontent\"><span class=\"sya_date\"> <span class=\"sya_sep\"> <\/span><\/span><a href=\"https:\/\/www.krakauer-haus.de\/kh-test\/index.php\/2019\/12\/09\/winterpause\/\" class=\"sya_postlink post-4648\" rel=\"bookmark\">20. Dezember 2019 &#8211; 7. Januar 2020<\/a><\/div><\/li><li class=\"\"><div class=\"sya_postcontent\"><span class=\"sya_date\"> <span class=\"sya_sep\"> <\/span><\/span><a href=\"https:\/\/www.krakauer-haus.de\/kh-test\/index.php\/2019\/11\/08\/runforrest\/\" class=\"sya_postlink post-4503\" rel=\"bookmark\">MUSIK: runforrest<\/a><\/div><\/li><li class=\"\"><div class=\"sya_postcontent\"><span class=\"sya_date\"> <span class=\"sya_sep\"> <\/span><\/span><a href=\"https:\/\/www.krakauer-haus.de\/kh-test\/index.php\/2019\/11\/06\/woyzeck-t-raeume\/\" class=\"sya_postlink post-4140\" rel=\"bookmark\">THEATER: WOYZECK- T r\u00e4ume<\/a><\/div><\/li><li class=\"\"><div class=\"sya_postcontent\"><span class=\"sya_date\"> <span class=\"sya_sep\"> <\/span><\/span><a href=\"https:\/\/www.krakauer-haus.de\/kh-test\/index.php\/2019\/10\/15\/polenallergie-festival\/\" class=\"sya_postlink post-4227\" rel=\"bookmark\">MUSIK: PolenAllergie Festival<\/a><\/div><\/li><li class=\"\"><div class=\"sya_postcontent\"><span class=\"sya_date\"> <span class=\"sya_sep\"> <\/span><\/span><a href=\"https:\/\/www.krakauer-haus.de\/kh-test\/index.php\/2019\/10\/15\/geometrie\/\" class=\"sya_postlink post-3872\" rel=\"bookmark\">KUNST: Art Weekend N\u00fcrnberg: Fachrichtung GEOMETRIE<\/a><\/div><\/li><li class=\"\"><div class=\"sya_postcontent\"><span class=\"sya_date\"> <span class=\"sya_sep\"> <\/span><\/span><a href=\"https:\/\/www.krakauer-haus.de\/kh-test\/index.php\/2019\/10\/09\/40-jahre-staedtepartnerschaft-krakau-nuernberg\/\" class=\"sya_postlink post-3574\" rel=\"bookmark\">40 JAHRE ST\u00c4DTEPARTNERSCHAFT: KRAKAU-N\u00dcRNBERG<\/a><\/div><\/li><li class=\"\"><div class=\"sya_postcontent\"><span class=\"sya_date\"> <span class=\"sya_sep\"> <\/span><\/span><a href=\"https:\/\/www.krakauer-haus.de\/kh-test\/index.php\/2019\/10\/08\/strassenbahn-wettbewerb\/\" class=\"sya_postlink post-4283\" rel=\"bookmark\">STRASSENBAHN-WETTBEWERB<\/a><\/div><\/li><li class=\"\"><div class=\"sya_postcontent\"><span class=\"sya_date\"> <span class=\"sya_sep\"> <\/span><\/span><a href=\"https:\/\/www.krakauer-haus.de\/kh-test\/index.php\/2019\/10\/07\/strassenbahn\/\" class=\"sya_postlink post-4271\" rel=\"bookmark\">KUNST: Dominik Stanis\u0142awski: N8 &#8211; KUNSTINSTALLATION<\/a><\/div><\/li><li class=\"\"><div class=\"sya_postcontent\"><span class=\"sya_date\"> <span class=\"sya_sep\"> <\/span><\/span><a href=\"https:\/\/www.krakauer-haus.de\/kh-test\/index.php\/2019\/05\/26\/texttage-nuernberg\/\" class=\"sya_postlink post-3329\" rel=\"bookmark\">LITERTUR: texttage.nuernberg: Olga Tokarczuk<\/a><\/div><\/li><li class=\"\"><div class=\"sya_postcontent\"><span class=\"sya_date\"> <span class=\"sya_sep\"> <\/span><\/span><a href=\"https:\/\/www.krakauer-haus.de\/kh-test\/index.php\/2019\/04\/25\/inselkunst-2019\/\" class=\"sya_postlink post-3358\" rel=\"bookmark\">KUNST: INSELKUNST 2019 &#8211; Kunst im \u00f6ffentlichen Raum<\/a><\/div><\/li><li class=\"\"><div class=\"sya_postcontent\"><span class=\"sya_date\"> <span class=\"sya_sep\"> <\/span><\/span><a href=\"https:\/\/www.krakauer-haus.de\/kh-test\/index.php\/2019\/04\/13\/blaue-nacht-romantic-fellas-adam-cmiel\/\" class=\"sya_postlink post-2815\" rel=\"bookmark\">PERFORMANCE: BLAUE NACHT: ROMANTIC FELLAS &#038; ADAM CMIEL<\/a><\/div><\/li><li class=\"\"><div class=\"sya_postcontent\"><span class=\"sya_date\"> <span class=\"sya_sep\"> <\/span><\/span><a href=\"https:\/\/www.krakauer-haus.de\/kh-test\/index.php\/2019\/04\/11\/14-polnische-filmwoche\/\" class=\"sya_postlink post-3005\" rel=\"bookmark\">FILM: 14. POLNISCHE FILMWOCHE<\/a><\/div><\/li><li class=\"\"><div class=\"sya_postcontent\"><span class=\"sya_date\"> <span class=\"sya_sep\"> <\/span><\/span><a href=\"https:\/\/www.krakauer-haus.de\/kh-test\/index.php\/2019\/04\/11\/krakers-roza-duda-und-michal-soja\/\" class=\"sya_postlink post-2702\" rel=\"bookmark\">KUNST: KRAKERS: R\u00f3\u017ca Duda und Micha\u0142 Soja<\/a><\/div><\/li><li class=\"\"><div class=\"sya_postcontent\"><span class=\"sya_date\"> <span class=\"sya_sep\"> <\/span><\/span><a href=\"https:\/\/www.krakauer-haus.de\/kh-test\/index.php\/2019\/01\/22\/nepal-treffen\/\" class=\"sya_postlink post-1095\" rel=\"bookmark\">POLENREISEN TRIFFT DIE WELT: NEPAL<\/a><\/div><\/li><li class=\"\"><div class=\"sya_postcontent\"><span class=\"sya_date\"> <span class=\"sya_sep\"> <\/span><\/span><a href=\"https:\/\/www.krakauer-haus.de\/kh-test\/index.php\/2019\/01\/20\/ein-mongolischer-abend-mit-tunga-und-bata\/\" class=\"sya_postlink post-1087\" rel=\"bookmark\">POLENREISEN TRIFFT DIE WELT: MONGOLEI<\/a><\/div><\/li><li class=\"\"><div class=\"sya_postcontent\"><span class=\"sya_date\"> <span class=\"sya_sep\"> <\/span><\/span><a href=\"https:\/\/www.krakauer-haus.de\/kh-test\/index.php\/2019\/01\/02\/zauberwort\/\" class=\"sya_postlink post-1063\" rel=\"bookmark\">ZAUBERWORT<\/a><\/div><\/li><\/ul><a id=\"year2018\"><\/a><a href=\"https:\/\/www.krakauer-haus.de\/kh-test\/index.php\/2018\/\" rel=\"section\">2018<\/a><ul><li class=\"\"><div class=\"sya_postcontent\"><span class=\"sya_date\"> <span class=\"sya_sep\"> <\/span><\/span><a href=\"https:\/\/www.krakauer-haus.de\/kh-test\/index.php\/2018\/12\/09\/drachen-workshop\/\" class=\"sya_postlink post-77\" rel=\"bookmark\">DRACHEN-WORKSHOP: EINE KINDER-ELTERN-AKTION F\u00dcR KINDER VON 5 BIS 9 JAHREN<\/a><\/div><\/li><li class=\"\"><div class=\"sya_postcontent\"><span class=\"sya_date\"> <span class=\"sya_sep\"> <\/span><\/span><a href=\"https:\/\/www.krakauer-haus.de\/kh-test\/index.php\/2018\/11\/16\/der-boxer-autorenlesung-mit-szczepan-twardoch-moderation-uebersetzung-dr-olaf-kuehl\/\" class=\"sya_postlink post-279\" rel=\"bookmark\">\u201eDER BOXER\u201c. AUTORENLESUNG MIT SZCZEPAN TWARDOCH MODERATION\/\u00dcBERSETZUNG: DR. OLAF K\u00dcHL<\/a><\/div><\/li><li class=\"\"><div class=\"sya_postcontent\"><span class=\"sya_date\"> <span class=\"sya_sep\"> <\/span><\/span><a href=\"https:\/\/www.krakauer-haus.de\/kh-test\/index.php\/2018\/11\/11\/drachen-workshop-eine-kinder-eltern-aktion-fuer-kinder-von-5-bis-9-jahren\/\" class=\"sya_postlink post-284\" rel=\"bookmark\">KUNST: 10 X 10 VON ARTUR WABIK &#038; BARTOSZ DWORAK QUARTET<\/a><\/div><\/li><li class=\"\"><div class=\"sya_postcontent\"><span class=\"sya_date\"> <span class=\"sya_sep\"> <\/span><\/span><a href=\"https:\/\/www.krakauer-haus.de\/kh-test\/index.php\/2018\/06\/08\/inselkunst-kunst-im-oeffentlichen-raum\/\" class=\"sya_postlink post-2610\" rel=\"bookmark\">KUNST: INSELKUNST 2018 &#8211; Kunst im \u00f6ffentlichen Raum<\/a><\/div><\/li><li class=\"\"><div class=\"sya_postcontent\"><span class=\"sya_date\"> <span class=\"sya_sep\"> <\/span><\/span><a href=\"https:\/\/www.krakauer-haus.de\/kh-test\/index.php\/2018\/06\/02\/24h-nbg-krk-bln-wro-eine-kunstaktion\/\" class=\"sya_postlink post-2593\" rel=\"bookmark\">KUNST: 24H NBG\/KRK\/BLN\/WRO &#8211; EINE KUNSTAKTION<\/a><\/div><\/li><li class=\"\"><div class=\"sya_postcontent\"><span class=\"sya_date\"> <span class=\"sya_sep\"> <\/span><\/span><a href=\"https:\/\/www.krakauer-haus.de\/kh-test\/index.php\/2018\/05\/19\/pink-freud\/\" class=\"sya_postlink post-2590\" rel=\"bookmark\">PINK FREUD<\/a><\/div><\/li><li class=\"\"><div class=\"sya_postcontent\"><span class=\"sya_date\"> <span class=\"sya_sep\"> <\/span><\/span><a href=\"https:\/\/www.krakauer-haus.de\/kh-test\/index.php\/2018\/05\/05\/salk-aka-selkie-and-the-lighthouse-keepers\/\" class=\"sya_postlink post-2581\" rel=\"bookmark\">SALK AKA SELKIE  AND THE LIGHTHOUSE KEEPERS<\/a><\/div><\/li><li class=\"\"><div class=\"sya_postcontent\"><span class=\"sya_date\"> <span class=\"sya_sep\"> <\/span><\/span><a href=\"https:\/\/www.krakauer-haus.de\/kh-test\/index.php\/2018\/05\/01\/eine-podiumsdiskussion-zur-aktuellen-kulturpolitik-in-polen\/\" class=\"sya_postlink post-2584\" rel=\"bookmark\">EINE PODIUMSDISKUSSION ZUR AKTUELLEN  KULTURPOLITIK IN POLEN<\/a><\/div><\/li><li class=\"\"><div class=\"sya_postcontent\"><span class=\"sya_date\"> <span class=\"sya_sep\"> <\/span><\/span><a href=\"https:\/\/www.krakauer-haus.de\/kh-test\/index.php\/2018\/04\/22\/drachen-workshop-reihe-legenden-aus-krakau\/\" class=\"sya_postlink post-2617\" rel=\"bookmark\">DRACHEN-WORKSHOP (REIHE: LEGENDEN AUS KRAKAU)<\/a><\/div><\/li><li class=\"\"><div class=\"sya_postcontent\"><span class=\"sya_date\"> <span class=\"sya_sep\"> <\/span><\/span><a href=\"https:\/\/www.krakauer-haus.de\/kh-test\/index.php\/2018\/04\/19\/13-polnische-filmwoche-2018\/\" class=\"sya_postlink post-2587\" rel=\"bookmark\">13. POLNISCHE FILMWOCHE 2018<\/a><\/div><\/li><li class=\"\"><div class=\"sya_postcontent\"><span class=\"sya_date\"> <span class=\"sya_sep\"> <\/span><\/span><a href=\"https:\/\/www.krakauer-haus.de\/kh-test\/index.php\/2018\/03\/24\/trio-silberman-and-three-of-a-perfect-pair\/\" class=\"sya_postlink post-2573\" rel=\"bookmark\">TRIO SILBERMAN AND THREE OF A PERFECT PAIR<\/a><\/div><\/li><li class=\"\"><div class=\"sya_postcontent\"><span class=\"sya_date\"> <span class=\"sya_sep\"> <\/span><\/span><a href=\"https:\/\/www.krakauer-haus.de\/kh-test\/index.php\/2018\/01\/29\/ballet-des-nations-klingende-geographie-balet-dworski-cracovia-danza\/\" class=\"sya_postlink post-2565\" rel=\"bookmark\">BALLET DES NATIONS: \u201eKLINGENDE GEOGRAPHIE\u201c  BALET DWORSKI CRACOVIA DANZA<\/a><\/div><\/li><li class=\"\"><div class=\"sya_postcontent\"><span class=\"sya_date\"> <span class=\"sya_sep\"> <\/span><\/span><a href=\"https:\/\/www.krakauer-haus.de\/kh-test\/index.php\/2018\/01\/02\/erzaehlkunstfestival-zauberwort-3\/\" class=\"sya_postlink post-2562\" rel=\"bookmark\">ERZ\u00c4HLKUNSTFESTIVAL \u201eZAUBERWORT\u201c<\/a><\/div><\/li><\/ul><a id=\"year2017\"><\/a><a href=\"https:\/\/www.krakauer-haus.de\/kh-test\/index.php\/2017\/\" rel=\"section\">2017<\/a><ul><li class=\"\"><div class=\"sya_postcontent\"><span class=\"sya_date\"> <span class=\"sya_sep\"> <\/span><\/span><a href=\"https:\/\/www.krakauer-haus.de\/kh-test\/index.php\/2017\/12\/09\/weihnachtskonzert-piotr-wylezol-piano-solo\/\" class=\"sya_postlink post-2546\" rel=\"bookmark\">WEIHNACHTSKONZERT: PIOTR WYLE\u017bO\u0141 \/ PIANO SOLO<\/a><\/div><\/li><li class=\"\"><div class=\"sya_postcontent\"><span class=\"sya_date\"> <span class=\"sya_sep\"> <\/span><\/span><a href=\"https:\/\/www.krakauer-haus.de\/kh-test\/index.php\/2017\/12\/01\/video-found-footage-2017-dominik-stanislawski-witold-stelmachniewicz-michal-zawada-interpretieren-das-bekannte-motiv-nochmals-neu\/\" class=\"sya_postlink post-2559\" rel=\"bookmark\">NARRENSCHIFF:  DOMINIK STANIS\u0141AWSKI, WITOLD STELMACHNIEWICZ, MICHA\u0141 ZAWADA INTERPRETIEREN DAS BEKANNTE MOTIV NOCHMALS NEU<\/a><\/div><\/li><li class=\"\"><div class=\"sya_postcontent\"><span class=\"sya_date\"> <span class=\"sya_sep\"> <\/span><\/span><a href=\"https:\/\/www.krakauer-haus.de\/kh-test\/index.php\/2017\/11\/30\/wir-strebermigranten-buchvorstellung-und-gespraech-mit-emilia-smechowski-und-ewa-wanat\/\" class=\"sya_postlink post-2550\" rel=\"bookmark\">\u201eWIR STREBERMIGRANTEN\u201c- BUCHVORSTELLUNG UND GESPR\u00c4CH MIT EMILIA SMECHOWSKI UND EWA WANAT<\/a><\/div><\/li><li class=\"\"><div class=\"sya_postcontent\"><span class=\"sya_date\"> <span class=\"sya_sep\"> <\/span><\/span><a href=\"https:\/\/www.krakauer-haus.de\/kh-test\/index.php\/2017\/10\/14\/polenallergie-impfung-nr-9-2017-eine-konzertreihe\/\" class=\"sya_postlink post-2543\" rel=\"bookmark\">POLENALLERGIE: IMPFUNG NR. 9 \/ 2017                           EINE KONZERTREIHE<\/a><\/div><\/li><li class=\"\"><div class=\"sya_postcontent\"><span class=\"sya_date\"> <span class=\"sya_sep\"> <\/span><\/span><a href=\"https:\/\/www.krakauer-haus.de\/kh-test\/index.php\/2017\/09\/23\/solokonzert-von-radek-szarek-zu-malerei-von-wilhelm-sasnal-im-neuen-museum\/\" class=\"sya_postlink post-2528\" rel=\"bookmark\">SOLOKONZERT VON RADEK SZAREK ZU MALEREI VON WILHELM SASNAL IM NEUEN MUSEUM<\/a><\/div><\/li><li class=\"\"><div class=\"sya_postcontent\"><span class=\"sya_date\"> <span class=\"sya_sep\"> <\/span><\/span><a href=\"https:\/\/www.krakauer-haus.de\/kh-test\/index.php\/2017\/07\/16\/kuba-duda-solo-im-hemdendienst\/\" class=\"sya_postlink post-2525\" rel=\"bookmark\">KUBA DUDA SOLO, IM HEMDENDIENST<\/a><\/div><\/li><li class=\"\"><div class=\"sya_postcontent\"><span class=\"sya_date\"> <span class=\"sya_sep\"> <\/span><\/span><a href=\"https:\/\/www.krakauer-haus.de\/kh-test\/index.php\/2017\/07\/01\/inselkunst-2017-kornel-janczy-caspar-hueter\/\" class=\"sya_postlink post-2535\" rel=\"bookmark\">INSELKUNST 2017: KORNEL JANCZY + CASPAR H\u00dcTER<\/a><\/div><\/li><li class=\"\"><div class=\"sya_postcontent\"><span class=\"sya_date\"> <span class=\"sya_sep\"> <\/span><\/span><a href=\"https:\/\/www.krakauer-haus.de\/kh-test\/index.php\/2017\/06\/23\/parallelen-krk-nbg-vernissage\/\" class=\"sya_postlink post-2518\" rel=\"bookmark\">PARALLELEN \/\/ KRK-NBG: VERNISSAGE<\/a><\/div><\/li><li class=\"\"><div class=\"sya_postcontent\"><span class=\"sya_date\"> <span class=\"sya_sep\"> <\/span><\/span><a href=\"https:\/\/www.krakauer-haus.de\/kh-test\/index.php\/2017\/05\/14\/gaba-kulka-mit-band-abschlusskonzert-der-12-polnischen-filmwoche\/\" class=\"sya_postlink post-2511\" rel=\"bookmark\">GABA KULKA MIT BAND  &#8211; ABSCHLUSSKONZERT DER 12. POLNISCHEN FILMWOCHE<\/a><\/div><\/li><li class=\"\"><div class=\"sya_postcontent\"><span class=\"sya_date\"> <span class=\"sya_sep\"> <\/span><\/span><a href=\"https:\/\/www.krakauer-haus.de\/kh-test\/index.php\/2017\/05\/13\/polenreisen-trifft-die-welt-eine-veranstaltungsreihe-des-reisebueros-im-krakauer-haus\/\" class=\"sya_postlink post-2515\" rel=\"bookmark\">POLENREISEN TRIFFT DIE WELT  EINE VERANSTALTUNGSREIHE DES REISEB\u00dcROS IM KRAKAUER HAUS<\/a><\/div><\/li><li class=\"\"><div class=\"sya_postcontent\"><span class=\"sya_date\"> <span class=\"sya_sep\"> <\/span><\/span><a href=\"https:\/\/www.krakauer-haus.de\/kh-test\/index.php\/2017\/05\/06\/karolina-cicha-bart-palyga-9-languages-blaue-nacht-im-krakauer-haus\/\" class=\"sya_postlink post-2504\" rel=\"bookmark\">KAROLINA CICHA &#038; BART PA\u0141YGA: 9 LANGUAGES BLAUE NACHT IM KRAKAUER HAUS<\/a><\/div><\/li><li class=\"\"><div class=\"sya_postcontent\"><span class=\"sya_date\"> <span class=\"sya_sep\"> <\/span><\/span><a href=\"https:\/\/www.krakauer-haus.de\/kh-test\/index.php\/2017\/04\/27\/12-polnische-filmwoche-2017\/\" class=\"sya_postlink post-2508\" rel=\"bookmark\">12. POLNISCHE FILMWOCHE 2017<\/a><\/div><\/li><li class=\"\"><div class=\"sya_postcontent\"><span class=\"sya_date\"> <span class=\"sya_sep\"> <\/span><\/span><a href=\"https:\/\/www.krakauer-haus.de\/kh-test\/index.php\/2017\/01\/21\/polenreisen-trifft-die-welt-eine-veranstaltungsreihe-des-reisebueros-im-krakauer-haus-mongolischer-abend-27-1-und-nepal-treffen-21-1\/\" class=\"sya_postlink post-2481\" rel=\"bookmark\">POLENREISEN TRIFFT DIE WELT EINE VERANSTALTUNGSREIHE DES REISEB\u00dcROS IM KRAKAUER HAUS.  MONGOLISCHER ABEND (27.1.) UND NEPAL-TREFFEN (21.1.)<\/a><\/div><\/li><li class=\"\"><div class=\"sya_postcontent\"><span class=\"sya_date\"> <span class=\"sya_sep\"> <\/span><\/span><a href=\"https:\/\/www.krakauer-haus.de\/kh-test\/index.php\/2017\/01\/02\/kinder-eltern-aktion-die-legende-von-herrn-twardowski-im-germanischen-nationalmuseum\/\" class=\"sya_postlink post-2488\" rel=\"bookmark\">KINDER-ELTERN- AKTION: DIE LEGENDE VON HERRN TWARDOWSKI IM GERMANISCHEN NATIONALMUSEUM<\/a><\/div><\/li><li class=\"\"><div class=\"sya_postcontent\"><span class=\"sya_date\"> <span class=\"sya_sep\"> <\/span><\/span><a href=\"https:\/\/www.krakauer-haus.de\/kh-test\/index.php\/2017\/01\/02\/erzaehlkunstfestival-zauberwort-2\/\" class=\"sya_postlink post-2485\" rel=\"bookmark\">ERZ\u00c4HLKUNSTFESTIVAL \u201eZAUBERWORT\u201c<\/a><\/div><\/li><\/ul><a id=\"year2016\"><\/a><a href=\"https:\/\/www.krakauer-haus.de\/kh-test\/index.php\/2016\/\" rel=\"section\">2016<\/a><ul><li class=\"\"><div class=\"sya_postcontent\"><span class=\"sya_date\"> <span class=\"sya_sep\"> <\/span><\/span><a href=\"https:\/\/www.krakauer-haus.de\/kh-test\/index.php\/2016\/12\/03\/afro-groove-konzert-mit-magda-piskorczyk\/\" class=\"sya_postlink post-2478\" rel=\"bookmark\">AFRO GROOVE \u2013 KONZERT MIT MAGDA PISKORCZYK<\/a><\/div><\/li><li class=\"\"><div class=\"sya_postcontent\"><span class=\"sya_date\"> <span class=\"sya_sep\"> <\/span><\/span><a href=\"https:\/\/www.krakauer-haus.de\/kh-test\/index.php\/2016\/11\/01\/die-legende-von-herrn-twardowski-kinderworkshop-in-der-stadtbibliothek-fuer-schulklassen-und-kinder-ab-7-jahren-mit-kasia-prusik-lutz\/\" class=\"sya_postlink post-2475\" rel=\"bookmark\">DIE LEGENDE VON HERRN TWARDOWSKI  KINDERWORKSHOP  IN DER STADTBIBLIOTHEK  F\u00dcR SCHULKLASSEN UND KINDER AB 7 JAHREN  MIT KASIA PRUSIK-LUTZ<\/a><\/div><\/li><li class=\"\"><div class=\"sya_postcontent\"><span class=\"sya_date\"> <span class=\"sya_sep\"> <\/span><\/span><a href=\"https:\/\/www.krakauer-haus.de\/kh-test\/index.php\/2016\/10\/01\/polenallergie-impfung-nr-8-2016-eine-konzertreihe\/\" class=\"sya_postlink post-2472\" rel=\"bookmark\">POLENALLERGIE: IMPFUNG NR. 8 \/ 2016                           EINE KONZERTREIHE<\/a><\/div><\/li><li class=\"\"><div class=\"sya_postcontent\"><span class=\"sya_date\"> <span class=\"sya_sep\"> <\/span><\/span><a href=\"https:\/\/www.krakauer-haus.de\/kh-test\/index.php\/2016\/09\/14\/ein-deutsches-tagebuch-lesung-mit-stefan-chwin\/\" class=\"sya_postlink post-2469\" rel=\"bookmark\">&#8222;EIN DEUTSCHES TAGEBUCH&#8220; LESUNG MIT STEFAN CHWIN<\/a><\/div><\/li><li class=\"\"><div class=\"sya_postcontent\"><span class=\"sya_date\"> <span class=\"sya_sep\"> <\/span><\/span><a href=\"https:\/\/www.krakauer-haus.de\/kh-test\/index.php\/2016\/07\/08\/hejnal-mariacki-in-nuernberg-zum-20-jubilaeum-des-krakauer-hauses\/\" class=\"sya_postlink post-2466\" rel=\"bookmark\">\u201eHEJNA\u0141 MARIACKI\u201c IN N\u00dcRNBERG  ZUM 20. JUBIL\u00c4UM DES KRAKAUER HAUSES<\/a><\/div><\/li><li class=\"\"><div class=\"sya_postcontent\"><span class=\"sya_date\"> <span class=\"sya_sep\"> <\/span><\/span><a href=\"https:\/\/www.krakauer-haus.de\/kh-test\/index.php\/2016\/07\/08\/jubilaeumsfeier-zum-20-jubilaeum-des-krakauer-hauses\/\" class=\"sya_postlink post-2462\" rel=\"bookmark\">JUBIL\u00c4UMSFEIER ZUM 20. JUBIL\u00c4UM DES KRAKAUER HAUSES<\/a><\/div><\/li><li class=\"\"><div class=\"sya_postcontent\"><span class=\"sya_date\"> <span class=\"sya_sep\"> <\/span><\/span><a href=\"https:\/\/www.krakauer-haus.de\/kh-test\/index.php\/2016\/07\/08\/kunstprojekt-20-zum-20-jubilaeum-des-krakauer-hauses-und-des-nuernberger-hauses\/\" class=\"sya_postlink post-2457\" rel=\"bookmark\">\u201e20\u201c Ausstellung im \u00f6ffentlichen Raum<\/a><\/div><\/li><li class=\"\"><div class=\"sya_postcontent\"><span class=\"sya_date\"> <span class=\"sya_sep\"> <\/span><\/span><a href=\"https:\/\/www.krakauer-haus.de\/kh-test\/index.php\/2016\/07\/01\/poesie-aus-krakau-auf-den-nuernberger-strassen\/\" class=\"sya_postlink post-2454\" rel=\"bookmark\">POESIE AUS KRAKAU AUF DEN N\u00dcRNBERGER STRASSEN<\/a><\/div><\/li><li class=\"\"><div class=\"sya_postcontent\"><span class=\"sya_date\"> <span class=\"sya_sep\"> <\/span><\/span><a href=\"https:\/\/www.krakauer-haus.de\/kh-test\/index.php\/2016\/06\/26\/podiumsgespraech-zur-kultur-politischen-situation-und-den-aktuellen-entwicklungen-in-polen\/\" class=\"sya_postlink post-2443\" rel=\"bookmark\">PODIUMSGESPR\u00c4CH  ZUR (KULTUR-)POLITISCHEN SITUATION  UND DEN AKTUELLEN ENTWICKLUNGEN IN POLEN<\/a><\/div><\/li><li class=\"\"><div class=\"sya_postcontent\"><span class=\"sya_date\"> <span class=\"sya_sep\"> <\/span><\/span><a href=\"https:\/\/www.krakauer-haus.de\/kh-test\/index.php\/2016\/06\/23\/kozmik-blues-konzert-mit-natalia-natu-przybysz-und-band-im-rahmen-des-festivals-talking-about-borders\/\" class=\"sya_postlink post-2364\" rel=\"bookmark\">KOZMIK BLUES KONZERT MIT NATALIA \u201aNATU\u2018 PRZYBYSZ UND BAND IM RAHMEN DES FESTIVALS TALKING ABOUT BORDERS<\/a><\/div><\/li><li class=\"\"><div class=\"sya_postcontent\"><span class=\"sya_date\"> <span class=\"sya_sep\"> <\/span><\/span><a href=\"https:\/\/www.krakauer-haus.de\/kh-test\/index.php\/2016\/06\/01\/eine-blitzausstellung-food-doof-von-krakauer-und-nuernberger-kuenstlern\/\" class=\"sya_postlink post-2447\" rel=\"bookmark\">EINE BLITZAUSSTELLUNG &#8222;FOOD DOOF&#8220; VON KRAKAUER UND N\u00dcRNBERGER K\u00dcNSTLERN<\/a><\/div><\/li><li class=\"\"><div class=\"sya_postcontent\"><span class=\"sya_date\"> <span class=\"sya_sep\"> <\/span><\/span><a href=\"https:\/\/www.krakauer-haus.de\/kh-test\/index.php\/2016\/05\/13\/wojtek-mazolewski-quintet\/\" class=\"sya_postlink post-2361\" rel=\"bookmark\">WOJTEK MAZOLEWSKI QUINTET<\/a><\/div><\/li><li class=\"\"><div class=\"sya_postcontent\"><span class=\"sya_date\"> <span class=\"sya_sep\"> <\/span><\/span><a href=\"https:\/\/www.krakauer-haus.de\/kh-test\/index.php\/2016\/05\/07\/sympli-romatiko-welttraumtaenzer-mit-hausgemachten-synthiesounds\/\" class=\"sya_postlink post-2349\" rel=\"bookmark\">SYMPLI ROMATIK\u00d3  WELT(T)RAUMT\u00c4NZER MIT HAUSGEMACHTEN SYNTHIESOUNDS<\/a><\/div><\/li><li class=\"\"><div class=\"sya_postcontent\"><span class=\"sya_date\"> <span class=\"sya_sep\"> <\/span><\/span><a href=\"https:\/\/www.krakauer-haus.de\/kh-test\/index.php\/2016\/05\/04\/tymon-tymanski-transistors\/\" class=\"sya_postlink post-2355\" rel=\"bookmark\">TYMON TYMA\u0143SKI &#038; TRANSISTORS<\/a><\/div><\/li><li class=\"\"><div class=\"sya_postcontent\"><span class=\"sya_date\"> <span class=\"sya_sep\"> <\/span><\/span><a href=\"https:\/\/www.krakauer-haus.de\/kh-test\/index.php\/2016\/04\/28\/11-polnische-filmwoche-2016\/\" class=\"sya_postlink post-2358\" rel=\"bookmark\">11. POLNISCHE FILMWOCHE 2016<\/a><\/div><\/li><li class=\"\"><div class=\"sya_postcontent\"><span class=\"sya_date\"> <span class=\"sya_sep\"> <\/span><\/span><a href=\"https:\/\/www.krakauer-haus.de\/kh-test\/index.php\/2016\/03\/17\/matthias-nawrat-liest-die-vielen-tode-unseres-opas-jurek\/\" class=\"sya_postlink post-2335\" rel=\"bookmark\">MATTHIAS NAWRAT LIEST  \u201eDIE VIELEN TODE UNSERES OPAS JUREK\u201c<\/a><\/div><\/li><li class=\"\"><div class=\"sya_postcontent\"><span class=\"sya_date\"> <span class=\"sya_sep\"> <\/span><\/span><a href=\"https:\/\/www.krakauer-haus.de\/kh-test\/index.php\/2016\/03\/06\/przemyk-akustik-trio-renata-przemyk-mit-piotr-wojtanowski-und-grzegorz-palka\/\" class=\"sya_postlink post-2342\" rel=\"bookmark\">\u201ePRZEMYK AKUSTIK TRIO\u201c  RENATA PRZEMYK MIT PIOTR WOJTANOWSKI UND GRZEGORZ PALKA<\/a><\/div><\/li><\/ul><a id=\"year2015\"><\/a><a href=\"https:\/\/www.krakauer-haus.de\/kh-test\/index.php\/2015\/\" rel=\"section\">2015<\/a><ul><li class=\"\"><div class=\"sya_postcontent\"><span class=\"sya_date\"> <span class=\"sya_sep\"> <\/span><\/span><a href=\"https:\/\/www.krakauer-haus.de\/kh-test\/index.php\/2015\/12\/01\/ceratitis-capitata-by-pawel-szamburski\/\" class=\"sya_postlink post-2332\" rel=\"bookmark\">CERATITIS CAPITATA BY PAWEL SZAMBURSKI<\/a><\/div><\/li><li class=\"\"><div class=\"sya_postcontent\"><span class=\"sya_date\"> <span class=\"sya_sep\"> <\/span><\/span><a href=\"https:\/\/www.krakauer-haus.de\/kh-test\/index.php\/2015\/12\/01\/raphael-roginski-plays-john-coltrane-and-langston-hughes-african-mystic-music\/\" class=\"sya_postlink post-2329\" rel=\"bookmark\">RAPHAEL ROGINSKI PLAYS JOHN COLTRANE AND LANGSTON HUGHES \u2013 AFRICAN MYSTIC MUSIC<\/a><\/div><\/li><li class=\"\"><div class=\"sya_postcontent\"><span class=\"sya_date\"> <span class=\"sya_sep\"> <\/span><\/span><a href=\"https:\/\/www.krakauer-haus.de\/kh-test\/index.php\/2015\/11\/12\/polenallergie-impfung-nr-7-2015-eine-konzertreihe\/\" class=\"sya_postlink post-2306\" rel=\"bookmark\">POLENALLERGIE: IMPFUNG NR. 7 \/ 2015                           EINE KONZERTREIHE<\/a><\/div><\/li><li class=\"\"><div class=\"sya_postcontent\"><span class=\"sya_date\"> <span class=\"sya_sep\"> <\/span><\/span><a href=\"https:\/\/www.krakauer-haus.de\/kh-test\/index.php\/2015\/11\/11\/das-tier-in-meinem-bauch-und-andere-kindergeschichten-polnische-kinderliteratur-zum-anfassen-begegnungen-mit-polnischen-autoren-und-illustratoren-fuer-grosse-und-kleine-menschen\/\" class=\"sya_postlink post-2313\" rel=\"bookmark\">DAS TIER IN MEINEM BAUCH UND ANDERE KINDERGESCHICHTEN. POLNISCHE (KINDER)LITERATUR ZUM ANFASSEN &#8211; BEGEGNUNGEN MIT POLNISCHEN AUTOREN UND ILLUSTRATOREN F\u00dcR GROSSE UND KLEINE MENSCHEN<\/a><\/div><\/li><li class=\"\"><div class=\"sya_postcontent\"><span class=\"sya_date\"> <span class=\"sya_sep\"> <\/span><\/span><a href=\"https:\/\/www.krakauer-haus.de\/kh-test\/index.php\/2015\/10\/25\/polnische-filmwoche-spezial-unser-letzter-sommer-filmvorfuehrung-und-ein-publikumgespraech-mit-dem-regisseur-michal-rogalski\/\" class=\"sya_postlink post-2303\" rel=\"bookmark\">POLNISCHE-FILMWOCHE-SPEZIAL: &#8222;UNSER LETZTER SOMMER&#8220; FILMVORF\u00dcHRUNG UND EIN PUBLIKUMGESPR\u00c4CH  MIT DEM REGISSEUR MICHAL ROGALSKI.<\/a><\/div><\/li><li class=\"\"><div class=\"sya_postcontent\"><span class=\"sya_date\"> <span class=\"sya_sep\"> <\/span><\/span><a href=\"https:\/\/www.krakauer-haus.de\/kh-test\/index.php\/2015\/06\/19\/wojciech-pszoniak-auf-einladung-der-deutsch-polnischen-gesellschaft\/\" class=\"sya_postlink post-2300\" rel=\"bookmark\">WOJCIECH PSZONIAK  (AUF EINLADUNG DER DEUTSCH-POLNISCHEN GESELLSCHAFT)<\/a><\/div><\/li><li class=\"\"><div class=\"sya_postcontent\"><span class=\"sya_date\"> <span class=\"sya_sep\"> <\/span><\/span><a href=\"https:\/\/www.krakauer-haus.de\/kh-test\/index.php\/2015\/06\/13\/die-legende-vom-krakauer-drachen-eine-kinder-eltern-aktion-workshop-fuer-kinder-von-5-bis-9-jahren-zur-langen-monster-museumsnacht\/\" class=\"sya_postlink post-2285\" rel=\"bookmark\">DIE LEGENDE VOM KRAKAUER DRACHEN EINE KINDER-ELTERN-AKTION WORKSHOP F\u00dcR KINDER VON 5 BIS 9 JAHREN ZUR LANGEN MONSTER-MUSEUMSNACHT<\/a><\/div><\/li><li class=\"\"><div class=\"sya_postcontent\"><span class=\"sya_date\"> <span class=\"sya_sep\"> <\/span><\/span><a href=\"https:\/\/www.krakauer-haus.de\/kh-test\/index.php\/2015\/06\/01\/eine-sondervorfuehrung-des-filmes-rejs-mit-einem-kurzen-polnischkurs\/\" class=\"sya_postlink post-2281\" rel=\"bookmark\">EINE SONDERVORF\u00dcHRUNG DES FILMES &#8222;REJS&#8220;  MIT EINEM KURZEN POLNISCHKURS<\/a><\/div><\/li><li class=\"\"><div class=\"sya_postcontent\"><span class=\"sya_date\"> <span class=\"sya_sep\"> <\/span><\/span><a href=\"https:\/\/www.krakauer-haus.de\/kh-test\/index.php\/2015\/06\/01\/kurzfilme-von-roman-polanski-animationen-von-wladyslaw-starewicz-mit-livemusik-von-szaza-zur-blauen-nacht\/\" class=\"sya_postlink post-2278\" rel=\"bookmark\">KURZFILME VON ROMAN POLANSKI &#038;  ANIMATIONEN VON W\u0141ADYS\u0141AW STAREWICZ  MIT LIVEMUSIK VON SZAZA (ZUR BLAUEN NACHT)<\/a><\/div><\/li><li class=\"\"><div class=\"sya_postcontent\"><span class=\"sya_date\"> <span class=\"sya_sep\"> <\/span><\/span><a href=\"https:\/\/www.krakauer-haus.de\/kh-test\/index.php\/2015\/05\/23\/ircha-mikolaj-trzaska-clarinet-quartet\/\" class=\"sya_postlink post-2275\" rel=\"bookmark\">IRCHA &#8211; MIKO\u0141AJ TRZASKA CLARINET QUARTET<\/a><\/div><\/li><li class=\"\"><div class=\"sya_postcontent\"><span class=\"sya_date\"> <span class=\"sya_sep\"> <\/span><\/span><a href=\"https:\/\/www.krakauer-haus.de\/kh-test\/index.php\/2015\/04\/23\/10-polnische-filmwoche-2015\/\" class=\"sya_postlink post-2273\" rel=\"bookmark\">10. POLNISCHE FILMWOCHE 2015<\/a><\/div><\/li><li class=\"\"><div class=\"sya_postcontent\"><span class=\"sya_date\"> <span class=\"sya_sep\"> <\/span><\/span><a href=\"https:\/\/www.krakauer-haus.de\/kh-test\/index.php\/2015\/03\/01\/roman-polanski-als-regisseur-und-schauspieler-fotoausstellung\/\" class=\"sya_postlink post-2270\" rel=\"bookmark\">ROMAN POLANSKI ALS REGISSEUR UND SCHAUSPIELER &#8211; FOTOAUSSTELLUNG<\/a><\/div><\/li><li class=\"\"><div class=\"sya_postcontent\"><span class=\"sya_date\"> <span class=\"sya_sep\"> <\/span><\/span><a href=\"https:\/\/www.krakauer-haus.de\/kh-test\/index.php\/2015\/02\/26\/konzert-cukunft-klezmer-mit-zeitgenoessischem-sound\/\" class=\"sya_postlink post-2264\" rel=\"bookmark\">KONZERT: CUKUNFT &#8211; KLEZMER MIT ZEITGEN\u00d6SSISCHEM SOUND<\/a><\/div><\/li><li class=\"\"><div class=\"sya_postcontent\"><span class=\"sya_date\"> <span class=\"sya_sep\"> <\/span><\/span><a href=\"https:\/\/www.krakauer-haus.de\/kh-test\/index.php\/2015\/02\/01\/die-sendung-mit-dem-polnischen-akzent\/\" class=\"sya_postlink post-2261\" rel=\"bookmark\">DIE SENDUNG MIT DEM POLNISCHEN AKZENT<\/a><\/div><\/li><li class=\"\"><div class=\"sya_postcontent\"><span class=\"sya_date\"> <span class=\"sya_sep\"> <\/span><\/span><a href=\"https:\/\/www.krakauer-haus.de\/kh-test\/index.php\/2015\/01\/29\/lesung-marta-kijowska-kurier-der-erinnerung-das-leben-des-jan-karski\/\" class=\"sya_postlink post-2258\" rel=\"bookmark\">LESUNG: MARTA KIJOWSKA,  \u201eKURIER DER ERINNERUNG \u2013  DAS LEBEN DES JAN KARSKI\u201c<\/a><\/div><\/li><li class=\"\"><div class=\"sya_postcontent\"><span class=\"sya_date\"> <span class=\"sya_sep\"> <\/span><\/span><a href=\"https:\/\/www.krakauer-haus.de\/kh-test\/index.php\/2015\/01\/18\/kinder-machen-musik\/\" class=\"sya_postlink post-2252\" rel=\"bookmark\">KINDER MACHEN MUSIK<\/a><\/div><\/li><li class=\"\"><div class=\"sya_postcontent\"><span class=\"sya_date\"> <span class=\"sya_sep\"> <\/span><\/span><a href=\"https:\/\/www.krakauer-haus.de\/kh-test\/index.php\/2015\/01\/17\/aus-der-reihe-polenreisen-trifft-die-welt\/\" class=\"sya_postlink post-2255\" rel=\"bookmark\">AUS DER REIHE: POLENREISEN TRIFFT DIE WELT<\/a><\/div><\/li><li class=\"\"><div class=\"sya_postcontent\"><span class=\"sya_date\"> <span class=\"sya_sep\"> <\/span><\/span><a href=\"https:\/\/www.krakauer-haus.de\/kh-test\/index.php\/2015\/01\/16\/du-oder-ich-volkslieder-modern-interpretiert\/\" class=\"sya_postlink post-2246\" rel=\"bookmark\">\u201eDU ODER ICH\u201c &#8211;  VOLKSLIEDER MODERN INTERPRETIERT<\/a><\/div><\/li><li class=\"\"><div class=\"sya_postcontent\"><span class=\"sya_date\"> <span class=\"sya_sep\"> <\/span><\/span><a href=\"https:\/\/www.krakauer-haus.de\/kh-test\/index.php\/2015\/01\/02\/erzaehlkunstfestival-zauberwort\/\" class=\"sya_postlink post-2249\" rel=\"bookmark\">ERZ\u00c4HLKUNSTFESTIVAL ZAUBERWORT<\/a><\/div><\/li><\/ul><a id=\"year2014\"><\/a><a href=\"https:\/\/www.krakauer-haus.de\/kh-test\/index.php\/2014\/\" rel=\"section\">2014<\/a><ul><li class=\"\"><div class=\"sya_postcontent\"><span class=\"sya_date\"> <span class=\"sya_sep\"> <\/span><\/span><a href=\"https:\/\/www.krakauer-haus.de\/kh-test\/index.php\/2014\/12\/07\/neue-reihe-polenreisen-trifft-die-welt\/\" class=\"sya_postlink post-2237\" rel=\"bookmark\">NEUE REIHE: POLENREISEN TRIFFT DIE WELT<\/a><\/div><\/li><li class=\"\"><div class=\"sya_postcontent\"><span class=\"sya_date\"> <span class=\"sya_sep\"> <\/span><\/span><a href=\"https:\/\/www.krakauer-haus.de\/kh-test\/index.php\/2014\/11\/25\/podiumsdiskussion-zum-thema-was-ist-aus-dem-maidan-geworden\/\" class=\"sya_postlink post-2231\" rel=\"bookmark\">PODIUMSDISKUSSION ZUM THEMA  &#8222;WAS IST AUS DEM MAIDAN GEWORDEN?&#8220;<\/a><\/div><\/li><li class=\"\"><div class=\"sya_postcontent\"><span class=\"sya_date\"> <span class=\"sya_sep\"> <\/span><\/span><a href=\"https:\/\/www.krakauer-haus.de\/kh-test\/index.php\/2014\/11\/17\/fotoausstellung-von-vladyslaw-musienko-maidan-ukraine-europa-eine-revolution-der-wuerde\/\" class=\"sya_postlink post-2234\" rel=\"bookmark\">FOTOAUSSTELLUNG VON VLADYSLAW MUSIENKO  &#8222;MAIDAN UKRAINE EUROPA:  EINE REVOLUTION DER W\u00dcRDE&#8220;.<\/a><\/div><\/li><li class=\"\"><div class=\"sya_postcontent\"><span class=\"sya_date\"> <span class=\"sya_sep\"> <\/span><\/span><a href=\"https:\/\/www.krakauer-haus.de\/kh-test\/index.php\/2014\/11\/12\/polenallergie-impfung-nr-6-2014-eine-konzertreihe\/\" class=\"sya_postlink post-2229\" rel=\"bookmark\">POLENALLERGIE: IMPFUNG NR. 6 \/ 2014                           EINE KONZERTREIHE<\/a><\/div><\/li><li class=\"\"><div class=\"sya_postcontent\"><span class=\"sya_date\"> <span class=\"sya_sep\"> <\/span><\/span><a href=\"https:\/\/www.krakauer-haus.de\/kh-test\/index.php\/2014\/09\/25\/konzert-electronic-meets-jazz-tomek-grochot-electric-machine-ort-krakauer-haus\/\" class=\"sya_postlink post-2185\" rel=\"bookmark\">KONZERT: ELECTRONIC MEETS JAZZ TOMEK GROCHOT ELECTRIC MACHINE ORT: KRAKAUER HAUS<\/a><\/div><\/li><li class=\"\"><div class=\"sya_postcontent\"><span class=\"sya_date\"> <span class=\"sya_sep\"> <\/span><\/span><a href=\"https:\/\/www.krakauer-haus.de\/kh-test\/index.php\/2014\/09\/24\/fotoausstellung-mit-text-von-jutta-missbach-polnische-stimmen-zu-europa-wunsch-und-wirklichkeit-2004-2014-ort-internationales-haus-hans-sachs-platz\/\" class=\"sya_postlink post-2194\" rel=\"bookmark\">FOTOAUSSTELLUNG MIT TEXT \u2013 VON JUTTA MISSBACH POLNISCHE STIMMEN ZU EUROPA: WUNSCH UND WIRKLICHKEIT. 2004 | 2014 ORT: INTERNATIONALES HAUS, HANS SACHS PLATZ<\/a><\/div><\/li><li class=\"\"><div class=\"sya_postcontent\"><span class=\"sya_date\"> <span class=\"sya_sep\"> <\/span><\/span><a href=\"https:\/\/www.krakauer-haus.de\/kh-test\/index.php\/2014\/09\/14\/drachen-workshop-eine-kinder-eltern-aktion-fuer-kinder-von-5-bis-9-jahren-2\/\" class=\"sya_postlink post-2177\" rel=\"bookmark\">EINE KINDER-ELTERN-AKTION &#8211; WORKSHOP F\u00dcR KINDER VON 5 BIS 9 JAHREN  DIE LEGENDE VOM KRAKAUER DRACHEN  ORT: GERMANISCHES NATIONALMUSEUM, TREFFPUNKT IN DER EINGANGSHALLE<\/a><\/div><\/li><li class=\"\"><div class=\"sya_postcontent\"><span class=\"sya_date\"> <span class=\"sya_sep\"> <\/span><\/span><a href=\"https:\/\/www.krakauer-haus.de\/kh-test\/index.php\/2014\/09\/12\/fembohaus-burgstrasse-15-eine-tanzauffuehrung-rund-um-veit-stoss-und-die-buergerliche-und-hoefische-welt-des-15-jahrhunderts\/\" class=\"sya_postlink post-2206\" rel=\"bookmark\">FEMBOHAUS, BURGSTRASSE 15 EINE TANZAUFF\u00dcHRUNG RUND UM VEIT STOSS UND DIE B\u00dcRGERLICHE UND H\u00d6FISCHE WELT DES 15. JAHRHUNDERTS<\/a><\/div><\/li><li class=\"\"><div class=\"sya_postcontent\"><span class=\"sya_date\"> <span class=\"sya_sep\"> <\/span><\/span><a href=\"https:\/\/www.krakauer-haus.de\/kh-test\/index.php\/2014\/09\/07\/konzert-vladimirska-ort-hemdendienst-rothenburger-str-10-altes-fundamt-des-nuernberger-volksbads\/\" class=\"sya_postlink post-2200\" rel=\"bookmark\">KONZERT: VLADIMIRSKA. ORT: HEMDENDIENST, ROTHENBURGER STR. 10 (ALTES FUNDAMT DES N\u00dcRNBERGER VOLKSBADS)<\/a><\/div><\/li><li class=\"\"><div class=\"sya_postcontent\"><span class=\"sya_date\"> <span class=\"sya_sep\"> <\/span><\/span><a href=\"https:\/\/www.krakauer-haus.de\/kh-test\/index.php\/2014\/09\/06\/erstmalige-praesentation-eines-streichklaviers-in-deutschland-viola-organista-ort-st-egidien-nuernberg\/\" class=\"sya_postlink post-2218\" rel=\"bookmark\">ERSTMALIGE PR\u00c4SENTATION EINES \u201eSTREICHKLAVIERS\u201c IN DEUTSCHLAND VIOLA ORGANISTA ORT: ST. EGIDIEN N\u00dcRNBERG<\/a><\/div><\/li><li class=\"\"><div class=\"sya_postcontent\"><span class=\"sya_date\"> <span class=\"sya_sep\"> <\/span><\/span><a href=\"https:\/\/www.krakauer-haus.de\/kh-test\/index.php\/2014\/05\/03\/blaue-nacht-ms-no-one-konzerte-um-20-30-21-45-22-45-uhr\/\" class=\"sya_postlink post-2165\" rel=\"bookmark\">BLAUE NACHT MS. NO ONE &#8211; KONZERTE UM 20.30, 21.45, 22.45 UHR<\/a><\/div><\/li><li class=\"\"><div class=\"sya_postcontent\"><span class=\"sya_date\"> <span class=\"sya_sep\"> <\/span><\/span><a href=\"https:\/\/www.krakauer-haus.de\/kh-test\/index.php\/2014\/05\/01\/9-polnische-filmwoche-2014\/\" class=\"sya_postlink post-2174\" rel=\"bookmark\">9. POLNISCHE FILMWOCHE 2014<\/a><\/div><\/li><li class=\"\"><div class=\"sya_postcontent\"><span class=\"sya_date\"> <span class=\"sya_sep\"> <\/span><\/span><a href=\"https:\/\/www.krakauer-haus.de\/kh-test\/index.php\/2014\/04\/11\/klezzmates-moderne-klezmermusik-aus-krakau\/\" class=\"sya_postlink post-2151\" rel=\"bookmark\">KLEZZMATES \u2013 MODERNE KLEZMERMUSIK AUS KRAKAU<\/a><\/div><\/li><li class=\"\"><div class=\"sya_postcontent\"><span class=\"sya_date\"> <span class=\"sya_sep\"> <\/span><\/span><a href=\"https:\/\/www.krakauer-haus.de\/kh-test\/index.php\/2014\/04\/03\/ein-gespraech-ueber-die-grenzen-der-kunst-und-ueber-die-verantwortung-der-politisch-engagierten-fotografie\/\" class=\"sya_postlink post-2155\" rel=\"bookmark\">EIN GESPR\u00c4CH \u00dcBER DIE GRENZEN DER KUNST UND \u00dcBER DIE VERANTWORTUNG DER POLITISCH ENGAGIERTEN FOTOGRAFIE<\/a><\/div><\/li><li class=\"\"><div class=\"sya_postcontent\"><span class=\"sya_date\"> <span class=\"sya_sep\"> <\/span><\/span><a href=\"https:\/\/www.krakauer-haus.de\/kh-test\/index.php\/2014\/04\/01\/die-sendung-mit-dem-polnischen-akzent-seit-anfang-2013-jeden-2-und-4-mittwoch-im-monat-von-19-bis-20-uhr-bei-radio-z-958-mhz\/\" class=\"sya_postlink post-2162\" rel=\"bookmark\">DIE SENDUNG MIT DEM POLNISCHEN AKZENT  SEIT ANFANG 2013: JEDEN 2. UND 4. MITTWOCH IM MONAT VON 19 BIS 20 UHR BEI RADIO-Z 95,8 MHZ.<\/a><\/div><\/li><\/ul><a id=\"year2013\"><\/a><a href=\"https:\/\/www.krakauer-haus.de\/kh-test\/index.php\/2013\/\" rel=\"section\">2013<\/a><ul><li class=\"\"><div class=\"sya_postcontent\"><span class=\"sya_date\"> <span class=\"sya_sep\"> <\/span><\/span><a href=\"https:\/\/www.krakauer-haus.de\/kh-test\/index.php\/2013\/11\/23\/polenallergie-impfung-nr-5-2013-eine-konzertreihe\/\" class=\"sya_postlink post-2148\" rel=\"bookmark\">POLENALLERGIE: IMPFUNG NR. 5 \/ 2013                           EINE KONZERTREIHE<\/a><\/div><\/li><li class=\"\"><div class=\"sya_postcontent\"><span class=\"sya_date\"> <span class=\"sya_sep\"> <\/span><\/span><a href=\"https:\/\/www.krakauer-haus.de\/kh-test\/index.php\/2013\/09\/29\/ein-tag-mit-poesie-schere-und-katzen-gewidmet-wislawa-szymborska-im-heilig-geist-haus\/\" class=\"sya_postlink post-2144\" rel=\"bookmark\">EIN TAG MIT POESIE, SCHERE UND KATZEN \u2013  GEWIDMET WISLAWA SZYMBORSKA. IM HEILIG-GEIST-HAUS.<\/a><\/div><\/li><li class=\"\"><div class=\"sya_postcontent\"><span class=\"sya_date\"> <span class=\"sya_sep\"> <\/span><\/span><a href=\"https:\/\/www.krakauer-haus.de\/kh-test\/index.php\/2013\/09\/23\/wislawa-szymborska-collagen\/\" class=\"sya_postlink post-2141\" rel=\"bookmark\">WISLAWA SZYMBORSKA: COLLAGEN<\/a><\/div><\/li><li class=\"\"><div class=\"sya_postcontent\"><span class=\"sya_date\"> <span class=\"sya_sep\"> <\/span><\/span><a href=\"https:\/\/www.krakauer-haus.de\/kh-test\/index.php\/2013\/08\/10\/fest-der-partnerstaedte-im-tucherschloss\/\" class=\"sya_postlink post-2136\" rel=\"bookmark\">FEST DER PARTNERST\u00c4DTE IM TUCHERSCHLOSS<\/a><\/div><\/li><li class=\"\"><div class=\"sya_postcontent\"><span class=\"sya_date\"> <span class=\"sya_sep\"> <\/span><\/span><a href=\"https:\/\/www.krakauer-haus.de\/kh-test\/index.php\/2013\/05\/22\/the-goho-hobos-meet-limboski-kulturgarten-koenigstrasse-93\/\" class=\"sya_postlink post-2130\" rel=\"bookmark\">THE GOHO HOBOS MEET LIMBOSKI  KULTURGARTEN, K\u00d6NIGSTRASSE 93<\/a><\/div><\/li><li class=\"\"><div class=\"sya_postcontent\"><span class=\"sya_date\"> <span class=\"sya_sep\"> <\/span><\/span><a href=\"https:\/\/www.krakauer-haus.de\/kh-test\/index.php\/2013\/05\/04\/the-goho-hobos-meet-stadt-aus-draht\/\" class=\"sya_postlink post-2121\" rel=\"bookmark\">THE GOHO HOBOS MEET STADT AUS DRAHT<\/a><\/div><\/li><li class=\"\"><div class=\"sya_postcontent\"><span class=\"sya_date\"> <span class=\"sya_sep\"> <\/span><\/span><a href=\"https:\/\/www.krakauer-haus.de\/kh-test\/index.php\/2013\/04\/25\/8-polnische-filmwoche-2013\/\" class=\"sya_postlink post-2133\" rel=\"bookmark\">8. POLNISCHE FILMWOCHE 2013<\/a><\/div><\/li><li class=\"\"><div class=\"sya_postcontent\"><span class=\"sya_date\"> <span class=\"sya_sep\"> <\/span><\/span><a href=\"https:\/\/www.krakauer-haus.de\/kh-test\/index.php\/2013\/03\/03\/geva-alon-israel-vorgruppe-nick-june\/\" class=\"sya_postlink post-2103\" rel=\"bookmark\">GEVA ALON\/ISRAEL VORGRUPPE: NICK &#038; JUNE<\/a><\/div><\/li><li class=\"\"><div class=\"sya_postcontent\"><span class=\"sya_date\"> <span class=\"sya_sep\"> <\/span><\/span><a href=\"https:\/\/www.krakauer-haus.de\/kh-test\/index.php\/2013\/02\/21\/ich-bin-klein-aber-wichtig-die-kinderrepublik-des-janusz-korczak-ausstellung-mit-illustrationen-und-bilder-workshops-fuer-grundschulkinder\/\" class=\"sya_postlink post-2108\" rel=\"bookmark\">ICH BIN KLEIN, ABER WICHTIG DIE KINDERREPUBLIK DES JANUSZ KORCZAK AUSSTELLUNG MIT ILLUSTRATIONEN UND BILDER, WORKSHOPS F\u00dcR GRUNDSCHULKINDER<\/a><\/div><\/li><\/ul><a id=\"year2012\"><\/a><a href=\"https:\/\/www.krakauer-haus.de\/kh-test\/index.php\/2012\/\" rel=\"section\">2012<\/a><ul><li class=\"\"><div class=\"sya_postcontent\"><span class=\"sya_date\"> <span class=\"sya_sep\"> <\/span><\/span><a href=\"https:\/\/www.krakauer-haus.de\/kh-test\/index.php\/2012\/11\/16\/kabarett-piwnica-pod-baranami-keller-zu-den-widdern-aus-krakau\/\" class=\"sya_postlink post-2100\" rel=\"bookmark\">KABARETT &#8222;PIWNICA POD BARANAMI&#8220; (KELLER ZU DEN WIDDERN) AUS KRAKAU<\/a><\/div><\/li><li class=\"\"><div class=\"sya_postcontent\"><span class=\"sya_date\"> <span class=\"sya_sep\"> <\/span><\/span><a href=\"https:\/\/www.krakauer-haus.de\/kh-test\/index.php\/2012\/10\/04\/polenallergie-impfung-nr-4-2012-eine-konzertreihe\/\" class=\"sya_postlink post-2094\" rel=\"bookmark\">POLENALLERGIE: IMPFUNG NR. 4 \/ 2012                           EINE KONZERTREIHE<\/a><\/div><\/li><li class=\"\"><div class=\"sya_postcontent\"><span class=\"sya_date\"> <span class=\"sya_sep\"> <\/span><\/span><a href=\"https:\/\/www.krakauer-haus.de\/kh-test\/index.php\/2012\/05\/19\/skinny-patriny\/\" class=\"sya_postlink post-2091\" rel=\"bookmark\">SKINNY PATRINY<\/a><\/div><\/li><li class=\"\"><div class=\"sya_postcontent\"><span class=\"sya_date\"> <span class=\"sya_sep\"> <\/span><\/span><a href=\"https:\/\/www.krakauer-haus.de\/kh-test\/index.php\/2012\/05\/10\/zigeuner-musiktheater-terno\/\" class=\"sya_postlink post-2085\" rel=\"bookmark\">ZIGEUNER-MUSIKTHEATER TERNO<\/a><\/div><\/li><li class=\"\"><div class=\"sya_postcontent\"><span class=\"sya_date\"> <span class=\"sya_sep\"> <\/span><\/span><a href=\"https:\/\/www.krakauer-haus.de\/kh-test\/index.php\/2012\/04\/19\/7-polnische-filmwoche-2012\/\" class=\"sya_postlink post-2088\" rel=\"bookmark\">7. POLNISCHE FILMWOCHE 2012<\/a><\/div><\/li><li class=\"\"><div class=\"sya_postcontent\"><span class=\"sya_date\"> <span class=\"sya_sep\"> <\/span><\/span><a href=\"https:\/\/www.krakauer-haus.de\/kh-test\/index.php\/2012\/04\/11\/translola-weibliche-rockpower-aus-krakau\/\" class=\"sya_postlink post-2079\" rel=\"bookmark\">TRANSLOLA &#8211; WEIBLICHE ROCKPOWER AUS KRAKAU<\/a><\/div><\/li><li class=\"\"><div class=\"sya_postcontent\"><span class=\"sya_date\"> <span class=\"sya_sep\"> <\/span><\/span><a href=\"https:\/\/www.krakauer-haus.de\/kh-test\/index.php\/2012\/03\/21\/fussballfieber-ausstellungseroeffnung-die-mannschaft-11-kuenstler-aus-krakau-in-wechselnden-positionen\/\" class=\"sya_postlink post-2008\" rel=\"bookmark\">FUSSBALLFIEBER! AUSSTELLUNGSER\u00d6FFNUNG \u2013 DIE MANNSCHAFT. 11 K\u00dcNSTLER AUS KRAKAU IN WECHSELNDEN POSITIONEN<\/a><\/div><\/li><li class=\"\"><div class=\"sya_postcontent\"><span class=\"sya_date\"> <span class=\"sya_sep\"> <\/span><\/span><a href=\"https:\/\/www.krakauer-haus.de\/kh-test\/index.php\/2012\/03\/21\/fussballfieber-buchvorstellung-und-autorenlesung-thomas-urban-schwarze-adler-weisse-adler-deutsche-und-polnische-fussballer-im-raederwerk-der-politik\/\" class=\"sya_postlink post-2004\" rel=\"bookmark\">FUSSBALLFIEBER! BUCHVORSTELLUNG UND AUTORENLESUNG. THOMAS URBAN: &#8222;SCHWARZE ADLER &#8211; WEISSE ADLER. DEUTSCHE UND POLNISCHE FUSSBALLER IM R\u00c4DERWERK DER POLITIK&#8220;<\/a><\/div><\/li><li class=\"\"><div class=\"sya_postcontent\"><span class=\"sya_date\"> <span class=\"sya_sep\"> <\/span><\/span><a href=\"https:\/\/www.krakauer-haus.de\/kh-test\/index.php\/2012\/02\/14\/valentinstag-konzert-tomek-grochot-quintet\/\" class=\"sya_postlink post-1971\" rel=\"bookmark\">VALENTINSTAG: KONZERT TOMEK GROCHOT QUINTET<\/a><\/div><\/li><li class=\"\"><div class=\"sya_postcontent\"><span class=\"sya_date\"> <span class=\"sya_sep\"> <\/span><\/span><a href=\"https:\/\/www.krakauer-haus.de\/kh-test\/index.php\/2012\/02\/14\/vernissage-auch-ich-war-in-krakau\/\" class=\"sya_postlink post-1977\" rel=\"bookmark\">VERNISSAGE: AUCH ICH WAR IN KRAKAU!<\/a><\/div><\/li><li class=\"\"><div class=\"sya_postcontent\"><span class=\"sya_date\"> <span class=\"sya_sep\"> <\/span><\/span><a href=\"https:\/\/www.krakauer-haus.de\/kh-test\/index.php\/2012\/02\/10\/eine-gedenk-veranstaltung-zum-tode-von-wislawa-szymborska\/\" class=\"sya_postlink post-1966\" rel=\"bookmark\">EINE GEDENK-VERANSTALTUNG ZUM TODE VON WIS\u0141AWA SZYMBORSKA<\/a><\/div><\/li><\/ul><a id=\"year2011\"><\/a><a href=\"https:\/\/www.krakauer-haus.de\/kh-test\/index.php\/2011\/\" rel=\"section\">2011<\/a><ul><li class=\"\"><div class=\"sya_postcontent\"><span class=\"sya_date\"> <span class=\"sya_sep\"> <\/span><\/span><a href=\"https:\/\/www.krakauer-haus.de\/kh-test\/index.php\/2011\/12\/14\/vladimirska-weihnachtsabend-mit-konzert-und-ausstellung-mit-geschenkideen\/\" class=\"sya_postlink post-1958\" rel=\"bookmark\">VLADIMIRSKA. WEIHNACHTSABEND MIT KONZERT UND AUSSTELLUNG (MIT GESCHENKIDEEN!)<\/a><\/div><\/li><li class=\"\"><div class=\"sya_postcontent\"><span class=\"sya_date\"> <span class=\"sya_sep\"> <\/span><\/span><a href=\"https:\/\/www.krakauer-haus.de\/kh-test\/index.php\/2011\/12\/04\/lesung-mit-joanna-bator-sandberg-und-mit-ihrer-uebersetzerin-esther-kinsky\/\" class=\"sya_postlink post-1952\" rel=\"bookmark\">LESUNG MIT JOANNA BATOR (&#8222;SANDBERG&#8220;)  UND MIT IHRER \u00dcBERSETZERIN  ESTHER KINSKY<\/a><\/div><\/li><li class=\"\"><div class=\"sya_postcontent\"><span class=\"sya_date\"> <span class=\"sya_sep\"> <\/span><\/span><a href=\"https:\/\/www.krakauer-haus.de\/kh-test\/index.php\/2011\/10\/01\/veit-stoss-oder-wit-stwosz-wer-war-dieser-mann-der-in-krakau-zu-ruhm-und-reichtum-kam-und-doch-aus-heimweh-nach-nuernberg-zurueckkehrte\/\" class=\"sya_postlink post-1919\" rel=\"bookmark\">VORTRAG VON DR. THOMAS ESER (GNM) &#8211; VEIT STOSS ODER WIT STWOSZ \u2013 WER WAR DIESER MANN, DER IN KRAKAU ZU RUHM UND REICHTUM KAM UND DOCH AUS HEIMWEH NACH N\u00dcRNBERG ZUR\u00dcCKKEHRTE?<\/a><\/div><\/li><li class=\"\"><div class=\"sya_postcontent\"><span class=\"sya_date\"> <span class=\"sya_sep\"> <\/span><\/span><a href=\"https:\/\/www.krakauer-haus.de\/kh-test\/index.php\/2011\/09\/30\/die-stadt-der-blinden-das-open-air-spektakel-des-theaters-kto-aus-krakau\/\" class=\"sya_postlink post-1943\" rel=\"bookmark\">\u201eDIE STADT DER BLINDEN\u201c &#8211; DAS OPEN-AIR-SPEKTAKEL DES THEATERS KTO AUS KRAKAU<\/a><\/div><\/li><li class=\"\"><div class=\"sya_postcontent\"><span class=\"sya_date\"> <span class=\"sya_sep\"> <\/span><\/span><a href=\"https:\/\/www.krakauer-haus.de\/kh-test\/index.php\/2011\/09\/30\/dazwischen-eine-ausstellung-von-kuenstlern-aus-krakau-und-nuernberg\/\" class=\"sya_postlink post-1936\" rel=\"bookmark\">\u201eDAZWISCHEN\u201c EINE AUSSTELLUNG VON K\u00dcNSTLERN AUS KRAKAU UND N\u00dcRNBERG<\/a><\/div><\/li><li class=\"\"><div class=\"sya_postcontent\"><span class=\"sya_date\"> <span class=\"sya_sep\"> <\/span><\/span><a href=\"https:\/\/www.krakauer-haus.de\/kh-test\/index.php\/2011\/09\/29\/15-jahre-krakauer-haus-jubilaeumsfeier\/\" class=\"sya_postlink post-1906\" rel=\"bookmark\">15 JAHRE KRAKAUER HAUS &#8211; JUBIL\u00c4UMSFEIER<\/a><\/div><\/li><li class=\"\"><div class=\"sya_postcontent\"><span class=\"sya_date\"> <span class=\"sya_sep\"> <\/span><\/span><a href=\"https:\/\/www.krakauer-haus.de\/kh-test\/index.php\/2011\/09\/23\/czeslaw-spiewa-solo-act\/\" class=\"sya_postlink post-1914\" rel=\"bookmark\">CZES\u0141AW \u015aPIEWA SOLO ACT<\/a><\/div><\/li><li class=\"\"><div class=\"sya_postcontent\"><span class=\"sya_date\"> <span class=\"sya_sep\"> <\/span><\/span><a href=\"https:\/\/www.krakauer-haus.de\/kh-test\/index.php\/2011\/09\/16\/am-bauzaun-um-die-lorenzkirche-glanz-veit-stoss-altar-in-der-marienkirche-in-krakau\/\" class=\"sya_postlink post-1925\" rel=\"bookmark\">FOTOAUSSTELLUNG &#8211; AM BAUZAUN UM DIE LORENZKIRCHE: \u201eGLANZ\u201c \u2013 VEIT STOSS ALTAR IN DER MARIENKIRCHE IN KRAKAU<\/a><\/div><\/li><li class=\"\"><div class=\"sya_postcontent\"><span class=\"sya_date\"> <span class=\"sya_sep\"> <\/span><\/span><a href=\"https:\/\/www.krakauer-haus.de\/kh-test\/index.php\/2011\/09\/01\/lichtinstalation-zum-15-jubilaeum-des-krakauer-hauses\/\" class=\"sya_postlink post-1899\" rel=\"bookmark\">LICHTINSTALATION ZUM 15. JUBIL\u00c4UM DES KRAKAUER HAUSES<\/a><\/div><\/li><li class=\"\"><div class=\"sya_postcontent\"><span class=\"sya_date\"> <span class=\"sya_sep\"> <\/span><\/span><a href=\"https:\/\/www.krakauer-haus.de\/kh-test\/index.php\/2011\/07\/10\/opa-pablo-viersprachige-lesung-im-krakauer-haus\/\" class=\"sya_postlink post-1895\" rel=\"bookmark\">OPA PABLO. VIERSPRACHIGE LESUNG IM KRAKAUER HAUS<\/a><\/div><\/li><li class=\"\"><div class=\"sya_postcontent\"><span class=\"sya_date\"> <span class=\"sya_sep\"> <\/span><\/span><a href=\"https:\/\/www.krakauer-haus.de\/kh-test\/index.php\/2011\/05\/28\/blaue-nacht-paristetris-neue-musik-aus-warschau-exzentrisch-feurig-experimentierfreudig\/\" class=\"sya_postlink post-1888\" rel=\"bookmark\">BLAUE NACHT &#8211; PARISTETRIS \u2013 NEUE MUSIK AUS WARSCHAU  EXZENTRISCH, FEURIG, EXPERIMENTIERFREUDIG<\/a><\/div><\/li><li class=\"\"><div class=\"sya_postcontent\"><span class=\"sya_date\"> <span class=\"sya_sep\"> <\/span><\/span><a href=\"https:\/\/www.krakauer-haus.de\/kh-test\/index.php\/2011\/03\/30\/hallo-polska-axel-gercke-und-jurij-sychov-hlazun-ausstellungseroeffnung\/\" class=\"sya_postlink post-1863\" rel=\"bookmark\">\u201eHALLO POLSKA!\u201c AXEL GERCKE UND JURIJ SYCHOV-HLAZUN AUSSTELLUNGSER\u00d6FFNUNG<\/a><\/div><\/li><li class=\"\"><div class=\"sya_postcontent\"><span class=\"sya_date\"> <span class=\"sya_sep\"> <\/span><\/span><a href=\"https:\/\/www.krakauer-haus.de\/kh-test\/index.php\/2011\/03\/27\/heimisch-auf-fremden-sofas-erfahrungsberichte-von-couchsurfer\/\" class=\"sya_postlink post-1833\" rel=\"bookmark\">HEIMISCH AUF FREMDEN SOFAS &#8211; ERFAHRUNGSBERICHTE VON COUCHSURFER \/\/ FOLGE 2<\/a><\/div><\/li><li class=\"\"><div class=\"sya_postcontent\"><span class=\"sya_date\"> <span class=\"sya_sep\"> <\/span><\/span><a href=\"https:\/\/www.krakauer-haus.de\/kh-test\/index.php\/2011\/03\/20\/ein-abend-zu-ehren-von-wislawa-szymborska-nobelpreistraegerin-aus-krakau\/\" class=\"sya_postlink post-1875\" rel=\"bookmark\">EIN ABEND ZU EHREN VON WIS\u0141AWA SZYMBORSKA NOBELPREISTR\u00c4GERIN AUS KRAKAU<\/a><\/div><\/li><li class=\"\"><div class=\"sya_postcontent\"><span class=\"sya_date\"> <span class=\"sya_sep\"> <\/span><\/span><a href=\"https:\/\/www.krakauer-haus.de\/kh-test\/index.php\/2011\/03\/06\/6-polnische-filmwoche-2011\/\" class=\"sya_postlink post-1882\" rel=\"bookmark\">6. POLNISCHE FILMWOCHE 2011<\/a><\/div><\/li><li class=\"\"><div class=\"sya_postcontent\"><span class=\"sya_date\"> <span class=\"sya_sep\"> <\/span><\/span><a href=\"https:\/\/www.krakauer-haus.de\/kh-test\/index.php\/2011\/02\/01\/filmost-deutsch-polnischer-kurzfilmabend-im-filmhauskino\/\" class=\"sya_postlink post-1860\" rel=\"bookmark\">FILMOST. DEUTSCH-POLNISCHER KURZFILMABEND IM FILMHAUSKINO<\/a><\/div><\/li><li class=\"\"><div class=\"sya_postcontent\"><span class=\"sya_date\"> <span class=\"sya_sep\"> <\/span><\/span><a href=\"https:\/\/www.krakauer-haus.de\/kh-test\/index.php\/2011\/01\/30\/divertimenti-fuer-streich-trio\/\" class=\"sya_postlink post-1854\" rel=\"bookmark\">DIVERTIMENTI F\u00dcR STREICH-TRIO<\/a><\/div><\/li><li class=\"\"><div class=\"sya_postcontent\"><span class=\"sya_date\"> <span class=\"sya_sep\"> <\/span><\/span><a href=\"https:\/\/www.krakauer-haus.de\/kh-test\/index.php\/2011\/01\/27\/heimisch-auf-fremden-sofas-erfahrungsberichte-von-couchsurfer-2\/\" class=\"sya_postlink post-1843\" rel=\"bookmark\">HEIMISCH AUF FREMDEN SOFAS &#8211; ERFAHRUNGSBERICHTE VON COUCHSURFER<\/a><\/div><\/li><\/ul><a id=\"year2010\"><\/a><a href=\"https:\/\/www.krakauer-haus.de\/kh-test\/index.php\/2010\/\" rel=\"section\">2010<\/a><ul><li class=\"\"><div class=\"sya_postcontent\"><span class=\"sya_date\"> <span class=\"sya_sep\"> <\/span><\/span><a href=\"https:\/\/www.krakauer-haus.de\/kh-test\/index.php\/2010\/12\/05\/weihnachtskonzert-gruppe-trzy-dni-pozniej-drei-tage-spaeter\/\" class=\"sya_postlink post-1827\" rel=\"bookmark\">WEIHNACHTSKONZERT: GRUPPE \u201eTRZY DNI POZNIEJ\u201c (DREI TAGE SP\u00c4TER)<\/a><\/div><\/li><li class=\"\"><div class=\"sya_postcontent\"><span class=\"sya_date\"> <span class=\"sya_sep\"> <\/span><\/span><a href=\"https:\/\/www.krakauer-haus.de\/kh-test\/index.php\/2010\/11\/29\/verleihung-des-hermann-kesten-preises-an-das-krakauer-haus\/\" class=\"sya_postlink post-1817\" rel=\"bookmark\">VERLEIHUNG DES HERMANN-KESTEN-PREISES AN DAS KRAKAUER HAUS<\/a><\/div><\/li><li class=\"\"><div class=\"sya_postcontent\"><span class=\"sya_date\"> <span class=\"sya_sep\"> <\/span><\/span><a href=\"https:\/\/www.krakauer-haus.de\/kh-test\/index.php\/2010\/11\/23\/grenzueberschreitungen-kurzfilme-junger-regisseure-aus-europa-und-israel-im-filmhauskino-koenigstr-4\/\" class=\"sya_postlink post-1813\" rel=\"bookmark\">\u201eGRENZ\u00dcBERSCHREITUNGEN\u201c \u2013 KURZFILME JUNGER REGISSEURE AUS EUROPA UND ISRAEL. IM FILMHAUSKINO, K\u00d6NIGSTR. 4<\/a><\/div><\/li><li class=\"\"><div class=\"sya_postcontent\"><span class=\"sya_date\"> <span class=\"sya_sep\"> <\/span><\/span><a href=\"https:\/\/www.krakauer-haus.de\/kh-test\/index.php\/2010\/10\/21\/vernissage-kasia-prusik-olaf-lutz-duo-projekt\/\" class=\"sya_postlink post-1808\" rel=\"bookmark\">VERNISSAGE: KASIA PRUSIK &#8211; OLAF LUTZ, \u201eDUO.PROJEKT\u201c<\/a><\/div><\/li><li class=\"\"><div class=\"sya_postcontent\"><span class=\"sya_date\"> <span class=\"sya_sep\"> <\/span><\/span><a href=\"https:\/\/www.krakauer-haus.de\/kh-test\/index.php\/2010\/09\/25\/pechakucha-krakau-in-der-galerie-bernsteinzimmer-grossweidenmuehlstrasse-11\/\" class=\"sya_postlink post-1799\" rel=\"bookmark\">PECHAKUCHA \/\/ KRAKAU! IN DER GALERIE BERNSTEINZIMMER, GROSSWEIDENM\u00dcHLSTRASSE 11<\/a><\/div><\/li><li class=\"\"><div class=\"sya_postcontent\"><span class=\"sya_date\"> <span class=\"sya_sep\"> <\/span><\/span><a href=\"https:\/\/www.krakauer-haus.de\/kh-test\/index.php\/2010\/09\/16\/vernissage-elzbieta-lempp-fotogeschichten-konzert-ms-no-one\/\" class=\"sya_postlink post-1778\" rel=\"bookmark\">VERNISSAGE: ELZBIETA LEMPP, FOTOGESCHICHTEN + KONZERT: MS. NO ONE<\/a><\/div><\/li><li class=\"\"><div class=\"sya_postcontent\"><span class=\"sya_date\"> <span class=\"sya_sep\"> <\/span><\/span><a href=\"https:\/\/www.krakauer-haus.de\/kh-test\/index.php\/2010\/06\/23\/boguslaw-bachorczyk-herrenschnitte-ausstellungseroeffnung-ehrenhalle-des-rathauses-wolffscher-bau-rathausplatz-2\/\" class=\"sya_postlink post-1788\" rel=\"bookmark\">BOGUSLAW BACHORCZYK: HERRENSCHNITTE. AUSSTELLUNGSER\u00d6FFNUNG. EHRENHALLE DES RATHAUSES WOLFFSCHER BAU, RATHAUSPLATZ 2<\/a><\/div><\/li><li class=\"\"><div class=\"sya_postcontent\"><span class=\"sya_date\"> <span class=\"sya_sep\"> <\/span><\/span><a href=\"https:\/\/www.krakauer-haus.de\/kh-test\/index.php\/2010\/06\/10\/polenallergie-impfung-nr-3-2010-eine-konzertreihe\/\" class=\"sya_postlink post-1772\" rel=\"bookmark\">POLENALLERGIE: IMPFUNG NR. 3 \/ 2010                           EINE KONZERTREIHE<\/a><\/div><\/li><li class=\"\"><div class=\"sya_postcontent\"><span class=\"sya_date\"> <span class=\"sya_sep\"> <\/span><\/span><a href=\"https:\/\/www.krakauer-haus.de\/kh-test\/index.php\/2010\/05\/15\/blaue-nacht-czeslaw-spiewa\/\" class=\"sya_postlink post-1756\" rel=\"bookmark\">BLAUE NACHT: CZES\u0141AW \u015aPIEWA<\/a><\/div><\/li><li class=\"\"><div class=\"sya_postcontent\"><span class=\"sya_date\"> <span class=\"sya_sep\"> <\/span><\/span><a href=\"https:\/\/www.krakauer-haus.de\/kh-test\/index.php\/2010\/05\/10\/kindergitarrenkonzert\/\" class=\"sya_postlink post-1764\" rel=\"bookmark\">KINDERGITARRENKONZERT<\/a><\/div><\/li><li class=\"\"><div class=\"sya_postcontent\"><span class=\"sya_date\"> <span class=\"sya_sep\"> <\/span><\/span><a href=\"https:\/\/www.krakauer-haus.de\/kh-test\/index.php\/2010\/04\/29\/5-polnische-filmwoche-2010\/\" class=\"sya_postlink post-1753\" rel=\"bookmark\">5. POLNISCHE FILMWOCHE 2010<\/a><\/div><\/li><li class=\"\"><div class=\"sya_postcontent\"><span class=\"sya_date\"> <span class=\"sya_sep\"> <\/span><\/span><a href=\"https:\/\/www.krakauer-haus.de\/kh-test\/index.php\/2010\/02\/14\/valentinstag-marek-batorski-jazzer-und-maler-aus-krakau\/\" class=\"sya_postlink post-1739\" rel=\"bookmark\">VALENTINSTAG: MAREK BATORSKI, JAZZER UND MALER AUS KRAKAU<\/a><\/div><\/li><li class=\"\"><div class=\"sya_postcontent\"><span class=\"sya_date\"> <span class=\"sya_sep\"> <\/span><\/span><a href=\"https:\/\/www.krakauer-haus.de\/kh-test\/index.php\/2010\/02\/13\/krzysztof-zanussi-im-turm\/\" class=\"sya_postlink post-1746\" rel=\"bookmark\">KRZYSZTOF ZANUSSI IM TURM<\/a><\/div><\/li><li class=\"\"><div class=\"sya_postcontent\"><span class=\"sya_date\"> <span class=\"sya_sep\"> <\/span><\/span><a href=\"https:\/\/www.krakauer-haus.de\/kh-test\/index.php\/2010\/01\/23\/absolut-mucha-der-polnische-regisseur-stanislaw-mucha-eine-werkschau\/\" class=\"sya_postlink post-1725\" rel=\"bookmark\">ABSOLUT MUCHA \u2013  DER   POLNISCHE REGISSEUR   STANISLAW MUCHA &#8211; EINE   WERKSCHAU<\/a><\/div><\/li><\/ul><a id=\"year2009\"><\/a><a href=\"https:\/\/www.krakauer-haus.de\/kh-test\/index.php\/2009\/\" rel=\"section\">2009<\/a><ul><li class=\"\"><div class=\"sya_postcontent\"><span class=\"sya_date\"> <span class=\"sya_sep\"> <\/span><\/span><a href=\"https:\/\/www.krakauer-haus.de\/kh-test\/index.php\/2009\/12\/13\/weihnachtskonzert-mit-einem-horn-trio\/\" class=\"sya_postlink post-1696\" rel=\"bookmark\">WEIHNACHTSKONZERT MIT EINEM HORN TRIO<\/a><\/div><\/li><li class=\"\"><div class=\"sya_postcontent\"><span class=\"sya_date\"> <span class=\"sya_sep\"> <\/span><\/span><a href=\"https:\/\/www.krakauer-haus.de\/kh-test\/index.php\/2009\/11\/29\/wanderer-trifft-prowincja\/\" class=\"sya_postlink post-1705\" rel=\"bookmark\">WANDERER TRIFFT PROWINCJA<\/a><\/div><\/li><li class=\"\"><div class=\"sya_postcontent\"><span class=\"sya_date\"> <span class=\"sya_sep\"> <\/span><\/span><a href=\"https:\/\/www.krakauer-haus.de\/kh-test\/index.php\/2009\/11\/29\/wanderer-trifft-prowincja-einladung-fuer-wislawa-szymborska\/\" class=\"sya_postlink post-1691\" rel=\"bookmark\">WANDERER TRIFFT PROWINCJA &#8211; EINLADUNG F\u00dcR WISLAWA SZYMBORSKA!<\/a><\/div><\/li><li class=\"\"><div class=\"sya_postcontent\"><span class=\"sya_date\"> <span class=\"sya_sep\"> <\/span><\/span><a href=\"https:\/\/www.krakauer-haus.de\/kh-test\/index.php\/2009\/11\/26\/polska-love-serenade-eine-politisch-unkorrekte-deutsch-polnische-weihnachtskomoedie\/\" class=\"sya_postlink post-1688\" rel=\"bookmark\">POLSKA LOVE SERENADE. EINE POLITISCH UNKORREKTE, DEUTSCH-POLNISCHE WEIHNACHTSKOM\u00d6DIE<\/a><\/div><\/li><li class=\"\"><div class=\"sya_postcontent\"><span class=\"sya_date\"> <span class=\"sya_sep\"> <\/span><\/span><a href=\"https:\/\/www.krakauer-haus.de\/kh-test\/index.php\/2009\/11\/26\/schutzengel-und-seine-helfer-ausstellungseroeffnung\/\" class=\"sya_postlink post-1680\" rel=\"bookmark\">SCHUTZENGEL UND SEINE HELFER. AUSSTELLUNGSER\u00d6FFNUNG<\/a><\/div><\/li><li class=\"\"><div class=\"sya_postcontent\"><span class=\"sya_date\"> <span class=\"sya_sep\"> <\/span><\/span><a href=\"https:\/\/www.krakauer-haus.de\/kh-test\/index.php\/2009\/11\/18\/ausstellungseroeffnung-gummibaerchen-und-mercedes-assoziationen-zu-deutschland-und-polen-im-kopfbau-k4\/\" class=\"sya_postlink post-1673\" rel=\"bookmark\">AUSSTELLUNGSER\u00d6FFNUNG \u201eGUMMIB\u00c4RCHEN UND MERCEDES. ASSOZIATIONEN ZU DEUTSCHLAND UND POLEN.&#8220; IM KOPFBAU K4<\/a><\/div><\/li><li class=\"\"><div class=\"sya_postcontent\"><span class=\"sya_date\"> <span class=\"sya_sep\"> <\/span><\/span><a href=\"https:\/\/www.krakauer-haus.de\/kh-test\/index.php\/2009\/10\/09\/ethno-jazz-karolina-glazer-quintett\/\" class=\"sya_postlink post-1662\" rel=\"bookmark\">ETHNO JAZZ: KAROLINA GLAZER QUINTETT<\/a><\/div><\/li><li class=\"\"><div class=\"sya_postcontent\"><span class=\"sya_date\"> <span class=\"sya_sep\"> <\/span><\/span><a href=\"https:\/\/www.krakauer-haus.de\/kh-test\/index.php\/2009\/09\/24\/ausstellungseroeffnung-malgorzata-buczek-sledzinska-zeichnungen-und-inkunabeln\/\" class=\"sya_postlink post-1626\" rel=\"bookmark\">AUSSTELLUNGSER\u00d6FFNUNG: MALGORZATA BUCZEK \u2013 SLEDZINSKA ZEICHNUNGEN UND INKUNABELN<\/a><\/div><\/li><li class=\"\"><div class=\"sya_postcontent\"><span class=\"sya_date\"> <span class=\"sya_sep\"> <\/span><\/span><a href=\"https:\/\/www.krakauer-haus.de\/kh-test\/index.php\/2009\/07\/23\/ausstellungseroeffnung-im-kopfbau-k4-21-30-bergkatze-stummfilm-mit-pola-negri-livemusik-ensemblekontraste-katharinernruine\/\" class=\"sya_postlink post-1610\" rel=\"bookmark\">AUSSTELLUNGSER\u00d6FFNUNG IM KOPFBAU K4   21.30 BERGKATZE \u2013 STUMMFILM MIT POLA NEGRI. LIVEMUSIK: ENSEMBLEKONTRASTE. KATHARINERNRUINE<\/a><\/div><\/li><li class=\"\"><div class=\"sya_postcontent\"><span class=\"sya_date\"> <span class=\"sya_sep\"> <\/span><\/span><a href=\"https:\/\/www.krakauer-haus.de\/kh-test\/index.php\/2009\/07\/18\/strassenfest-wanderausgabe-konzerte-performances-und-skulpturen-auf-vier-und-mehr-raedern-ort-die-bruecke-unter-der-franz-josef-strauss-strasse-zugang-ueber-die-u-bahn-station-woehrder-wiese-unte\/\" class=\"sya_postlink post-1637\" rel=\"bookmark\">STRASSENFEST\/WANDERAUSGABE. KONZERTE, PERFORMANCES UND SKULPTUREN AUF VIER UND MEHR R\u00c4DERN. ORT: DIE BR\u00dcCKE UNTER DER FRANZ-JOSEF-STRAUSS STRASSE, ZUGANG \u00dcBER DIE U-BAHN-STATION W\u00d6HRDER WIESE UNTER DER SCHIRMHERRSCHAFT VON OB DR. ULRICH MALY<\/a><\/div><\/li><li class=\"\"><div class=\"sya_postcontent\"><span class=\"sya_date\"> <span class=\"sya_sep\"> <\/span><\/span><a href=\"https:\/\/www.krakauer-haus.de\/kh-test\/index.php\/2009\/06\/25\/polenallergie-impfung-nr-2-2009\/\" class=\"sya_postlink post-1605\" rel=\"bookmark\">POLENALLERGIE: IMPFUNG NR. 2 \/ 2009<\/a><\/div><\/li><li class=\"\"><div class=\"sya_postcontent\"><span class=\"sya_date\"> <span class=\"sya_sep\"> <\/span><\/span><a href=\"https:\/\/www.krakauer-haus.de\/kh-test\/index.php\/2009\/06\/21\/stadtverfuehrungen-tanja-helm-klanginstallation\/\" class=\"sya_postlink post-1599\" rel=\"bookmark\">STADTVERF\u00dcHRUNGEN &#8211; TANJA HELM KLANGINSTALLATION<\/a><\/div><\/li><li class=\"\"><div class=\"sya_postcontent\"><span class=\"sya_date\"> <span class=\"sya_sep\"> <\/span><\/span><a href=\"https:\/\/www.krakauer-haus.de\/kh-test\/index.php\/2009\/05\/23\/blaue-nacht-figurentheater-thalias-kompagnons-gibt-es-ein-leben-nach-der-vorstellung-ein-wahnspiel-mit-methode\/\" class=\"sya_postlink post-1587\" rel=\"bookmark\">BLAUE NACHT \u2013 FIGURENTHEATER THALIAS KOMPAGNONS \u2013  GIBT ES EIN LEBEN NACH DER VORSTELLUNG? EIN WAHNSPIEL MIT METHODE<\/a><\/div><\/li><li class=\"\"><div class=\"sya_postcontent\"><span class=\"sya_date\"> <span class=\"sya_sep\"> <\/span><\/span><a href=\"https:\/\/www.krakauer-haus.de\/kh-test\/index.php\/2009\/05\/10\/steffen-moeller-mit-viva-polonia-als-deutscher-gastarbeiter-in-polen\/\" class=\"sya_postlink post-1539\" rel=\"bookmark\">STEFFEN M\u00d6LLER MIT VIVA POLONIA: ALS DEUTSCHER GASTARBEITER IN POLEN<\/a><\/div><\/li><li class=\"\"><div class=\"sya_postcontent\"><span class=\"sya_date\"> <span class=\"sya_sep\"> <\/span><\/span><a href=\"https:\/\/www.krakauer-haus.de\/kh-test\/index.php\/2009\/05\/09\/tagung-zum-30-jubilaeum-der-staedtepartnerschaft-nuernberg-krakau-rathaus-9-mai-2009-ab-10-uhr\/\" class=\"sya_postlink post-1576\" rel=\"bookmark\">TAGUNG ZUM 30. JUBIL\u00c4UM DER ST\u00c4DTEPARTNERSCHAFT N\u00dcRNBERG \u2013 KRAKAU,  RATHAUS, 9. MAI 2009, AB 10 UHR<\/a><\/div><\/li><li class=\"\"><div class=\"sya_postcontent\"><span class=\"sya_date\"> <span class=\"sya_sep\"> <\/span><\/span><a href=\"https:\/\/www.krakauer-haus.de\/kh-test\/index.php\/2009\/05\/09\/gemeinsames-konzert-von-motion-trio-krakau-und-ensemble-kontraste\/\" class=\"sya_postlink post-1569\" rel=\"bookmark\">GEMEINSAMES KONZERT VON MOTION TRIO\/KRAKAU UND ENSEMBLE KONTRASTE<\/a><\/div><\/li><li class=\"\"><div class=\"sya_postcontent\"><span class=\"sya_date\"> <span class=\"sya_sep\"> <\/span><\/span><a href=\"https:\/\/www.krakauer-haus.de\/kh-test\/index.php\/2009\/05\/09\/gummibaerchen-und-mercedes-polnische-assoziationen-zu-deutschland-eine-ausstellung-mit-interviews-und-fotos-von-jutta-missbach\/\" class=\"sya_postlink post-1564\" rel=\"bookmark\">\u201eGUMMIB\u00c4RCHEN UND MERCEDES. POLNISCHE ASSOZIATIONEN ZU DEUTSCHLAND.&#8220;  EINE AUSSTELLUNG MIT INTERVIEWS UND FOTOS VON JUTTA MISSBACH.<\/a><\/div><\/li><li class=\"\"><div class=\"sya_postcontent\"><span class=\"sya_date\"> <span class=\"sya_sep\"> <\/span><\/span><a href=\"https:\/\/www.krakauer-haus.de\/kh-test\/index.php\/2009\/05\/07\/unter-den-fahnen-der-poesie\/\" class=\"sya_postlink post-1547\" rel=\"bookmark\">Unter den Fahnen der Poesie<\/a><\/div><\/li><li class=\"\"><div class=\"sya_postcontent\"><span class=\"sya_date\"> <span class=\"sya_sep\"> <\/span><\/span><a href=\"https:\/\/www.krakauer-haus.de\/kh-test\/index.php\/2009\/05\/07\/ausstellungseroeffnung-konzert\/\" class=\"sya_postlink post-1528\" rel=\"bookmark\">AUSSTELLUNGSER\u00d6FFNUNG + KONZERT<\/a><\/div><\/li><li class=\"\"><div class=\"sya_postcontent\"><span class=\"sya_date\"> <span class=\"sya_sep\"> <\/span><\/span><a href=\"https:\/\/www.krakauer-haus.de\/kh-test\/index.php\/2009\/04\/04\/4-polnische-filmwoche-2009\/\" class=\"sya_postlink post-1525\" rel=\"bookmark\">4. POLNISCHE FILMWOCHE 2009<\/a><\/div><\/li><li class=\"\"><div class=\"sya_postcontent\"><span class=\"sya_date\"> <span class=\"sya_sep\"> <\/span><\/span><a href=\"https:\/\/www.krakauer-haus.de\/kh-test\/index.php\/2009\/02\/22\/stein-aus-der-neuen-welt-feierliche-einweihung-des-gedichtsteines-am-unschlittplatz-in-anwesenheit-des-dichters-ryszard-krynicki\/\" class=\"sya_postlink post-1514\" rel=\"bookmark\">\u201eSTEIN AUS DER NEUEN WELT\u201c. FEIERLICHE EINWEIHUNG DES GEDICHTSTEINES  AM UNSCHLITTPLATZ IN ANWESENHEIT DES DICHTERS RYSZARD KRYNICKI<\/a><\/div><\/li><li class=\"\"><div class=\"sya_postcontent\"><span class=\"sya_date\"> <span class=\"sya_sep\"> <\/span><\/span><a href=\"https:\/\/www.krakauer-haus.de\/kh-test\/index.php\/2009\/02\/21\/lesung-ryszard-krynicki-und-hans-magnus-enzensberger\/\" class=\"sya_postlink post-1508\" rel=\"bookmark\">LESUNG: RYSZARD KRYNICKI UND HANS MAGNUS ENZENSBERGER<\/a><\/div><\/li><li class=\"\"><div class=\"sya_postcontent\"><span class=\"sya_date\"> <span class=\"sya_sep\"> <\/span><\/span><a href=\"https:\/\/www.krakauer-haus.de\/kh-test\/index.php\/2009\/02\/14\/valentinstag-konzert-rehan-syed-ensemble-gastsaengerin-silvia-bialas\/\" class=\"sya_postlink post-1492\" rel=\"bookmark\">VALENTINSTAG-KONZERT: REHAN SYED ENSEMBLE. GASTS\u00c4NGERIN: SILVIA BIALAS<\/a><\/div><\/li><li class=\"\"><div class=\"sya_postcontent\"><span class=\"sya_date\"> <span class=\"sya_sep\"> <\/span><\/span><a href=\"https:\/\/www.krakauer-haus.de\/kh-test\/index.php\/2009\/01\/27\/vernissage-zofia-stryjenska-eine-extravagante-polnische-malerin-in-muenchen\/\" class=\"sya_postlink post-1502\" rel=\"bookmark\">VERNISSAGE: ZOFIA STRYJENSKA \u2013 EINE EXTRAVAGANTE POLNISCHE MALERIN IN M\u00dcNCHEN<\/a><\/div><\/li><\/ul><a id=\"year2008\"><\/a><a href=\"https:\/\/www.krakauer-haus.de\/kh-test\/index.php\/2008\/\" rel=\"section\">2008<\/a><ul><li class=\"\"><div class=\"sya_postcontent\"><span class=\"sya_date\"> <span class=\"sya_sep\"> <\/span><\/span><a href=\"https:\/\/www.krakauer-haus.de\/kh-test\/index.php\/2008\/12\/04\/ausstellungseroeffnung-henryk-zegadlo-weihnachten-bedeutet-fuer-mich\/\" class=\"sya_postlink post-1485\" rel=\"bookmark\">AUSSTELLUNGSER\u00d6FFNUNG: HENRYK ZEGADLO, \u201eWEIHNACHTEN BEDEUTET F\u00dcR MICH&#8230;\u201c<\/a><\/div><\/li><li class=\"\"><div class=\"sya_postcontent\"><span class=\"sya_date\"> <span class=\"sya_sep\"> <\/span><\/span><a href=\"https:\/\/www.krakauer-haus.de\/kh-test\/index.php\/2008\/11\/30\/jazz-im-turm-adam-pieronczyk-trio\/\" class=\"sya_postlink post-1480\" rel=\"bookmark\">JAZZ IM TURM \u2013 ADAM PIERONCZYK TRIO<\/a><\/div><\/li><li class=\"\"><div class=\"sya_postcontent\"><span class=\"sya_date\"> <span class=\"sya_sep\"> <\/span><\/span><a href=\"https:\/\/www.krakauer-haus.de\/kh-test\/index.php\/2008\/11\/29\/autorenlesung-mariusz-szczygiel-gottland\/\" class=\"sya_postlink post-1476\" rel=\"bookmark\">AUTORENLESUNG: MARIUSZ SZCZYGIEL \u201eGOTTLAND\u201c<\/a><\/div><\/li><li class=\"\"><div class=\"sya_postcontent\"><span class=\"sya_date\"> <span class=\"sya_sep\"> <\/span><\/span><a href=\"https:\/\/www.krakauer-haus.de\/kh-test\/index.php\/2008\/10\/24\/autorenlesung-andrzej-stasiuk\/\" class=\"sya_postlink post-1469\" rel=\"bookmark\">AUTORENLESUNG: ANDRZEJ STASIUK<\/a><\/div><\/li><li class=\"\"><div class=\"sya_postcontent\"><span class=\"sya_date\"> <span class=\"sya_sep\"> <\/span><\/span><a href=\"https:\/\/www.krakauer-haus.de\/kh-test\/index.php\/2008\/09\/23\/autorenlesung-katarzyna-sowula-auftrieb\/\" class=\"sya_postlink post-1465\" rel=\"bookmark\">AUTORENLESUNG: KATARZYNA SOWULA \u201eAUFTRIEB\u201c<\/a><\/div><\/li><li class=\"\"><div class=\"sya_postcontent\"><span class=\"sya_date\"> <span class=\"sya_sep\"> <\/span><\/span><a href=\"https:\/\/www.krakauer-haus.de\/kh-test\/index.php\/2008\/07\/19\/sommerfest-gruppe-klezzmates\/\" class=\"sya_postlink post-1457\" rel=\"bookmark\">SOMMERFEST. GRUPPE \u201eKLEZZMATES\u201c<\/a><\/div><\/li><li class=\"\"><div class=\"sya_postcontent\"><span class=\"sya_date\"> <span class=\"sya_sep\"> <\/span><\/span><a href=\"https:\/\/www.krakauer-haus.de\/kh-test\/index.php\/2008\/06\/27\/polenallergie-impfung-nr-1-2008\/\" class=\"sya_postlink post-1453\" rel=\"bookmark\">POLENALLERGIE: IMPFUNG NR. 1 \/ 2008<\/a><\/div><\/li><li class=\"\"><div class=\"sya_postcontent\"><span class=\"sya_date\"> <span class=\"sya_sep\"> <\/span><\/span><a href=\"https:\/\/www.krakauer-haus.de\/kh-test\/index.php\/2008\/06\/14\/im-rahmen-der-stadtverfuehrungen-kunst-ist-ein-verbrechen-tadeusz-kantor-in-nuernberg\/\" class=\"sya_postlink post-1445\" rel=\"bookmark\">IM RAHMEN DER \u201eSTADT(VER)F\u00dcHRUNGEN\u201c:  KUNST IST EIN VERBRECHEN. TADEUSZ KANTOR IN N\u00dcRNBERG<\/a><\/div><\/li><li class=\"\"><div class=\"sya_postcontent\"><span class=\"sya_date\"> <span class=\"sya_sep\"> <\/span><\/span><a href=\"https:\/\/www.krakauer-haus.de\/kh-test\/index.php\/2008\/06\/12\/fussball-ist-wie-liebe-ein-ewiges-bangen-und-hoffen-live-uebertragung-der-euro-08-mit-weinverkostung-und-lesung-von-franzobel\/\" class=\"sya_postlink post-1437\" rel=\"bookmark\">\u201eFUSSBALL IST WIE LIEBE. EIN EWIGES BANGEN UND HOFFEN.\u201c LIVE-\u00dcBERTRAGUNG DER EURO 08 MIT WEINVERKOSTUNG UND LESUNG VON FRANZOBEL<\/a><\/div><\/li><li class=\"\"><div class=\"sya_postcontent\"><span class=\"sya_date\"> <span class=\"sya_sep\"> <\/span><\/span><a href=\"https:\/\/www.krakauer-haus.de\/kh-test\/index.php\/2008\/06\/06\/kammermusik-im-krakauer-haus-das-nuernberger-oktett-mit-werken-von-jean-francaix-und-franz-schubert\/\" class=\"sya_postlink post-1426\" rel=\"bookmark\">KAMMERMUSIK IM KRAKAUER HAUS. DAS \u201eN\u00dcRNBERGER OKTETT\u201c MIT WERKEN VON JEAN FRAN\u00c7AIX UND FRANZ SCHUBERT<\/a><\/div><\/li><li class=\"\"><div class=\"sya_postcontent\"><span class=\"sya_date\"> <span class=\"sya_sep\"> <\/span><\/span><a href=\"https:\/\/www.krakauer-haus.de\/kh-test\/index.php\/2008\/06\/03\/autorenlesung-michal-witkowski-lubiewo-moderation-michael-aue-medienwerkstatt-nuernberg\/\" class=\"sya_postlink post-1422\" rel=\"bookmark\">AUTORENLESUNG: MICHA\u0141 WITKOWSKI, \u201eLUBIEWO\u201d.  MODERATION: MICHAEL AUE (MEDIENWERKSTATT N\u00dcRNBERG)<\/a><\/div><\/li><li class=\"\"><div class=\"sya_postcontent\"><span class=\"sya_date\"> <span class=\"sya_sep\"> <\/span><\/span><a href=\"https:\/\/www.krakauer-haus.de\/kh-test\/index.php\/2008\/05\/31\/blaue-nacht-thema-insel-gruppe-kleine-instrumente-konzerte-20-40-22-10-23-30-uhr\/\" class=\"sya_postlink post-1413\" rel=\"bookmark\">BLAUE NACHT &#8211; THEMA INSEL &#8211; GRUPPE &#8222;KLEINE INSTRUMENTE&#8220;  KONZERTE: 20.40, 22.10, 23.30 UHR<\/a><\/div><\/li><li class=\"\"><div class=\"sya_postcontent\"><span class=\"sya_date\"> <span class=\"sya_sep\"> <\/span><\/span><a href=\"https:\/\/www.krakauer-haus.de\/kh-test\/index.php\/2008\/05\/27\/vernissage-skulpturen-von-lena-hensel-krakau-und-simone-weik-nuernberg\/\" class=\"sya_postlink post-1407\" rel=\"bookmark\">VERNISSAGE: SKULPTUREN VON LENA HENSEL (KRAKAU) UND SIMONE WEIK (N\u00dcRNBERG)<\/a><\/div><\/li><li class=\"\"><div class=\"sya_postcontent\"><span class=\"sya_date\"> <span class=\"sya_sep\"> <\/span><\/span><a href=\"https:\/\/www.krakauer-haus.de\/kh-test\/index.php\/2008\/04\/20\/3-polnische-filmwoche-2008\/\" class=\"sya_postlink post-1404\" rel=\"bookmark\">3. POLNISCHE FILMWOCHE 2008<\/a><\/div><\/li><li class=\"\"><div class=\"sya_postcontent\"><span class=\"sya_date\"> <span class=\"sya_sep\"> <\/span><\/span><a href=\"https:\/\/www.krakauer-haus.de\/kh-test\/index.php\/2008\/04\/11\/vernissage-juedisches-leben-in-krakau-vor-dem-untergang\/\" class=\"sya_postlink post-1370\" rel=\"bookmark\">VERNISSAGE:  J\u00dcDISCHES LEBEN IN KRAKAU VOR DEM UNTERGANG<\/a><\/div><\/li><li class=\"\"><div class=\"sya_postcontent\"><span class=\"sya_date\"> <span class=\"sya_sep\"> <\/span><\/span><a href=\"https:\/\/www.krakauer-haus.de\/kh-test\/index.php\/2008\/04\/06\/ausstellungseroeffnun-bela-farago-tier-und-mensch\/\" class=\"sya_postlink post-1390\" rel=\"bookmark\">AUSSTELLUNGSER\u00d6FFNUN: B\u00c9LA FARAG\u00d3, &#8222;TIER UND MENSCH&#8220;<\/a><\/div><\/li><li class=\"\"><div class=\"sya_postcontent\"><span class=\"sya_date\"> <span class=\"sya_sep\"> <\/span><\/span><a href=\"https:\/\/www.krakauer-haus.de\/kh-test\/index.php\/2008\/03\/08\/internationaler-frauentag-saxsisters-und-vernissage\/\" class=\"sya_postlink post-1354\" rel=\"bookmark\">INTERNATIONALER FRAUENTAG: SAXSISTERS UND VERNISSAGE<\/a><\/div><\/li><li class=\"\"><div class=\"sya_postcontent\"><span class=\"sya_date\"> <span class=\"sya_sep\"> <\/span><\/span><a href=\"https:\/\/www.krakauer-haus.de\/kh-test\/index.php\/2008\/03\/02\/mutter-der-holocaust-kinder-von-anna-mieszkowska-autorenlesung-moderiert-von-der-uebersetzerin-urszula-usakowska-wolff\/\" class=\"sya_postlink post-1351\" rel=\"bookmark\">&#8222;MUTTER DER HOLOCAUST-KINDER&#8220; VON ANNA MIESZKOWSKA AUTORENLESUNG, MODERIERT VON DER \u00dcBERSETZERIN URSZULA USAKOWSKA-WOLFF<\/a><\/div><\/li><li class=\"\"><div class=\"sya_postcontent\"><span class=\"sya_date\"> <span class=\"sya_sep\"> <\/span><\/span><a href=\"https:\/\/www.krakauer-haus.de\/kh-test\/index.php\/2008\/02\/23\/teatr-nowy-krakau-amoklauf-mein-kinderspiel-von-thomas-freyer\/\" class=\"sya_postlink post-1338\" rel=\"bookmark\">TEATR NOWY (KRAKAU)  \u201eAMOKLAUF MEIN KINDERSPIEL\u201c VON THOMAS FREYER<\/a><\/div><\/li><li class=\"\"><div class=\"sya_postcontent\"><span class=\"sya_date\"> <span class=\"sya_sep\"> <\/span><\/span><a href=\"https:\/\/www.krakauer-haus.de\/kh-test\/index.php\/2008\/02\/14\/zum-valentinstag-me-myself-and-i-vocal-groove-human-beatbox-jazzy-acapella\/\" class=\"sya_postlink post-1331\" rel=\"bookmark\">ZUM VALENTINSTAG: ME MYSELF AND I  VOCAL GROOVE &#038; HUMAN BEATBOX &#038; JAZZY &#038; A\u2019CAPELLA<\/a><\/div><\/li><li class=\"\"><div class=\"sya_postcontent\"><span class=\"sya_date\"> <span class=\"sya_sep\"> <\/span><\/span><a href=\"https:\/\/www.krakauer-haus.de\/kh-test\/index.php\/2008\/01\/23\/anthony-cox-adam-pieronczyk-quartet\/\" class=\"sya_postlink post-1302\" rel=\"bookmark\">ANTHONY COX &#8211; ADAM PIERONCZYK QUARTET<\/a><\/div><\/li><li class=\"\"><div class=\"sya_postcontent\"><span class=\"sya_date\"> <span class=\"sya_sep\"> <\/span><\/span><a href=\"https:\/\/www.krakauer-haus.de\/kh-test\/index.php\/2008\/01\/22\/hope-kinopremiere-mit-regisseurgespraech-stanislaw-mucha-im-metropolis-kino-stresemannplatz-8-kartenreservierung-49-911-538848\/\" class=\"sya_postlink post-1287\" rel=\"bookmark\">HOPE\u201c &#8211; KINOPREMIERE MIT REGISSEURGESPR\u00c4CH STANISLAW MUCHA  IM METROPOLIS KINO, STRESEMANNPLATZ 8,  KARTENRESERVIERUNG +49 911 538848<\/a><\/div><\/li><\/ul><a id=\"year2007\"><\/a><a href=\"https:\/\/www.krakauer-haus.de\/kh-test\/index.php\/2007\/\" rel=\"section\">2007<\/a><ul><li class=\"\"><div class=\"sya_postcontent\"><span class=\"sya_date\"> <span class=\"sya_sep\"> <\/span><\/span><a href=\"https:\/\/www.krakauer-haus.de\/kh-test\/index.php\/2007\/12\/07\/polnischer-weihnachtsmarkt-im-krakauer-haus\/\" class=\"sya_postlink post-983\" rel=\"bookmark\">\u201ePolnischer Weihnachtsmarkt\u201c im Krakauer Haus<\/a><\/div><\/li><li class=\"\"><div class=\"sya_postcontent\"><span class=\"sya_date\"> <span class=\"sya_sep\"> <\/span><\/span><a href=\"https:\/\/www.krakauer-haus.de\/kh-test\/index.php\/2007\/10\/26\/grazyna-auguscik-mit-quartett-im-jazz-studio-paniersplatz-27-29\/\" class=\"sya_postlink post-968\" rel=\"bookmark\">GRAZYNA AUGUSCIK MIT QUARTETT  IM JAZZ STUDIO, PANIERSPLATZ 27\/29<\/a><\/div><\/li><li class=\"\"><div class=\"sya_postcontent\"><span class=\"sya_date\"> <span class=\"sya_sep\"> <\/span><\/span><a href=\"https:\/\/www.krakauer-haus.de\/kh-test\/index.php\/2007\/10\/06\/ira-klezmers-songs-in-jiddish\/\" class=\"sya_postlink post-962\" rel=\"bookmark\">Ira &#038; Klezmers \u2013 Songs in Jiddish<\/a><\/div><\/li><li class=\"\"><div class=\"sya_postcontent\"><span class=\"sya_date\"> <span class=\"sya_sep\"> <\/span><\/span><a href=\"https:\/\/www.krakauer-haus.de\/kh-test\/index.php\/2007\/09\/30\/leszek-mozdzer-lars-danielsson-im-e-werk-erlangen-fuchsenwiese-1\/\" class=\"sya_postlink post-958\" rel=\"bookmark\">Leszek Mozdzer &#038; Lars Danielsson im E- Werk Erlangen, Fuchsenwiese 1<\/a><\/div><\/li><li class=\"\"><div class=\"sya_postcontent\"><span class=\"sya_date\"> <span class=\"sya_sep\"> <\/span><\/span><a href=\"https:\/\/www.krakauer-haus.de\/kh-test\/index.php\/2007\/07\/21\/strassenfest-mit-musik-und-polnischen-spezialitaeten\/\" class=\"sya_postlink post-944\" rel=\"bookmark\">Stra\u00dfenfest mit Musik und polnischen Spezialit\u00e4ten<\/a><\/div><\/li><li class=\"\"><div class=\"sya_postcontent\"><span class=\"sya_date\"> <span class=\"sya_sep\"> <\/span><\/span><a href=\"https:\/\/www.krakauer-haus.de\/kh-test\/index.php\/2007\/07\/12\/750-jahre-verleihung-der-stadtrechte-an-krakau-alte-stadt-neue-kunst-praesentation-der-jungen-kunstszene\/\" class=\"sya_postlink post-926\" rel=\"bookmark\">750 Jahre Verleihung der Stadtrechte an Krakau Alte Stadt \u2013 Neue Kunst: Pr\u00e4sentation der jungen Kunstszene<\/a><\/div><\/li><li class=\"\"><div class=\"sya_postcontent\"><span class=\"sya_date\"> <span class=\"sya_sep\"> <\/span><\/span><a href=\"https:\/\/www.krakauer-haus.de\/kh-test\/index.php\/2007\/07\/05\/autorenlesung-joanna-olczak-ronikier-liest-aus-ihrem-buch-im-garten-der-erinnerung\/\" class=\"sya_postlink post-920\" rel=\"bookmark\">Autorenlesung: Joanna Olczak-Ronikier liest aus ihrem Buch \u201eIm Garten der Erinnerung\u201c<\/a><\/div><\/li><li class=\"\"><div class=\"sya_postcontent\"><span class=\"sya_date\"> <span class=\"sya_sep\"> <\/span><\/span><a href=\"https:\/\/www.krakauer-haus.de\/kh-test\/index.php\/2007\/06\/15\/autorenlesung-dorota-maslowska-der-star-der-polnischen-literatur-rappt\/\" class=\"sya_postlink post-915\" rel=\"bookmark\">Autorenlesung: Dorota Mas\u0142owska Der Star der polnischen Literatur rappt<\/a><\/div><\/li><li class=\"\"><div class=\"sya_postcontent\"><span class=\"sya_date\"> <span class=\"sya_sep\"> <\/span><\/span><a href=\"https:\/\/www.krakauer-haus.de\/kh-test\/index.php\/2007\/06\/14\/ausstellungseroeffnung-zeichen-metaphern\/\" class=\"sya_postlink post-954\" rel=\"bookmark\">Ausstellungser\u00f6ffnung: \u201eZeichen \u2013 Metaphern\u201c<\/a><\/div><\/li><li class=\"\"><div class=\"sya_postcontent\"><span class=\"sya_date\"> <span class=\"sya_sep\"> <\/span><\/span><a href=\"https:\/\/www.krakauer-haus.de\/kh-test\/index.php\/2007\/05\/24\/ausstellungseroeffnung-ladies-first\/\" class=\"sya_postlink post-907\" rel=\"bookmark\">Ausstellungser\u00f6ffnung: \u201eLadies first\u201c<\/a><\/div><\/li><li class=\"\"><div class=\"sya_postcontent\"><span class=\"sya_date\"> <span class=\"sya_sep\"> <\/span><\/span><a href=\"https:\/\/www.krakauer-haus.de\/kh-test\/index.php\/2007\/05\/19\/zeit-fuer-die-blaue-nacht\/\" class=\"sya_postlink post-897\" rel=\"bookmark\">ZEIT F\u00dcR DIE BLAUE NACHT!!!!!<\/a><\/div><\/li><li class=\"\"><div class=\"sya_postcontent\"><span class=\"sya_date\"> <span class=\"sya_sep\"> <\/span><\/span><a href=\"https:\/\/www.krakauer-haus.de\/kh-test\/index.php\/2007\/05\/10\/autorenlesung-wojciech-kuczok-liest-aus-dreckskerl\/\" class=\"sya_postlink post-887\" rel=\"bookmark\">Autorenlesung:  Wojciech Kuczok liest aus \u201eDreckskerl\u201c<\/a><\/div><\/li><li class=\"\"><div class=\"sya_postcontent\"><span class=\"sya_date\"> <span class=\"sya_sep\"> <\/span><\/span><a href=\"https:\/\/www.krakauer-haus.de\/kh-test\/index.php\/2007\/05\/03\/ausstellungseroeffnung-tagundnacht-grzegorz-l-piotrowski-malerei\/\" class=\"sya_postlink post-868\" rel=\"bookmark\">Ausstellungser\u00f6ffnung: \u201eTAGundNACHT\u201d  Grzegorz L. Piotrowski, Malerei<\/a><\/div><\/li><li class=\"\"><div class=\"sya_postcontent\"><span class=\"sya_date\"> <span class=\"sya_sep\"> <\/span><\/span><a href=\"https:\/\/www.krakauer-haus.de\/kh-test\/index.php\/2007\/04\/21\/2-polnische-filmwoche\/\" class=\"sya_postlink post-873\" rel=\"bookmark\">2. Polnische Filmwoche<\/a><\/div><\/li><li class=\"\"><div class=\"sya_postcontent\"><span class=\"sya_date\"> <span class=\"sya_sep\"> <\/span><\/span><a href=\"https:\/\/www.krakauer-haus.de\/kh-test\/index.php\/2007\/03\/25\/stummfilm-mit-livemusik-super-trio-und-der-starke-mann-filmhauskino-im-kuenstlerhaus-koenigstrasse-93\/\" class=\"sya_postlink post-861\" rel=\"bookmark\">Stummfilm mit Livemusik  Super Trio und \u201cDer starke Mann\u201d Filmhauskino im K\u00fcnstlerhaus, K\u00f6nigstrasse 93<\/a><\/div><\/li><li class=\"\"><div class=\"sya_postcontent\"><span class=\"sya_date\"> <span class=\"sya_sep\"> <\/span><\/span><a href=\"https:\/\/www.krakauer-haus.de\/kh-test\/index.php\/2007\/03\/18\/polnische-nachwuchsregisseure-und-ihre-schulen-maciej-cuske-kurhaus\/\" class=\"sya_postlink post-854\" rel=\"bookmark\">Polnische Nachwuchsregisseure und Ihre Schulen  Maciej Cuske \u201eKurhaus\u201c<\/a><\/div><\/li><li class=\"\"><div class=\"sya_postcontent\"><span class=\"sya_date\"> <span class=\"sya_sep\"> <\/span><\/span><a href=\"https:\/\/www.krakauer-haus.de\/kh-test\/index.php\/2007\/03\/08\/vernissage-frauen-in-der-kunst-der-frauen-junge-druckkunst-aus-polen-bis-zum-29-maerz-2007\/\" class=\"sya_postlink post-848\" rel=\"bookmark\">Vernissage: \u201eFrauen in der Kunst der Frauen\u201c Junge Druckkunst aus Polen (bis zum 29. M\u00e4rz 2007)<\/a><\/div><\/li><li class=\"\"><div class=\"sya_postcontent\"><span class=\"sya_date\"> <span class=\"sya_sep\"> <\/span><\/span><a href=\"https:\/\/www.krakauer-haus.de\/kh-test\/index.php\/2007\/03\/01\/klassik-im-turm-chopin-und-12-polnische-komponisten-ein-konzert-fuer-klavier-und-floete\/\" class=\"sya_postlink post-843\" rel=\"bookmark\">Klassik im Turm \u201eChopin und 12 polnische Komponisten\u201c \u2013 ein Konzert f\u00fcr Klavier und Fl\u00f6te<\/a><\/div><\/li><li class=\"\"><div class=\"sya_postcontent\"><span class=\"sya_date\"> <span class=\"sya_sep\"> <\/span><\/span><a href=\"https:\/\/www.krakauer-haus.de\/kh-test\/index.php\/2007\/02\/14\/valentinstag-im-turm-hoerspektakel-wisperndes-ahorn-gefluester\/\" class=\"sya_postlink post-821\" rel=\"bookmark\">Valentinstag im Turm  H\u00f6rspektakel Wisperndes Ahorn-Gefl\u00fcster<\/a><\/div><\/li><li class=\"\"><div class=\"sya_postcontent\"><span class=\"sya_date\"> <span class=\"sya_sep\"> <\/span><\/span><a href=\"https:\/\/www.krakauer-haus.de\/kh-test\/index.php\/2007\/02\/08\/vernissagejak-tam-wie-gehts-axel-gercke-jacek-pasieczny-malerei\/\" class=\"sya_postlink post-832\" rel=\"bookmark\">Vernissage&#8220;Jak tam? Wie geht&#8217;s?&#8220; Axel Gercke, Jacek Pasieczny, Malerei<\/a><\/div><\/li><\/ul><a id=\"year2006\"><\/a><a href=\"https:\/\/www.krakauer-haus.de\/kh-test\/index.php\/2006\/\" rel=\"section\">2006<\/a><ul><li class=\"\"><div class=\"sya_postcontent\"><span class=\"sya_date\"> <span class=\"sya_sep\"> <\/span><\/span><a href=\"https:\/\/www.krakauer-haus.de\/kh-test\/index.php\/2006\/12\/17\/weihnachtslieder-im-stil-crossover\/\" class=\"sya_postlink post-780\" rel=\"bookmark\">Weihnachtslieder im Stil &#8222;Crossover&#8220;<\/a><\/div><\/li><li class=\"\"><div class=\"sya_postcontent\"><span class=\"sya_date\"> <span class=\"sya_sep\"> <\/span><\/span><a href=\"https:\/\/www.krakauer-haus.de\/kh-test\/index.php\/2006\/12\/08\/dargestellte-welt-neue-fotografie-aus-krakau-neue-animationskunst-aus-krakau-und-vieles-mehr-2\/\" class=\"sya_postlink post-792\" rel=\"bookmark\">\u201ePolnischer Weihnachtsmarkt\u201c im Krakauer Haus  Schirmherrschaft: Alt-Oberb\u00fcrgermeister Dr. Peter Sch\u00f6nlein<\/a><\/div><\/li><li class=\"\"><div class=\"sya_postcontent\"><span class=\"sya_date\"> <span class=\"sya_sep\"> <\/span><\/span><a href=\"https:\/\/www.krakauer-haus.de\/kh-test\/index.php\/2006\/12\/08\/bildstoecke-und-herrgottswinkerl-wolfgang-hofer\/\" class=\"sya_postlink post-789\" rel=\"bookmark\">Bildst\u00f6cke und Herrgottswinkerl &#8211; Wolfgang Hofer<\/a><\/div><\/li><li class=\"\"><div class=\"sya_postcontent\"><span class=\"sya_date\"> <span class=\"sya_sep\"> <\/span><\/span><a href=\"https:\/\/www.krakauer-haus.de\/kh-test\/index.php\/2006\/11\/11\/jazz-im-turm-fourth-floor\/\" class=\"sya_postlink post-721\" rel=\"bookmark\">Jazz im Turm &#8211; Fourth Floor<\/a><\/div><\/li><li class=\"\"><div class=\"sya_postcontent\"><span class=\"sya_date\"> <span class=\"sya_sep\"> <\/span><\/span><a href=\"https:\/\/www.krakauer-haus.de\/kh-test\/index.php\/2006\/11\/09\/dargestellte-welt-neue-fotografie-aus-krakau-neue-animationskunst-aus-krakau-und-vieles-mehr\/\" class=\"sya_postlink post-736\" rel=\"bookmark\">\u201eDargestellte Welt\u201c Neue Fotografie aus Krakau, Neue Animationskunst aus Krakau &#8211; und vieles mehr&#8230;<\/a><\/div><\/li><li class=\"\"><div class=\"sya_postcontent\"><span class=\"sya_date\"> <span class=\"sya_sep\"> <\/span><\/span><a href=\"https:\/\/www.krakauer-haus.de\/kh-test\/index.php\/2006\/10\/26\/wir-sind-alle-nicht-von-hier-radek-knapp-liest-aus-der-gebrauchsanweisung-fuer-polen\/\" class=\"sya_postlink post-707\" rel=\"bookmark\">&#8222;Wir sind alle nicht von hier\u201c  Radek Knapp liest aus der Gebrauchsanweisung f\u00fcr Polen<\/a><\/div><\/li><li class=\"\"><div class=\"sya_postcontent\"><span class=\"sya_date\"> <span class=\"sya_sep\"> <\/span><\/span><a href=\"https:\/\/www.krakauer-haus.de\/kh-test\/index.php\/2006\/10\/19\/10-jahre-klassik-im-turm-jubilaeumskonzert\/\" class=\"sya_postlink post-713\" rel=\"bookmark\">10 Jahre Klassik im Turm  Jubil\u00e4umskonzert<\/a><\/div><\/li><li class=\"\"><div class=\"sya_postcontent\"><span class=\"sya_date\"> <span class=\"sya_sep\"> <\/span><\/span><a href=\"https:\/\/www.krakauer-haus.de\/kh-test\/index.php\/2006\/07\/22\/strassenfest-zum-10jaehrigen-jubilaeum-des-krakauer-hauses-und-des-krakauer-turm-vereins\/\" class=\"sya_postlink post-686\" rel=\"bookmark\">Stra\u00dfenfest zum 10j\u00e4hrigen Jubil\u00e4um des Krakauer Hauses  und des Krakauer Turm Vereins<\/a><\/div><\/li><li class=\"\"><div class=\"sya_postcontent\"><span class=\"sya_date\"> <span class=\"sya_sep\"> <\/span><\/span><a href=\"https:\/\/www.krakauer-haus.de\/kh-test\/index.php\/2006\/05\/27\/blaue-nacht-2006-und-alles-dreht-sich-um-die-wm\/\" class=\"sya_postlink post-676\" rel=\"bookmark\">Blaue Nacht 2006 &#8211; und alles dreht sich um die WM!<\/a><\/div><\/li><li class=\"\"><div class=\"sya_postcontent\"><span class=\"sya_date\"> <span class=\"sya_sep\"> <\/span><\/span><a href=\"https:\/\/www.krakauer-haus.de\/kh-test\/index.php\/2006\/05\/27\/blaue-ball-nacht\/\" class=\"sya_postlink post-653\" rel=\"bookmark\">Blaue Ball Nacht<\/a><\/div><\/li><li class=\"\"><div class=\"sya_postcontent\"><span class=\"sya_date\"> <span class=\"sya_sep\"> <\/span><\/span><a href=\"https:\/\/www.krakauer-haus.de\/kh-test\/index.php\/2006\/05\/03\/24h-pio-illustrationen\/\" class=\"sya_postlink post-639\" rel=\"bookmark\">24h PIO \u2013 Illustrationen<\/a><\/div><\/li><li class=\"\"><div class=\"sya_postcontent\"><span class=\"sya_date\"> <span class=\"sya_sep\"> <\/span><\/span><a href=\"https:\/\/www.krakauer-haus.de\/kh-test\/index.php\/2006\/04\/24\/polnische-filmwoche-im-cinecitta\/\" class=\"sya_postlink post-634\" rel=\"bookmark\">Polnische Filmwoche im Cinecitta<\/a><\/div><\/li><li class=\"\"><div class=\"sya_postcontent\"><span class=\"sya_date\"> <span class=\"sya_sep\"> <\/span><\/span><a href=\"https:\/\/www.krakauer-haus.de\/kh-test\/index.php\/2006\/04\/01\/ausstellungseroeffnung-jaccobco-von-zbigniew-bielawka\/\" class=\"sya_postlink post-517\" rel=\"bookmark\">Ausstellungser\u00f6ffnung Jaccobco von Zbigniew Bielawka<\/a><\/div><\/li><li class=\"\"><div class=\"sya_postcontent\"><span class=\"sya_date\"> <span class=\"sya_sep\"> <\/span><\/span><a href=\"https:\/\/www.krakauer-haus.de\/kh-test\/index.php\/2006\/03\/30\/festival-der-polnischen-reportage-prominente-journalisten-aus-polen-zu-gast-im-krakauer-haus\/\" class=\"sya_postlink post-511\" rel=\"bookmark\">Festival der polnischen Reportage Prominente Journalisten aus Polen zu Gast im Krakauer Haus<\/a><\/div><\/li><li class=\"\"><div class=\"sya_postcontent\"><span class=\"sya_date\"> <span class=\"sya_sep\"> <\/span><\/span><a href=\"https:\/\/www.krakauer-haus.de\/kh-test\/index.php\/2006\/03\/24\/gypsy-jazz-im-turm-lensemble-nuages\/\" class=\"sya_postlink post-506\" rel=\"bookmark\">Gypsy-Jazz im Turm L\u2019Ensemble Nuages<\/a><\/div><\/li><li class=\"\"><div class=\"sya_postcontent\"><span class=\"sya_date\"> <span class=\"sya_sep\"> <\/span><\/span><a href=\"https:\/\/www.krakauer-haus.de\/kh-test\/index.php\/2006\/03\/18\/theater-im-turm-avantteatr-praesentiert-slawomir-mrozeks-emigranten-in-originalsprache-mit-deutschen-uebertiteln\/\" class=\"sya_postlink post-502\" rel=\"bookmark\">Theater im Turm  avant`teatr pr\u00e4sentiert Slawomir Mrozeks \u201eEmigranten\u201c  in Originalsprache, mit deutschen \u00dcbertiteln<\/a><\/div><\/li><li class=\"\"><div class=\"sya_postcontent\"><span class=\"sya_date\"> <span class=\"sya_sep\"> <\/span><\/span><a href=\"https:\/\/www.krakauer-haus.de\/kh-test\/index.php\/2006\/02\/14\/jazzkonzert-am-valentinstag-sing-sing-penelope\/\" class=\"sya_postlink post-496\" rel=\"bookmark\">Jazzkonzert am Valentinstag  Sing Sing Penelope<\/a><\/div><\/li><li class=\"\"><div class=\"sya_postcontent\"><span class=\"sya_date\"> <span class=\"sya_sep\"> <\/span><\/span><a href=\"https:\/\/www.krakauer-haus.de\/kh-test\/index.php\/2006\/01\/28\/stadtkrimi-trifft-stadtkrimi-marek-krajewski-tod-in-breslau-und-tessa-korber-toter-winkel\/\" class=\"sya_postlink post-491\" rel=\"bookmark\">Stadtkrimi trifft Stadtkrimi  Marek Krajewski &#8222;Tod in Breslau&#8220; und   Tessa Korber \u201eToter Winkel\u201c<\/a><\/div><\/li><li class=\"\"><div class=\"sya_postcontent\"><span class=\"sya_date\"> <span class=\"sya_sep\"> <\/span><\/span><a href=\"https:\/\/www.krakauer-haus.de\/kh-test\/index.php\/2006\/01\/25\/susanne-schoenwieses-jazzstories-emil-viklicky-piano-willi-lichtenberg-kontrabass\/\" class=\"sya_postlink post-486\" rel=\"bookmark\">Susanne Sch\u00f6nwiese\u00b4s Jazzstories Emil Viklicky \u2013 Piano, Willi Lichtenberg \u2013 Kontrabass<\/a><\/div><\/li><\/ul><a id=\"year2005\"><\/a><a href=\"https:\/\/www.krakauer-haus.de\/kh-test\/index.php\/2005\/\" rel=\"section\">2005<\/a><ul><li class=\"\"><div class=\"sya_postcontent\"><span class=\"sya_date\"> <span class=\"sya_sep\"> <\/span><\/span><a href=\"https:\/\/www.krakauer-haus.de\/kh-test\/index.php\/2005\/12\/09\/literatur-im-turm-ryszard-krynicki-lyriker-uebersetzer-herausgeber-einer-der-wichtigsten-vertreter-der-zeitgenoessischen-polnischen-lyrik\/\" class=\"sya_postlink post-457\" rel=\"bookmark\">10- 22.12.2005: Polnischer Weichnachtsmarkt im Biergarten des Krakauer Hauses<\/a><\/div><\/li><li class=\"\"><div class=\"sya_postcontent\"><span class=\"sya_date\"> <span class=\"sya_sep\"> <\/span><\/span><a href=\"https:\/\/www.krakauer-haus.de\/kh-test\/index.php\/2005\/11\/25\/literatur-im-turm-adam-zagajewski-der-klassiker-moderation-prof-dr-peter-horst-neumann\/\" class=\"sya_postlink post-451\" rel=\"bookmark\">Literatur im Turm &#8211; Adam Zagajewski &#8211; der Klassiker  Moderation &#8211; Prof. Dr. Peter Horst Neumann<\/a><\/div><\/li><li class=\"\"><div class=\"sya_postcontent\"><span class=\"sya_date\"> <span class=\"sya_sep\"> <\/span><\/span><a href=\"https:\/\/www.krakauer-haus.de\/kh-test\/index.php\/2005\/11\/06\/klassik-im-turm-junge-talente-cyprian-kohout-violoncello\/\" class=\"sya_postlink post-480\" rel=\"bookmark\">Klassik im Turm &#8211; Junge Talente:  Cyprian Kohout, Violoncello<\/a><\/div><\/li><li class=\"\"><div class=\"sya_postcontent\"><span class=\"sya_date\"> <span class=\"sya_sep\"> <\/span><\/span><a href=\"https:\/\/www.krakauer-haus.de\/kh-test\/index.php\/2005\/11\/05\/literatur-im-turm-slawomir-shuty-moderation-nora-eugenie-gomringer\/\" class=\"sya_postlink post-444\" rel=\"bookmark\">Literatur im Turm &#8211; S\u0142awomir Shuty  Moderation: Nora-Eugenie Gomringer<\/a><\/div><\/li><li class=\"\"><div class=\"sya_postcontent\"><span class=\"sya_date\"> <span class=\"sya_sep\"> <\/span><\/span><a href=\"https:\/\/www.krakauer-haus.de\/kh-test\/index.php\/2005\/10\/14\/ein-alchimistischer-abend-the-cracow-klezmer-band-und-zwei-vernissagen\/\" class=\"sya_postlink post-437\" rel=\"bookmark\">Ein Alchimistischer Abend &#8211; \u00bbThe Cracow Klezmer Band\u00ab und zwei Vernissagen<\/a><\/div><\/li><li class=\"\"><div class=\"sya_postcontent\"><span class=\"sya_date\"> <span class=\"sya_sep\"> <\/span><\/span><a href=\"https:\/\/www.krakauer-haus.de\/kh-test\/index.php\/2005\/10\/02\/klassik-im-turm-trio-portento-spielt-astor-piazolla\/\" class=\"sya_postlink post-427\" rel=\"bookmark\">Klassik im Turm &#8211; \u201eTrio Portento\u201c spielt Astor Piazolla<\/a><\/div><\/li><li class=\"\"><div class=\"sya_postcontent\"><span class=\"sya_date\"> <span class=\"sya_sep\"> <\/span><\/span><a href=\"https:\/\/www.krakauer-haus.de\/kh-test\/index.php\/2005\/09\/28\/buchpraesentation-marta-kijowska-krakau-spaziergang-durch-eine-dichterstadt\/\" class=\"sya_postlink post-432\" rel=\"bookmark\">Buchpr\u00e4sentation &#8211; Marta Kijowska,  Krakau. Spaziergang durch eine Dichterstadt<\/a><\/div><\/li><li class=\"\"><div class=\"sya_postcontent\"><span class=\"sya_date\"> <span class=\"sya_sep\"> <\/span><\/span><a href=\"https:\/\/www.krakauer-haus.de\/kh-test\/index.php\/2005\/09\/01\/zwischen-poesie-und-bigos-lange-absaetze-eine-performance-der-gruppe-bankomat\/\" class=\"sya_postlink post-477\" rel=\"bookmark\">Zwischen Poesie und Bigos:  \u201eLange Abs\u00e4tze\u201c, eine Performance der Gruppe Bankomat<\/a><\/div><\/li><li class=\"\"><div class=\"sya_postcontent\"><span class=\"sya_date\"> <span class=\"sya_sep\"> <\/span><\/span><a href=\"https:\/\/www.krakauer-haus.de\/kh-test\/index.php\/2005\/06\/27\/deutsche-und-polen-lachen-wir-anders\/\" class=\"sya_postlink post-417\" rel=\"bookmark\">Deutsche und Polen: \u201eLachen wir anders?\u201c<\/a><\/div><\/li><li class=\"\"><div class=\"sya_postcontent\"><span class=\"sya_date\"> <span class=\"sya_sep\"> <\/span><\/span><a href=\"https:\/\/www.krakauer-haus.de\/kh-test\/index.php\/2005\/06\/04\/musik-im-turm-que-passa-heisse-rhythmen-aus-krakau\/\" class=\"sya_postlink post-424\" rel=\"bookmark\">Musik im Turm: Que Passa &#8211; Heisse Rhythmen aus Krakau<\/a><\/div><\/li><li class=\"\"><div class=\"sya_postcontent\"><span class=\"sya_date\"> <span class=\"sya_sep\"> <\/span><\/span><a href=\"https:\/\/www.krakauer-haus.de\/kh-test\/index.php\/2005\/05\/12\/typisch-deutsch-zwischen-selbst-und-fremdbild\/\" class=\"sya_postlink post-471\" rel=\"bookmark\">\u201eTypisch deutsch? &#8211; Zwischen Selbst- und Fremdbild\u201c<\/a><\/div><\/li><li class=\"\"><div class=\"sya_postcontent\"><span class=\"sya_date\"> <span class=\"sya_sep\"> <\/span><\/span><a href=\"https:\/\/www.krakauer-haus.de\/kh-test\/index.php\/2005\/05\/07\/blaue-nacht-vom-pusten-und-quetschen-video-und-akkordeon-im-und-am-krakauer-haus\/\" class=\"sya_postlink post-420\" rel=\"bookmark\">\u201eBlaue Nacht\u201c \u201eVom Pusten und Quetschen\u201c Video und Akkordeon im und am Krakauer Haus<\/a><\/div><\/li><li class=\"\"><div class=\"sya_postcontent\"><span class=\"sya_date\"> <span class=\"sya_sep\"> <\/span><\/span><a href=\"https:\/\/www.krakauer-haus.de\/kh-test\/index.php\/2005\/04\/22\/wettbewerb-fuer-alle-die-polnisch-lernen\/\" class=\"sya_postlink post-469\" rel=\"bookmark\">Wettbewerb f\u00fcr alle, die Polnisch lernen<\/a><\/div><\/li><li class=\"\"><div class=\"sya_postcontent\"><span class=\"sya_date\"> <span class=\"sya_sep\"> <\/span><\/span><a href=\"https:\/\/www.krakauer-haus.de\/kh-test\/index.php\/2005\/04\/04\/michael-zeller-die-reise-nach-samosch\/\" class=\"sya_postlink post-467\" rel=\"bookmark\">Michael Zeller \u2013 \u201eDie Reise nach Samosch\u201c<\/a><\/div><\/li><li class=\"\"><div class=\"sya_postcontent\"><span class=\"sya_date\"> <span class=\"sya_sep\"> <\/span><\/span><a href=\"https:\/\/www.krakauer-haus.de\/kh-test\/index.php\/2005\/04\/03\/junge-talente-natalia-koziarz-piano\/\" class=\"sya_postlink post-465\" rel=\"bookmark\">Junge Talente: Natalia Koziarz, Piano<\/a><\/div><\/li><li class=\"\"><div class=\"sya_postcontent\"><span class=\"sya_date\"> <span class=\"sya_sep\"> <\/span><\/span><a href=\"https:\/\/www.krakauer-haus.de\/kh-test\/index.php\/2005\/03\/18\/duo-mit-werken-fuer-klavier-und-floete\/\" class=\"sya_postlink post-463\" rel=\"bookmark\">Duo mit Werken f\u00fcr Klavier und Fl\u00f6te<\/a><\/div><\/li><li class=\"\"><div class=\"sya_postcontent\"><span class=\"sya_date\"> <span class=\"sya_sep\"> <\/span><\/span><a href=\"https:\/\/www.krakauer-haus.de\/kh-test\/index.php\/2005\/02\/14\/jazzkonzert-am-valentinstag-beata-przybytek-quintet\/\" class=\"sya_postlink post-410\" rel=\"bookmark\">Jazzkonzert am Valentinstag &#8211; Beata Przybytek Quintet<\/a><\/div><\/li><li class=\"\"><div class=\"sya_postcontent\"><span class=\"sya_date\"> <span class=\"sya_sep\"> <\/span><\/span><a href=\"https:\/\/www.krakauer-haus.de\/kh-test\/index.php\/2005\/01\/01\/kino-im-turm-die-mitte-eine-filmvorfuehrung-und-disskusionsrunde-mit-dem-regisseur-stanislaw-mucha\/\" class=\"sya_postlink post-473\" rel=\"bookmark\">Kino im Turm: \u201eDie Mitte\u201c  eine Filmvorf\u00fchrung und Disskusionsrunde mit dem Regisseur Stanislaw Mucha<\/a><\/div><\/li><\/ul><a id=\"year2004\"><\/a><a href=\"https:\/\/www.krakauer-haus.de\/kh-test\/index.php\/2004\/\" rel=\"section\">2004<\/a><ul><li class=\"\"><div class=\"sya_postcontent\"><span class=\"sya_date\"> <span class=\"sya_sep\"> <\/span><\/span><a href=\"https:\/\/www.krakauer-haus.de\/kh-test\/index.php\/2004\/12\/08\/musik-im-turm-paulina-bisztyga-mit-ensamble\/\" class=\"sya_postlink post-407\" rel=\"bookmark\">Musik im Turm &#8211;  Paulina Bisztyga mit Ensamble<\/a><\/div><\/li><li class=\"\"><div class=\"sya_postcontent\"><span class=\"sya_date\"> <span class=\"sya_sep\"> <\/span><\/span><a href=\"https:\/\/www.krakauer-haus.de\/kh-test\/index.php\/2004\/11\/23\/buchpraesentation-und-autorenlesung-dorota-maslowska-schneeweiss-und-russenrot\/\" class=\"sya_postlink post-403\" rel=\"bookmark\">Buchpr\u00e4sentation und Autorenlesung:  Dorota Mas\u0142owska \u201eSchneewei\u00df und Russenrot\u201c<\/a><\/div><\/li><li class=\"\"><div class=\"sya_postcontent\"><span class=\"sya_date\"> <span class=\"sya_sep\"> <\/span><\/span><a href=\"https:\/\/www.krakauer-haus.de\/kh-test\/index.php\/2004\/11\/11\/buchpraesentation-und-autorenlesung-katarzyna-zimmerer-die-ermordete-welt-das-schicksal-der-krakauer-juden-von-1939-bis-1945-in-verbindung-mit-einer-vernissage-der-foto-ausstel\/\" class=\"sya_postlink post-395\" rel=\"bookmark\">Buchpr\u00e4sentation und Autorenlesung &#8211; Katarzyna Zimmerer:  \u201eDie Ermordete Welt. Das Schicksal der Krakauer Juden von 1939 bis 1945\u201c  in Verbindung mit einer Vernissage der Foto-Ausstellung \u201eDas magische Kazimierz\u201c von Elzbieta Lempp<\/a><\/div><\/li><li class=\"\"><div class=\"sya_postcontent\"><span class=\"sya_date\"> <span class=\"sya_sep\"> <\/span><\/span><a href=\"https:\/\/www.krakauer-haus.de\/kh-test\/index.php\/2004\/05\/15\/blaue-nacht\/\" class=\"sya_postlink post-387\" rel=\"bookmark\">Blaue Nacht<\/a><\/div><\/li><\/ul><a id=\"year2002\"><\/a><a href=\"https:\/\/www.krakauer-haus.de\/kh-test\/index.php\/2002\/\" rel=\"section\">2002<\/a><ul><li class=\"\"><div class=\"sya_postcontent\"><span class=\"sya_date\"> <span class=\"sya_sep\"> <\/span><\/span><a href=\"https:\/\/www.krakauer-haus.de\/kh-test\/index.php\/2002\/09\/02\/andrzej-stasiuk-olaf-kuehl-kamil-targosz-im-krakauer-haus\/\" class=\"sya_postlink post-361\" rel=\"bookmark\">Andrzej Stasiuk, Olaf K\u00fchl, Kamil Targosz im Krakauer Haus<\/a><\/div><\/li><li class=\"\"><div class=\"sya_postcontent\"><span class=\"sya_date\"> <span class=\"sya_sep\"> <\/span><\/span><a href=\"https:\/\/www.krakauer-haus.de\/kh-test\/index.php\/2002\/03\/01\/stasys-eidrigevicius\/\" class=\"sya_postlink post-374\" rel=\"bookmark\">Stasys Eidrigevicius<\/a><\/div><\/li><\/ul><a id=\"year2001\"><\/a><a href=\"https:\/\/www.krakauer-haus.de\/kh-test\/index.php\/2001\/\" rel=\"section\">2001<\/a><ul><li class=\"\"><div class=\"sya_postcontent\"><span class=\"sya_date\"> <span class=\"sya_sep\"> <\/span><\/span><a href=\"https:\/\/www.krakauer-haus.de\/kh-test\/index.php\/2001\/12\/01\/die-erzaehlungen-der-elf-scharfrichter-kabarett-revue-des-teatr-ludowy-krakau\/\" class=\"sya_postlink post-359\" rel=\"bookmark\">&#8222;Die Erz\u00e4hlungen der Elf Scharfrichter&#8220;  Kabarett-Revue des Teatr Ludowy, Krakau<\/a><\/div><\/li><li class=\"\"><div class=\"sya_postcontent\"><span class=\"sya_date\"> <span class=\"sya_sep\"> <\/span><\/span><a href=\"https:\/\/www.krakauer-haus.de\/kh-test\/index.php\/2001\/12\/01\/roma-ligocka-lesung-mit-der-autorin-das-maedchen-im-roten-mantel-ein-laecheln-eine-rose\/\" class=\"sya_postlink post-356\" rel=\"bookmark\">Roma Ligocka &#8211; Lesung mit der Autorin (&#8222;Das M\u00e4dchen im roten Mantel&#8220;, &#8222;Ein L\u00e4cheln, eine Rose&#8220;)<\/a><\/div><\/li><li class=\"\"><div class=\"sya_postcontent\"><span class=\"sya_date\"> <span class=\"sya_sep\"> <\/span><\/span><a href=\"https:\/\/www.krakauer-haus.de\/kh-test\/index.php\/2001\/09\/28\/otto-sander-las-in-nuernberg-aus-dem-werk-witold-gombrowiczs\/\" class=\"sya_postlink post-338\" rel=\"bookmark\">Otto Sander las in N\u00fcrnberg aus dem Werk Witold Gombrowiczs<\/a><\/div><\/li><li class=\"\"><div class=\"sya_postcontent\"><span class=\"sya_date\"> <span class=\"sya_sep\"> <\/span><\/span><a href=\"https:\/\/www.krakauer-haus.de\/kh-test\/index.php\/2001\/09\/01\/das-fuenfjaehrige-jubilaeum-des-krakauer-hauses-2\/\" class=\"sya_postlink post-352\" rel=\"bookmark\">Das f\u00fcnfj\u00e4hrige Jubil\u00e4um des Krakauer Hauses<\/a><\/div><\/li><li class=\"\"><div class=\"sya_postcontent\"><span class=\"sya_date\"> <span class=\"sya_sep\"> <\/span><\/span><a href=\"https:\/\/www.krakauer-haus.de\/kh-test\/index.php\/2001\/09\/01\/das-fuenfjaehrige-jubilaeum-des-krakauer-hauses\/\" class=\"sya_postlink post-348\" rel=\"bookmark\">Das f\u00fcnfj\u00e4hrige Jubil\u00e4um des Krakauer Hauses<\/a><\/div><\/li><li class=\"\"><div class=\"sya_postcontent\"><span class=\"sya_date\"> <span class=\"sya_sep\"> <\/span><\/span><a href=\"https:\/\/www.krakauer-haus.de\/kh-test\/index.php\/2001\/06\/01\/100-schwarz-weiss-fotografien-des-krakauer-kuenstlers-zbigniew-bielawka\/\" class=\"sya_postlink post-335\" rel=\"bookmark\">100 Schwarz-wei\u00df-Fotografien des Krakauer K\u00fcnstlers Zbigniew Bielawka<\/a><\/div><\/li><\/ul><\/div><\/p>\n","protected":false},"author":1,"featured_media":0,"parent":0,"menu_order":0,"comment_status":"closed","ping_status":"closed","template":"","meta":{"_et_pb_use_builder":"on","_et_pb_old_content":"<!-- wp:paragraph -->\n<p>[SimpleYearlyArchive]<\/p>\n<!-- \/wp:paragraph -->","_et_gb_content_width":"","_price":"","_stock":"","_tribe_ticket_header":"","_tribe_default_ticket_provider":"","_tribe_ticket_capacity":"0","_ticket_start_date":"","_ticket_end_date":"","_tribe_ticket_show_description":"","_tribe_ticket_show_not_going":false,"_tribe_ticket_use_global_stock":"","_tribe_ticket_global_stock_level":"","_global_stock_mode":"","_global_stock_cap":"","_tribe_rsvp_for_event":"","_tribe_ticket_going_count":"","_tribe_ticket_not_going_count":"","_tribe_tickets_list":"[]","_tribe_ticket_has_attendee_info_fields":false,"footnotes":"","_tec_slr_enabled":"","_tec_slr_layout":""},"class_list":["post-16","page","type-page","status-publish","hentry"],"ticketed":false,"_links":{"self":[{"href":"https:\/\/www.krakauer-haus.de\/kh-test\/index.php\/wp-json\/wp\/v2\/pages\/16","targetHints":{"allow":["GET"]}}],"collection":[{"href":"https:\/\/www.krakauer-haus.de\/kh-test\/index.php\/wp-json\/wp\/v2\/pages"}],"about":[{"href":"https:\/\/www.krakauer-haus.de\/kh-test\/index.php\/wp-json\/wp\/v2\/types\/page"}],"author":[{"embeddable":true,"href":"https:\/\/www.krakauer-haus.de\/kh-test\/index.php\/wp-json\/wp\/v2\/users\/1"}],"replies":[{"embeddable":true,"href":"https:\/\/www.krakauer-haus.de\/kh-test\/index.php\/wp-json\/wp\/v2\/comments?post=16"}],"version-history":[{"count":10,"href":"https:\/\/www.krakauer-haus.de\/kh-test\/index.php\/wp-json\/wp\/v2\/pages\/16\/revisions"}],"predecessor-version":[{"id":12438,"href":"https:\/\/www.krakauer-haus.de\/kh-test\/index.php\/wp-json\/wp\/v2\/pages\/16\/revisions\/12438"}],"wp:attachment":[{"href":"https:\/\/www.krakauer-haus.de\/kh-test\/index.php\/wp-json\/wp\/v2\/media?parent=16"}],"curies":[{"name":"wp","href":"https:\/\/api.w.org\/{rel}","templated":true}]}}